{"id":7626,"date":"2014-09-04T11:14:48","date_gmt":"2014-09-04T10:14:48","guid":{"rendered":"http:\/\/iai.pt\/web\/?page_id=7626"},"modified":"2023-05-09T13:01:43","modified_gmt":"2023-05-09T12:01:43","slug":"noticias","status":"publish","type":"page","link":"http:\/\/iai.pt\/web\/noticias","title":{"rendered":"Not\u00edcias"},"content":{"rendered":"<p>[et_pb_section fb_built=&#8221;1&#8243; inner_shadow=&#8221;on&#8221; fullwidth=&#8221;on&#8221; custom_padding_last_edited=&#8221;on|desktop&#8221; admin_label=&#8221;section&#8221; _builder_version=&#8221;3.22&#8243; background_color=&#8221;#7ad3ff&#8221; background_image=&#8221;http:\/\/iai.pt\/web\/wp-content\/uploads\/2014\/09\/news_header.png&#8221; custom_padding_tablet=&#8221;50px|0|50px|0&#8243; custom_padding_phone=&#8221;&#8221; transparent_background=&#8221;off&#8221; padding_mobile=&#8221;off&#8221; make_fullwidth=&#8221;off&#8221; use_custom_width=&#8221;off&#8221; width_unit=&#8221;on&#8221;][et_pb_fullwidth_header title=&#8221;Not\u00edcias&#8221; content_max_width=&#8221;none&#8221; _builder_version=&#8221;3.16&#8243; background_color=&#8221;rgba(255, 255, 255, 0)&#8221; button_one_letter_spacing_hover=&#8221;0&#8243; button_two_letter_spacing_hover=&#8221;0&#8243; button_one_text_size__hover_enabled=&#8221;off&#8221; button_two_text_size__hover_enabled=&#8221;off&#8221; button_one_text_color__hover_enabled=&#8221;off&#8221; button_two_text_color__hover_enabled=&#8221;off&#8221; button_one_border_width__hover_enabled=&#8221;off&#8221; button_two_border_width__hover_enabled=&#8221;off&#8221; button_one_border_color__hover_enabled=&#8221;off&#8221; button_two_border_color__hover_enabled=&#8221;off&#8221; button_one_border_radius__hover_enabled=&#8221;off&#8221; button_two_border_radius__hover_enabled=&#8221;off&#8221; button_one_letter_spacing__hover_enabled=&#8221;on&#8221; button_one_letter_spacing__hover=&#8221;0&#8243; button_two_letter_spacing__hover_enabled=&#8221;on&#8221; button_two_letter_spacing__hover=&#8221;0&#8243; button_one_bg_color__hover_enabled=&#8221;off&#8221; button_two_bg_color__hover_enabled=&#8221;off&#8221;][\/et_pb_fullwidth_header][\/et_pb_section][et_pb_section fb_built=&#8221;1&#8243; admin_label=&#8221;section&#8221; _builder_version=&#8221;3.22&#8243; background_color=&#8221;#f7f7f7&#8243;][et_pb_row padding_mobile=&#8221;off&#8221; admin_label=&#8221;row&#8221; _builder_version=&#8221;3.25&#8243; background_size=&#8221;initial&#8221; background_position=&#8221;top_left&#8221; background_repeat=&#8221;repeat&#8221; hover_enabled=&#8221;0&#8243; make_fullwidth=&#8221;off&#8221; use_custom_width=&#8221;off&#8221; width_unit=&#8221;on&#8221;][et_pb_column type=&#8221;4_4&#8243; _builder_version=&#8221;3.25&#8243; custom_padding=&#8221;|||&#8221; custom_padding__hover=&#8221;|||&#8221;][et_pb_blog fullwidth=&#8221;off&#8221; posts_number=&#8221;128&#8243; include_categories=&#8221;60&#8243; meta_date=&#8221;j F, Y&#8221; show_author=&#8221;off&#8221; show_categories=&#8221;off&#8221; use_overlay=&#8221;on&#8221; _builder_version=&#8221;3.9&#8243; body_font_size=&#8221;12&#8243; hover_enabled=&#8221;0&#8243;][\/et_pb_blog][\/et_pb_column][\/et_pb_row][\/et_pb_section]<\/p>\n","protected":false},"excerpt":{"rendered":"","protected":false},"author":1,"featured_media":0,"parent":0,"menu_order":0,"comment_status":"closed","ping_status":"open","template":"","meta":{"_et_pb_use_builder":"on","_et_pb_old_content":"","_et_gb_content_width":"","footnotes":"","_members_access_role":[],"_members_access_error":""},"class_list":["post-7626","page","type-page","status-publish","hentry"],"aioseo_notices":[],"aioseo_head":"\n\t\t<!-- All in One SEO 4.9.10 - aioseo.com -->\n\t<meta name=\"description\" content=\"Not\u00edcias Alunos do IAI reconhecidos no Concurso Internacional Dreams4all! 18 Julho, 2026Os alunos do 10.\u00ba ano do Curso Profissional de T\u00e9cnico de Design Gr\u00e1fico viram o seu trabalho reconhecido no Concurso Internacional Dreams4all, promovido pelo Rotary Club de Arouca. No passado 18 de julho, durante a cerim\u00f3nia de divulga\u00e7\u00e3o dos resultados e entrega de... Percursos Com Hist\u00f3rias \u2013 Pe\u00e7a de\" \/>\n\t<meta name=\"robots\" content=\"max-image-preview:large\" \/>\n\t<link rel=\"canonical\" href=\"http:\/\/iai.pt\/web\/noticias\" \/>\n\t<meta name=\"generator\" content=\"All in One SEO (AIOSEO) 4.9.10\" \/>\n\t\t<meta property=\"og:locale\" content=\"pt_PT\" \/>\n\t\t<meta property=\"og:site_name\" content=\"IAI - Escola Art\u00edstica\" \/>\n\t\t<meta property=\"og:type\" content=\"article\" \/>\n\t\t<meta property=\"og:title\" content=\"Not\u00edcias - IAI\" \/>\n\t\t<meta property=\"og:description\" content=\"Not\u00edcias Alunos do IAI reconhecidos no Concurso Internacional Dreams4all! 18 Julho, 2026Os alunos do 10.\u00ba ano do Curso Profissional de T\u00e9cnico de Design Gr\u00e1fico viram o seu trabalho reconhecido no Concurso Internacional Dreams4all, promovido pelo Rotary Club de Arouca. No passado 18 de julho, durante a cerim\u00f3nia de divulga\u00e7\u00e3o dos resultados e entrega de... Percursos Com Hist\u00f3rias \u2013 Pe\u00e7a de\" \/>\n\t\t<meta property=\"og:url\" content=\"http:\/\/iai.pt\/web\/noticias\" \/>\n\t\t<meta property=\"og:image\" content=\"http:\/\/iai.pt\/web\/wp-content\/uploads\/2023\/05\/seo-logo.png\" \/>\n\t\t<meta property=\"og:image:width\" content=\"105\" \/>\n\t\t<meta property=\"og:image:height\" content=\"112\" \/>\n\t\t<meta property=\"article:published_time\" content=\"2014-09-04T10:14:48+00:00\" \/>\n\t\t<meta property=\"article:modified_time\" content=\"2023-05-09T12:01:43+00:00\" \/>\n\t\t<meta property=\"article:publisher\" content=\"https:\/\/www.facebook.com\/instituto.das.artes.imagem\" \/>\n\t\t<meta name=\"twitter:card\" content=\"summary_large_image\" \/>\n\t\t<meta name=\"twitter:title\" content=\"Not\u00edcias - IAI\" \/>\n\t\t<meta name=\"twitter:description\" content=\"Not\u00edcias Alunos do IAI reconhecidos no Concurso Internacional Dreams4all! 18 Julho, 2026Os alunos do 10.\u00ba ano do Curso Profissional de T\u00e9cnico de Design Gr\u00e1fico viram o seu trabalho reconhecido no Concurso Internacional Dreams4all, promovido pelo Rotary Club de Arouca. No passado 18 de julho, durante a cerim\u00f3nia de divulga\u00e7\u00e3o dos resultados e entrega de... Percursos Com Hist\u00f3rias \u2013 Pe\u00e7a de\" \/>\n\t\t<meta name=\"twitter:image\" content=\"http:\/\/iai.pt\/web\/wp-content\/uploads\/2023\/05\/seo-logo.png\" \/>\n\t\t<script type=\"application\/ld+json\" class=\"aioseo-schema\">\n\t\t\t{\"@context\":\"https:\\\/\\\/schema.org\",\"@graph\":[{\"@type\":\"BreadcrumbList\",\"@id\":\"http:\\\/\\\/iai.pt\\\/web\\\/noticias#breadcrumblist\",\"itemListElement\":[{\"@type\":\"ListItem\",\"@id\":\"http:\\\/\\\/iai.pt\\\/web#listItem\",\"position\":1,\"name\":\"In\\u00edcio\",\"item\":\"http:\\\/\\\/iai.pt\\\/web\",\"nextItem\":{\"@type\":\"ListItem\",\"@id\":\"http:\\\/\\\/iai.pt\\\/web\\\/noticias#listItem\",\"name\":\"Not\\u00edcias\"}},{\"@type\":\"ListItem\",\"@id\":\"http:\\\/\\\/iai.pt\\\/web\\\/noticias#listItem\",\"position\":2,\"name\":\"Not\\u00edcias\",\"previousItem\":{\"@type\":\"ListItem\",\"@id\":\"http:\\\/\\\/iai.pt\\\/web#listItem\",\"name\":\"In\\u00edcio\"}}]},{\"@type\":\"Organization\",\"@id\":\"http:\\\/\\\/iai.pt\\\/web\\\/#organization\",\"name\":\"Instituto das Artes e da Imagem\",\"description\":\"Escola Art\\u00edstica\",\"url\":\"http:\\\/\\\/iai.pt\\\/web\\\/\",\"telephone\":\"+351222000757\",\"logo\":{\"@type\":\"ImageObject\",\"url\":\"http:\\\/\\\/iai.pt\\\/web\\\/wp-content\\\/uploads\\\/2023\\\/05\\\/seo-logo.png\",\"@id\":\"http:\\\/\\\/iai.pt\\\/web\\\/noticias\\\/#organizationLogo\",\"width\":105,\"height\":112},\"image\":{\"@id\":\"http:\\\/\\\/iai.pt\\\/web\\\/noticias\\\/#organizationLogo\"},\"sameAs\":[\"https:\\\/\\\/www.facebook.com\\\/instituto.das.artes.imagem\",\"https:\\\/\\\/www.instagram.com\\\/iai_escola_de_artes\\\/\",\"https:\\\/\\\/www.youtube.com\\\/iaiwebmaster\"]},{\"@type\":\"WebPage\",\"@id\":\"http:\\\/\\\/iai.pt\\\/web\\\/noticias#webpage\",\"url\":\"http:\\\/\\\/iai.pt\\\/web\\\/noticias\",\"name\":\"Not\\u00edcias - IAI\",\"description\":\"Not\\u00edcias Alunos do IAI reconhecidos no Concurso Internacional Dreams4all! 18 Julho, 2026Os alunos do 10.\\u00ba ano do Curso Profissional de T\\u00e9cnico de Design Gr\\u00e1fico viram o seu trabalho reconhecido no Concurso Internacional Dreams4all, promovido pelo Rotary Club de Arouca. No passado 18 de julho, durante a cerim\\u00f3nia de divulga\\u00e7\\u00e3o dos resultados e entrega de... Percursos Com Hist\\u00f3rias \\u2013 Pe\\u00e7a de\",\"inLanguage\":\"pt-PT\",\"isPartOf\":{\"@id\":\"http:\\\/\\\/iai.pt\\\/web\\\/#website\"},\"breadcrumb\":{\"@id\":\"http:\\\/\\\/iai.pt\\\/web\\\/noticias#breadcrumblist\"},\"datePublished\":\"2014-09-04T11:14:48+01:00\",\"dateModified\":\"2023-05-09T13:01:43+01:00\"},{\"@type\":\"WebSite\",\"@id\":\"http:\\\/\\\/iai.pt\\\/web\\\/#website\",\"url\":\"http:\\\/\\\/iai.pt\\\/web\\\/\",\"name\":\"IAI\",\"alternateName\":\"iai\",\"description\":\"Escola Art\\u00edstica\",\"inLanguage\":\"pt-PT\",\"publisher\":{\"@id\":\"http:\\\/\\\/iai.pt\\\/web\\\/#organization\"}}]}\n\t\t<\/script>\n\t\t<!-- All in One SEO -->\n\n","aioseo_head_json":{"title":"Not\u00edcias - IAI","description":"Not\u00edcias Alunos do IAI reconhecidos no Concurso Internacional Dreams4all! 18 Julho, 2026Os alunos do 10.\u00ba ano do Curso Profissional de T\u00e9cnico de Design Gr\u00e1fico viram o seu trabalho reconhecido no Concurso Internacional Dreams4all, promovido pelo Rotary Club de Arouca. No passado 18 de julho, durante a cerim\u00f3nia de divulga\u00e7\u00e3o dos resultados e entrega de... Percursos Com Hist\u00f3rias \u2013 Pe\u00e7a de","canonical_url":"http:\/\/iai.pt\/web\/noticias","robots":"max-image-preview:large","keywords":"","webmasterTools":{"miscellaneous":""},"schema":{"@context":"https:\/\/schema.org","@graph":[{"@type":"BreadcrumbList","@id":"http:\/\/iai.pt\/web\/noticias#breadcrumblist","itemListElement":[{"@type":"ListItem","@id":"http:\/\/iai.pt\/web#listItem","position":1,"name":"In\u00edcio","item":"http:\/\/iai.pt\/web","nextItem":{"@type":"ListItem","@id":"http:\/\/iai.pt\/web\/noticias#listItem","name":"Not\u00edcias"}},{"@type":"ListItem","@id":"http:\/\/iai.pt\/web\/noticias#listItem","position":2,"name":"Not\u00edcias","previousItem":{"@type":"ListItem","@id":"http:\/\/iai.pt\/web#listItem","name":"In\u00edcio"}}]},{"@type":"Organization","@id":"http:\/\/iai.pt\/web\/#organization","name":"Instituto das Artes e da Imagem","description":"Escola Art\u00edstica","url":"http:\/\/iai.pt\/web\/","telephone":"+351222000757","logo":{"@type":"ImageObject","url":"http:\/\/iai.pt\/web\/wp-content\/uploads\/2023\/05\/seo-logo.png","@id":"http:\/\/iai.pt\/web\/noticias\/#organizationLogo","width":105,"height":112},"image":{"@id":"http:\/\/iai.pt\/web\/noticias\/#organizationLogo"},"sameAs":["https:\/\/www.facebook.com\/instituto.das.artes.imagem","https:\/\/www.instagram.com\/iai_escola_de_artes\/","https:\/\/www.youtube.com\/iaiwebmaster"]},{"@type":"WebPage","@id":"http:\/\/iai.pt\/web\/noticias#webpage","url":"http:\/\/iai.pt\/web\/noticias","name":"Not\u00edcias - IAI","description":"Not\u00edcias Alunos do IAI reconhecidos no Concurso Internacional Dreams4all! 18 Julho, 2026Os alunos do 10.\u00ba ano do Curso Profissional de T\u00e9cnico de Design Gr\u00e1fico viram o seu trabalho reconhecido no Concurso Internacional Dreams4all, promovido pelo Rotary Club de Arouca. No passado 18 de julho, durante a cerim\u00f3nia de divulga\u00e7\u00e3o dos resultados e entrega de... Percursos Com Hist\u00f3rias \u2013 Pe\u00e7a de","inLanguage":"pt-PT","isPartOf":{"@id":"http:\/\/iai.pt\/web\/#website"},"breadcrumb":{"@id":"http:\/\/iai.pt\/web\/noticias#breadcrumblist"},"datePublished":"2014-09-04T11:14:48+01:00","dateModified":"2023-05-09T13:01:43+01:00"},{"@type":"WebSite","@id":"http:\/\/iai.pt\/web\/#website","url":"http:\/\/iai.pt\/web\/","name":"IAI","alternateName":"iai","description":"Escola Art\u00edstica","inLanguage":"pt-PT","publisher":{"@id":"http:\/\/iai.pt\/web\/#organization"}}]},"og:locale":"pt_PT","og:site_name":"IAI - Escola Art\u00edstica","og:type":"article","og:title":"Not\u00edcias - IAI","og:description":"Not\u00edcias Alunos do IAI reconhecidos no Concurso Internacional Dreams4all! 18 Julho, 2026Os alunos do 10.\u00ba ano do Curso Profissional de T\u00e9cnico de Design Gr\u00e1fico viram o seu trabalho reconhecido no Concurso Internacional Dreams4all, promovido pelo Rotary Club de Arouca. No passado 18 de julho, durante a cerim\u00f3nia de divulga\u00e7\u00e3o dos resultados e entrega de... Percursos Com Hist\u00f3rias \u2013 Pe\u00e7a de","og:url":"http:\/\/iai.pt\/web\/noticias","og:image":"http:\/\/iai.pt\/web\/wp-content\/uploads\/2023\/05\/seo-logo.png","og:image:width":105,"og:image:height":112,"article:published_time":"2014-09-04T10:14:48+00:00","article:modified_time":"2023-05-09T12:01:43+00:00","article:publisher":"https:\/\/www.facebook.com\/instituto.das.artes.imagem","twitter:card":"summary_large_image","twitter:title":"Not\u00edcias - IAI","twitter:description":"Not\u00edcias Alunos do IAI reconhecidos no Concurso Internacional Dreams4all! 18 Julho, 2026Os alunos do 10.\u00ba ano do Curso Profissional de T\u00e9cnico de Design Gr\u00e1fico viram o seu trabalho reconhecido no Concurso Internacional Dreams4all, promovido pelo Rotary Club de Arouca. No passado 18 de julho, durante a cerim\u00f3nia de divulga\u00e7\u00e3o dos resultados e entrega de... Percursos Com Hist\u00f3rias \u2013 Pe\u00e7a de","twitter:image":"http:\/\/iai.pt\/web\/wp-content\/uploads\/2023\/05\/seo-logo.png"},"aioseo_meta_data":{"post_id":"7626","title":null,"description":null,"keywords":null,"keyphrases":null,"primary_term":null,"canonical_url":null,"og_title":null,"og_description":null,"og_object_type":"default","og_image_type":"default","og_image_url":null,"og_image_width":null,"og_image_height":null,"og_image_custom_url":null,"og_image_custom_fields":null,"og_video":null,"og_custom_url":null,"og_article_section":null,"og_article_tags":null,"twitter_use_og":false,"twitter_card":"default","twitter_image_type":"default","twitter_image_url":null,"twitter_image_custom_url":null,"twitter_image_custom_fields":null,"twitter_title":null,"twitter_description":null,"schema":{"blockGraphs":[],"customGraphs":[],"default":{"data":{"Article":[],"Course":[],"Dataset":[],"FAQPage":[],"Movie":[],"Person":[],"Product":[],"ProductReview":[],"Car":[],"Recipe":[],"Service":[],"SoftwareApplication":[],"WebPage":[]},"graphName":"","isEnabled":true},"graphs":[]},"schema_type":"default","schema_type_options":null,"pillar_content":false,"robots_default":true,"robots_noindex":false,"robots_noarchive":false,"robots_nosnippet":false,"robots_nofollow":false,"robots_noimageindex":false,"robots_noodp":false,"robots_notranslate":false,"robots_max_snippet":null,"robots_max_videopreview":null,"robots_max_imagepreview":"large","priority":null,"frequency":null,"local_seo":null,"breadcrumb_settings":null,"limit_modified_date":false,"ai":null,"created":"2023-05-29 09:48:58","updated":"2025-06-09 17:25:24","seo_analyzer_scan_date":null},"aioseo_breadcrumb":"<div class=\"aioseo-breadcrumbs\"><span class=\"aioseo-breadcrumb\">\n\t\t\t<a href=\"http:\/\/iai.pt\/web\" title=\"In\u00edcio\">In\u00edcio<\/a>\n\t\t<\/span><span class=\"aioseo-breadcrumb-separator\">\u00bb<\/span><span class=\"aioseo-breadcrumb\">\n\t\t\tNot\u00edcias\n\t\t<\/span><\/div>","aioseo_breadcrumb_json":[{"label":"In\u00edcio","link":"http:\/\/iai.pt\/web"},{"label":"Not\u00edcias","link":"http:\/\/iai.pt\/web\/noticias"}],"_links":{"self":[{"href":"http:\/\/iai.pt\/web\/wp-json\/wp\/v2\/pages\/7626","targetHints":{"allow":["GET"]}}],"collection":[{"href":"http:\/\/iai.pt\/web\/wp-json\/wp\/v2\/pages"}],"about":[{"href":"http:\/\/iai.pt\/web\/wp-json\/wp\/v2\/types\/page"}],"author":[{"embeddable":true,"href":"http:\/\/iai.pt\/web\/wp-json\/wp\/v2\/users\/1"}],"replies":[{"embeddable":true,"href":"http:\/\/iai.pt\/web\/wp-json\/wp\/v2\/comments?post=7626"}],"version-history":[{"count":20,"href":"http:\/\/iai.pt\/web\/wp-json\/wp\/v2\/pages\/7626\/revisions"}],"predecessor-version":[{"id":8075,"href":"http:\/\/iai.pt\/web\/wp-json\/wp\/v2\/pages\/7626\/revisions\/8075"}],"wp:attachment":[{"href":"http:\/\/iai.pt\/web\/wp-json\/wp\/v2\/media?parent=7626"}],"curies":[{"name":"wp","href":"https:\/\/api.w.org\/{rel}","templated":true}]}}