{"id":8204,"date":"2016-05-19T17:44:55","date_gmt":"2016-05-19T16:44:55","guid":{"rendered":"http:\/\/iai.pt\/web\/?page_id=8204"},"modified":"2026-01-23T16:36:09","modified_gmt":"2026-01-23T16:36:09","slug":"cursos-de-educacao-e-formacao","status":"publish","type":"page","link":"http:\/\/iai.pt\/web\/cursos-de-educacao-e-formacao","title":{"rendered":"(CEF) Cursos de Educa\u00e7\u00e3o e Forma\u00e7\u00e3o"},"content":{"rendered":"<p>[et_pb_section fb_built=&#8221;1&#8243; admin_label=&#8221;section&#8221; _builder_version=&#8221;4.16&#8243; global_colors_info=&#8221;{}&#8221;][et_pb_row admin_label=&#8221;row&#8221; _builder_version=&#8221;4.16&#8243; background_size=&#8221;initial&#8221; background_position=&#8221;top_left&#8221; background_repeat=&#8221;repeat&#8221; global_colors_info=&#8221;{}&#8221;][et_pb_column type=&#8221;4_4&#8243; _builder_version=&#8221;4.16&#8243; custom_padding=&#8221;|||&#8221; global_colors_info=&#8221;{}&#8221; custom_padding__hover=&#8221;|||&#8221;][et_pb_text admin_label=&#8221;Text&#8221; _builder_version=&#8221;4.16&#8243; background_size=&#8221;initial&#8221; background_position=&#8221;top_left&#8221; background_repeat=&#8221;repeat&#8221; border_style=&#8221;solid&#8221; global_colors_info=&#8221;{}&#8221;]<\/p>\n<h1>Cursos de Educa\u00e7\u00e3o e Forma\u00e7\u00e3o<\/h1>\n<h3>7\u00ba, 8\u00ba e 9\u00ba ano<\/h3>\n<p>[\/et_pb_text][et_pb_image src=&#8221;https:\/\/iai.pt\/web\/wp-content\/uploads\/2023\/05\/cursosCEF_2023-24-2.png&#8221; title_text=&#8221;cursosCEF_2023-24-2&#8243; align_tablet=&#8221;center&#8221; align_phone=&#8221;&#8221; align_last_edited=&#8221;on|desktop&#8221; admin_label=&#8221;Image&#8221; _builder_version=&#8221;4.27.4&#8243; animation_style=&#8221;fade&#8221; animation_duration=&#8221;500ms&#8221; border_style=&#8221;solid&#8221; animation=&#8221;fade_in&#8221; sticky=&#8221;off&#8221; global_colors_info=&#8221;{}&#8221;][\/et_pb_image][\/et_pb_column][\/et_pb_row][et_pb_row column_structure=&#8221;2_3,1_3&#8243; _builder_version=&#8221;4.16&#8243; background_size=&#8221;initial&#8221; background_position=&#8221;top_left&#8221; background_repeat=&#8221;repeat&#8221; global_colors_info=&#8221;{}&#8221;][et_pb_column type=&#8221;2_3&#8243; _builder_version=&#8221;4.16&#8243; custom_padding=&#8221;|||&#8221; global_colors_info=&#8221;{}&#8221; custom_padding__hover=&#8221;|||&#8221;][et_pb_image src=&#8221;https:\/\/iai.pt\/web\/wp-content\/uploads\/2024\/04\/footer2_novo.png&#8221; title_text=&#8221;footer2_novo&#8221; align_tablet=&#8221;center&#8221; align_phone=&#8221;&#8221; align_last_edited=&#8221;on|desktop&#8221; _builder_version=&#8221;4.23.4&#8243; animation_style=&#8221;slide&#8221; animation_direction=&#8221;left&#8221; animation_duration=&#8221;500ms&#8221; animation_intensity_slide=&#8221;10%&#8221; use_border_color=&#8221;off&#8221; border_color=&#8221;#ffffff&#8221; border_style=&#8221;solid&#8221; animation=&#8221;left&#8221; sticky=&#8221;off&#8221; global_colors_info=&#8221;{}&#8221;][\/et_pb_image][\/et_pb_column][et_pb_column type=&#8221;1_3&#8243; _builder_version=&#8221;4.16&#8243; custom_padding=&#8221;|||&#8221; global_colors_info=&#8221;{}&#8221; custom_padding__hover=&#8221;|||&#8221;][et_pb_text _builder_version=&#8221;4.23.4&#8243; background_size=&#8221;initial&#8221; background_position=&#8221;top_left&#8221; background_repeat=&#8221;repeat&#8221; use_border_color=&#8221;off&#8221; border_color=&#8221;#ffffff&#8221; border_style=&#8221;solid&#8221; global_colors_info=&#8221;{}&#8221;]<\/p>\n<p>Estes cursos CEF s\u00e3o financiados por <strong>PESSOAS 2030<\/strong><\/p>\n<p>[\/et_pb_text][\/et_pb_column][\/et_pb_row][et_pb_row column_structure=&#8221;3_4,1_4&#8243; admin_label=&#8221;row&#8221; _builder_version=&#8221;4.16&#8243; background_size=&#8221;initial&#8221; background_position=&#8221;top_left&#8221; background_repeat=&#8221;repeat&#8221; global_colors_info=&#8221;{}&#8221;][et_pb_column type=&#8221;3_4&#8243; _builder_version=&#8221;4.16&#8243; custom_padding=&#8221;|||&#8221; global_colors_info=&#8221;{}&#8221; custom_padding__hover=&#8221;|||&#8221;][et_pb_text admin_label=&#8221;Text&#8221; _builder_version=&#8221;4.16&#8243; background_size=&#8221;initial&#8221; background_position=&#8221;top_left&#8221; background_repeat=&#8221;repeat&#8221; border_style=&#8221;solid&#8221; global_colors_info=&#8221;{}&#8221;]<\/p>\n<h3>Os Cursos de Educa\u00e7\u00e3o e Forma\u00e7\u00e3o (CEF) s\u00e3o uma oportunidade para poderes concluir a escolaridade obrigat\u00f3ria, atrav\u00e9s de um percurso flex\u00edvel e ajustado aos teus interesses, ou para poderes prosseguir estudos ou forma\u00e7\u00e3o que te permita uma entrada qualificada no mundo do trabalho.<\/h3>\n<p>Neste sentido, cada curso corresponde a uma etapa de educa\u00e7\u00e3o\/forma\u00e7\u00e3o cujo acesso est\u00e1 relacionado com o n\u00edvel de habilita\u00e7\u00e3o escolar e profissional que j\u00e1 alcan\u00e7aste. No final de cada etapa obter\u00e1s uma certifica\u00e7\u00e3o escolar e profissional.<\/p>\n<h4>Para quem<\/h4>\n<p>Os CEF podem ser indicados para ti se te encontras nas seguintes condi\u00e7\u00f5es:<br \/>\n&#8211; idade igual ou superior a 15 anos;<br \/>\n&#8211; habilita\u00e7\u00f5es escolares inferiores ao 3.\u00ba ciclo;<\/p>\n<h4>Qual o objetivo<\/h4>\n<p>Os CEF incentivam-te ao prosseguimento de estudos\/forma\u00e7\u00e3o e permitem que possas adquirir compet\u00eancias profissionais, atrav\u00e9s de solu\u00e7\u00f5es flex\u00edveis, de acordo com os teus interesses e as necessidades do mercado de trabalho local.<\/p>\n<h4>O que s\u00e3o<\/h4>\n<p>Os CEF s\u00e3o percursos formativos organizados numa sequ\u00eancia de etapas de forma\u00e7\u00e3o, consoante as tuas habilita\u00e7\u00f5es de acesso e a dura\u00e7\u00e3o das forma\u00e7\u00f5es.<\/p>\n<p>Independentemente da tipologia, todos os CEF integram quatro componentes de forma\u00e7\u00e3o:<br \/>\n&#8211; Sociocultural;<br \/>\n&#8211; Cient\u00edfica;<br \/>\n&#8211; Tecnol\u00f3gica;<br \/>\n&#8211; Pr\u00e1tica.<\/p>\n<h4>Qual a certifica\u00e7\u00e3o<\/h4>\n<p>Ap\u00f3s a conclus\u00e3o de um CEF, com total aproveitamento, obt\u00e9ns uma certifica\u00e7\u00e3o escolar equivalente ao 3.\u00ba ciclo \u00a0e uma certifica\u00e7\u00e3o profissional, conferindo-te o n\u00edvel \u00a02 de qualifica\u00e7\u00e3o do Quadro Nacional de Qualifica\u00e7\u00f5es (QNQ).<\/p>\n<h4>Prosseguimento de estudos<\/h4>\n<p>A conclus\u00e3o de cada ciclo de forma\u00e7\u00e3o permite que prossigas estudos e obtenhas forma\u00e7\u00e3o nos n\u00edveis seguintes:<br \/>\n&#8211; a conclus\u00e3o de um CEF N\u00edvel II permite-te o ingresso: num dos cursos do n\u00edvel secund\u00e1rio de educa\u00e7\u00e3o:<br \/>\n*Cursos Profissionais, desde que cumpras a totalidade do percurso de forma\u00e7\u00e3o;<br \/>\n*Cursos Cient\u00edfico Human\u00edstico, desde que realizes exames nas disciplinas de L\u00edngua Portuguesa e Matem\u00e1tica.<br \/>\n[\/et_pb_text][\/et_pb_column][et_pb_column type=&#8221;1_4&#8243; _builder_version=&#8221;4.16&#8243; custom_padding=&#8221;|||&#8221; global_colors_info=&#8221;{}&#8221; custom_padding__hover=&#8221;|||&#8221;][et_pb_text admin_label=&#8221;Text&#8221; _builder_version=&#8221;4.16&#8243; background_size=&#8221;initial&#8221; background_position=&#8221;top_left&#8221; background_repeat=&#8221;repeat&#8221; use_border_color=&#8221;off&#8221; border_color=&#8221;#ffffff&#8221; border_style=&#8221;solid&#8221; global_colors_info=&#8221;{}&#8221;]<\/p>\n<h4>Dom\u00ednios<\/h4>\n<p><strong>Imagem, Fotografia, Impress\u00e3o, Layout, Pintura, Cer\u00e2mica, Materiais<\/strong><\/p>\n<p>[\/et_pb_text][\/et_pb_column][\/et_pb_row][\/et_pb_section][et_pb_section fb_built=&#8221;1&#8243; admin_label=&#8221;section&#8221; _builder_version=&#8221;4.16&#8243; background_color=&#8221;#f7f7f7&#8243; global_colors_info=&#8221;{}&#8221;][et_pb_row column_structure=&#8221;1_2,1_2&#8243; admin_label=&#8221;row&#8221; _builder_version=&#8221;4.16&#8243; background_size=&#8221;initial&#8221; background_position=&#8221;top_left&#8221; background_repeat=&#8221;repeat&#8221; global_colors_info=&#8221;{}&#8221;][et_pb_column type=&#8221;1_2&#8243; _builder_version=&#8221;4.16&#8243; custom_padding=&#8221;|||&#8221; global_colors_info=&#8221;{}&#8221; custom_padding__hover=&#8221;|||&#8221;][et_pb_image src=&#8221;https:\/\/iai.pt\/web\/wp-content\/uploads\/2016\/05\/cefFotografiag-1.jpg&#8221; align_tablet=&#8221;center&#8221; align_phone=&#8221;&#8221; align_last_edited=&#8221;on|desktop&#8221; admin_label=&#8221;Image&#8221; _builder_version=&#8221;4.16&#8243; animation_style=&#8221;slide&#8221; animation_direction=&#8221;left&#8221; animation_duration=&#8221;500ms&#8221; animation_intensity_slide=&#8221;10%&#8221; border_style=&#8221;solid&#8221; sticky=&#8221;off&#8221; global_colors_info=&#8221;{}&#8221;][\/et_pb_image][et_pb_cta title=&#8221;Pintor\/a Decorador\/a&#8221; button_url=&#8221;https:\/\/iai.pt\/web\/cef-pintora-decoradora&#8221; button_text=&#8221;Plano Curricular&#8221; _builder_version=&#8221;4.27.4&#8243; background_color=&#8221;#19a03d&#8221; background_size=&#8221;initial&#8221; background_position=&#8221;top_left&#8221; background_repeat=&#8221;repeat&#8221; text_orientation=&#8221;left&#8221; hover_enabled=&#8221;0&#8243; border_style=&#8221;solid&#8221; button_letter_spacing_hover=&#8221;0&#8243; global_colors_info=&#8221;{}&#8221; button_text_size__hover_enabled=&#8221;off&#8221; button_one_text_size__hover_enabled=&#8221;off&#8221; button_two_text_size__hover_enabled=&#8221;off&#8221; button_text_color__hover_enabled=&#8221;off&#8221; button_one_text_color__hover_enabled=&#8221;off&#8221; button_two_text_color__hover_enabled=&#8221;off&#8221; button_border_width__hover_enabled=&#8221;off&#8221; button_one_border_width__hover_enabled=&#8221;off&#8221; button_two_border_width__hover_enabled=&#8221;off&#8221; button_border_color__hover_enabled=&#8221;off&#8221; button_one_border_color__hover_enabled=&#8221;off&#8221; button_two_border_color__hover_enabled=&#8221;off&#8221; button_border_radius__hover_enabled=&#8221;off&#8221; button_one_border_radius__hover_enabled=&#8221;off&#8221; button_two_border_radius__hover_enabled=&#8221;off&#8221; button_letter_spacing__hover_enabled=&#8221;on&#8221; button_letter_spacing__hover=&#8221;0&#8243; button_one_letter_spacing__hover_enabled=&#8221;off&#8221; button_two_letter_spacing__hover_enabled=&#8221;off&#8221; button_bg_color__hover_enabled=&#8221;off&#8221; button_one_bg_color__hover_enabled=&#8221;off&#8221; button_two_bg_color__hover_enabled=&#8221;off&#8221; sticky_enabled=&#8221;0&#8243;]<\/p>\n<p><span>Executa a prepara\u00e7\u00e3o e organiza\u00e7\u00e3o do trabalho que lhe \u00e9 atribu\u00eddo, realizando a pintura e a decora\u00e7\u00e3o de produtos cer\u00e2micos e outras superf\u00edcies, utilizando diferentes t\u00e9cnicas, materiais e instrumentos, com o objetivo de aplicar acabamentos est\u00e9ticos e funcionais, respeitando normas de qualidade, seguran\u00e7a e higiene no trabalho.<\/span><\/p>\n<p>[\/et_pb_cta][\/et_pb_column][et_pb_column type=&#8221;1_2&#8243; _builder_version=&#8221;4.16&#8243; custom_padding=&#8221;|||&#8221; global_colors_info=&#8221;{}&#8221; custom_padding__hover=&#8221;|||&#8221;][et_pb_cta title=&#8221;Operador\/a de Fotografia&#8221; button_url=&#8221;https:\/\/iai.pt\/web\/cef-operador-de-fotografia&#8221; button_text=&#8221;Plano Curricular&#8221; _builder_version=&#8221;4.16&#8243; background_color=&#8221;#19a03d&#8221; background_size=&#8221;initial&#8221; background_position=&#8221;top_left&#8221; background_repeat=&#8221;repeat&#8221; text_orientation=&#8221;left&#8221; border_style=&#8221;solid&#8221; button_letter_spacing_hover=&#8221;0&#8243; global_colors_info=&#8221;{}&#8221; button_text_size__hover_enabled=&#8221;off&#8221; button_one_text_size__hover_enabled=&#8221;off&#8221; button_two_text_size__hover_enabled=&#8221;off&#8221; button_text_color__hover_enabled=&#8221;off&#8221; button_one_text_color__hover_enabled=&#8221;off&#8221; button_two_text_color__hover_enabled=&#8221;off&#8221; button_border_width__hover_enabled=&#8221;off&#8221; button_one_border_width__hover_enabled=&#8221;off&#8221; button_two_border_width__hover_enabled=&#8221;off&#8221; button_border_color__hover_enabled=&#8221;off&#8221; button_one_border_color__hover_enabled=&#8221;off&#8221; button_two_border_color__hover_enabled=&#8221;off&#8221; button_border_radius__hover_enabled=&#8221;off&#8221; button_one_border_radius__hover_enabled=&#8221;off&#8221; button_two_border_radius__hover_enabled=&#8221;off&#8221; button_letter_spacing__hover_enabled=&#8221;on&#8221; button_letter_spacing__hover=&#8221;0&#8243; button_one_letter_spacing__hover_enabled=&#8221;off&#8221; button_two_letter_spacing__hover_enabled=&#8221;off&#8221; button_bg_color__hover_enabled=&#8221;off&#8221; button_one_bg_color__hover_enabled=&#8221;off&#8221; button_two_bg_color__hover_enabled=&#8221;off&#8221;]Executa a capta\u00e7\u00e3o e edi\u00e7\u00e3o de imagens de objetos e pessoas, no exterior e em est\u00fadio, utilizando diferentes tipos de m\u00e1quinas e pel\u00edculas fotogr\u00e1ficas, com o objetivo de reproduzir diversas esp\u00e9cies fotogr\u00e1ficas atrav\u00e9s de processos de digitaliza\u00e7\u00e3o de imagens, revela\u00e7\u00e3o e impress\u00e3o de pel\u00edculas fotogr\u00e1ficas, a cores ou a preto e branco.<br \/>\n[\/et_pb_cta][et_pb_image src=&#8221;https:\/\/iai.pt\/web\/wp-content\/uploads\/2016\/05\/cefFotografiag-1.jpg&#8221; align_tablet=&#8221;center&#8221; align_phone=&#8221;&#8221; align_last_edited=&#8221;on|desktop&#8221; admin_label=&#8221;Image&#8221; _builder_version=&#8221;4.16&#8243; animation_style=&#8221;slide&#8221; animation_direction=&#8221;left&#8221; animation_duration=&#8221;500ms&#8221; animation_intensity_slide=&#8221;10%&#8221; border_style=&#8221;solid&#8221; sticky=&#8221;off&#8221; global_colors_info=&#8221;{}&#8221;][\/et_pb_image][\/et_pb_column][\/et_pb_row][\/et_pb_section][et_pb_section fb_built=&#8221;1&#8243; _builder_version=&#8221;4.16&#8243; background_color=&#8221;#ffffff&#8221; background_image=&#8221;https:\/\/iai.pt\/web\/wp-content\/uploads\/2017\/05\/back_1920_verde.jpg&#8221; parallax=&#8221;on&#8221; global_colors_info=&#8221;{}&#8221;][et_pb_row _builder_version=&#8221;4.16&#8243; background_size=&#8221;initial&#8221; background_position=&#8221;top_left&#8221; background_repeat=&#8221;repeat&#8221; global_colors_info=&#8221;{}&#8221;][et_pb_column type=&#8221;4_4&#8243; _builder_version=&#8221;4.16&#8243; custom_padding=&#8221;|||&#8221; global_colors_info=&#8221;{}&#8221; custom_padding__hover=&#8221;|||&#8221;][et_pb_cta title=&#8221;Est\u00e1s interessado?&#8221; button_url=&#8221;https:\/\/iai.pt\/web\/candidatura&#8221; button_text=&#8221;Candidatura&#8221; _builder_version=&#8221;4.16&#8243; use_background_color=&#8221;off&#8221; border_style=&#8221;solid&#8221; button_letter_spacing_hover=&#8221;0&#8243; global_colors_info=&#8221;{}&#8221; button_text_size__hover_enabled=&#8221;off&#8221; button_one_text_size__hover_enabled=&#8221;off&#8221; button_two_text_size__hover_enabled=&#8221;off&#8221; button_text_color__hover_enabled=&#8221;off&#8221; button_one_text_color__hover_enabled=&#8221;off&#8221; button_two_text_color__hover_enabled=&#8221;off&#8221; button_border_width__hover_enabled=&#8221;off&#8221; button_one_border_width__hover_enabled=&#8221;off&#8221; button_two_border_width__hover_enabled=&#8221;off&#8221; button_border_color__hover_enabled=&#8221;off&#8221; button_one_border_color__hover_enabled=&#8221;off&#8221; button_two_border_color__hover_enabled=&#8221;off&#8221; button_border_radius__hover_enabled=&#8221;off&#8221; button_one_border_radius__hover_enabled=&#8221;off&#8221; button_two_border_radius__hover_enabled=&#8221;off&#8221; button_letter_spacing__hover_enabled=&#8221;on&#8221; button_letter_spacing__hover=&#8221;0&#8243; button_one_letter_spacing__hover_enabled=&#8221;off&#8221; button_two_letter_spacing__hover_enabled=&#8221;off&#8221; button_bg_color__hover_enabled=&#8221;off&#8221; button_one_bg_color__hover_enabled=&#8221;off&#8221; button_two_bg_color__hover_enabled=&#8221;off&#8221;][\/et_pb_cta][\/et_pb_column][\/et_pb_row][\/et_pb_section][et_pb_section fb_built=&#8221;1&#8243; _builder_version=&#8221;4.27.4&#8243; _module_preset=&#8221;default&#8221; background_color=&#8221;#FFFFFF&#8221; custom_padding=&#8221;2px||0px|||&#8221; sticky_position=&#8221;bottom&#8221; global_colors_info=&#8221;{}&#8221;][et_pb_row _builder_version=&#8221;4.27.4&#8243; _module_preset=&#8221;default&#8221; custom_padding=&#8221;2px||1px|||&#8221; global_colors_info=&#8221;{}&#8221;][et_pb_column type=&#8221;4_4&#8243; _builder_version=&#8221;4.27.4&#8243; _module_preset=&#8221;default&#8221; global_colors_info=&#8221;{}&#8221;][et_pb_image src=&#8221;https:\/\/iai.pt\/web\/wp-content\/uploads\/2025\/07\/conjunto_novo-com_repub-pt.png&#8221; title_text=&#8221;conjunto_novo-com_repub-pt&#8221; _builder_version=&#8221;4.27.4&#8243; _module_preset=&#8221;default&#8221; width=&#8221;50%&#8221; module_alignment=&#8221;right&#8221; global_colors_info=&#8221;{}&#8221;][\/et_pb_image][\/et_pb_column][\/et_pb_row][\/et_pb_section]<\/p>\n","protected":false},"excerpt":{"rendered":"<p>Cursos de Educa\u00e7\u00e3o e Forma\u00e7\u00e3o 7\u00ba, 8\u00ba e 9\u00ba anoEstes cursos CEF s\u00e3o financiados por PESSOAS 2030Os Cursos de Educa\u00e7\u00e3o e Forma\u00e7\u00e3o (CEF) s\u00e3o uma oportunidade para poderes concluir a escolaridade obrigat\u00f3ria, atrav\u00e9s de um percurso flex\u00edvel e ajustado aos teus interesses, ou para poderes prosseguir estudos ou forma\u00e7\u00e3o que te permita uma entrada qualificada [&hellip;]<\/p>\n","protected":false},"author":1,"featured_media":0,"parent":0,"menu_order":0,"comment_status":"closed","ping_status":"closed","template":"","meta":{"_et_pb_use_builder":"on","_et_pb_old_content":"","_et_gb_content_width":"","footnotes":"","_members_access_role":[],"_members_access_error":""},"class_list":["post-8204","page","type-page","status-publish","hentry"],"aioseo_notices":[],"aioseo_head":"\n\t\t<!-- All in One SEO 4.9.10 - aioseo.com -->\n\t<meta name=\"description\" content=\"Cursos de Educa\u00e7\u00e3o e Forma\u00e7\u00e3o 7\u00ba, 8\u00ba e 9\u00ba ano Estes cursos CEF s\u00e3o financiados por PESSOAS 2030 Os Cursos de Educa\u00e7\u00e3o e Forma\u00e7\u00e3o (CEF) s\u00e3o uma oportunidade para poderes concluir a escolaridade obrigat\u00f3ria, atrav\u00e9s de um percurso flex\u00edvel e ajustado aos teus interesses, ou para poderes prosseguir estudos ou forma\u00e7\u00e3o que te permita uma\" \/>\n\t<meta name=\"robots\" content=\"max-image-preview:large\" \/>\n\t<link rel=\"canonical\" href=\"http:\/\/iai.pt\/web\/cursos-de-educacao-e-formacao\" \/>\n\t<meta name=\"generator\" content=\"All in One SEO (AIOSEO) 4.9.10\" \/>\n\t\t<meta property=\"og:locale\" content=\"pt_PT\" \/>\n\t\t<meta property=\"og:site_name\" content=\"IAI - Escola Art\u00edstica\" \/>\n\t\t<meta property=\"og:type\" content=\"article\" \/>\n\t\t<meta property=\"og:title\" content=\"(CEF) Cursos de Educa\u00e7\u00e3o e Forma\u00e7\u00e3o - IAI\" \/>\n\t\t<meta property=\"og:description\" content=\"Cursos de Educa\u00e7\u00e3o e Forma\u00e7\u00e3o 7\u00ba, 8\u00ba e 9\u00ba ano Estes cursos CEF s\u00e3o financiados por PESSOAS 2030 Os Cursos de Educa\u00e7\u00e3o e Forma\u00e7\u00e3o (CEF) s\u00e3o uma oportunidade para poderes concluir a escolaridade obrigat\u00f3ria, atrav\u00e9s de um percurso flex\u00edvel e ajustado aos teus interesses, ou para poderes prosseguir estudos ou forma\u00e7\u00e3o que te permita uma\" \/>\n\t\t<meta property=\"og:url\" content=\"http:\/\/iai.pt\/web\/cursos-de-educacao-e-formacao\" \/>\n\t\t<meta property=\"og:image\" content=\"http:\/\/iai.pt\/web\/wp-content\/uploads\/2023\/05\/seo-logo.png\" \/>\n\t\t<meta property=\"og:image:width\" content=\"105\" \/>\n\t\t<meta property=\"og:image:height\" content=\"112\" \/>\n\t\t<meta property=\"article:published_time\" content=\"2016-05-19T16:44:55+00:00\" \/>\n\t\t<meta property=\"article:modified_time\" content=\"2026-01-23T16:36:09+00:00\" \/>\n\t\t<meta property=\"article:publisher\" content=\"https:\/\/www.facebook.com\/instituto.das.artes.imagem\" \/>\n\t\t<meta name=\"twitter:card\" content=\"summary_large_image\" \/>\n\t\t<meta name=\"twitter:title\" content=\"(CEF) Cursos de Educa\u00e7\u00e3o e Forma\u00e7\u00e3o - IAI\" \/>\n\t\t<meta name=\"twitter:description\" content=\"Cursos de Educa\u00e7\u00e3o e Forma\u00e7\u00e3o 7\u00ba, 8\u00ba e 9\u00ba ano Estes cursos CEF s\u00e3o financiados por PESSOAS 2030 Os Cursos de Educa\u00e7\u00e3o e Forma\u00e7\u00e3o (CEF) s\u00e3o uma oportunidade para poderes concluir a escolaridade obrigat\u00f3ria, atrav\u00e9s de um percurso flex\u00edvel e ajustado aos teus interesses, ou para poderes prosseguir estudos ou forma\u00e7\u00e3o que te permita uma\" \/>\n\t\t<meta name=\"twitter:image\" content=\"http:\/\/iai.pt\/web\/wp-content\/uploads\/2023\/05\/seo-logo.png\" \/>\n\t\t<script type=\"application\/ld+json\" class=\"aioseo-schema\">\n\t\t\t{\"@context\":\"https:\\\/\\\/schema.org\",\"@graph\":[{\"@type\":\"BreadcrumbList\",\"@id\":\"http:\\\/\\\/iai.pt\\\/web\\\/cursos-de-educacao-e-formacao#breadcrumblist\",\"itemListElement\":[{\"@type\":\"ListItem\",\"@id\":\"http:\\\/\\\/iai.pt\\\/web#listItem\",\"position\":1,\"name\":\"In\\u00edcio\",\"item\":\"http:\\\/\\\/iai.pt\\\/web\",\"nextItem\":{\"@type\":\"ListItem\",\"@id\":\"http:\\\/\\\/iai.pt\\\/web\\\/cursos-de-educacao-e-formacao#listItem\",\"name\":\"(CEF) Cursos de Educa\\u00e7\\u00e3o e Forma\\u00e7\\u00e3o\"}},{\"@type\":\"ListItem\",\"@id\":\"http:\\\/\\\/iai.pt\\\/web\\\/cursos-de-educacao-e-formacao#listItem\",\"position\":2,\"name\":\"(CEF) Cursos de Educa\\u00e7\\u00e3o e Forma\\u00e7\\u00e3o\",\"previousItem\":{\"@type\":\"ListItem\",\"@id\":\"http:\\\/\\\/iai.pt\\\/web#listItem\",\"name\":\"In\\u00edcio\"}}]},{\"@type\":\"Organization\",\"@id\":\"http:\\\/\\\/iai.pt\\\/web\\\/#organization\",\"name\":\"Instituto das Artes e da Imagem\",\"description\":\"Escola Art\\u00edstica\",\"url\":\"http:\\\/\\\/iai.pt\\\/web\\\/\",\"telephone\":\"+351222000757\",\"logo\":{\"@type\":\"ImageObject\",\"url\":\"http:\\\/\\\/iai.pt\\\/web\\\/wp-content\\\/uploads\\\/2023\\\/05\\\/seo-logo.png\",\"@id\":\"http:\\\/\\\/iai.pt\\\/web\\\/cursos-de-educacao-e-formacao\\\/#organizationLogo\",\"width\":105,\"height\":112},\"image\":{\"@id\":\"http:\\\/\\\/iai.pt\\\/web\\\/cursos-de-educacao-e-formacao\\\/#organizationLogo\"},\"sameAs\":[\"https:\\\/\\\/www.facebook.com\\\/instituto.das.artes.imagem\",\"https:\\\/\\\/www.instagram.com\\\/iai_escola_de_artes\\\/\",\"https:\\\/\\\/www.youtube.com\\\/iaiwebmaster\"]},{\"@type\":\"WebPage\",\"@id\":\"http:\\\/\\\/iai.pt\\\/web\\\/cursos-de-educacao-e-formacao#webpage\",\"url\":\"http:\\\/\\\/iai.pt\\\/web\\\/cursos-de-educacao-e-formacao\",\"name\":\"(CEF) Cursos de Educa\\u00e7\\u00e3o e Forma\\u00e7\\u00e3o - IAI\",\"description\":\"Cursos de Educa\\u00e7\\u00e3o e Forma\\u00e7\\u00e3o 7\\u00ba, 8\\u00ba e 9\\u00ba ano Estes cursos CEF s\\u00e3o financiados por PESSOAS 2030 Os Cursos de Educa\\u00e7\\u00e3o e Forma\\u00e7\\u00e3o (CEF) s\\u00e3o uma oportunidade para poderes concluir a escolaridade obrigat\\u00f3ria, atrav\\u00e9s de um percurso flex\\u00edvel e ajustado aos teus interesses, ou para poderes prosseguir estudos ou forma\\u00e7\\u00e3o que te permita uma\",\"inLanguage\":\"pt-PT\",\"isPartOf\":{\"@id\":\"http:\\\/\\\/iai.pt\\\/web\\\/#website\"},\"breadcrumb\":{\"@id\":\"http:\\\/\\\/iai.pt\\\/web\\\/cursos-de-educacao-e-formacao#breadcrumblist\"},\"datePublished\":\"2016-05-19T17:44:55+01:00\",\"dateModified\":\"2026-01-23T16:36:09+00:00\"},{\"@type\":\"WebSite\",\"@id\":\"http:\\\/\\\/iai.pt\\\/web\\\/#website\",\"url\":\"http:\\\/\\\/iai.pt\\\/web\\\/\",\"name\":\"IAI\",\"alternateName\":\"iai\",\"description\":\"Escola Art\\u00edstica\",\"inLanguage\":\"pt-PT\",\"publisher\":{\"@id\":\"http:\\\/\\\/iai.pt\\\/web\\\/#organization\"}}]}\n\t\t<\/script>\n\t\t<!-- All in One SEO -->\n\n","aioseo_head_json":{"title":"(CEF) Cursos de Educa\u00e7\u00e3o e Forma\u00e7\u00e3o - IAI","description":"Cursos de Educa\u00e7\u00e3o e Forma\u00e7\u00e3o 7\u00ba, 8\u00ba e 9\u00ba ano Estes cursos CEF s\u00e3o financiados por PESSOAS 2030 Os Cursos de Educa\u00e7\u00e3o e Forma\u00e7\u00e3o (CEF) s\u00e3o uma oportunidade para poderes concluir a escolaridade obrigat\u00f3ria, atrav\u00e9s de um percurso flex\u00edvel e ajustado aos teus interesses, ou para poderes prosseguir estudos ou forma\u00e7\u00e3o que te permita uma","canonical_url":"http:\/\/iai.pt\/web\/cursos-de-educacao-e-formacao","robots":"max-image-preview:large","keywords":"","webmasterTools":{"miscellaneous":""},"schema":{"@context":"https:\/\/schema.org","@graph":[{"@type":"BreadcrumbList","@id":"http:\/\/iai.pt\/web\/cursos-de-educacao-e-formacao#breadcrumblist","itemListElement":[{"@type":"ListItem","@id":"http:\/\/iai.pt\/web#listItem","position":1,"name":"In\u00edcio","item":"http:\/\/iai.pt\/web","nextItem":{"@type":"ListItem","@id":"http:\/\/iai.pt\/web\/cursos-de-educacao-e-formacao#listItem","name":"(CEF) Cursos de Educa\u00e7\u00e3o e Forma\u00e7\u00e3o"}},{"@type":"ListItem","@id":"http:\/\/iai.pt\/web\/cursos-de-educacao-e-formacao#listItem","position":2,"name":"(CEF) Cursos de Educa\u00e7\u00e3o e Forma\u00e7\u00e3o","previousItem":{"@type":"ListItem","@id":"http:\/\/iai.pt\/web#listItem","name":"In\u00edcio"}}]},{"@type":"Organization","@id":"http:\/\/iai.pt\/web\/#organization","name":"Instituto das Artes e da Imagem","description":"Escola Art\u00edstica","url":"http:\/\/iai.pt\/web\/","telephone":"+351222000757","logo":{"@type":"ImageObject","url":"http:\/\/iai.pt\/web\/wp-content\/uploads\/2023\/05\/seo-logo.png","@id":"http:\/\/iai.pt\/web\/cursos-de-educacao-e-formacao\/#organizationLogo","width":105,"height":112},"image":{"@id":"http:\/\/iai.pt\/web\/cursos-de-educacao-e-formacao\/#organizationLogo"},"sameAs":["https:\/\/www.facebook.com\/instituto.das.artes.imagem","https:\/\/www.instagram.com\/iai_escola_de_artes\/","https:\/\/www.youtube.com\/iaiwebmaster"]},{"@type":"WebPage","@id":"http:\/\/iai.pt\/web\/cursos-de-educacao-e-formacao#webpage","url":"http:\/\/iai.pt\/web\/cursos-de-educacao-e-formacao","name":"(CEF) Cursos de Educa\u00e7\u00e3o e Forma\u00e7\u00e3o - IAI","description":"Cursos de Educa\u00e7\u00e3o e Forma\u00e7\u00e3o 7\u00ba, 8\u00ba e 9\u00ba ano Estes cursos CEF s\u00e3o financiados por PESSOAS 2030 Os Cursos de Educa\u00e7\u00e3o e Forma\u00e7\u00e3o (CEF) s\u00e3o uma oportunidade para poderes concluir a escolaridade obrigat\u00f3ria, atrav\u00e9s de um percurso flex\u00edvel e ajustado aos teus interesses, ou para poderes prosseguir estudos ou forma\u00e7\u00e3o que te permita uma","inLanguage":"pt-PT","isPartOf":{"@id":"http:\/\/iai.pt\/web\/#website"},"breadcrumb":{"@id":"http:\/\/iai.pt\/web\/cursos-de-educacao-e-formacao#breadcrumblist"},"datePublished":"2016-05-19T17:44:55+01:00","dateModified":"2026-01-23T16:36:09+00:00"},{"@type":"WebSite","@id":"http:\/\/iai.pt\/web\/#website","url":"http:\/\/iai.pt\/web\/","name":"IAI","alternateName":"iai","description":"Escola Art\u00edstica","inLanguage":"pt-PT","publisher":{"@id":"http:\/\/iai.pt\/web\/#organization"}}]},"og:locale":"pt_PT","og:site_name":"IAI - Escola Art\u00edstica","og:type":"article","og:title":"(CEF) Cursos de Educa\u00e7\u00e3o e Forma\u00e7\u00e3o - IAI","og:description":"Cursos de Educa\u00e7\u00e3o e Forma\u00e7\u00e3o 7\u00ba, 8\u00ba e 9\u00ba ano Estes cursos CEF s\u00e3o financiados por PESSOAS 2030 Os Cursos de Educa\u00e7\u00e3o e Forma\u00e7\u00e3o (CEF) s\u00e3o uma oportunidade para poderes concluir a escolaridade obrigat\u00f3ria, atrav\u00e9s de um percurso flex\u00edvel e ajustado aos teus interesses, ou para poderes prosseguir estudos ou forma\u00e7\u00e3o que te permita uma","og:url":"http:\/\/iai.pt\/web\/cursos-de-educacao-e-formacao","og:image":"http:\/\/iai.pt\/web\/wp-content\/uploads\/2023\/05\/seo-logo.png","og:image:width":105,"og:image:height":112,"article:published_time":"2016-05-19T16:44:55+00:00","article:modified_time":"2026-01-23T16:36:09+00:00","article:publisher":"https:\/\/www.facebook.com\/instituto.das.artes.imagem","twitter:card":"summary_large_image","twitter:title":"(CEF) Cursos de Educa\u00e7\u00e3o e Forma\u00e7\u00e3o - IAI","twitter:description":"Cursos de Educa\u00e7\u00e3o e Forma\u00e7\u00e3o 7\u00ba, 8\u00ba e 9\u00ba ano Estes cursos CEF s\u00e3o financiados por PESSOAS 2030 Os Cursos de Educa\u00e7\u00e3o e Forma\u00e7\u00e3o (CEF) s\u00e3o uma oportunidade para poderes concluir a escolaridade obrigat\u00f3ria, atrav\u00e9s de um percurso flex\u00edvel e ajustado aos teus interesses, ou para poderes prosseguir estudos ou forma\u00e7\u00e3o que te permita uma","twitter:image":"http:\/\/iai.pt\/web\/wp-content\/uploads\/2023\/05\/seo-logo.png"},"aioseo_meta_data":{"post_id":"8204","title":null,"description":null,"keywords":null,"keyphrases":{"focus":{"keyphrase":"","score":0,"analysis":{"keyphraseInTitle":{"score":0,"maxScore":9,"error":1}}},"additional":[]},"primary_term":null,"canonical_url":null,"og_title":null,"og_description":null,"og_object_type":"default","og_image_type":"default","og_image_url":null,"og_image_width":null,"og_image_height":null,"og_image_custom_url":null,"og_image_custom_fields":null,"og_video":"","og_custom_url":null,"og_article_section":null,"og_article_tags":null,"twitter_use_og":false,"twitter_card":"default","twitter_image_type":"default","twitter_image_url":null,"twitter_image_custom_url":null,"twitter_image_custom_fields":null,"twitter_title":null,"twitter_description":null,"schema":{"blockGraphs":[],"customGraphs":[],"default":{"data":{"Article":[],"Course":[],"Dataset":[],"FAQPage":[],"Movie":[],"Person":[],"Product":[],"ProductReview":[],"Car":[],"Recipe":[],"Service":[],"SoftwareApplication":[],"WebPage":[]},"graphName":"WebPage","isEnabled":true},"graphs":[]},"schema_type":"default","schema_type_options":null,"pillar_content":false,"robots_default":true,"robots_noindex":false,"robots_noarchive":false,"robots_nosnippet":false,"robots_nofollow":false,"robots_noimageindex":false,"robots_noodp":false,"robots_notranslate":false,"robots_max_snippet":"-1","robots_max_videopreview":"-1","robots_max_imagepreview":"large","priority":null,"frequency":"default","local_seo":null,"breadcrumb_settings":null,"limit_modified_date":false,"ai":{"faqs":[],"keyPoints":[],"titles":[],"descriptions":[],"socialPosts":{"email":[],"linkedin":[],"twitter":[],"facebook":[],"instagram":[]}},"created":"2023-05-29 09:50:22","updated":"2026-01-23 16:54:38","seo_analyzer_scan_date":null},"aioseo_breadcrumb":"<div class=\"aioseo-breadcrumbs\"><span class=\"aioseo-breadcrumb\">\n\t\t\t<a href=\"http:\/\/iai.pt\/web\" title=\"In\u00edcio\">In\u00edcio<\/a>\n\t\t<\/span><span class=\"aioseo-breadcrumb-separator\">\u00bb<\/span><span class=\"aioseo-breadcrumb\">\n\t\t\t(CEF) Cursos de Educa\u00e7\u00e3o e Forma\u00e7\u00e3o\n\t\t<\/span><\/div>","aioseo_breadcrumb_json":[{"label":"In\u00edcio","link":"http:\/\/iai.pt\/web"},{"label":"(CEF) Cursos de Educa\u00e7\u00e3o e Forma\u00e7\u00e3o","link":"http:\/\/iai.pt\/web\/cursos-de-educacao-e-formacao"}],"_links":{"self":[{"href":"http:\/\/iai.pt\/web\/wp-json\/wp\/v2\/pages\/8204","targetHints":{"allow":["GET"]}}],"collection":[{"href":"http:\/\/iai.pt\/web\/wp-json\/wp\/v2\/pages"}],"about":[{"href":"http:\/\/iai.pt\/web\/wp-json\/wp\/v2\/types\/page"}],"author":[{"embeddable":true,"href":"http:\/\/iai.pt\/web\/wp-json\/wp\/v2\/users\/1"}],"replies":[{"embeddable":true,"href":"http:\/\/iai.pt\/web\/wp-json\/wp\/v2\/comments?post=8204"}],"version-history":[{"count":4,"href":"http:\/\/iai.pt\/web\/wp-json\/wp\/v2\/pages\/8204\/revisions"}],"predecessor-version":[{"id":17967,"href":"http:\/\/iai.pt\/web\/wp-json\/wp\/v2\/pages\/8204\/revisions\/17967"}],"wp:attachment":[{"href":"http:\/\/iai.pt\/web\/wp-json\/wp\/v2\/media?parent=8204"}],"curies":[{"name":"wp","href":"https:\/\/api.w.org\/{rel}","templated":true}]}}