{"id":8297,"date":"2017-11-29T14:20:06","date_gmt":"2017-11-29T14:20:06","guid":{"rendered":"http:\/\/iai.pt\/web\/?page_id=8297"},"modified":"2024-01-16T18:37:34","modified_gmt":"2024-01-16T18:37:34","slug":"caracterizacao-organica","status":"publish","type":"page","link":"http:\/\/iai.pt\/web\/caracterizacao-organica","title":{"rendered":"Caracteriza\u00e7\u00e3o Org\u00e2nica"},"content":{"rendered":"<p>[et_pb_section fb_built=&#8221;1&#8243; inner_shadow=&#8221;on&#8221; fullwidth=&#8221;on&#8221; custom_padding_last_edited=&#8221;on|desktop&#8221; admin_label=&#8221;section&#8221; _builder_version=&#8221;3.22&#8243; background_color=&#8221;#0c71c3&#8243; custom_padding_tablet=&#8221;50px|0|50px|0&#8243; custom_padding_phone=&#8221;&#8221; transparent_background=&#8221;off&#8221; padding_mobile=&#8221;off&#8221; make_fullwidth=&#8221;off&#8221; use_custom_width=&#8221;off&#8221; width_unit=&#8221;on&#8221;][et_pb_fullwidth_header title=&#8221;Caracteriza\u00e7\u00e3o Org\u00e2nica&#8221; subhead=&#8221;Instituto das Artes e da Imagem&#8221; content_max_width=&#8221;none&#8221; _builder_version=&#8221;3.16&#8243; background_color=&#8221;rgba(255, 255, 255, 0)&#8221; button_one_letter_spacing_hover=&#8221;0&#8243; button_two_letter_spacing_hover=&#8221;0&#8243; button_one_text_size__hover_enabled=&#8221;off&#8221; button_two_text_size__hover_enabled=&#8221;off&#8221; button_one_text_color__hover_enabled=&#8221;off&#8221; button_two_text_color__hover_enabled=&#8221;off&#8221; button_one_border_width__hover_enabled=&#8221;off&#8221; button_two_border_width__hover_enabled=&#8221;off&#8221; button_one_border_color__hover_enabled=&#8221;off&#8221; button_two_border_color__hover_enabled=&#8221;off&#8221; button_one_border_radius__hover_enabled=&#8221;off&#8221; button_two_border_radius__hover_enabled=&#8221;off&#8221; button_one_letter_spacing__hover_enabled=&#8221;on&#8221; button_one_letter_spacing__hover=&#8221;0&#8243; button_two_letter_spacing__hover_enabled=&#8221;on&#8221; button_two_letter_spacing__hover=&#8221;0&#8243; button_one_bg_color__hover_enabled=&#8221;off&#8221; button_two_bg_color__hover_enabled=&#8221;off&#8221;][\/et_pb_fullwidth_header][\/et_pb_section][et_pb_section fb_built=&#8221;1&#8243; admin_label=&#8221;section&#8221; _builder_version=&#8221;3.22&#8243;][et_pb_row column_structure=&#8221;1_3,1_3,1_3&#8243; admin_label=&#8221;row&#8221; _builder_version=&#8221;3.25&#8243; background_size=&#8221;initial&#8221; background_position=&#8221;top_left&#8221; background_repeat=&#8221;repeat&#8221;][et_pb_column type=&#8221;1_3&#8243; _builder_version=&#8221;3.25&#8243; custom_padding=&#8221;|||&#8221; custom_padding__hover=&#8221;|||&#8221;][et_pb_team_member name=&#8221;Diretor\/ Diretor Pedag\u00f3gico&#8221; position=&#8221;Jos\u00e9 Eduardo Magalh\u00e3es&#8221; _builder_version=&#8221;3.0.87&#8243; background_size=&#8221;initial&#8221; background_position=&#8221;top_left&#8221; background_repeat=&#8221;repeat&#8221; use_border_color=&#8221;off&#8221; border_color=&#8221;#ffffff&#8221; border_style=&#8221;solid&#8221;][\/et_pb_team_member][\/et_pb_column][et_pb_column type=&#8221;1_3&#8243; _builder_version=&#8221;3.25&#8243; custom_padding=&#8221;|||&#8221; custom_padding__hover=&#8221;|||&#8221;][\/et_pb_column][et_pb_column type=&#8221;1_3&#8243; _builder_version=&#8221;3.25&#8243; custom_padding=&#8221;|||&#8221; custom_padding__hover=&#8221;|||&#8221;][\/et_pb_column][\/et_pb_row][\/et_pb_section][et_pb_section fb_built=&#8221;1&#8243; fullwidth=&#8221;on&#8221; _builder_version=&#8221;4.3.4&#8243;][et_pb_fullwidth_image src=&#8221;http:\/\/iai.pt\/web\/wp-content\/uploads\/2024\/01\/organograma_23.24-1.png&#8221; title_text=&#8221;organograma_23.24&#8243; _builder_version=&#8221;4.5.3&#8243; custom_padding=&#8221;0px|||||&#8221; hover_enabled=&#8221;0&#8243;][\/et_pb_fullwidth_image][\/et_pb_section]<\/p>\n","protected":false},"excerpt":{"rendered":"","protected":false},"author":1,"featured_media":0,"parent":0,"menu_order":0,"comment_status":"closed","ping_status":"closed","template":"","meta":{"_et_pb_use_builder":"on","_et_pb_old_content":"","_et_gb_content_width":"","footnotes":"","_members_access_role":[],"_members_access_error":""},"class_list":["post-8297","page","type-page","status-publish","hentry"],"aioseo_notices":[],"aioseo_head":"\n\t\t<!-- All in One SEO 4.9.10 - aioseo.com -->\n\t<meta name=\"description\" content=\"Caracteriza\u00e7\u00e3o Org\u00e2nica Instituto das Artes e da Imagem Diretor\/ Diretor Pedag\u00f3gico Jos\u00e9 Eduardo Magalh\u00e3es\" \/>\n\t<meta name=\"robots\" content=\"max-image-preview:large\" \/>\n\t<link rel=\"canonical\" href=\"http:\/\/iai.pt\/web\/caracterizacao-organica\" \/>\n\t<meta name=\"generator\" content=\"All in One SEO (AIOSEO) 4.9.10\" \/>\n\t\t<meta property=\"og:locale\" content=\"pt_PT\" \/>\n\t\t<meta property=\"og:site_name\" content=\"IAI - Escola Art\u00edstica\" \/>\n\t\t<meta property=\"og:type\" content=\"article\" \/>\n\t\t<meta property=\"og:title\" content=\"Caracteriza\u00e7\u00e3o Org\u00e2nica - IAI\" \/>\n\t\t<meta property=\"og:description\" content=\"Caracteriza\u00e7\u00e3o Org\u00e2nica Instituto das Artes e da Imagem Diretor\/ Diretor Pedag\u00f3gico Jos\u00e9 Eduardo Magalh\u00e3es\" \/>\n\t\t<meta property=\"og:url\" content=\"http:\/\/iai.pt\/web\/caracterizacao-organica\" \/>\n\t\t<meta property=\"og:image\" content=\"http:\/\/iai.pt\/web\/wp-content\/uploads\/2023\/05\/seo-logo.png\" \/>\n\t\t<meta property=\"og:image:width\" content=\"105\" \/>\n\t\t<meta property=\"og:image:height\" content=\"112\" \/>\n\t\t<meta property=\"article:published_time\" content=\"2017-11-29T14:20:06+00:00\" \/>\n\t\t<meta property=\"article:modified_time\" content=\"2024-01-16T18:37:34+00:00\" \/>\n\t\t<meta property=\"article:publisher\" content=\"https:\/\/www.facebook.com\/instituto.das.artes.imagem\" \/>\n\t\t<meta name=\"twitter:card\" content=\"summary_large_image\" \/>\n\t\t<meta name=\"twitter:title\" content=\"Caracteriza\u00e7\u00e3o Org\u00e2nica - IAI\" \/>\n\t\t<meta name=\"twitter:description\" content=\"Caracteriza\u00e7\u00e3o Org\u00e2nica Instituto das Artes e da Imagem Diretor\/ Diretor Pedag\u00f3gico Jos\u00e9 Eduardo Magalh\u00e3es\" \/>\n\t\t<meta name=\"twitter:image\" content=\"http:\/\/iai.pt\/web\/wp-content\/uploads\/2023\/05\/seo-logo.png\" \/>\n\t\t<script type=\"application\/ld+json\" class=\"aioseo-schema\">\n\t\t\t{\"@context\":\"https:\\\/\\\/schema.org\",\"@graph\":[{\"@type\":\"BreadcrumbList\",\"@id\":\"http:\\\/\\\/iai.pt\\\/web\\\/caracterizacao-organica#breadcrumblist\",\"itemListElement\":[{\"@type\":\"ListItem\",\"@id\":\"http:\\\/\\\/iai.pt\\\/web#listItem\",\"position\":1,\"name\":\"In\\u00edcio\",\"item\":\"http:\\\/\\\/iai.pt\\\/web\",\"nextItem\":{\"@type\":\"ListItem\",\"@id\":\"http:\\\/\\\/iai.pt\\\/web\\\/caracterizacao-organica#listItem\",\"name\":\"Caracteriza\\u00e7\\u00e3o Org\\u00e2nica\"}},{\"@type\":\"ListItem\",\"@id\":\"http:\\\/\\\/iai.pt\\\/web\\\/caracterizacao-organica#listItem\",\"position\":2,\"name\":\"Caracteriza\\u00e7\\u00e3o Org\\u00e2nica\",\"previousItem\":{\"@type\":\"ListItem\",\"@id\":\"http:\\\/\\\/iai.pt\\\/web#listItem\",\"name\":\"In\\u00edcio\"}}]},{\"@type\":\"Organization\",\"@id\":\"http:\\\/\\\/iai.pt\\\/web\\\/#organization\",\"name\":\"Instituto das Artes e da Imagem\",\"description\":\"Escola Art\\u00edstica\",\"url\":\"http:\\\/\\\/iai.pt\\\/web\\\/\",\"telephone\":\"+351222000757\",\"logo\":{\"@type\":\"ImageObject\",\"url\":\"http:\\\/\\\/iai.pt\\\/web\\\/wp-content\\\/uploads\\\/2023\\\/05\\\/seo-logo.png\",\"@id\":\"http:\\\/\\\/iai.pt\\\/web\\\/caracterizacao-organica\\\/#organizationLogo\",\"width\":105,\"height\":112},\"image\":{\"@id\":\"http:\\\/\\\/iai.pt\\\/web\\\/caracterizacao-organica\\\/#organizationLogo\"},\"sameAs\":[\"https:\\\/\\\/www.facebook.com\\\/instituto.das.artes.imagem\",\"https:\\\/\\\/www.instagram.com\\\/iai_escola_de_artes\\\/\",\"https:\\\/\\\/www.youtube.com\\\/iaiwebmaster\"]},{\"@type\":\"WebPage\",\"@id\":\"http:\\\/\\\/iai.pt\\\/web\\\/caracterizacao-organica#webpage\",\"url\":\"http:\\\/\\\/iai.pt\\\/web\\\/caracterizacao-organica\",\"name\":\"Caracteriza\\u00e7\\u00e3o Org\\u00e2nica - IAI\",\"description\":\"Caracteriza\\u00e7\\u00e3o Org\\u00e2nica Instituto das Artes e da Imagem Diretor\\\/ Diretor Pedag\\u00f3gico Jos\\u00e9 Eduardo Magalh\\u00e3es\",\"inLanguage\":\"pt-PT\",\"isPartOf\":{\"@id\":\"http:\\\/\\\/iai.pt\\\/web\\\/#website\"},\"breadcrumb\":{\"@id\":\"http:\\\/\\\/iai.pt\\\/web\\\/caracterizacao-organica#breadcrumblist\"},\"datePublished\":\"2017-11-29T14:20:06+00:00\",\"dateModified\":\"2024-01-16T18:37:34+00:00\"},{\"@type\":\"WebSite\",\"@id\":\"http:\\\/\\\/iai.pt\\\/web\\\/#website\",\"url\":\"http:\\\/\\\/iai.pt\\\/web\\\/\",\"name\":\"IAI\",\"alternateName\":\"iai\",\"description\":\"Escola Art\\u00edstica\",\"inLanguage\":\"pt-PT\",\"publisher\":{\"@id\":\"http:\\\/\\\/iai.pt\\\/web\\\/#organization\"}}]}\n\t\t<\/script>\n\t\t<!-- All in One SEO -->\n\n","aioseo_head_json":{"title":"Caracteriza\u00e7\u00e3o Org\u00e2nica - IAI","description":"Caracteriza\u00e7\u00e3o Org\u00e2nica Instituto das Artes e da Imagem Diretor\/ Diretor Pedag\u00f3gico Jos\u00e9 Eduardo Magalh\u00e3es","canonical_url":"http:\/\/iai.pt\/web\/caracterizacao-organica","robots":"max-image-preview:large","keywords":"","webmasterTools":{"miscellaneous":""},"schema":{"@context":"https:\/\/schema.org","@graph":[{"@type":"BreadcrumbList","@id":"http:\/\/iai.pt\/web\/caracterizacao-organica#breadcrumblist","itemListElement":[{"@type":"ListItem","@id":"http:\/\/iai.pt\/web#listItem","position":1,"name":"In\u00edcio","item":"http:\/\/iai.pt\/web","nextItem":{"@type":"ListItem","@id":"http:\/\/iai.pt\/web\/caracterizacao-organica#listItem","name":"Caracteriza\u00e7\u00e3o Org\u00e2nica"}},{"@type":"ListItem","@id":"http:\/\/iai.pt\/web\/caracterizacao-organica#listItem","position":2,"name":"Caracteriza\u00e7\u00e3o Org\u00e2nica","previousItem":{"@type":"ListItem","@id":"http:\/\/iai.pt\/web#listItem","name":"In\u00edcio"}}]},{"@type":"Organization","@id":"http:\/\/iai.pt\/web\/#organization","name":"Instituto das Artes e da Imagem","description":"Escola Art\u00edstica","url":"http:\/\/iai.pt\/web\/","telephone":"+351222000757","logo":{"@type":"ImageObject","url":"http:\/\/iai.pt\/web\/wp-content\/uploads\/2023\/05\/seo-logo.png","@id":"http:\/\/iai.pt\/web\/caracterizacao-organica\/#organizationLogo","width":105,"height":112},"image":{"@id":"http:\/\/iai.pt\/web\/caracterizacao-organica\/#organizationLogo"},"sameAs":["https:\/\/www.facebook.com\/instituto.das.artes.imagem","https:\/\/www.instagram.com\/iai_escola_de_artes\/","https:\/\/www.youtube.com\/iaiwebmaster"]},{"@type":"WebPage","@id":"http:\/\/iai.pt\/web\/caracterizacao-organica#webpage","url":"http:\/\/iai.pt\/web\/caracterizacao-organica","name":"Caracteriza\u00e7\u00e3o Org\u00e2nica - IAI","description":"Caracteriza\u00e7\u00e3o Org\u00e2nica Instituto das Artes e da Imagem Diretor\/ Diretor Pedag\u00f3gico Jos\u00e9 Eduardo Magalh\u00e3es","inLanguage":"pt-PT","isPartOf":{"@id":"http:\/\/iai.pt\/web\/#website"},"breadcrumb":{"@id":"http:\/\/iai.pt\/web\/caracterizacao-organica#breadcrumblist"},"datePublished":"2017-11-29T14:20:06+00:00","dateModified":"2024-01-16T18:37:34+00:00"},{"@type":"WebSite","@id":"http:\/\/iai.pt\/web\/#website","url":"http:\/\/iai.pt\/web\/","name":"IAI","alternateName":"iai","description":"Escola Art\u00edstica","inLanguage":"pt-PT","publisher":{"@id":"http:\/\/iai.pt\/web\/#organization"}}]},"og:locale":"pt_PT","og:site_name":"IAI - Escola Art\u00edstica","og:type":"article","og:title":"Caracteriza\u00e7\u00e3o Org\u00e2nica - IAI","og:description":"Caracteriza\u00e7\u00e3o Org\u00e2nica Instituto das Artes e da Imagem Diretor\/ Diretor Pedag\u00f3gico Jos\u00e9 Eduardo Magalh\u00e3es","og:url":"http:\/\/iai.pt\/web\/caracterizacao-organica","og:image":"http:\/\/iai.pt\/web\/wp-content\/uploads\/2023\/05\/seo-logo.png","og:image:width":105,"og:image:height":112,"article:published_time":"2017-11-29T14:20:06+00:00","article:modified_time":"2024-01-16T18:37:34+00:00","article:publisher":"https:\/\/www.facebook.com\/instituto.das.artes.imagem","twitter:card":"summary_large_image","twitter:title":"Caracteriza\u00e7\u00e3o Org\u00e2nica - IAI","twitter:description":"Caracteriza\u00e7\u00e3o Org\u00e2nica Instituto das Artes e da Imagem Diretor\/ Diretor Pedag\u00f3gico Jos\u00e9 Eduardo Magalh\u00e3es","twitter:image":"http:\/\/iai.pt\/web\/wp-content\/uploads\/2023\/05\/seo-logo.png"},"aioseo_meta_data":{"post_id":"8297","title":null,"description":null,"keywords":null,"keyphrases":null,"primary_term":null,"canonical_url":null,"og_title":null,"og_description":null,"og_object_type":"default","og_image_type":"default","og_image_url":null,"og_image_width":null,"og_image_height":null,"og_image_custom_url":null,"og_image_custom_fields":null,"og_video":null,"og_custom_url":null,"og_article_section":null,"og_article_tags":null,"twitter_use_og":false,"twitter_card":"default","twitter_image_type":"default","twitter_image_url":null,"twitter_image_custom_url":null,"twitter_image_custom_fields":null,"twitter_title":null,"twitter_description":null,"schema":{"blockGraphs":[],"customGraphs":[],"default":{"data":{"Article":[],"Course":[],"Dataset":[],"FAQPage":[],"Movie":[],"Person":[],"Product":[],"ProductReview":[],"Car":[],"Recipe":[],"Service":[],"SoftwareApplication":[],"WebPage":[]},"graphName":"","isEnabled":true},"graphs":[]},"schema_type":"default","schema_type_options":null,"pillar_content":false,"robots_default":true,"robots_noindex":false,"robots_noarchive":false,"robots_nosnippet":false,"robots_nofollow":false,"robots_noimageindex":false,"robots_noodp":false,"robots_notranslate":false,"robots_max_snippet":null,"robots_max_videopreview":null,"robots_max_imagepreview":"large","priority":null,"frequency":null,"local_seo":null,"breadcrumb_settings":null,"limit_modified_date":false,"ai":null,"created":"2023-05-29 09:51:52","updated":"2025-06-09 17:37:31","seo_analyzer_scan_date":null},"aioseo_breadcrumb":"<div class=\"aioseo-breadcrumbs\"><span class=\"aioseo-breadcrumb\">\n\t\t\t<a href=\"http:\/\/iai.pt\/web\" title=\"In\u00edcio\">In\u00edcio<\/a>\n\t\t<\/span><span class=\"aioseo-breadcrumb-separator\">\u00bb<\/span><span class=\"aioseo-breadcrumb\">\n\t\t\tCaracteriza\u00e7\u00e3o Org\u00e2nica\n\t\t<\/span><\/div>","aioseo_breadcrumb_json":[{"label":"In\u00edcio","link":"http:\/\/iai.pt\/web"},{"label":"Caracteriza\u00e7\u00e3o Org\u00e2nica","link":"http:\/\/iai.pt\/web\/caracterizacao-organica"}],"_links":{"self":[{"href":"http:\/\/iai.pt\/web\/wp-json\/wp\/v2\/pages\/8297","targetHints":{"allow":["GET"]}}],"collection":[{"href":"http:\/\/iai.pt\/web\/wp-json\/wp\/v2\/pages"}],"about":[{"href":"http:\/\/iai.pt\/web\/wp-json\/wp\/v2\/types\/page"}],"author":[{"embeddable":true,"href":"http:\/\/iai.pt\/web\/wp-json\/wp\/v2\/users\/1"}],"replies":[{"embeddable":true,"href":"http:\/\/iai.pt\/web\/wp-json\/wp\/v2\/comments?post=8297"}],"version-history":[{"count":0,"href":"http:\/\/iai.pt\/web\/wp-json\/wp\/v2\/pages\/8297\/revisions"}],"wp:attachment":[{"href":"http:\/\/iai.pt\/web\/wp-json\/wp\/v2\/media?parent=8297"}],"curies":[{"name":"wp","href":"https:\/\/api.w.org\/{rel}","templated":true}]}}