{"id":9450,"date":"2019-12-26T15:48:43","date_gmt":"2019-12-26T15:48:43","guid":{"rendered":"http:\/\/iai.pt\/web\/?page_id=9450"},"modified":"2025-06-09T16:44:06","modified_gmt":"2025-06-09T15:44:06","slug":"eqavet","status":"publish","type":"page","link":"http:\/\/iai.pt\/web\/eqavet","title":{"rendered":"EQAVET &#8211; Avalia\u00e7\u00e3o e Qualidade"},"content":{"rendered":"<p>[et_pb_section fb_built=&#8221;1&#8243; admin_label=&#8221;section&#8221; _builder_version=&#8221;4.16&#8243; global_colors_info=&#8221;{}&#8221;][et_pb_row column_structure=&#8221;3_5,2_5&#8243; admin_label=&#8221;row&#8221; _builder_version=&#8221;4.16&#8243; background_size=&#8221;initial&#8221; background_position=&#8221;top_left&#8221; background_repeat=&#8221;repeat&#8221; global_colors_info=&#8221;{}&#8221;][et_pb_column type=&#8221;3_5&#8243; _builder_version=&#8221;4.16&#8243; custom_padding=&#8221;|||&#8221; global_colors_info=&#8221;{}&#8221; custom_padding__hover=&#8221;|||&#8221;][et_pb_text admin_label=&#8221;Texto&#8221; _builder_version=&#8221;4.16&#8243; background_size=&#8221;initial&#8221; background_position=&#8221;top_left&#8221; background_repeat=&#8221;repeat&#8221; use_border_color=&#8221;off&#8221; border_color=&#8221;#ffffff&#8221; border_style=&#8221;solid&#8221; global_colors_info=&#8221;{}&#8221;]<\/p>\n<h2>Selo de Conformidade EQAVET<\/h2>\n<p>Certifica-se que o Sistema de Garantia da Qualidade da oferta de Educa\u00e7\u00e3o e Forma\u00e7\u00e3o Profissional do <strong>Instituto das Artes e da Imagem<\/strong>, se encontra alinhado com o Quadro de Refer\u00eancia Europeu de Garantia da Qualidade para o Ensino e a Forma\u00e7\u00e3o Profissionais.<\/p>\n<p>&nbsp;<\/p>\n<h6>Data da Atribui\u00e7\u00e3o do Selo: 09\/06\/2025<\/h6>\n<p>[\/et_pb_text][\/et_pb_column][et_pb_column type=&#8221;2_5&#8243; _builder_version=&#8221;4.16&#8243; custom_padding=&#8221;|||&#8221; global_colors_info=&#8221;{}&#8221; custom_padding__hover=&#8221;|||&#8221;][et_pb_cta title=&#8221;Selo de Qualidade&#8221; button_url=&#8221;http:\/\/iai.pt\/web\/wp-content\/uploads\/2025\/06\/18732_selo.pdf&#8221; url_new_window=&#8221;on&#8221; button_text=&#8221;Descarregar PDF&#8221; _builder_version=&#8221;4.27.4&#8243; custom_button=&#8221;on&#8221; button_text_size=&#8221;14px&#8221; button_font=&#8221;|600|||||||&#8221; hover_enabled=&#8221;0&#8243; global_colors_info=&#8221;{}&#8221; sticky_enabled=&#8221;0&#8243;][\/et_pb_cta][\/et_pb_column][\/et_pb_row][\/et_pb_section][et_pb_section fb_built=&#8221;1&#8243; _builder_version=&#8221;4.16&#8243; _module_preset=&#8221;default&#8221; global_colors_info=&#8221;{}&#8221;][et_pb_row _builder_version=&#8221;4.16&#8243; _module_preset=&#8221;default&#8221; global_colors_info=&#8221;{}&#8221;][et_pb_column type=&#8221;4_4&#8243; _builder_version=&#8221;4.16&#8243; _module_preset=&#8221;default&#8221; global_colors_info=&#8221;{}&#8221;][et_pb_divider _builder_version=&#8221;4.16&#8243; _module_preset=&#8221;default&#8221; global_colors_info=&#8221;{}&#8221;][\/et_pb_divider][\/et_pb_column][\/et_pb_row][\/et_pb_section][et_pb_section fb_built=&#8221;1&#8243; admin_label=&#8221;section&#8221; _builder_version=&#8221;4.16&#8243; global_colors_info=&#8221;{}&#8221;][et_pb_row admin_label=&#8221;row&#8221; _builder_version=&#8221;4.16&#8243; background_size=&#8221;initial&#8221; background_position=&#8221;top_left&#8221; background_repeat=&#8221;repeat&#8221; global_colors_info=&#8221;{}&#8221;][et_pb_column type=&#8221;4_4&#8243; _builder_version=&#8221;4.16&#8243; custom_padding=&#8221;|||&#8221; global_colors_info=&#8221;{}&#8221; custom_padding__hover=&#8221;|||&#8221;][et_pb_text admin_label=&#8221;Texto&#8221; _builder_version=&#8221;4.16&#8243; background_size=&#8221;initial&#8221; background_position=&#8221;top_left&#8221; background_repeat=&#8221;repeat&#8221; use_border_color=&#8221;off&#8221; border_color=&#8221;#ffffff&#8221; border_style=&#8221;solid&#8221; global_colors_info=&#8221;{}&#8221;]<\/p>\n<h2>Certifica\u00e7\u00e3o EQAVET<\/h2>\n<p>O Quadro de Refer\u00eancia Europeu de Garantia da Qualidade para a Educa\u00e7\u00e3o e Forma\u00e7\u00e3o Profissionais (Quadro EQAVET), consagrado pela Recomenda\u00e7\u00e3o de 18 de junho de 2009 do Parlamento Europeu e do Conselho de Ministros da Uni\u00e3o Europeia, foi concebido para melhorar o Ensino e Forma\u00e7\u00e3o Profissional (EFP) no espa\u00e7o europeu, colocando \u00e0 disposi\u00e7\u00e3o das autoridades e dos operadores ferramentas comuns para a gest\u00e3o da qualidade, promovendo a confian\u00e7a m\u00fatua, a mobilidade de trabalhadores e de formandos e a aprendizagem ao longo da vida.<\/p>\n<p>O EQAVET \u00e9 um instrumento que permite documentar, desenvolver, monitorizar, avaliar e melhorar a efici\u00eancia da oferta de EFP e a qualidade das pr\u00e1ticas de gest\u00e3o, implicando processos de monitoriza\u00e7\u00e3o regulares, envolvendo mecanismos de avalia\u00e7\u00e3o interna e externa, e relat\u00f3rios de progresso, estabelecendo crit\u00e9rios de qualidade e descritores indicativos que sustentam a monitoriza\u00e7\u00e3o e a produ\u00e7\u00e3o de relat\u00f3rios por parte dos sistemas e dos operadores de EFP, evidenciando a import\u00e2ncia dos indicadores de qualidade que suportam a avalia\u00e7\u00e3o, monitoriza\u00e7\u00e3o e garantia da qualidade dos sistemas e dos operadores de EFP.<\/p>\n<p>O ciclo de qualidade do EQAVET a implementar inclui <strong>quatro fases interligadas<\/strong>:<\/p>\n<ul>\n<li>Planear (definir metas e objetivos apropriados e mensur\u00e1veis);<\/li>\n<li>Implementar (estabelecer procedimentos que assegurem o cumprimento das metas e objetivos definidos);<\/li>\n<li>Apreciar e avaliar (desenvolver mecanismos de recolha e tratamento de dados que sustentem uma avalia\u00e7\u00e3o fundamentada dos resultados esperados);<\/li>\n<li>Ajustar (desenvolver procedimentos para atingir os resultados ainda n\u00e3o alcan\u00e7ados e\/ou estabelecer novos objetivos em fun\u00e7\u00e3o das evid\u00eancias geradas, de forma a garantir a introdu\u00e7\u00e3o das melhorias necess\u00e1rias).<\/li>\n<\/ul>\n<p>[\/et_pb_text][\/et_pb_column][\/et_pb_row][\/et_pb_section][et_pb_section fb_built=&#8221;1&#8243; _builder_version=&#8221;4.16&#8243; min_height=&#8221;79px&#8221; global_colors_info=&#8221;{}&#8221;][et_pb_row _builder_version=&#8221;4.16&#8243; global_colors_info=&#8221;{}&#8221;][et_pb_column type=&#8221;4_4&#8243; _builder_version=&#8221;4.16&#8243; global_colors_info=&#8221;{}&#8221;][et_pb_text _builder_version=&#8221;4.16&#8243; global_colors_info=&#8221;{}&#8221;]<\/p>\n<h2>Documentos<\/h2>\n<p>[\/et_pb_text][\/et_pb_column][\/et_pb_row][\/et_pb_section][et_pb_section fb_built=&#8221;1&#8243; _builder_version=&#8221;4.16&#8243; global_colors_info=&#8221;{}&#8221;][et_pb_row column_structure=&#8221;1_3,1_3,1_3&#8243; _builder_version=&#8221;4.16&#8243; global_colors_info=&#8221;{}&#8221;][et_pb_column type=&#8221;1_3&#8243; _builder_version=&#8221;4.16&#8243; global_colors_info=&#8221;{}&#8221;][et_pb_cta title=&#8221;Documento Base&#8221; button_url=&#8221;http:\/\/www.iai.pt\/download\/eqavet-01-docbase.pdf&#8221; url_new_window=&#8221;on&#8221; button_text=&#8221;Descarregar PDF&#8221; _builder_version=&#8221;4.16&#8243; custom_button=&#8221;on&#8221; button_text_size=&#8221;14px&#8221; button_font=&#8221;|600|||||||&#8221; global_colors_info=&#8221;{}&#8221;][\/et_pb_cta][\/et_pb_column][et_pb_column type=&#8221;1_3&#8243; _builder_version=&#8221;4.16&#8243; global_colors_info=&#8221;{}&#8221;][et_pb_cta title=&#8221;Relat\u00f3rio do Operador&#8221; button_url=&#8221;http:\/\/www.iai.pt\/download\/eqavet-02-reloperador.pdf&#8221; url_new_window=&#8221;on&#8221; button_text=&#8221;Descarregar PDF&#8221; _builder_version=&#8221;4.16&#8243; custom_button=&#8221;on&#8221; button_text_size=&#8221;14px&#8221; button_font=&#8221;|600|||||||&#8221; global_colors_info=&#8221;{}&#8221;][\/et_pb_cta][\/et_pb_column][et_pb_column type=&#8221;1_3&#8243; _builder_version=&#8221;4.16&#8243; global_colors_info=&#8221;{}&#8221;][et_pb_cta title=&#8221;Plano de A\u00e7\u00e3o&#8221; button_url=&#8221;http:\/\/www.iai.pt\/download\/eqavet-03-planoacao.pdf&#8221; url_new_window=&#8221;on&#8221; button_text=&#8221;Descarregar PDF&#8221; _builder_version=&#8221;4.16&#8243; custom_button=&#8221;on&#8221; button_text_size=&#8221;14px&#8221; button_font=&#8221;|600|||||||&#8221; global_colors_info=&#8221;{}&#8221;][\/et_pb_cta][\/et_pb_column][\/et_pb_row][et_pb_row column_structure=&#8221;1_3,1_3,1_3&#8243; _builder_version=&#8221;4.16&#8243; global_colors_info=&#8221;{}&#8221;][et_pb_column type=&#8221;1_3&#8243; _builder_version=&#8221;4.16&#8243; global_colors_info=&#8221;{}&#8221;][et_pb_cta title=&#8221;Indicadores de Sucesso&#8221; button_url=&#8221;https:\/\/iai.pt\/web\/taxa-de-sucesso&#8221; button_text=&#8221;Consultar&#8221; _builder_version=&#8221;4.23.4&#8243; custom_button=&#8221;on&#8221; button_text_size=&#8221;14px&#8221; button_font=&#8221;|600|||||||&#8221; global_colors_info=&#8221;{}&#8221;][\/et_pb_cta][\/et_pb_column][et_pb_column type=&#8221;1_3&#8243; _builder_version=&#8221;4.16&#8243; global_colors_info=&#8221;{}&#8221;][et_pb_cta title=&#8221;Relat\u00f3rio Anual de Atividades&#8221; button_url=&#8221;https:\/\/iai.pt\/web\/relatorio-anual-de-actividades&#8221; button_text=&#8221;Consultar&#8221; _builder_version=&#8221;4.16&#8243; custom_button=&#8221;on&#8221; button_text_size=&#8221;14px&#8221; button_font=&#8221;|600|||||||&#8221; global_colors_info=&#8221;{}&#8221;][\/et_pb_cta][\/et_pb_column][et_pb_column type=&#8221;1_3&#8243; _builder_version=&#8221;4.16&#8243; global_colors_info=&#8221;{}&#8221;][et_pb_cta title=&#8221;Pr\u00e9mios&#8221; button_url=&#8221;https:\/\/iai.pt\/web\/premios&#8221; button_text=&#8221;Consultar&#8221; _builder_version=&#8221;4.16&#8243; custom_button=&#8221;on&#8221; button_text_size=&#8221;14px&#8221; button_font=&#8221;|600|||||||&#8221; global_colors_info=&#8221;{}&#8221;][\/et_pb_cta][\/et_pb_column][\/et_pb_row][et_pb_row column_structure=&#8221;1_3,1_3,1_3&#8243; _builder_version=&#8221;4.16&#8243; _module_preset=&#8221;default&#8221; global_colors_info=&#8221;{}&#8221;][et_pb_column type=&#8221;1_3&#8243; _builder_version=&#8221;4.16&#8243; _module_preset=&#8221;default&#8221; global_colors_info=&#8221;{}&#8221;][et_pb_cta title=&#8221;Relat\u00f3rios de Desempenho&#8221; button_url=&#8221;https:\/\/iai.pt\/web\/relatorios-da-avaliacao-da-acao&#8221; button_text=&#8221;Consultar&#8221; _builder_version=&#8221;4.16&#8243; custom_button=&#8221;on&#8221; button_text_size=&#8221;14px&#8221; button_font=&#8221;|600|||||||&#8221; global_colors_info=&#8221;{}&#8221;][\/et_pb_cta][\/et_pb_column][et_pb_column type=&#8221;1_3&#8243; _builder_version=&#8221;4.16&#8243; _module_preset=&#8221;default&#8221; global_colors_info=&#8221;{}&#8221;][et_pb_cta title=&#8221;Relat\u00f3rios de Progresso&#8221; button_url=&#8221;https:\/\/iai.pt\/web\/wp-content\/uploads\/2022\/01\/Relat\u00f3rio-anual-de-Progresso-n\u00ba1_2021.pdf&#8221; _builder_version=&#8221;4.16&#8243; custom_button=&#8221;on&#8221; button_text_size=&#8221;14px&#8221; button_font=&#8221;|600|||||||&#8221; custom_padding=&#8221;17px||0px|||&#8221; global_colors_info=&#8221;{}&#8221;]<\/p>\n<h5><strong><\/strong><\/h5>\n<h5><strong><\/strong><\/h5>\n<h5><a href=\"https:\/\/iai.pt\/web\/wp-content\/uploads\/2024\/01\/Relatorio-anual-de-Progresso-no1_2021.pdf\" target=\"_blank\" rel=\"noopener noreferrer\"><strong>N\u00ba1 \/ 2020.2021<\/strong><\/a><\/h5>\n<h5><a href=\"https:\/\/iai.pt\/web\/wp-content\/uploads\/2024\/01\/Relatorio-anual-de-Progresso-no2_2022.pdf\" target=\"_blank\" rel=\"noopener noreferrer\"><strong>N\u00ba2 \/ 2021.2022<\/strong><\/a><\/h5>\n<h5><a href=\"https:\/\/iai.pt\/web\/wp-content\/uploads\/2024\/01\/Relatorio-anual-de-Progresso-no3_2023.pdf\" target=\"_blank\" rel=\"noopener noreferrer\"><strong>N\u00ba3 \/ 2022.2023<\/strong><\/a><\/h5>\n<p>[\/et_pb_cta][\/et_pb_column][et_pb_column type=&#8221;1_3&#8243; _builder_version=&#8221;4.16&#8243; _module_preset=&#8221;default&#8221; global_colors_info=&#8221;{}&#8221;][\/et_pb_column][\/et_pb_row][et_pb_row column_structure=&#8221;1_3,1_3,1_3&#8243; _builder_version=&#8221;4.16&#8243; _module_preset=&#8221;default&#8221; global_colors_info=&#8221;{}&#8221;][et_pb_column type=&#8221;1_3&#8243; _builder_version=&#8221;4.16&#8243; _module_preset=&#8221;default&#8221; global_colors_info=&#8221;{}&#8221;][\/et_pb_column][et_pb_column type=&#8221;1_3&#8243; _builder_version=&#8221;4.16&#8243; _module_preset=&#8221;default&#8221; global_colors_info=&#8221;{}&#8221;][et_pb_image src=&#8221;https:\/\/iai.pt\/web\/wp-content\/uploads\/2019\/12\/logo_qualidade.jpg&#8221; _builder_version=&#8221;4.16&#8243; global_colors_info=&#8221;{}&#8221;][\/et_pb_image][\/et_pb_column][et_pb_column type=&#8221;1_3&#8243; _builder_version=&#8221;4.16&#8243; _module_preset=&#8221;default&#8221; global_colors_info=&#8221;{}&#8221;][et_pb_image src=&#8221;https:\/\/iai.pt\/web\/wp-content\/uploads\/2019\/12\/logo_eqavet.jpg&#8221; _builder_version=&#8221;4.16&#8243; global_colors_info=&#8221;{}&#8221;][\/et_pb_image][\/et_pb_column][\/et_pb_row][\/et_pb_section][et_pb_section fb_built=&#8221;1&#8243; admin_label=&#8221;Se\u00e7\u00e3o&#8221; _builder_version=&#8221;4.16&#8243; global_colors_info=&#8221;{}&#8221;][et_pb_row column_structure=&#8221;1_2,1_2&#8243; _builder_version=&#8221;4.16&#8243; global_colors_info=&#8221;{}&#8221;][et_pb_column type=&#8221;1_2&#8243; _builder_version=&#8221;4.16&#8243; global_colors_info=&#8221;{}&#8221;][\/et_pb_column][et_pb_column type=&#8221;1_2&#8243; _builder_version=&#8221;4.16&#8243; global_colors_info=&#8221;{}&#8221;][\/et_pb_column][\/et_pb_row][\/et_pb_section]<\/p>\n","protected":false},"excerpt":{"rendered":"<p>Selo de Conformidade EQAVET Certifica-se que o Sistema de Garantia da Qualidade da oferta de Educa\u00e7\u00e3o e Forma\u00e7\u00e3o Profissional do Instituto das Artes e da Imagem, se encontra alinhado com o Quadro de Refer\u00eancia Europeu de Garantia da Qualidade para o Ensino e a Forma\u00e7\u00e3o Profissionais. &nbsp; Data da Atribui\u00e7\u00e3o do Selo: 09\/06\/2025Certifica\u00e7\u00e3o EQAVET O [&hellip;]<\/p>\n","protected":false},"author":1,"featured_media":0,"parent":0,"menu_order":0,"comment_status":"closed","ping_status":"closed","template":"","meta":{"_et_pb_use_builder":"on","_et_pb_old_content":"","_et_gb_content_width":"","footnotes":"","_members_access_role":[],"_members_access_error":""},"class_list":["post-9450","page","type-page","status-publish","hentry"],"aioseo_notices":[],"aioseo_head":"\n\t\t<!-- All in One SEO 4.9.10 - aioseo.com -->\n\t<meta name=\"description\" content=\"Selo de Conformidade EQAVET Certifica-se que o Sistema de Garantia da Qualidade da oferta de Educa\u00e7\u00e3o e Forma\u00e7\u00e3o Profissional do Instituto das Artes e da Imagem, se encontra alinhado com o Quadro de Refer\u00eancia Europeu de Garantia da Qualidade para o Ensino e a Forma\u00e7\u00e3o Profissionais. Data da Atribui\u00e7\u00e3o do Selo: 09\/06\/2025 Selo de\" \/>\n\t<meta name=\"robots\" content=\"max-image-preview:large\" \/>\n\t<link rel=\"canonical\" href=\"http:\/\/iai.pt\/web\/eqavet\" \/>\n\t<meta name=\"generator\" content=\"All in One SEO (AIOSEO) 4.9.10\" \/>\n\t\t<meta property=\"og:locale\" content=\"pt_PT\" \/>\n\t\t<meta property=\"og:site_name\" content=\"IAI - Escola Art\u00edstica\" \/>\n\t\t<meta property=\"og:type\" content=\"article\" \/>\n\t\t<meta property=\"og:title\" content=\"EQAVET \u2013 Avalia\u00e7\u00e3o e Qualidade - IAI\" \/>\n\t\t<meta property=\"og:description\" content=\"Selo de Conformidade EQAVET Certifica-se que o Sistema de Garantia da Qualidade da oferta de Educa\u00e7\u00e3o e Forma\u00e7\u00e3o Profissional do Instituto das Artes e da Imagem, se encontra alinhado com o Quadro de Refer\u00eancia Europeu de Garantia da Qualidade para o Ensino e a Forma\u00e7\u00e3o Profissionais. Data da Atribui\u00e7\u00e3o do Selo: 09\/06\/2025 Selo de\" \/>\n\t\t<meta property=\"og:url\" content=\"http:\/\/iai.pt\/web\/eqavet\" \/>\n\t\t<meta property=\"og:image\" content=\"http:\/\/iai.pt\/web\/wp-content\/uploads\/2023\/05\/seo-logo.png\" \/>\n\t\t<meta property=\"og:image:width\" content=\"105\" \/>\n\t\t<meta property=\"og:image:height\" content=\"112\" \/>\n\t\t<meta property=\"article:published_time\" content=\"2019-12-26T15:48:43+00:00\" \/>\n\t\t<meta property=\"article:modified_time\" content=\"2025-06-09T15:44:06+00:00\" \/>\n\t\t<meta property=\"article:publisher\" content=\"https:\/\/www.facebook.com\/instituto.das.artes.imagem\" \/>\n\t\t<meta name=\"twitter:card\" content=\"summary_large_image\" \/>\n\t\t<meta name=\"twitter:title\" content=\"EQAVET \u2013 Avalia\u00e7\u00e3o e Qualidade - IAI\" \/>\n\t\t<meta name=\"twitter:description\" content=\"Selo de Conformidade EQAVET Certifica-se que o Sistema de Garantia da Qualidade da oferta de Educa\u00e7\u00e3o e Forma\u00e7\u00e3o Profissional do Instituto das Artes e da Imagem, se encontra alinhado com o Quadro de Refer\u00eancia Europeu de Garantia da Qualidade para o Ensino e a Forma\u00e7\u00e3o Profissionais. Data da Atribui\u00e7\u00e3o do Selo: 09\/06\/2025 Selo de\" \/>\n\t\t<meta name=\"twitter:image\" content=\"http:\/\/iai.pt\/web\/wp-content\/uploads\/2023\/05\/seo-logo.png\" \/>\n\t\t<script type=\"application\/ld+json\" class=\"aioseo-schema\">\n\t\t\t{\"@context\":\"https:\\\/\\\/schema.org\",\"@graph\":[{\"@type\":\"BreadcrumbList\",\"@id\":\"http:\\\/\\\/iai.pt\\\/web\\\/eqavet#breadcrumblist\",\"itemListElement\":[{\"@type\":\"ListItem\",\"@id\":\"http:\\\/\\\/iai.pt\\\/web#listItem\",\"position\":1,\"name\":\"In\\u00edcio\",\"item\":\"http:\\\/\\\/iai.pt\\\/web\",\"nextItem\":{\"@type\":\"ListItem\",\"@id\":\"http:\\\/\\\/iai.pt\\\/web\\\/eqavet#listItem\",\"name\":\"EQAVET &#8211; Avalia\\u00e7\\u00e3o e Qualidade\"}},{\"@type\":\"ListItem\",\"@id\":\"http:\\\/\\\/iai.pt\\\/web\\\/eqavet#listItem\",\"position\":2,\"name\":\"EQAVET &#8211; Avalia\\u00e7\\u00e3o e Qualidade\",\"previousItem\":{\"@type\":\"ListItem\",\"@id\":\"http:\\\/\\\/iai.pt\\\/web#listItem\",\"name\":\"In\\u00edcio\"}}]},{\"@type\":\"Organization\",\"@id\":\"http:\\\/\\\/iai.pt\\\/web\\\/#organization\",\"name\":\"Instituto das Artes e da Imagem\",\"description\":\"Escola Art\\u00edstica\",\"url\":\"http:\\\/\\\/iai.pt\\\/web\\\/\",\"telephone\":\"+351222000757\",\"logo\":{\"@type\":\"ImageObject\",\"url\":\"http:\\\/\\\/iai.pt\\\/web\\\/wp-content\\\/uploads\\\/2023\\\/05\\\/seo-logo.png\",\"@id\":\"http:\\\/\\\/iai.pt\\\/web\\\/eqavet\\\/#organizationLogo\",\"width\":105,\"height\":112},\"image\":{\"@id\":\"http:\\\/\\\/iai.pt\\\/web\\\/eqavet\\\/#organizationLogo\"},\"sameAs\":[\"https:\\\/\\\/www.facebook.com\\\/instituto.das.artes.imagem\",\"https:\\\/\\\/www.instagram.com\\\/iai_escola_de_artes\\\/\",\"https:\\\/\\\/www.youtube.com\\\/iaiwebmaster\"]},{\"@type\":\"WebPage\",\"@id\":\"http:\\\/\\\/iai.pt\\\/web\\\/eqavet#webpage\",\"url\":\"http:\\\/\\\/iai.pt\\\/web\\\/eqavet\",\"name\":\"EQAVET \\u2013 Avalia\\u00e7\\u00e3o e Qualidade - IAI\",\"description\":\"Selo de Conformidade EQAVET Certifica-se que o Sistema de Garantia da Qualidade da oferta de Educa\\u00e7\\u00e3o e Forma\\u00e7\\u00e3o Profissional do Instituto das Artes e da Imagem, se encontra alinhado com o Quadro de Refer\\u00eancia Europeu de Garantia da Qualidade para o Ensino e a Forma\\u00e7\\u00e3o Profissionais. Data da Atribui\\u00e7\\u00e3o do Selo: 09\\\/06\\\/2025 Selo de\",\"inLanguage\":\"pt-PT\",\"isPartOf\":{\"@id\":\"http:\\\/\\\/iai.pt\\\/web\\\/#website\"},\"breadcrumb\":{\"@id\":\"http:\\\/\\\/iai.pt\\\/web\\\/eqavet#breadcrumblist\"},\"datePublished\":\"2019-12-26T15:48:43+00:00\",\"dateModified\":\"2025-06-09T16:44:06+01:00\"},{\"@type\":\"WebSite\",\"@id\":\"http:\\\/\\\/iai.pt\\\/web\\\/#website\",\"url\":\"http:\\\/\\\/iai.pt\\\/web\\\/\",\"name\":\"IAI\",\"alternateName\":\"iai\",\"description\":\"Escola Art\\u00edstica\",\"inLanguage\":\"pt-PT\",\"publisher\":{\"@id\":\"http:\\\/\\\/iai.pt\\\/web\\\/#organization\"}}]}\n\t\t<\/script>\n\t\t<!-- All in One SEO -->\n\n","aioseo_head_json":{"title":"EQAVET \u2013 Avalia\u00e7\u00e3o e Qualidade - IAI","description":"Selo de Conformidade EQAVET Certifica-se que o Sistema de Garantia da Qualidade da oferta de Educa\u00e7\u00e3o e Forma\u00e7\u00e3o Profissional do Instituto das Artes e da Imagem, se encontra alinhado com o Quadro de Refer\u00eancia Europeu de Garantia da Qualidade para o Ensino e a Forma\u00e7\u00e3o Profissionais. Data da Atribui\u00e7\u00e3o do Selo: 09\/06\/2025 Selo de","canonical_url":"http:\/\/iai.pt\/web\/eqavet","robots":"max-image-preview:large","keywords":"","webmasterTools":{"miscellaneous":""},"schema":{"@context":"https:\/\/schema.org","@graph":[{"@type":"BreadcrumbList","@id":"http:\/\/iai.pt\/web\/eqavet#breadcrumblist","itemListElement":[{"@type":"ListItem","@id":"http:\/\/iai.pt\/web#listItem","position":1,"name":"In\u00edcio","item":"http:\/\/iai.pt\/web","nextItem":{"@type":"ListItem","@id":"http:\/\/iai.pt\/web\/eqavet#listItem","name":"EQAVET &#8211; Avalia\u00e7\u00e3o e Qualidade"}},{"@type":"ListItem","@id":"http:\/\/iai.pt\/web\/eqavet#listItem","position":2,"name":"EQAVET &#8211; Avalia\u00e7\u00e3o e Qualidade","previousItem":{"@type":"ListItem","@id":"http:\/\/iai.pt\/web#listItem","name":"In\u00edcio"}}]},{"@type":"Organization","@id":"http:\/\/iai.pt\/web\/#organization","name":"Instituto das Artes e da Imagem","description":"Escola Art\u00edstica","url":"http:\/\/iai.pt\/web\/","telephone":"+351222000757","logo":{"@type":"ImageObject","url":"http:\/\/iai.pt\/web\/wp-content\/uploads\/2023\/05\/seo-logo.png","@id":"http:\/\/iai.pt\/web\/eqavet\/#organizationLogo","width":105,"height":112},"image":{"@id":"http:\/\/iai.pt\/web\/eqavet\/#organizationLogo"},"sameAs":["https:\/\/www.facebook.com\/instituto.das.artes.imagem","https:\/\/www.instagram.com\/iai_escola_de_artes\/","https:\/\/www.youtube.com\/iaiwebmaster"]},{"@type":"WebPage","@id":"http:\/\/iai.pt\/web\/eqavet#webpage","url":"http:\/\/iai.pt\/web\/eqavet","name":"EQAVET \u2013 Avalia\u00e7\u00e3o e Qualidade - IAI","description":"Selo de Conformidade EQAVET Certifica-se que o Sistema de Garantia da Qualidade da oferta de Educa\u00e7\u00e3o e Forma\u00e7\u00e3o Profissional do Instituto das Artes e da Imagem, se encontra alinhado com o Quadro de Refer\u00eancia Europeu de Garantia da Qualidade para o Ensino e a Forma\u00e7\u00e3o Profissionais. Data da Atribui\u00e7\u00e3o do Selo: 09\/06\/2025 Selo de","inLanguage":"pt-PT","isPartOf":{"@id":"http:\/\/iai.pt\/web\/#website"},"breadcrumb":{"@id":"http:\/\/iai.pt\/web\/eqavet#breadcrumblist"},"datePublished":"2019-12-26T15:48:43+00:00","dateModified":"2025-06-09T16:44:06+01:00"},{"@type":"WebSite","@id":"http:\/\/iai.pt\/web\/#website","url":"http:\/\/iai.pt\/web\/","name":"IAI","alternateName":"iai","description":"Escola Art\u00edstica","inLanguage":"pt-PT","publisher":{"@id":"http:\/\/iai.pt\/web\/#organization"}}]},"og:locale":"pt_PT","og:site_name":"IAI - Escola Art\u00edstica","og:type":"article","og:title":"EQAVET \u2013 Avalia\u00e7\u00e3o e Qualidade - IAI","og:description":"Selo de Conformidade EQAVET Certifica-se que o Sistema de Garantia da Qualidade da oferta de Educa\u00e7\u00e3o e Forma\u00e7\u00e3o Profissional do Instituto das Artes e da Imagem, se encontra alinhado com o Quadro de Refer\u00eancia Europeu de Garantia da Qualidade para o Ensino e a Forma\u00e7\u00e3o Profissionais. Data da Atribui\u00e7\u00e3o do Selo: 09\/06\/2025 Selo de","og:url":"http:\/\/iai.pt\/web\/eqavet","og:image":"http:\/\/iai.pt\/web\/wp-content\/uploads\/2023\/05\/seo-logo.png","og:image:width":105,"og:image:height":112,"article:published_time":"2019-12-26T15:48:43+00:00","article:modified_time":"2025-06-09T15:44:06+00:00","article:publisher":"https:\/\/www.facebook.com\/instituto.das.artes.imagem","twitter:card":"summary_large_image","twitter:title":"EQAVET \u2013 Avalia\u00e7\u00e3o e Qualidade - IAI","twitter:description":"Selo de Conformidade EQAVET Certifica-se que o Sistema de Garantia da Qualidade da oferta de Educa\u00e7\u00e3o e Forma\u00e7\u00e3o Profissional do Instituto das Artes e da Imagem, se encontra alinhado com o Quadro de Refer\u00eancia Europeu de Garantia da Qualidade para o Ensino e a Forma\u00e7\u00e3o Profissionais. Data da Atribui\u00e7\u00e3o do Selo: 09\/06\/2025 Selo de","twitter:image":"http:\/\/iai.pt\/web\/wp-content\/uploads\/2023\/05\/seo-logo.png"},"aioseo_meta_data":{"post_id":"9450","title":null,"description":null,"keywords":null,"keyphrases":{"focus":{"keyphrase":"","score":0,"analysis":{"keyphraseInTitle":{"score":0,"maxScore":9,"error":1}}},"additional":[]},"primary_term":null,"canonical_url":null,"og_title":null,"og_description":null,"og_object_type":"default","og_image_type":"default","og_image_url":null,"og_image_width":null,"og_image_height":null,"og_image_custom_url":null,"og_image_custom_fields":null,"og_video":"","og_custom_url":null,"og_article_section":null,"og_article_tags":null,"twitter_use_og":false,"twitter_card":"default","twitter_image_type":"default","twitter_image_url":null,"twitter_image_custom_url":null,"twitter_image_custom_fields":null,"twitter_title":null,"twitter_description":null,"schema":{"blockGraphs":[],"customGraphs":[],"default":{"data":{"Article":[],"Course":[],"Dataset":[],"FAQPage":[],"Movie":[],"Person":[],"Product":[],"ProductReview":[],"Car":[],"Recipe":[],"Service":[],"SoftwareApplication":[],"WebPage":[]},"graphName":"WebPage","isEnabled":true},"graphs":[]},"schema_type":"default","schema_type_options":null,"pillar_content":false,"robots_default":true,"robots_noindex":false,"robots_noarchive":false,"robots_nosnippet":false,"robots_nofollow":false,"robots_noimageindex":false,"robots_noodp":false,"robots_notranslate":false,"robots_max_snippet":"-1","robots_max_videopreview":"-1","robots_max_imagepreview":"large","priority":null,"frequency":"default","local_seo":null,"breadcrumb_settings":null,"limit_modified_date":false,"ai":null,"created":"2023-05-29 09:52:51","updated":"2025-06-09 17:37:31","seo_analyzer_scan_date":null},"aioseo_breadcrumb":"<div class=\"aioseo-breadcrumbs\"><span class=\"aioseo-breadcrumb\">\n\t\t\t<a href=\"http:\/\/iai.pt\/web\" title=\"In\u00edcio\">In\u00edcio<\/a>\n\t\t<\/span><span class=\"aioseo-breadcrumb-separator\">\u00bb<\/span><span class=\"aioseo-breadcrumb\">\n\t\t\tEQAVET \u2013 Avalia\u00e7\u00e3o e Qualidade\n\t\t<\/span><\/div>","aioseo_breadcrumb_json":[{"label":"In\u00edcio","link":"http:\/\/iai.pt\/web"},{"label":"EQAVET &#8211; Avalia\u00e7\u00e3o e Qualidade","link":"http:\/\/iai.pt\/web\/eqavet"}],"_links":{"self":[{"href":"http:\/\/iai.pt\/web\/wp-json\/wp\/v2\/pages\/9450","targetHints":{"allow":["GET"]}}],"collection":[{"href":"http:\/\/iai.pt\/web\/wp-json\/wp\/v2\/pages"}],"about":[{"href":"http:\/\/iai.pt\/web\/wp-json\/wp\/v2\/types\/page"}],"author":[{"embeddable":true,"href":"http:\/\/iai.pt\/web\/wp-json\/wp\/v2\/users\/1"}],"replies":[{"embeddable":true,"href":"http:\/\/iai.pt\/web\/wp-json\/wp\/v2\/comments?post=9450"}],"version-history":[{"count":7,"href":"http:\/\/iai.pt\/web\/wp-json\/wp\/v2\/pages\/9450\/revisions"}],"predecessor-version":[{"id":16651,"href":"http:\/\/iai.pt\/web\/wp-json\/wp\/v2\/pages\/9450\/revisions\/16651"}],"wp:attachment":[{"href":"http:\/\/iai.pt\/web\/wp-json\/wp\/v2\/media?parent=9450"}],"curies":[{"name":"wp","href":"https:\/\/api.w.org\/{rel}","templated":true}]}}