{"id":13512,"date":"2022-01-04T11:38:01","date_gmt":"2022-01-04T11:38:01","guid":{"rendered":"http:\/\/iai.pt\/web\/?page_id=13512"},"modified":"2026-08-25T13:48:53","modified_gmt":"2026-08-25T12:48:53","slug":"relatorios-da-avaliacao-da-acao","status":"publish","type":"page","link":"https:\/\/iai.pt\/web\/relatorios-da-avaliacao-da-acao","title":{"rendered":"Relat\u00f3rios da Avalia\u00e7\u00e3o da A\u00e7\u00e3o"},"content":{"rendered":"<p>[et_pb_section fb_built=&#8221;1&#8243; inner_shadow=&#8221;on&#8221; fullwidth=&#8221;on&#8221; custom_padding_last_edited=&#8221;on|desktop&#8221; admin_label=&#8221;section&#8221; _builder_version=&#8221;4.16&#8243; background_color=&#8221;#0c71c3&#8243; custom_padding_tablet=&#8221;50px|0|50px|0&#8243; custom_padding_phone=&#8221;&#8221; transparent_background=&#8221;off&#8221; padding_mobile=&#8221;off&#8221; global_colors_info=&#8221;{}&#8221;][et_pb_fullwidth_header title=&#8221;Relat\u00f3rios de Desempenho&#8221; admin_label=&#8221;Cabe\u00e7alho de Largura Completa&#8221; _builder_version=&#8221;4.16&#8243; background_color=&#8221;rgba(255, 255, 255, 0)&#8221; max_width_tablet=&#8221;50px&#8221; global_colors_info=&#8221;{}&#8221; button_one_text_size__hover_enabled=&#8221;off&#8221; button_two_text_size__hover_enabled=&#8221;off&#8221; button_one_text_color__hover_enabled=&#8221;off&#8221; button_two_text_color__hover_enabled=&#8221;off&#8221; button_one_border_width__hover_enabled=&#8221;off&#8221; button_two_border_width__hover_enabled=&#8221;off&#8221; button_one_border_color__hover_enabled=&#8221;off&#8221; button_two_border_color__hover_enabled=&#8221;off&#8221; button_one_border_radius__hover_enabled=&#8221;off&#8221; button_two_border_radius__hover_enabled=&#8221;off&#8221; button_one_letter_spacing__hover_enabled=&#8221;off&#8221; button_two_letter_spacing__hover_enabled=&#8221;off&#8221; button_one_bg_color__hover_enabled=&#8221;off&#8221; button_two_bg_color__hover_enabled=&#8221;off&#8221;][\/et_pb_fullwidth_header][\/et_pb_section][et_pb_section fb_built=&#8221;1&#8243; _builder_version=&#8221;4.16&#8243; global_colors_info=&#8221;{}&#8221;][et_pb_row _builder_version=&#8221;4.16&#8243; _module_preset=&#8221;default&#8221; global_colors_info=&#8221;{}&#8221;][et_pb_column type=&#8221;4_4&#8243; _builder_version=&#8221;4.16&#8243; _module_preset=&#8221;default&#8221; global_colors_info=&#8221;{}&#8221;][et_pb_accordion _builder_version=&#8221;4.27.4&#8243; _module_preset=&#8221;default&#8221; hover_enabled=&#8221;0&#8243; global_colors_info=&#8221;{}&#8221; sticky_enabled=&#8221;0&#8243;][et_pb_accordion_item title=&#8221;Ano Letivo 2025.2026&#8243; open=&#8221;on&#8221; _builder_version=&#8221;4.27.4&#8243; _module_preset=&#8221;default&#8221; hover_enabled=&#8221;0&#8243; global_colors_info=&#8221;{}&#8221; sticky_enabled=&#8221;0&#8243;]<\/p>\n<ul>\n<li><a href=\"https:\/\/iai.pt\/web\/wp-content\/uploads\/2026\/05\/aval_alunos-expectativas_GLOBAL_2025.2026.pdf\">Avalia\u00e7\u00e3o de A\u00e7\u00e3o &#8211; Alunos Global (PDF)<\/a>\n<ul>\n<li><a href=\"https:\/\/iai.pt\/web\/wp-content\/uploads\/2026\/05\/aval_espect_alunos_10-ia-eae_25-26.pdf\" target=\"_blank\" rel=\"noopener\">10\u00ba I\/A (PDF)<\/a><\/li>\n<li><a href=\"https:\/\/iai.pt\/web\/wp-content\/uploads\/2026\/05\/aval_espect_alunos_10-cp_25-26.pdf\" target=\"_blank\" rel=\"noopener\">10\u00ba TDE\/TCSD (PDF)<\/a><\/li>\n<li><a href=\"https:\/\/iai.pt\/web\/wp-content\/uploads\/2026\/05\/aval_espect_alunos_1-of-cef_25-26.pdf\" target=\"_blank\" rel=\"noopener\">1\u00ba OF-CEF (PDF)<\/a><\/li>\n<\/ul>\n<\/li>\n<li><a href=\"https:\/\/iai.pt\/web\/wp-content\/uploads\/2026\/07\/aval_corpo_docente_2025.2026.pdf\" target=\"_blank\" rel=\"noopener\">Avalia\u00e7\u00e3o de Satisfa\u00e7\u00e3o do Corpo Docente (PDF)<\/a><\/li>\n<li><a href=\"https:\/\/iai.pt\/web\/wp-content\/uploads\/2026\/06\/rel_aval_MSAEI_alunos_2025.2026.pdf\" target=\"_blank\" rel=\"noopener\">Avalia\u00e7\u00e3o Medidas de Suporte \u00e0 Educa\u00e7\u00e3o Inclusiva (MSAEI) &#8211; Alunos (PDF)<\/a><\/li>\n<li><a href=\"https:\/\/iai.pt\/web\/wp-content\/uploads\/2026\/06\/rel_aval_MSAEI_ee_2025.2026.pdf\" target=\"_blank\" rel=\"noopener\">Avalia\u00e7\u00e3o Medidas de Suporte \u00e0 Educa\u00e7\u00e3o Inclusiva (MSAEI) &#8211; Encarregados de Educa\u00e7\u00e3o (PDF)<\/a><\/li>\n<li><a href=\"https:\/\/iai.pt\/web\/wp-content\/uploads\/2026\/08\/rel_entidades_global.pdf\" target=\"_blank\" rel=\"noopener\">Avalia\u00e7\u00e3o das Entidades de Acolhimento &#8211; Forma\u00e7\u00e3o em Contexto de Trabalho (FCT) (Global) (PDF)<\/a>\n<ul>\n<li><a href=\"https:\/\/iai.pt\/web\/wp-content\/uploads\/2026\/07\/aval_entidades_FCT_12-a-eae_25-26.pdf\" target=\"_blank\" rel=\"noopener\">12\u00baA (EAE) (PDF)<\/a><\/li>\n<li><a href=\"https:\/\/iai.pt\/web\/wp-content\/uploads\/2026\/07\/aval_entidades_FCT_12-i-eae_25-26.pdf\" target=\"_blank\" rel=\"noopener\">12\u00baI (EAE) (PDF)<\/a><\/li>\n<li><a href=\"https:\/\/iai.pt\/web\/wp-content\/uploads\/2026\/07\/aval_entidades_FCT_12-tcsd-cp_25-26.pdf\" target=\"_blank\" rel=\"noopener\">12\u00ba CP-TDCG (PDF)<\/a><\/li>\n<li><a href=\"https:\/\/iai.pt\/web\/wp-content\/uploads\/2026\/07\/aval_entidades_FCT_12-tde-cp_25-26.pdf\" target=\"_blank\" rel=\"noopener\">12.\u00ba CP-TDE (PDF)<\/a><\/li>\n<li><a href=\"https:\/\/iai.pt\/web\/wp-content\/uploads\/2026\/07\/aval_entidades_FCT_11-tde-cp_25-26.pdf\" target=\"_blank\" rel=\"noopener\">11\u00baCP-TDE (PDF)<\/a><\/li>\n<li><a href=\"https:\/\/iai.pt\/web\/wp-content\/uploads\/2026\/07\/aval_entidades_FCT_11-tdcg-cp_25-26.pdf\" target=\"_blank\" rel=\"noopener\">11\u00baCP-TDCG (PDF)<\/a><\/li>\n<li><a href=\"https:\/\/iai.pt\/web\/wp-content\/uploads\/2026\/07\/aval_entidades_FCT_2-of-cef_25-26.pdf\" target=\"_blank\" rel=\"noopener\">2\u00baOF-CEF (PDF)<\/a><\/li>\n<\/ul>\n<\/li>\n<li>Avalia\u00e7\u00e3o do Servi\u00e7o do Refeit\u00f3rio e Bar\n<ul>\n<li><a href=\"https:\/\/iai.pt\/web\/wp-content\/uploads\/2026\/07\/rel_aval_serv-refeit-bar_professores_2025.2026.pdf\" target=\"_blank\" rel=\"noopener\">Professores\/as (PDF)<\/a><\/li>\n<li><a href=\"https:\/\/iai.pt\/web\/wp-content\/uploads\/2026\/07\/rel_aval_serv-refeit-bar_alunos_2025.2026.pdf\" target=\"_blank\" rel=\"noopener\">Alunos\/as (PDF)<\/a><\/li>\n<\/ul>\n<\/li>\n<li><a href=\"https:\/\/iai.pt\/web\/wp-content\/uploads\/2026\/03\/Relatorio_Avaliacao_Recursos_Escola.pdf\" target=\"_blank\" rel=\"noopener\">Avalia\u00e7\u00e3o dos Recursos da Escola (PDF)<\/a><\/li>\n<li><a href=\"https:\/\/iai.pt\/web\/wp-content\/uploads\/2026\/08\/relatorio_analise-sug.atividades_2025.2026.pdf\" target=\"_blank\" rel=\"noopener\">Avalia\u00e7\u00e3o das Sugest\u00f5es de Atividades Anuais (PDF)<\/a><\/li>\n<li>Inqu\u00e9rito aos Ex-Alunos (EAE) 2024.2025 (indispon\u00edvel)<\/li>\n<li>Inqu\u00e9rito aos Ex-Alunos (CP) 2024.2025 (indispon\u00edvel)<\/li>\n<li>Inqu\u00e9rito aos Ex-Alunos (CEF) 2024.2025 (indispon\u00edvel)<\/li>\n<li><a href=\"https:\/\/iai.pt\/web\/wp-content\/uploads\/2026\/05\/aval_alunos-finalistas_GLOBAL_2025.2026.pdf\">Avalia\u00e7\u00e3o dos Alunos Finalistas \u2014 Global (PDF)<\/a><\/li>\n<li><a href=\"https:\/\/iai.pt\/web\/wp-content\/uploads\/2026\/05\/aval_alunos-finalistas_12-EAE_2025.2026.pdf\">Avalia\u00e7\u00e3o dos Alunos Finalistas (EAE) 2023.2026 (PDF)<\/a><\/li>\n<li><a href=\"https:\/\/iai.pt\/web\/wp-content\/uploads\/2026\/05\/aval_alunos-finalistas_12CP_2025.2026.pdf\">Avalia\u00e7\u00e3o dos Alunos Finalistas (CP) 2023.2026 (PDF)<\/a><\/li>\n<li><a href=\"https:\/\/iai.pt\/web\/wp-content\/uploads\/2026\/05\/aval_alunos-finalistas_2OF-CEF_2025.2026.pdf\">Avalia\u00e7\u00e3o dos Alunos Finalistas (CEF) 2024.2026 (PDF)<\/a><\/li>\n<li><a href=\"https:\/\/iai.pt\/web\/wp-content\/uploads\/2026\/07\/aval_ee_alunos-finalistas_global_2025.2026.pdf\" target=\"_blank\" rel=\"noopener\">Avalia\u00e7\u00e3o dos Encarregados de Educa\u00e7\u00e3o dos Alunos Finalistas \u2014 Global (PDF)<\/a><\/li>\n<\/ul>\n<p>[\/et_pb_accordion_item][et_pb_accordion_item title=&#8221;Ano Letivo 2024.2025&#8243; _builder_version=&#8221;4.27.4&#8243; _module_preset=&#8221;default&#8221; global_colors_info=&#8221;{}&#8221; open=&#8221;off&#8221;]<\/p>\n<ul>\n<li><a href=\"https:\/\/iai.pt\/web\/wp-content\/uploads\/2025\/06\/rel_aval_global_expec_alunos-24-27_2024.2025.pdf\" target=\"_blank\" rel=\"noopener\">Avalia\u00e7\u00e3o de A\u00e7\u00e3o &#8211; Alunos Global (PDF)<\/a>\n<ul>\n<li><a href=\"https:\/\/iai.pt\/web\/wp-content\/uploads\/2025\/07\/aval_espect_alunos_10-ia-eae_24-25.pdf\" target=\"_blank\" rel=\"noopener\">10\u00baI\/A (PDF)<\/a><\/li>\n<li><a href=\"https:\/\/iai.pt\/web\/wp-content\/uploads\/2025\/06\/rel_aval_10.TD-TCSD_expec-alunos_2024.2025.pdf\" target=\"_blank\" rel=\"noopener\">10\u00ba TDE\/TCSD (PDF)<\/a><\/li>\n<li><a href=\"https:\/\/iai.pt\/web\/wp-content\/uploads\/2026\/07\/rel_aval_1.OF-CEF_expec-alunos_2024.2025.pdf\" target=\"_blank\" rel=\"noopener\">1\u00ba OF-CEF (PDF)<\/a><\/li>\n<\/ul>\n<\/li>\n<li><a href=\"https:\/\/iai.pt\/web\/wp-content\/uploads\/2025\/06\/ava_corpo-docente_2024.2025_compressed.pdf\">Avalia\u00e7\u00e3o de Satisfa\u00e7\u00e3o do Corpo Docente (PDF)<\/a><\/li>\n<li><a href=\"https:\/\/iai.pt\/web\/wp-content\/uploads\/2025\/07\/aval_msaei_alunos_24-25.pdf\" target=\"_blank\" rel=\"noopener\">Avalia\u00e7\u00e3o Medidas de Suporte \u00e0 Educa\u00e7\u00e3o Inclusiva (MSAEI) &#8211; Alunos (PDF)<\/a><\/li>\n<li><a href=\"https:\/\/iai.pt\/web\/wp-content\/uploads\/2025\/07\/aval_msaei_ee_24-25.pdf\" target=\"_blank\" rel=\"noopener\">Avalia\u00e7\u00e3o Medidas de Suporte \u00e0 Educa\u00e7\u00e3o Inclusiva (MSAEI) &#8211; Encarregados de Educa\u00e7\u00e3o (PDF)<\/a><\/li>\n<li><a href=\"https:\/\/iai.pt\/web\/wp-content\/uploads\/2025\/09\/aval_FCT_GLOBAL_2225_24-25.pdf\" target=\"_blank\" rel=\"noopener\">Avalia\u00e7\u00e3o das Entidades de Acolhimento &#8211; Forma\u00e7\u00e3o em Contexto de Trabalho (FCT) (Global) (PDF)<\/a>\n<ul>\n<li><a href=\"https:\/\/iai.pt\/web\/wp-content\/uploads\/2025\/09\/aval_FCT_12A_2225_24-25.pdf\" target=\"_blank\" rel=\"noopener\">12\u00baA (EAE) (PDF)<\/a><\/li>\n<li><a href=\"https:\/\/iai.pt\/web\/wp-content\/uploads\/2025\/09\/aval_FCT_12I_2225_24-25.pdf\" target=\"_blank\" rel=\"noopener\">12\u00baI (EAE) (PDF)<\/a><\/li>\n<li><a href=\"https:\/\/iai.pt\/web\/wp-content\/uploads\/2025\/09\/aval_FCT_12CP_2225_24-25.pdf\" target=\"_blank\" rel=\"noopener\">12\u00baCP (PDF)<\/a><\/li>\n<li><a href=\"https:\/\/iai.pt\/web\/wp-content\/uploads\/2025\/09\/aval_FCT_11TDE_2326_24-25.pdf\" target=\"_blank\" rel=\"noopener\">11\u00baCP-TDE (PDF)<\/a><\/li>\n<li><a href=\"https:\/\/iai.pt\/web\/wp-content\/uploads\/2025\/09\/aval_FCT_2OF_2325_24-25.pdf\" target=\"_blank\" rel=\"noopener\">2\u00baOF-CEF (PDF)<\/a><\/li>\n<\/ul>\n<\/li>\n<li><a href=\"https:\/\/iai.pt\/web\/wp-content\/uploads\/2025\/07\/rel_aval_serv-refeit-bar_2024.2025.pdf\" target=\"_blank\" rel=\"noopener\">Avalia\u00e7\u00e3o do Servi\u00e7o do Refeit\u00f3rio e Bar (PDF)<\/a><\/li>\n<li><a href=\"https:\/\/iai.pt\/web\/wp-content\/uploads\/2025\/07\/rel_aval_rec-escola_2024.2025.pdf\" target=\"_blank\" rel=\"noopener\">Avalia\u00e7\u00e3o dos Recursos da Escola (PDF)<\/a><\/li>\n<li><a href=\"https:\/\/iai.pt\/web\/wp-content\/uploads\/2025\/09\/relatorio_analise-sug.atividades_2024.2025.pdf\" target=\"_blank\" rel=\"noopener\">Avalia\u00e7\u00e3o das Sugest\u00f5es de Atividades Anuais (PDF)<\/a><\/li>\n<li><a href=\"https:\/\/iai.pt\/web\/wp-content\/uploads\/2025\/07\/rel_aval_ex-alunos_EAE-IA_23-24_2024.2025.pdf\" target=\"_blank\" rel=\"noopener\">Inqu\u00e9rito aos Ex-Alunos (EAE) 2023.2024 (PDF)<\/a><\/li>\n<li><a href=\"https:\/\/iai.pt\/web\/wp-content\/uploads\/2025\/07\/rel_aval_ex-alunos_CP_23-24_2024.2025.pdf\" target=\"_blank\" rel=\"noopener\">Inqu\u00e9rito aos Ex-Alunos (CP) 2023.2024 (PDF)<\/a><\/li>\n<li><a href=\"https:\/\/iai.pt\/web\/wp-content\/uploads\/2025\/07\/rel_aval_exalunos_CEF_23.24_2024.2025.pdf\" target=\"_blank\" rel=\"noopener\">Inqu\u00e9rito aos Ex-Alunos (CEF) 2023.2024 (PDF)<\/a><\/li>\n<li><a href=\"https:\/\/iai.pt\/web\/wp-content\/uploads\/2025\/07\/aval_alunos-finalistas_12IA-EAE_2024.2025.pdf\" target=\"_blank\" rel=\"noopener\">Avalia\u00e7\u00e3o dos Alunos Finalistas (EAE) 2022.2025 (PDF)<\/a><\/li>\n<li><a href=\"https:\/\/iai.pt\/web\/wp-content\/uploads\/2025\/07\/aval_alunos-finalistas_12TDETCSD-CP_2024.2025.pdf\" target=\"_blank\" rel=\"noopener\">Avalia\u00e7\u00e3o dos Alunos Finalistas (CP) 2022.2025 (CP)<\/a><\/li>\n<li><a href=\"https:\/\/iai.pt\/web\/wp-content\/uploads\/2025\/07\/aval_alunos-finalistas_2OF-CEF_2024.2025.pdf\" target=\"_blank\" rel=\"noopener\">Avalia\u00e7\u00e3o dos Alunos Finalistas (CEF) 2023.2025 (PDF)<\/a><\/li>\n<li><a href=\"https:\/\/iai.pt\/web\/wp-content\/uploads\/2025\/06\/rel_aval_global_formacao-EE_alunos-finalistas_2024.2025.pdf\" target=\"_blank\" rel=\"noopener\">Avalia\u00e7\u00e3o dos Encarregados de Educa\u00e7\u00e3o dos Alunos Finalistas \u2014 Global (PDF)<\/a>\n<ul>\n<li><a href=\"https:\/\/iai.pt\/web\/wp-content\/uploads\/2025\/07\/aval_ee_alunosfinalistasEAE_24-25.pdf\" target=\"_blank\" rel=\"noopener\">Avalia\u00e7\u00e3o dos Encarregados de Educa\u00e7\u00e3o dos Alunos Finalistas (EAE) 2022.2025 (PDF)<\/a><\/li>\n<li><a href=\"https:\/\/iai.pt\/web\/wp-content\/uploads\/2025\/07\/aval_ee_alunosfinalistasCP_24-25.pdf\" target=\"_blank\" rel=\"noopener\">Avalia\u00e7\u00e3o dos Encarregados de Educa\u00e7\u00e3o dos Alunos Finalistas (CP) 2022.2025 (PDF)<\/a><\/li>\n<li><a href=\"https:\/\/iai.pt\/web\/wp-content\/uploads\/2025\/07\/aval_ee_alunosfinalistasCEF_24-25.pdf\" target=\"_blank\" rel=\"noopener\">Avalia\u00e7\u00e3o dos Encarregados de Educa\u00e7\u00e3o dos Alunos Finalistas (CEF) 2023.2025 (PDF)<\/a><a href=\"https:\/\/iai.pt\/web\/wp-content\/uploads\/2024\/09\/aval_ee_alunosfinalistasCEFOF2224_23-24.pdf\" target=\"_blank\" rel=\"noopener\"><\/a><\/li>\n<\/ul>\n<\/li>\n<\/ul>\n<p>[\/et_pb_accordion_item][et_pb_accordion_item title=&#8221;Ano Letivo 2023.2024&#8243; _builder_version=&#8221;4.23.4&#8243; _module_preset=&#8221;default&#8221; global_colors_info=&#8221;{}&#8221; open=&#8221;off&#8221;]<\/p>\n<ul>\n<li><a href=\"https:\/\/iai.pt\/web\/wp-content\/uploads\/2024\/06\/aval_espect_alunos-global_trienio23-26.docx-Google-Docs.pdf\" target=\"_blank\" rel=\"noopener\">Avalia\u00e7\u00e3o de A\u00e7\u00e3o &#8211; Alunos Global (PDF)<\/a>\n<ul>\n<li><a href=\"https:\/\/iai.pt\/web\/wp-content\/uploads\/2024\/06\/aval_espect_alunos-10i_trienio23-26.pdf\" target=\"_blank\" rel=\"noopener\">10\u00baI (PDF)<\/a><\/li>\n<li><a href=\"https:\/\/iai.pt\/web\/wp-content\/uploads\/2024\/06\/aval_espect_alunos-10a_trienio23-26.pdf\" target=\"_blank\" rel=\"noopener\">10\u00baA (PDF)<\/a><\/li>\n<li><a href=\"https:\/\/iai.pt\/web\/wp-content\/uploads\/2024\/06\/aval_espect_alunos-10cp_trienio23-26.pdf\" target=\"_blank\" rel=\"noopener\">10\u00baCP (PDF)<\/a><\/li>\n<\/ul>\n<\/li>\n<li><a href=\"https:\/\/iai.pt\/web\/wp-content\/uploads\/2024\/07\/aval_corpodocente_2023-2024.pdf\" target=\"_blank\" rel=\"noopener\">Avalia\u00e7\u00e3o de Satisfa\u00e7\u00e3o do Corpo Docente (PDF)<\/a><\/li>\n<li><a href=\"https:\/\/iai.pt\/web\/wp-content\/uploads\/2024\/07\/aval_msaei_alunos_23-24.pdf\" target=\"_blank\" rel=\"noopener\">Avalia\u00e7\u00e3o Medidas de Suporte \u00e0 Educa\u00e7\u00e3o Inclusiva (MSAEI) &#8211; Alunos (PDF)<\/a><\/li>\n<li><a href=\"https:\/\/iai.pt\/web\/wp-content\/uploads\/2024\/09\/aval_msaei_ee_23-24.docx-Google-Docs.pdf\" target=\"_blank\" rel=\"noopener\">Avalia\u00e7\u00e3o Medidas de Suporte \u00e0 Educa\u00e7\u00e3o Inclusiva (MSAEI) &#8211; Encarregados de Educa\u00e7\u00e3o (PDF)<\/a><\/li>\n<li><a href=\"https:\/\/iai.pt\/web\/wp-content\/uploads\/2024\/09\/aval_FCTglobal_23-24.pdf\" target=\"_blank\" rel=\"noopener\">Avalia\u00e7\u00e3o das Entidades de Acolhimento &#8211; Forma\u00e7\u00e3o em Contexto de Trabalho (FCT) (Global) (PDF)<\/a>\n<ul>\n<li><a href=\"https:\/\/iai.pt\/web\/wp-content\/uploads\/2024\/09\/aval_FCT_ia2124_23-24.pdf\">12\u00baIA (EAE) (PDF)<\/a><\/li>\n<li><a href=\"https:\/\/iai.pt\/web\/wp-content\/uploads\/2024\/09\/aval_FCT_i2124_23-24.pdf\" target=\"_blank\" rel=\"noopener\">12\u00baI (EAE) (PDF)<\/a><\/li>\n<li><a href=\"https:\/\/iai.pt\/web\/wp-content\/uploads\/2024\/09\/aval_FCT_tdcsd2225_23-24.docx-Google-Docs.pdf\" target=\"_blank\" rel=\"noopener\">11\u00baCP-TDCSD (PDF)<\/a><\/li>\n<li><a href=\"https:\/\/iai.pt\/web\/wp-content\/uploads\/2024\/09\/aval_FCT_cp2124_23-24.docx-Google-Docs.pdf\" target=\"_blank\" rel=\"noopener\">12\u00baCP-TD (PDF)<\/a><\/li>\n<li><a href=\"https:\/\/iai.pt\/web\/wp-content\/uploads\/2024\/09\/aval_FCT_cef-2of2124_23-24.pdf\" target=\"_blank\" rel=\"noopener\">2\u00baOF-CEF (PDF)<\/a><\/li>\n<\/ul>\n<\/li>\n<li><a href=\"https:\/\/iai.pt\/web\/wp-content\/uploads\/2024\/06\/relatorio-avaliacao_serv._refeitoriobar_2023.2024.pdf\" target=\"_blank\" rel=\"noopener\">Avalia\u00e7\u00e3o do Servi\u00e7o do Refeit\u00f3rio e Bar (PDF)<\/a><\/li>\n<li><a href=\"https:\/\/iai.pt\/web\/wp-content\/uploads\/2024\/09\/aval_recursosescola_alunos_23-24.docx-Google-Docs.pdf\" target=\"_blank\" rel=\"noopener\">Avalia\u00e7\u00e3o dos Recursos da Escola (PDF)<\/a><\/li>\n<li><a href=\"https:\/\/iai.pt\/web\/wp-content\/uploads\/2024\/09\/relatorio_analise-sug.atividades_2023.2024.pdf\" target=\"_blank\" rel=\"noopener\">Avalia\u00e7\u00e3o das Sugest\u00f5es de Atividades Anuais (PDF)<\/a><\/li>\n<li><a href=\"https:\/\/iai.pt\/web\/wp-content\/uploads\/2024\/07\/aval_exalunos-eae_22.23.pdf\" target=\"_blank\" rel=\"noopener\">Inqu\u00e9rito aos Ex-Alunos (EAE) 2022.2023 (PDF)<\/a><\/li>\n<li><a href=\"https:\/\/iai.pt\/web\/wp-content\/uploads\/2024\/07\/aval_exalunos-cef_22.23-min.pdf\" target=\"_blank\" rel=\"noopener\">Inqu\u00e9rito aos Ex-Alunos (CEF) 2022.2023 (PDF)<\/a><\/li>\n<li><a href=\"https:\/\/iai.pt\/web\/wp-content\/uploads\/2024\/07\/aval_espect_alunos_finalistas-eae_23-24-min.pdf\" target=\"_blank\" rel=\"noopener\">Avalia\u00e7\u00e3o dos Alunos Finalistas (EAE) 2023.2024 (PDF)<\/a><\/li>\n<li><a href=\"https:\/\/iai.pt\/web\/wp-content\/uploads\/2024\/08\/aval_espect_alunos_finalistas-cp_23-24.pdf\" target=\"_blank\" rel=\"noopener\">Avalia\u00e7\u00e3o dos Alunos Finalistas (CP) 2023.2024 (PDF)<\/a><\/li>\n<li><a href=\"https:\/\/iai.pt\/web\/wp-content\/uploads\/2024\/08\/aval_espect_alunos_finalistas-cef_23-24.pdf\" target=\"_blank\" rel=\"noopener\">Avalia\u00e7\u00e3o dos Alunos Finalistas (CEF) 2023.2024 (PDF)<\/a><\/li>\n<li><a href=\"https:\/\/iai.pt\/web\/wp-content\/uploads\/2024\/09\/aval_ee_alunosfinalistasEAE2124_23-24.pdf\" target=\"_blank\" rel=\"noopener\">Avalia\u00e7\u00e3o dos Encarregados de Educa\u00e7\u00e3o dos Alunos Finalistas (EAE) 2021.2024 (PDF)<\/a><\/li>\n<li><a href=\"https:\/\/iai.pt\/web\/wp-content\/uploads\/2024\/09\/aval_ee_alunosfinalistasTD2124_23-24.pdf\" target=\"_blank\" rel=\"noopener\">Avalia\u00e7\u00e3o dos Encarregados de Educa\u00e7\u00e3o dos Alunos Finalistas (TD) 2021.2024 (PDF)<\/a><\/li>\n<li><a href=\"https:\/\/iai.pt\/web\/wp-content\/uploads\/2024\/09\/aval_ee_alunosfinalistasCEFOF2224_23-24.pdf\" target=\"_blank\" rel=\"noopener\">Avalia\u00e7\u00e3o dos Encarregados de Educa\u00e7\u00e3o dos Alunos Finalistas (CEF) 2022.2024 (PDF)<\/a><\/li>\n<li>Avalia\u00e7\u00e3o das Oficinas Art\u00edsticas\n<ul>\n<li><a href=\"https:\/\/iai.pt\/web\/wp-content\/uploads\/2024\/09\/aval_of-artisticas-pascoa_23-24.docx-Google-Docs.pdf\" target=\"_blank\" rel=\"noopener\">P\u00e1scoa (23.03 a 04.04) (PDF)<\/a><\/li>\n<\/ul>\n<\/li>\n<\/ul>\n<p>[\/et_pb_accordion_item][et_pb_accordion_item title=&#8221;Ano Letivo 2022.2023&#8243; _builder_version=&#8221;4.23.4&#8243; _module_preset=&#8221;default&#8221; global_colors_info=&#8221;{}&#8221; open=&#8221;off&#8221;]<\/p>\n<ul>\n<li>Avalia\u00e7\u00e3o de A\u00e7\u00e3o &#8211; Encarregados de Educa\u00e7\u00e3o (dispon\u00edvel brevemente)<\/li>\n<li>Avalia\u00e7\u00e3o de A\u00e7\u00e3o &#8211; Alunos (dispon\u00edvel brevemente)<\/li>\n<li><a href=\"https:\/\/iai.pt\/web\/wp-content\/uploads\/2024\/06\/avaliacao-corpo-docente-2023.pdf\" target=\"_blank\" rel=\"noopener\">Avalia\u00e7\u00e3o de Satisfa\u00e7\u00e3o &#8211; Professores (PDF)<\/a><\/li>\n<li><a href=\"https:\/\/iai.pt\/web\/wp-content\/uploads\/2024\/01\/Relatorio-de-avaliacao_Alunos_MSAEI_2022_2023.docx.pdf\" target=\"_blank\" rel=\"noopener\">Avalia\u00e7\u00e3o Medidas de Suporte \u00e0 Educa\u00e7\u00e3o Inclusiva (MSAEI) &#8211; Alunos (PDF)<\/a><\/li>\n<li><a href=\"https:\/\/iai.pt\/web\/wp-content\/uploads\/2024\/01\/Relatorio-Avaliacao_EE_MSAEI_2022_2023.docx.pdf\" target=\"_blank\" rel=\"noopener\">Avalia\u00e7\u00e3o Medidas de Suporte \u00e0 Educa\u00e7\u00e3o Inclusiva (MSAEI) &#8211; Encarregados de Educa\u00e7\u00e3o (PDF)<\/a><\/li>\n<li>Avalia\u00e7\u00e3o das Entidades de Acolhimento &#8211; Forma\u00e7\u00e3o em Contexto de Trabalho (FCT)\n<ul>\n<li><a href=\"https:\/\/iai.pt\/web\/wp-content\/uploads\/2024\/02\/Relatorio-de-Avaliacao_Entidades_Acolhimento_FCT_EA-Imagem-Interativa_22_23.docx_compressed.pdf\" target=\"_blank\" rel=\"noopener\">12\u00ba ano (EAE) (PDF)<\/a><\/li>\n<li><a href=\"https:\/\/iai.pt\/web\/wp-content\/uploads\/2024\/01\/Avaliacao_Entidades_Acolhimento-FCT_Design_22_23.docx.pdf\" target=\"_blank\" rel=\"noopener\">11\u00ba ano (CP-TD) (PDF)<\/a><\/li>\n<li><a href=\"https:\/\/iai.pt\/web\/wp-content\/uploads\/2024\/02\/Relatorio-Avaliacao_Entidades_Acolhimento_op.-Fotografia_22_23r.docx.pdf\" target=\"_blank\" rel=\"noopener\">2\u00ba ano (OF-CEF) (PDF)<\/a><\/li>\n<\/ul>\n<\/li>\n<li><a href=\"https:\/\/iai.pt\/web\/wp-content\/uploads\/2024\/01\/relatorio_avaliacao_escola_alunos_22.23.pdf\" target=\"_blank\" rel=\"noopener\">Avalia\u00e7\u00e3o dos Recursos da Escola (PDF)<\/a><\/li>\n<li><a href=\"https:\/\/iai.pt\/web\/wp-content\/uploads\/2024\/01\/relatorio_exalunos_2021.22.docx.pdf\" target=\"_blank\" rel=\"noopener\">Inqu\u00e9rito aos Ex-alunos 2021.2022 (PDF)<\/a><\/li>\n<li><a href=\"https:\/\/iai.pt\/web\/wp-content\/uploads\/2024\/01\/Relatorio-de-avaliacao-dos-Encarregados-de-Educacao_alunos-finalistas_2022_2023.docx.pdf\" target=\"_blank\" rel=\"noopener\">Avalia\u00e7\u00e3o dos Encarregados de Educa\u00e7\u00e3o do Alunos Finalistas (PDF)<\/a><\/li>\n<li><a href=\"https:\/\/iai.pt\/web\/wp-content\/uploads\/2024\/01\/Relatorio-Alunos_Finalistas_2022_2023_EAE.pdf\" target=\"_blank\" rel=\"noopener\">Avalia\u00e7\u00e3o dos Alunos Finalistas 2022.2023 (PDF)<\/a><\/li>\n<\/ul>\n<p>[\/et_pb_accordion_item][et_pb_accordion_item title=&#8221;Ano Letivo 2021.2022&#8243; _builder_version=&#8221;4.16&#8243; _module_preset=&#8221;default&#8221; global_colors_info=&#8221;{}&#8221; content__hover_enabled=&#8221;on|hover&#8221; content__hover=&#8221;<\/p>\n<ul>\n<li>Avalia\u00e7\u00e3o de A\u00e7\u00e3o &#8211; Alunos\n<ul>\n<li><a href=%22https:\/\/iai.pt\/web\/avaliacao-acao-alunos-10i_21-22%22 data-et-target-link=%22_blank%22 rel=%22noopener noreferrer%22>10\u00ba I (PDF)<\/a><\/li>\n<li><a href=%22https:\/\/iai.pt\/web\/avaliacao-acao-alunos-10ia_21-22%22 data-et-target-link=%22_blank%22 rel=%22noopener noreferrer%22>10\u00ba IA (PDF)<\/a><\/li>\n<li><a href=%22https:\/\/iai.pt\/web\/avaliacao-acao-alunos-11i_21-22%22 data-et-target-link=%22_blank%22 rel=%22noopener noreferrer%22>11\u00ba I (PDF)<\/a><\/li>\n<li><a href=%22https:\/\/iai.pt\/web\/avaliacao-acao-alunos-12i_21-22%22 data-et-target-link=%22_blank%22 rel=%22noopener noreferrer%22>12\u00ba I (PDF)<\/a><\/li>\n<\/ul>\n<\/li>\n<li><a href=%22https:\/\/iai.pt\/web\/avaliacao-alunos-mesai_21-22%22 data-et-target-link=%22_blank%22 rel=%22noopener noreferrer%22>Avalia\u00e7\u00e3o Medidas de Suporte \u00e0 Educa\u00e7\u00e3o Inclusiva (MSAEI) &#8211; Alunos (PDF)<\/a><\/li>\n<li><a href=%22https:\/\/iai.pt\/web\/avaliacao-ee-mesai_21-22%22 data-et-target-link=%22_blank%22 rel=%22noopener noreferrer%22>Avalia\u00e7\u00e3o Medidas de Suporte \u00e0 Educa\u00e7\u00e3o Inclusiva (MSAEI) &#8211; Encarregados de Educa\u00e7\u00e3o (PDF)<\/a><\/li>\n<li><a href=%22https:\/\/iai.pt\/web\/questionario-ee-alunos-finalistas_21-22%22 data-et-target-link=%22_blank%22 rel=%22noopener noreferrer%22>Question\u00e1rio &#8211; Encarregados de Educa\u00e7\u00e3o dos Alunos Finalistas (PDF)<\/a><\/li>\n<li><a href=%22https:\/\/iai.pt\/web\/avaliacao-entidades-acolhimento-fct-12i_21-22%22 data-et-target-link=%22_blank%22 rel=%22noopener noreferrer%22>Avalia\u00e7\u00e3o das Entidades de Acolhimento &#8211; Forma\u00e7\u00e3o em Contexto de Trabalho (FCT) (PDF)<\/a><\/li>\n<li><a href=%22https:\/\/iai.pt\/web\/avaliacao-satisfacao-docentes_21-22%22 data-et-target-link=%22_blank%22 rel=%22noopener noreferrer%22>Avalia\u00e7\u00e3o Satisfa\u00e7\u00e3o do Corpo Docente (PDF)<\/a><\/li>\n<li><a href=%22https:\/\/iai.pt\/web\/eqavet-alunos-finalistas_21-22%22 data-et-target-link=%22_blank%22 rel=%22noopener noreferrer%22>Avalia\u00e7\u00e3o de Finalistas do ano letivo 2021.2022 (PDF)<\/a><\/li>\n<li><a href=%22https:\/\/iai.pt\/web\/finalistas-20-21-levantamento-apos-6-meses%22 data-et-target-link=%22_blank%22 rel=%22noopener noreferrer%22>Avalia\u00e7\u00e3o de Finalistas do ano letivo 2020.2021 (PDF)<\/a><\/li>\n<li><a href=%22https:\/\/iai.pt\/web\/relatorio-avaliacao-fct-2of_21-22%22 data-et-target-link=%22_blank%22 rel=%22noopener noreferrer%22>Relat\u00f3rio de Avalia\u00e7\u00e3o (FCT) (PDF)<\/a><\/li>\n<li><a href=%22https:\/\/iai.pt\/web\/relatorio-global-alunos_21-22%22 data-et-target-link=%22_blank%22 rel=%22noopener noreferrer%22>Relat\u00f3rio Global &#8211; Alunos (PDF)<\/a><\/li>\n<\/ul>\n<p>&#8221; open=&#8221;off&#8221;]<\/p>\n<ul>\n<li>Avalia\u00e7\u00e3o de A\u00e7\u00e3o &#8211; Alunos\n<ul>\n<li><a href=\"https:\/\/iai.pt\/web\/avaliacao-acao-alunos-10i_21-22\" target=\"_blank\" rel=\"noopener noreferrer\">10\u00ba I (PDF)<\/a><\/li>\n<li><a href=\"https:\/\/iai.pt\/web\/avaliacao-acao-alunos-10ia_21-22\" target=\"_blank\" rel=\"noopener noreferrer\">10\u00ba IA\u00a0(PDF)<\/a><\/li>\n<li><a href=\"https:\/\/iai.pt\/web\/avaliacao-acao-alunos-11i_21-22\" target=\"_blank\" rel=\"noopener noreferrer\">11\u00ba I\u00a0(PDF)<\/a><\/li>\n<li><a href=\"https:\/\/iai.pt\/web\/avaliacao-acao-alunos-12i_21-22\" target=\"_blank\" rel=\"noopener noreferrer\">12\u00ba I\u00a0(PDF)<\/a><\/li>\n<\/ul>\n<\/li>\n<li><a href=\"https:\/\/iai.pt\/web\/avaliacao-alunos-mesai_21-22\" target=\"_blank\" rel=\"noopener noreferrer\">Avalia\u00e7\u00e3o\u00a0Medidas de Suporte \u00e0 Educa\u00e7\u00e3o Inclusiva (MSAEI) &#8211; Alunos (PDF)<\/a><\/li>\n<li><a href=\"https:\/\/iai.pt\/web\/avaliacao-ee-mesai_21-22\" target=\"_blank\" rel=\"noopener noreferrer\">Avalia\u00e7\u00e3o\u00a0Medidas de Suporte \u00e0 Educa\u00e7\u00e3o Inclusiva (MSAEI) &#8211; Encarregados de Educa\u00e7\u00e3o (PDF)<\/a><\/li>\n<li><a href=\"https:\/\/iai.pt\/web\/questionario-ee-alunos-finalistas_21-22\" target=\"_blank\" rel=\"noopener noreferrer\">Question\u00e1rio &#8211; Encarregados de Educa\u00e7\u00e3o dos Alunos Finalistas (PDF)<\/a><\/li>\n<li><a href=\"https:\/\/iai.pt\/web\/avaliacao-entidades-acolhimento-fct-12i_21-22\" target=\"_blank\" rel=\"noopener noreferrer\">Avalia\u00e7\u00e3o das Entidades de Acolhimento &#8211; Forma\u00e7\u00e3o em Contexto de Trabalho (FCT) (PDF)<\/a><\/li>\n<li><a href=\"https:\/\/iai.pt\/web\/avaliacao-satisfacao-docentes_21-22\" target=\"_blank\" rel=\"noopener noreferrer\">Avalia\u00e7\u00e3o Satisfa\u00e7\u00e3o do Corpo Docente (PDF)<\/a><\/li>\n<li><a href=\"https:\/\/iai.pt\/web\/eqavet-alunos-finalistas_21-22\" target=\"_blank\" rel=\"noopener noreferrer\">Avalia\u00e7\u00e3o de Finalistas do ano letivo 2021.2022 (PDF)<\/a><\/li>\n<li><a href=\"https:\/\/iai.pt\/web\/finalistas-20-21-levantamento-apos-6-meses\" target=\"_blank\" rel=\"noopener noreferrer\">Avalia\u00e7\u00e3o de Finalistas do ano letivo 2020.2021 (PDF)<\/a><\/li>\n<li><a href=\"https:\/\/iai.pt\/web\/relatorio-avaliacao-fct-2of_21-22\" target=\"_blank\" rel=\"noopener noreferrer\">Relat\u00f3rio de Avalia\u00e7\u00e3o (FCT) (PDF)<\/a><\/li>\n<li><a href=\"https:\/\/iai.pt\/web\/relatorio-global-alunos_21-22\" target=\"_blank\" rel=\"noopener noreferrer\">Relat\u00f3rio Global &#8211; Alunos (PDF)<\/a><\/li>\n<\/ul>\n<p>[\/et_pb_accordion_item][et_pb_accordion_item title=&#8221;Ano Letivo 2020.2021&#8243; _builder_version=&#8221;4.16&#8243; _module_preset=&#8221;default&#8221; global_colors_info=&#8221;{}&#8221; content__hover_enabled=&#8221;on|hover&#8221; content__hover=&#8221;<\/p>\n<ul>\n<li><a href=%22https:\/\/iai.pt\/web\/avaliacao-acao-ee_20-21%22 data-et-target-link=%22_blank%22 rel=%22noopener noreferrer%22>Avalia\u00e7\u00e3o de A\u00e7\u00e3o &#8211; Encarregados de Educa\u00e7\u00e3o (PDF)<\/a><\/li>\n<li><a href=%22https:\/\/iai.pt\/web\/avaliacao-acao-ex-alunos_20-21%22 data-et-target-link=%22_blank%22 rel=%22noopener noreferrer%22>Avalia\u00e7\u00e3o de A\u00e7\u00e3o &#8211; Alunos (PDF)<\/a><\/li>\n<li><a href=%22https:\/\/iai.pt\/web\/avaliacao-alunos-msaei_20-21%22 data-et-target-link=%22_blank%22 rel=%22noopener noreferrer%22>Avalia\u00e7\u00e3o Medidas de Suporte \u00e0 Educa\u00e7\u00e3o Inclusiva (MSAEI) &#8211; Alunos (PDF)<\/a><\/li>\n<li><a href=%22https:\/\/iai.pt\/web\/avaliacao-desempenho-avaliacao-formacao_20-21%22 data-et-target-link=%22_blank%22 rel=%22noopener noreferrer%22>Avalia\u00e7\u00e3o de Desempenho e Forma\u00e7\u00e3o &#8211; Professores (PDF)<\/a><\/li>\n<li><a href=%22https:\/\/iai.pt\/web\/avaliacao-ee-mesai_20-21%22 data-et-target-link=%22_blank%22 rel=%22noopener noreferrer%22>Avalia\u00e7\u00e3o Medidas de Suporte \u00e0 Educa\u00e7\u00e3o Inclusiva (MSAEI) &#8211; Encarregados de Educa\u00e7\u00e3o (PDF)<\/a><\/li>\n<li><a href=%22https:\/\/iai.pt\/web\/avaliacao-entidades-acolhimento-fct_20-21%22 data-et-target-link=%22_blank%22 rel=%22noopener noreferrer%22>Avalia\u00e7\u00e3o das Entidades de Acolhimento &#8211; Forma\u00e7\u00e3o em Contexto de Trabalho (FCT) (PDF)<\/a><\/li>\n<li><a href=%22https:\/\/iai.pt\/web\/avaliacao-recursos-escola_20-21%22 data-et-target-link=%22_blank%22 rel=%22noopener noreferrer%22>Avalia\u00e7\u00e3o dos Recursos da Escola (PDF)<\/a><\/li>\n<li><a href=%22https:\/\/iai.pt\/web\/avaliacao-satisfacao-docentes_20-21%22 data-et-target-link=%22_blank%22 rel=%22noopener noreferrer%22>Avalia\u00e7\u00e3o Satisfa\u00e7\u00e3o do Corpo Docente (PDF)<\/a><\/li>\n<li><a href=%22https:\/\/iai.pt\/web\/finalistas-19-20-levantamento-apos-6-meses%22 data-et-target-link=%22_blank%22 rel=%22noopener noreferrer%22>Avalia\u00e7\u00e3o de Finalistas do ano letivo 2019.2020 (PDF)<\/a><\/li>\n<li><a href=%22https:\/\/iai.pt\/web\/relatorio-questionario-avaliacao-ed-alunos_20-21%22 data-et-target-link=%22_blank%22 rel=%22noopener noreferrer%22>Relat\u00f3rio de Question\u00e1rio de Avalia\u00e7\u00e3o de E@D &#8211; Alunos (PDF)<\/a><\/li>\n<li><a href=%22https:\/\/iai.pt\/web\/relatorio-questionario-avaliacao-ed-professores_20-21%22 data-et-target-link=%22_blank%22 rel=%22noopener noreferrer%22>Relat\u00f3rio de Question\u00e1rio de Avalia\u00e7\u00e3o de E@D &#8211; Professores (PDF)<\/a><\/li>\n<\/ul>\n<p>&#8221; open=&#8221;off&#8221;]<\/p>\n<ul>\n<li><a href=\"https:\/\/iai.pt\/web\/avaliacao-acao-ee_20-21\" target=\"_blank\" rel=\"noopener noreferrer\">Avalia\u00e7\u00e3o de A\u00e7\u00e3o &#8211; Encarregados de Educa\u00e7\u00e3o (PDF)<\/a><\/li>\n<li><a href=\"https:\/\/iai.pt\/web\/avaliacao-acao-ex-alunos_20-21\" target=\"_blank\" rel=\"noopener noreferrer\">Avalia\u00e7\u00e3o de A\u00e7\u00e3o &#8211; Alunos (PDF)<\/a><\/li>\n<li><a href=\"https:\/\/iai.pt\/web\/avaliacao-alunos-msaei_20-21\" target=\"_blank\" rel=\"noopener noreferrer\">Avalia\u00e7\u00e3o\u00a0Medidas de Suporte \u00e0 Educa\u00e7\u00e3o Inclusiva (MSAEI) &#8211; Alunos (PDF)<\/a><\/li>\n<li><a href=\"https:\/\/iai.pt\/web\/avaliacao-desempenho-avaliacao-formacao_20-21\" target=\"_blank\" rel=\"noopener noreferrer\">Avalia\u00e7\u00e3o de Desempenho e Forma\u00e7\u00e3o &#8211; Professores (PDF)<\/a><\/li>\n<li><a href=\"https:\/\/iai.pt\/web\/avaliacao-ee-mesai_20-21\" target=\"_blank\" rel=\"noopener noreferrer\">Avalia\u00e7\u00e3o\u00a0Medidas de Suporte \u00e0 Educa\u00e7\u00e3o Inclusiva (MSAEI) &#8211; Encarregados de Educa\u00e7\u00e3o (PDF)<\/a><\/li>\n<li><a href=\"https:\/\/iai.pt\/web\/avaliacao-entidades-acolhimento-fct_20-21\" target=\"_blank\" rel=\"noopener noreferrer\">Avalia\u00e7\u00e3o das Entidades de Acolhimento &#8211; Forma\u00e7\u00e3o em Contexto de Trabalho (FCT) (PDF)<\/a><\/li>\n<li><a href=\"https:\/\/iai.pt\/web\/avaliacao-recursos-escola_20-21\" target=\"_blank\" rel=\"noopener noreferrer\">Avalia\u00e7\u00e3o dos Recursos da Escola (PDF)<\/a><\/li>\n<li><a href=\"https:\/\/iai.pt\/web\/avaliacao-satisfacao-docentes_20-21\" target=\"_blank\" rel=\"noopener noreferrer\">Avalia\u00e7\u00e3o Satisfa\u00e7\u00e3o do Corpo Docente (PDF)<\/a><\/li>\n<li><a href=\"https:\/\/iai.pt\/web\/finalistas-19-20-levantamento-apos-6-meses\" target=\"_blank\" rel=\"noopener noreferrer\">Avalia\u00e7\u00e3o de Finalistas do ano letivo 2019.2020 (PDF)<\/a><\/li>\n<li><a href=\"https:\/\/iai.pt\/web\/relatorio-questionario-avaliacao-ed-alunos_20-21\" target=\"_blank\" rel=\"noopener noreferrer\">Relat\u00f3rio de Question\u00e1rio de Avalia\u00e7\u00e3o de E@D\u00a0&#8211; Alunos (PDF)<\/a><\/li>\n<li><a href=\"https:\/\/iai.pt\/web\/relatorio-questionario-avaliacao-ed-professores_20-21\" target=\"_blank\" rel=\"noopener noreferrer\">Relat\u00f3rio de Question\u00e1rio de Avalia\u00e7\u00e3o de E@D\u00a0&#8211; Professores (PDF)<\/a><\/li>\n<\/ul>\n<p>[\/et_pb_accordion_item][\/et_pb_accordion][\/et_pb_column][\/et_pb_row][\/et_pb_section]<\/p>\n","protected":false},"excerpt":{"rendered":"<p>Avalia\u00e7\u00e3o de A\u00e7\u00e3o &#8211; Alunos Global (PDF) 10\u00ba I\/A (PDF) 10\u00ba TDE\/TCSD (PDF) 1\u00ba OF-CEF (PDF) Avalia\u00e7\u00e3o de Satisfa\u00e7\u00e3o do Corpo Docente (PDF) Avalia\u00e7\u00e3o Medidas de Suporte \u00e0 Educa\u00e7\u00e3o Inclusiva (MSAEI) &#8211; Alunos (PDF) Avalia\u00e7\u00e3o Medidas de Suporte \u00e0 Educa\u00e7\u00e3o Inclusiva (MSAEI) &#8211; Encarregados de Educa\u00e7\u00e3o (PDF) Avalia\u00e7\u00e3o das Entidades de Acolhimento &#8211; Forma\u00e7\u00e3o em [&hellip;]<\/p>\n","protected":false},"author":1,"featured_media":0,"parent":0,"menu_order":0,"comment_status":"closed","ping_status":"closed","template":"","meta":{"_et_pb_use_builder":"on","_et_pb_old_content":"","_et_gb_content_width":"","footnotes":"","_members_access_role":[],"_members_access_error":""},"class_list":["post-13512","page","type-page","status-publish","hentry"],"aioseo_notices":[],"aioseo_head":"\n\t\t<!-- All in One SEO 4.9.10 - aioseo.com -->\n\t<meta name=\"description\" content=\"Relat\u00f3rios de Desempenho Ano Letivo 2025.2026 Avalia\u00e7\u00e3o de A\u00e7\u00e3o \u2013 Alunos Global (PDF) 10\u00ba I\/A (PDF) 10\u00ba TDE\/TCSD (PDF) 1\u00ba OF-CEF (PDF) Avalia\u00e7\u00e3o de Satisfa\u00e7\u00e3o do Corpo Docente (PDF) Avalia\u00e7\u00e3o Medidas de Suporte \u00e0 Educa\u00e7\u00e3o Inclusiva (MSAEI) \u2013 Alunos (PDF) Avalia\u00e7\u00e3o Medidas de Suporte \u00e0 Educa\u00e7\u00e3o Inclusiva (MSAEI) \u2013 Encarregados de Educa\u00e7\u00e3o (PDF) Avalia\u00e7\u00e3o das\" \/>\n\t<meta name=\"robots\" content=\"max-image-preview:large\" \/>\n\t<link rel=\"canonical\" href=\"https:\/\/iai.pt\/web\/relatorios-da-avaliacao-da-acao\" \/>\n\t<meta name=\"generator\" content=\"All in One SEO (AIOSEO) 4.9.10\" \/>\n\t\t<meta property=\"og:locale\" content=\"pt_PT\" \/>\n\t\t<meta property=\"og:site_name\" content=\"IAI - Escola Art\u00edstica\" \/>\n\t\t<meta property=\"og:type\" content=\"article\" \/>\n\t\t<meta property=\"og:title\" content=\"Relat\u00f3rios da Avalia\u00e7\u00e3o da A\u00e7\u00e3o - IAI\" \/>\n\t\t<meta property=\"og:description\" content=\"Relat\u00f3rios de Desempenho Ano Letivo 2025.2026 Avalia\u00e7\u00e3o de A\u00e7\u00e3o \u2013 Alunos Global (PDF) 10\u00ba I\/A (PDF) 10\u00ba TDE\/TCSD (PDF) 1\u00ba OF-CEF (PDF) Avalia\u00e7\u00e3o de Satisfa\u00e7\u00e3o do Corpo Docente (PDF) Avalia\u00e7\u00e3o Medidas de Suporte \u00e0 Educa\u00e7\u00e3o Inclusiva (MSAEI) \u2013 Alunos (PDF) Avalia\u00e7\u00e3o Medidas de Suporte \u00e0 Educa\u00e7\u00e3o Inclusiva (MSAEI) \u2013 Encarregados de Educa\u00e7\u00e3o (PDF) Avalia\u00e7\u00e3o das\" \/>\n\t\t<meta property=\"og:url\" content=\"https:\/\/iai.pt\/web\/relatorios-da-avaliacao-da-acao\" \/>\n\t\t<meta property=\"og:image\" content=\"https:\/\/iai.pt\/web\/wp-content\/uploads\/2023\/05\/seo-logo.png\" \/>\n\t\t<meta property=\"og:image:secure_url\" content=\"https:\/\/iai.pt\/web\/wp-content\/uploads\/2023\/05\/seo-logo.png\" \/>\n\t\t<meta property=\"og:image:width\" content=\"105\" \/>\n\t\t<meta property=\"og:image:height\" content=\"112\" \/>\n\t\t<meta property=\"article:published_time\" content=\"2022-01-04T11:38:01+00:00\" \/>\n\t\t<meta property=\"article:modified_time\" content=\"2026-08-25T12:48:53+00:00\" \/>\n\t\t<meta property=\"article:publisher\" content=\"https:\/\/www.facebook.com\/instituto.das.artes.imagem\" \/>\n\t\t<meta name=\"twitter:card\" content=\"summary_large_image\" \/>\n\t\t<meta name=\"twitter:title\" content=\"Relat\u00f3rios da Avalia\u00e7\u00e3o da A\u00e7\u00e3o - IAI\" \/>\n\t\t<meta name=\"twitter:description\" content=\"Relat\u00f3rios de Desempenho Ano Letivo 2025.2026 Avalia\u00e7\u00e3o de A\u00e7\u00e3o \u2013 Alunos Global (PDF) 10\u00ba I\/A (PDF) 10\u00ba TDE\/TCSD (PDF) 1\u00ba OF-CEF (PDF) Avalia\u00e7\u00e3o de Satisfa\u00e7\u00e3o do Corpo Docente (PDF) Avalia\u00e7\u00e3o Medidas de Suporte \u00e0 Educa\u00e7\u00e3o Inclusiva (MSAEI) \u2013 Alunos (PDF) Avalia\u00e7\u00e3o Medidas de Suporte \u00e0 Educa\u00e7\u00e3o Inclusiva (MSAEI) \u2013 Encarregados de Educa\u00e7\u00e3o (PDF) Avalia\u00e7\u00e3o das\" \/>\n\t\t<meta name=\"twitter:image\" content=\"https:\/\/iai.pt\/web\/wp-content\/uploads\/2023\/05\/seo-logo.png\" \/>\n\t\t<script type=\"application\/ld+json\" class=\"aioseo-schema\">\n\t\t\t{\"@context\":\"https:\\\/\\\/schema.org\",\"@graph\":[{\"@type\":\"BreadcrumbList\",\"@id\":\"https:\\\/\\\/iai.pt\\\/web\\\/relatorios-da-avaliacao-da-acao#breadcrumblist\",\"itemListElement\":[{\"@type\":\"ListItem\",\"@id\":\"https:\\\/\\\/iai.pt\\\/web#listItem\",\"position\":1,\"name\":\"In\\u00edcio\",\"item\":\"https:\\\/\\\/iai.pt\\\/web\",\"nextItem\":{\"@type\":\"ListItem\",\"@id\":\"https:\\\/\\\/iai.pt\\\/web\\\/relatorios-da-avaliacao-da-acao#listItem\",\"name\":\"Relat\\u00f3rios da Avalia\\u00e7\\u00e3o da A\\u00e7\\u00e3o\"}},{\"@type\":\"ListItem\",\"@id\":\"https:\\\/\\\/iai.pt\\\/web\\\/relatorios-da-avaliacao-da-acao#listItem\",\"position\":2,\"name\":\"Relat\\u00f3rios da Avalia\\u00e7\\u00e3o da A\\u00e7\\u00e3o\",\"previousItem\":{\"@type\":\"ListItem\",\"@id\":\"https:\\\/\\\/iai.pt\\\/web#listItem\",\"name\":\"In\\u00edcio\"}}]},{\"@type\":\"Organization\",\"@id\":\"https:\\\/\\\/iai.pt\\\/web\\\/#organization\",\"name\":\"Instituto das Artes e da Imagem\",\"description\":\"Escola Art\\u00edstica\",\"url\":\"https:\\\/\\\/iai.pt\\\/web\\\/\",\"telephone\":\"+351222000757\",\"logo\":{\"@type\":\"ImageObject\",\"url\":\"https:\\\/\\\/iai.pt\\\/web\\\/wp-content\\\/uploads\\\/2023\\\/05\\\/seo-logo.png\",\"@id\":\"https:\\\/\\\/iai.pt\\\/web\\\/relatorios-da-avaliacao-da-acao\\\/#organizationLogo\",\"width\":105,\"height\":112},\"image\":{\"@id\":\"https:\\\/\\\/iai.pt\\\/web\\\/relatorios-da-avaliacao-da-acao\\\/#organizationLogo\"},\"sameAs\":[\"https:\\\/\\\/www.facebook.com\\\/instituto.das.artes.imagem\",\"https:\\\/\\\/www.instagram.com\\\/iai_escola_de_artes\\\/\",\"https:\\\/\\\/www.youtube.com\\\/iaiwebmaster\"]},{\"@type\":\"WebPage\",\"@id\":\"https:\\\/\\\/iai.pt\\\/web\\\/relatorios-da-avaliacao-da-acao#webpage\",\"url\":\"https:\\\/\\\/iai.pt\\\/web\\\/relatorios-da-avaliacao-da-acao\",\"name\":\"Relat\\u00f3rios da Avalia\\u00e7\\u00e3o da A\\u00e7\\u00e3o - IAI\",\"description\":\"Relat\\u00f3rios de Desempenho Ano Letivo 2025.2026 Avalia\\u00e7\\u00e3o de A\\u00e7\\u00e3o \\u2013 Alunos Global (PDF) 10\\u00ba I\\\/A (PDF) 10\\u00ba TDE\\\/TCSD (PDF) 1\\u00ba OF-CEF (PDF) Avalia\\u00e7\\u00e3o de Satisfa\\u00e7\\u00e3o do Corpo Docente (PDF) Avalia\\u00e7\\u00e3o Medidas de Suporte \\u00e0 Educa\\u00e7\\u00e3o Inclusiva (MSAEI) \\u2013 Alunos (PDF) Avalia\\u00e7\\u00e3o Medidas de Suporte \\u00e0 Educa\\u00e7\\u00e3o Inclusiva (MSAEI) \\u2013 Encarregados de Educa\\u00e7\\u00e3o (PDF) Avalia\\u00e7\\u00e3o das\",\"inLanguage\":\"pt-PT\",\"isPartOf\":{\"@id\":\"https:\\\/\\\/iai.pt\\\/web\\\/#website\"},\"breadcrumb\":{\"@id\":\"https:\\\/\\\/iai.pt\\\/web\\\/relatorios-da-avaliacao-da-acao#breadcrumblist\"},\"datePublished\":\"2022-01-04T11:38:01+00:00\",\"dateModified\":\"2026-08-25T13:48:53+01:00\"},{\"@type\":\"WebSite\",\"@id\":\"https:\\\/\\\/iai.pt\\\/web\\\/#website\",\"url\":\"https:\\\/\\\/iai.pt\\\/web\\\/\",\"name\":\"IAI\",\"alternateName\":\"iai\",\"description\":\"Escola Art\\u00edstica\",\"inLanguage\":\"pt-PT\",\"publisher\":{\"@id\":\"https:\\\/\\\/iai.pt\\\/web\\\/#organization\"}}]}\n\t\t<\/script>\n\t\t<!-- All in One SEO -->\n\n","aioseo_head_json":{"title":"Relat\u00f3rios da Avalia\u00e7\u00e3o da A\u00e7\u00e3o - IAI","description":"Relat\u00f3rios de Desempenho Ano Letivo 2025.2026 Avalia\u00e7\u00e3o de A\u00e7\u00e3o \u2013 Alunos Global (PDF) 10\u00ba I\/A (PDF) 10\u00ba TDE\/TCSD (PDF) 1\u00ba OF-CEF (PDF) Avalia\u00e7\u00e3o de Satisfa\u00e7\u00e3o do Corpo Docente (PDF) Avalia\u00e7\u00e3o Medidas de Suporte \u00e0 Educa\u00e7\u00e3o Inclusiva (MSAEI) \u2013 Alunos (PDF) Avalia\u00e7\u00e3o Medidas de Suporte \u00e0 Educa\u00e7\u00e3o Inclusiva (MSAEI) \u2013 Encarregados de Educa\u00e7\u00e3o (PDF) Avalia\u00e7\u00e3o das","canonical_url":"https:\/\/iai.pt\/web\/relatorios-da-avaliacao-da-acao","robots":"max-image-preview:large","keywords":"","webmasterTools":{"miscellaneous":""},"schema":{"@context":"https:\/\/schema.org","@graph":[{"@type":"BreadcrumbList","@id":"https:\/\/iai.pt\/web\/relatorios-da-avaliacao-da-acao#breadcrumblist","itemListElement":[{"@type":"ListItem","@id":"https:\/\/iai.pt\/web#listItem","position":1,"name":"In\u00edcio","item":"https:\/\/iai.pt\/web","nextItem":{"@type":"ListItem","@id":"https:\/\/iai.pt\/web\/relatorios-da-avaliacao-da-acao#listItem","name":"Relat\u00f3rios da Avalia\u00e7\u00e3o da A\u00e7\u00e3o"}},{"@type":"ListItem","@id":"https:\/\/iai.pt\/web\/relatorios-da-avaliacao-da-acao#listItem","position":2,"name":"Relat\u00f3rios da Avalia\u00e7\u00e3o da A\u00e7\u00e3o","previousItem":{"@type":"ListItem","@id":"https:\/\/iai.pt\/web#listItem","name":"In\u00edcio"}}]},{"@type":"Organization","@id":"https:\/\/iai.pt\/web\/#organization","name":"Instituto das Artes e da Imagem","description":"Escola Art\u00edstica","url":"https:\/\/iai.pt\/web\/","telephone":"+351222000757","logo":{"@type":"ImageObject","url":"https:\/\/iai.pt\/web\/wp-content\/uploads\/2023\/05\/seo-logo.png","@id":"https:\/\/iai.pt\/web\/relatorios-da-avaliacao-da-acao\/#organizationLogo","width":105,"height":112},"image":{"@id":"https:\/\/iai.pt\/web\/relatorios-da-avaliacao-da-acao\/#organizationLogo"},"sameAs":["https:\/\/www.facebook.com\/instituto.das.artes.imagem","https:\/\/www.instagram.com\/iai_escola_de_artes\/","https:\/\/www.youtube.com\/iaiwebmaster"]},{"@type":"WebPage","@id":"https:\/\/iai.pt\/web\/relatorios-da-avaliacao-da-acao#webpage","url":"https:\/\/iai.pt\/web\/relatorios-da-avaliacao-da-acao","name":"Relat\u00f3rios da Avalia\u00e7\u00e3o da A\u00e7\u00e3o - IAI","description":"Relat\u00f3rios de Desempenho Ano Letivo 2025.2026 Avalia\u00e7\u00e3o de A\u00e7\u00e3o \u2013 Alunos Global (PDF) 10\u00ba I\/A (PDF) 10\u00ba TDE\/TCSD (PDF) 1\u00ba OF-CEF (PDF) Avalia\u00e7\u00e3o de Satisfa\u00e7\u00e3o do Corpo Docente (PDF) Avalia\u00e7\u00e3o Medidas de Suporte \u00e0 Educa\u00e7\u00e3o Inclusiva (MSAEI) \u2013 Alunos (PDF) Avalia\u00e7\u00e3o Medidas de Suporte \u00e0 Educa\u00e7\u00e3o Inclusiva (MSAEI) \u2013 Encarregados de Educa\u00e7\u00e3o (PDF) Avalia\u00e7\u00e3o das","inLanguage":"pt-PT","isPartOf":{"@id":"https:\/\/iai.pt\/web\/#website"},"breadcrumb":{"@id":"https:\/\/iai.pt\/web\/relatorios-da-avaliacao-da-acao#breadcrumblist"},"datePublished":"2022-01-04T11:38:01+00:00","dateModified":"2026-08-25T13:48:53+01:00"},{"@type":"WebSite","@id":"https:\/\/iai.pt\/web\/#website","url":"https:\/\/iai.pt\/web\/","name":"IAI","alternateName":"iai","description":"Escola Art\u00edstica","inLanguage":"pt-PT","publisher":{"@id":"https:\/\/iai.pt\/web\/#organization"}}]},"og:locale":"pt_PT","og:site_name":"IAI - Escola Art\u00edstica","og:type":"article","og:title":"Relat\u00f3rios da Avalia\u00e7\u00e3o da A\u00e7\u00e3o - IAI","og:description":"Relat\u00f3rios de Desempenho Ano Letivo 2025.2026 Avalia\u00e7\u00e3o de A\u00e7\u00e3o \u2013 Alunos Global (PDF) 10\u00ba I\/A (PDF) 10\u00ba TDE\/TCSD (PDF) 1\u00ba OF-CEF (PDF) Avalia\u00e7\u00e3o de Satisfa\u00e7\u00e3o do Corpo Docente (PDF) Avalia\u00e7\u00e3o Medidas de Suporte \u00e0 Educa\u00e7\u00e3o Inclusiva (MSAEI) \u2013 Alunos (PDF) Avalia\u00e7\u00e3o Medidas de Suporte \u00e0 Educa\u00e7\u00e3o Inclusiva (MSAEI) \u2013 Encarregados de Educa\u00e7\u00e3o (PDF) Avalia\u00e7\u00e3o das","og:url":"https:\/\/iai.pt\/web\/relatorios-da-avaliacao-da-acao","og:image":"https:\/\/iai.pt\/web\/wp-content\/uploads\/2023\/05\/seo-logo.png","og:image:secure_url":"https:\/\/iai.pt\/web\/wp-content\/uploads\/2023\/05\/seo-logo.png","og:image:width":105,"og:image:height":112,"article:published_time":"2022-01-04T11:38:01+00:00","article:modified_time":"2026-08-25T12:48:53+00:00","article:publisher":"https:\/\/www.facebook.com\/instituto.das.artes.imagem","twitter:card":"summary_large_image","twitter:title":"Relat\u00f3rios da Avalia\u00e7\u00e3o da A\u00e7\u00e3o - IAI","twitter:description":"Relat\u00f3rios de Desempenho Ano Letivo 2025.2026 Avalia\u00e7\u00e3o de A\u00e7\u00e3o \u2013 Alunos Global (PDF) 10\u00ba I\/A (PDF) 10\u00ba TDE\/TCSD (PDF) 1\u00ba OF-CEF (PDF) Avalia\u00e7\u00e3o de Satisfa\u00e7\u00e3o do Corpo Docente (PDF) Avalia\u00e7\u00e3o Medidas de Suporte \u00e0 Educa\u00e7\u00e3o Inclusiva (MSAEI) \u2013 Alunos (PDF) Avalia\u00e7\u00e3o Medidas de Suporte \u00e0 Educa\u00e7\u00e3o Inclusiva (MSAEI) \u2013 Encarregados de Educa\u00e7\u00e3o (PDF) Avalia\u00e7\u00e3o das","twitter:image":"https:\/\/iai.pt\/web\/wp-content\/uploads\/2023\/05\/seo-logo.png"},"aioseo_meta_data":{"post_id":"13512","title":null,"description":null,"keywords":null,"keyphrases":{"focus":{"keyphrase":"","score":0,"analysis":{"keyphraseInTitle":{"score":0,"maxScore":9,"error":1}}},"additional":[]},"primary_term":null,"canonical_url":null,"og_title":null,"og_description":null,"og_object_type":"default","og_image_type":"default","og_image_url":null,"og_image_width":null,"og_image_height":null,"og_image_custom_url":null,"og_image_custom_fields":null,"og_video":"","og_custom_url":null,"og_article_section":null,"og_article_tags":null,"twitter_use_og":false,"twitter_card":"default","twitter_image_type":"default","twitter_image_url":null,"twitter_image_custom_url":null,"twitter_image_custom_fields":null,"twitter_title":null,"twitter_description":null,"schema":{"blockGraphs":[],"customGraphs":[],"default":{"data":{"Article":[],"Course":[],"Dataset":[],"FAQPage":[],"Movie":[],"Person":[],"Product":[],"ProductReview":[],"Car":[],"Recipe":[],"Service":[],"SoftwareApplication":[],"WebPage":[]},"graphName":"WebPage","isEnabled":true},"graphs":[]},"schema_type":"default","schema_type_options":null,"pillar_content":false,"robots_default":true,"robots_noindex":false,"robots_noarchive":false,"robots_nosnippet":false,"robots_nofollow":false,"robots_noimageindex":false,"robots_noodp":false,"robots_notranslate":false,"robots_max_snippet":"-1","robots_max_videopreview":"-1","robots_max_imagepreview":"large","priority":null,"frequency":"default","local_seo":null,"breadcrumb_settings":null,"limit_modified_date":false,"ai":{"faqs":[],"keyPoints":[],"schemas":[],"titles":[],"descriptions":[],"socialPosts":{"email":[],"linkedin":[],"twitter":[],"facebook":[],"instagram":[]}},"created":"2023-05-29 09:53:24","updated":"2026-08-25 14:25:39","seo_analyzer_scan_date":null},"aioseo_breadcrumb":"<div class=\"aioseo-breadcrumbs\"><span class=\"aioseo-breadcrumb\">\n\t\t\t<a href=\"https:\/\/iai.pt\/web\" title=\"In\u00edcio\">In\u00edcio<\/a>\n\t\t<\/span><span class=\"aioseo-breadcrumb-separator\">\u00bb<\/span><span class=\"aioseo-breadcrumb\">\n\t\t\tRelat\u00f3rios da Avalia\u00e7\u00e3o da A\u00e7\u00e3o\n\t\t<\/span><\/div>","aioseo_breadcrumb_json":[{"label":"In\u00edcio","link":"https:\/\/iai.pt\/web"},{"label":"Relat\u00f3rios da Avalia\u00e7\u00e3o da A\u00e7\u00e3o","link":"https:\/\/iai.pt\/web\/relatorios-da-avaliacao-da-acao"}],"_links":{"self":[{"href":"https:\/\/iai.pt\/web\/wp-json\/wp\/v2\/pages\/13512","targetHints":{"allow":["GET"]}}],"collection":[{"href":"https:\/\/iai.pt\/web\/wp-json\/wp\/v2\/pages"}],"about":[{"href":"https:\/\/iai.pt\/web\/wp-json\/wp\/v2\/types\/page"}],"author":[{"embeddable":true,"href":"https:\/\/iai.pt\/web\/wp-json\/wp\/v2\/users\/1"}],"replies":[{"embeddable":true,"href":"https:\/\/iai.pt\/web\/wp-json\/wp\/v2\/comments?post=13512"}],"version-history":[{"count":27,"href":"https:\/\/iai.pt\/web\/wp-json\/wp\/v2\/pages\/13512\/revisions"}],"predecessor-version":[{"id":18703,"href":"https:\/\/iai.pt\/web\/wp-json\/wp\/v2\/pages\/13512\/revisions\/18703"}],"wp:attachment":[{"href":"https:\/\/iai.pt\/web\/wp-json\/wp\/v2\/media?parent=13512"}],"curies":[{"name":"wp","href":"https:\/\/api.w.org\/{rel}","templated":true}]}}