{"id":13517,"date":"2022-01-06T10:40:38","date_gmt":"2022-01-06T10:40:38","guid":{"rendered":"http:\/\/iai.pt\/web\/?page_id=13517"},"modified":"2026-08-26T12:51:27","modified_gmt":"2026-08-26T11:51:27","slug":"relatorio-anual-de-actividades","status":"publish","type":"page","link":"https:\/\/iai.pt\/web\/relatorio-anual-de-actividades","title":{"rendered":"Relat\u00f3rio Anual de Atividades"},"content":{"rendered":"<p>[et_pb_section fb_built=&#8221;1&#8243; inner_shadow=&#8221;on&#8221; fullwidth=&#8221;on&#8221; custom_padding_last_edited=&#8221;on|desktop&#8221; admin_label=&#8221;section&#8221; _builder_version=&#8221;4.16&#8243; background_color=&#8221;#0c71c3&#8243; custom_padding_tablet=&#8221;50px|0|50px|0&#8243; custom_padding_phone=&#8221;&#8221; transparent_background=&#8221;off&#8221; padding_mobile=&#8221;off&#8221; global_colors_info=&#8221;{}&#8221;][et_pb_fullwidth_header title=&#8221;Relat\u00f3rio Anual de Atividades&#8221; admin_label=&#8221;Cabe\u00e7alho de Largura Completa&#8221; _builder_version=&#8221;4.16&#8243; background_color=&#8221;rgba(255, 255, 255, 0)&#8221; max_width_tablet=&#8221;50px&#8221; global_colors_info=&#8221;{}&#8221; button_one_text_size__hover_enabled=&#8221;off&#8221; button_two_text_size__hover_enabled=&#8221;off&#8221; button_one_text_color__hover_enabled=&#8221;off&#8221; button_two_text_color__hover_enabled=&#8221;off&#8221; button_one_border_width__hover_enabled=&#8221;off&#8221; button_two_border_width__hover_enabled=&#8221;off&#8221; button_one_border_color__hover_enabled=&#8221;off&#8221; button_two_border_color__hover_enabled=&#8221;off&#8221; button_one_border_radius__hover_enabled=&#8221;off&#8221; button_two_border_radius__hover_enabled=&#8221;off&#8221; button_one_letter_spacing__hover_enabled=&#8221;off&#8221; button_two_letter_spacing__hover_enabled=&#8221;off&#8221; button_one_bg_color__hover_enabled=&#8221;off&#8221; button_two_bg_color__hover_enabled=&#8221;off&#8221;][\/et_pb_fullwidth_header][\/et_pb_section][et_pb_section fb_built=&#8221;1&#8243; _builder_version=&#8221;4.16&#8243; global_colors_info=&#8221;{}&#8221;][et_pb_row column_structure=&#8221;1_4,1_4,1_4,1_4&#8243; _builder_version=&#8221;4.16&#8243; custom_padding=&#8221;|0px||||&#8221; global_colors_info=&#8221;{}&#8221;][et_pb_column type=&#8221;1_4&#8243; _builder_version=&#8221;4.16&#8243; global_colors_info=&#8221;{}&#8221;][et_pb_accordion _builder_version=&#8221;4.27.4&#8243; _module_preset=&#8221;default&#8221; background_color=&#8221;rgba(12,113,195,0.45)&#8221; link_option_url_new_window=&#8221;on&#8221; hover_enabled=&#8221;0&#8243; global_colors_info=&#8221;{}&#8221; sticky_enabled=&#8221;0&#8243;][et_pb_accordion_item open=&#8221;on&#8221; _builder_version=&#8221;4.27.4&#8243; _module_preset=&#8221;default&#8221; link_option_url=&#8221;http:\/\/iai.pt\/web\/wp-content\/uploads\/2026\/08\/relatorio-anual_2025.2026.pdf&#8221; link_option_url_new_window=&#8221;on&#8221; hover_enabled=&#8221;0&#8243; global_colors_info=&#8221;{}&#8221; sticky_enabled=&#8221;0&#8243;]<\/p>\n<p style=\"text-align: center;\"><strong>Ano Letivo 2025.2026<\/strong><br \/>Aceder<\/p>\n<p>[\/et_pb_accordion_item][\/et_pb_accordion][et_pb_accordion _builder_version=&#8221;4.16&#8243; _module_preset=&#8221;default&#8221; background_color=&#8221;rgba(12,113,195,0.45)&#8221; link_option_url=&#8221;https:\/\/iai.pt\/web\/wp-content\/uploads\/2023\/06\/relatorio-anual_2021.2022.pdf&#8221; link_option_url_new_window=&#8221;on&#8221; global_colors_info=&#8221;{}&#8221;][et_pb_accordion_item open=&#8221;on&#8221; _builder_version=&#8221;4.16&#8243; _module_preset=&#8221;default&#8221; link_option_url=&#8221;https:\/\/iai.pt\/web\/wp-content\/uploads\/2023\/06\/relatorio-anual_2021.2022.pdf&#8221; link_option_url_new_window=&#8221;on&#8221; global_colors_info=&#8221;{}&#8221;]<\/p>\n<p style=\"text-align: center;\"><strong>Ano Letivo 2021.2022<\/strong><br \/> Aceder<\/p>\n<p>[\/et_pb_accordion_item][\/et_pb_accordion][\/et_pb_column][et_pb_column type=&#8221;1_4&#8243; _builder_version=&#8221;4.16&#8243; global_colors_info=&#8221;{}&#8221;][et_pb_accordion _builder_version=&#8221;4.27.4&#8243; _module_preset=&#8221;default&#8221; background_color=&#8221;rgba(12,113,195,0.45)&#8221; link_option_url=&#8221;https:\/\/iai.pt\/web\/wp-content\/uploads\/2026\/07\/Relatorio-Anual_2024.2025.pdf&#8221; global_colors_info=&#8221;{}&#8221;][et_pb_accordion_item open=&#8221;on&#8221; _builder_version=&#8221;4.27.4&#8243; _module_preset=&#8221;default&#8221; link_option_url=&#8221;https:\/\/iai.pt\/web\/wp-content\/uploads\/2026\/07\/Relatorio-Anual_2024.2025.pdf&#8221; link_option_url_new_window=&#8221;on&#8221; global_colors_info=&#8221;{}&#8221;]<\/p>\n<p style=\"text-align: center;\"><strong>Ano Letivo 2024<\/strong><strong>.2025<\/strong><br \/>Aceder<\/p>\n<p>[\/et_pb_accordion_item][\/et_pb_accordion][et_pb_accordion _builder_version=&#8221;4.27.4&#8243; _module_preset=&#8221;default&#8221; background_color=&#8221;rgba(12,113,195,0.45)&#8221; link_option_url=&#8221;https:\/\/iai.pt\/web\/pagina-em-manutencao&#8221; link_option_url_new_window=&#8221;on&#8221; global_colors_info=&#8221;{}&#8221;][et_pb_accordion_item open=&#8221;on&#8221; _builder_version=&#8221;4.27.4&#8243; _module_preset=&#8221;default&#8221; link_option_url=&#8221;https:\/\/iai.pt\/web\/pagina-em-manutencao&#8221; link_option_url_new_window=&#8221;on&#8221; global_colors_info=&#8221;{}&#8221;]<\/p>\n<p style=\"text-align: center;\"><strong>Ano Letivo 2020.2021<\/strong><br \/>Aceder<\/p>\n<p>[\/et_pb_accordion_item][\/et_pb_accordion][\/et_pb_column][et_pb_column type=&#8221;1_4&#8243; _builder_version=&#8221;4.16&#8243; global_colors_info=&#8221;{}&#8221;][et_pb_accordion _builder_version=&#8221;4.27.4&#8243; _module_preset=&#8221;default&#8221; background_color=&#8221;rgba(12,113,195,0.45)&#8221; link_option_url=&#8221;https:\/\/iai.pt\/web\/wp-content\/uploads\/2026\/07\/Relatorio-Anual_2023_2024.pdf&#8221; link_option_url_new_window=&#8221;on&#8221; global_colors_info=&#8221;{}&#8221;][et_pb_accordion_item open=&#8221;on&#8221; _builder_version=&#8221;4.27.4&#8243; _module_preset=&#8221;default&#8221; link_option_url=&#8221;https:\/\/iai.pt\/web\/wp-content\/uploads\/2026\/07\/Relatorio-Anual_2023_2024.pdf&#8221; link_option_url_new_window=&#8221;on&#8221; global_colors_info=&#8221;{}&#8221;]<\/p>\n<p style=\"text-align: center;\"><strong>Ano Letivo 2023.2024<\/strong><br \/>Aceder<\/p>\n<p>[\/et_pb_accordion_item][\/et_pb_accordion][et_pb_accordion _builder_version=&#8221;4.16&#8243; _module_preset=&#8221;default&#8221; background_color=&#8221;rgba(12,113,195,0.45)&#8221; link_option_url=&#8221;https:\/\/iai.pt\/web\/wp-content\/uploads\/2023\/06\/relatorio-anual_2019.2020-.pdf&#8221; link_option_url_new_window=&#8221;on&#8221; global_colors_info=&#8221;{}&#8221;][et_pb_accordion_item open=&#8221;on&#8221; _builder_version=&#8221;4.16&#8243; _module_preset=&#8221;default&#8221; link_option_url=&#8221;https:\/\/iai.pt\/web\/wp-content\/uploads\/2023\/06\/relatorio-anual_2019.2020-.pdf&#8221; link_option_url_new_window=&#8221;on&#8221; global_colors_info=&#8221;{}&#8221;]<\/p>\n<p style=\"text-align: center;\"><strong>Ano Letivo 2019.2020<\/strong><br \/> Aceder<\/p>\n<p>[\/et_pb_accordion_item][\/et_pb_accordion][\/et_pb_column][et_pb_column type=&#8221;1_4&#8243; _builder_version=&#8221;4.16&#8243; global_colors_info=&#8221;{}&#8221;][et_pb_accordion _builder_version=&#8221;4.27.4&#8243; _module_preset=&#8221;default&#8221; background_color=&#8221;rgba(12,113,195,0.45)&#8221; link_option_url=&#8221;https:\/\/iai.pt\/web\/wp-content\/uploads\/2026\/07\/Relatorio-Anual_2022_2023.pdf&#8221; global_colors_info=&#8221;{}&#8221;][et_pb_accordion_item open=&#8221;on&#8221; _builder_version=&#8221;4.27.4&#8243; _module_preset=&#8221;default&#8221; link_option_url=&#8221;https:\/\/iai.pt\/web\/wp-content\/uploads\/2026\/07\/Relatorio-Anual_2022_2023.pdf&#8221; link_option_url_new_window=&#8221;on&#8221; global_colors_info=&#8221;{}&#8221;]<\/p>\n<p style=\"text-align: center;\"><strong>Ano Letivo 2022.2023<\/strong><br \/>Aceder<\/p>\n<p>[\/et_pb_accordion_item][\/et_pb_accordion][et_pb_accordion _builder_version=&#8221;4.16&#8243; _module_preset=&#8221;default&#8221; background_color=&#8221;rgba(12,113,195,0.45)&#8221; link_option_url=&#8221;http:\/\/www.iai.pt\/download\/relatorioPlanoAnual.pdf&#8221; link_option_url_new_window=&#8221;on&#8221; global_colors_info=&#8221;{}&#8221;][et_pb_accordion_item open=&#8221;on&#8221; _builder_version=&#8221;4.16&#8243; _module_preset=&#8221;default&#8221; link_option_url=&#8221;http:\/\/www.iai.pt\/download\/relatorioPlanoAnual.pdf&#8221; link_option_url_new_window=&#8221;on&#8221; global_colors_info=&#8221;{}&#8221;]<\/p>\n<p style=\"text-align: center;\"><strong>Ano Letivo 2018.2019<\/strong><br \/> Aceder<\/p>\n<p>[\/et_pb_accordion_item][\/et_pb_accordion][\/et_pb_column][\/et_pb_row][\/et_pb_section]<\/p>\n","protected":false},"excerpt":{"rendered":"<p>Ano Letivo 2025.2026AcederAno Letivo 2021.2022 AcederAno Letivo 2024.2025AcederAno Letivo 2020.2021AcederAno Letivo 2023.2024AcederAno Letivo 2019.2020 AcederAno Letivo 2022.2023AcederAno Letivo 2018.2019 Aceder<\/p>\n","protected":false},"author":1,"featured_media":0,"parent":0,"menu_order":0,"comment_status":"closed","ping_status":"closed","template":"","meta":{"_et_pb_use_builder":"on","_et_pb_old_content":"","_et_gb_content_width":"","footnotes":"","_members_access_role":[],"_members_access_error":""},"class_list":["post-13517","page","type-page","status-publish","hentry"],"aioseo_notices":[],"aioseo_head":"\n\t\t<!-- All in One SEO 4.9.10 - aioseo.com -->\n\t<meta name=\"description\" content=\"Relat\u00f3rio Anual de Atividades Ano Letivo 2025.2026Aceder Ano Letivo 2021.2022 Aceder Ano Letivo 2024.2025Aceder Ano Letivo 2020.2021Aceder Ano Letivo 2023.2024Aceder Ano Letivo 2019.2020 Aceder Ano Letivo 2022.2023Aceder Ano Letivo 2018.2019 Aceder\" \/>\n\t<meta name=\"robots\" content=\"max-image-preview:large\" \/>\n\t<link rel=\"canonical\" href=\"https:\/\/iai.pt\/web\/relatorio-anual-de-actividades\" \/>\n\t<meta name=\"generator\" content=\"All in One SEO (AIOSEO) 4.9.10\" \/>\n\t\t<meta property=\"og:locale\" content=\"pt_PT\" \/>\n\t\t<meta property=\"og:site_name\" content=\"IAI - Escola Art\u00edstica\" \/>\n\t\t<meta property=\"og:type\" content=\"article\" \/>\n\t\t<meta property=\"og:title\" content=\"Relat\u00f3rio Anual de Atividades - IAI\" \/>\n\t\t<meta property=\"og:description\" content=\"Relat\u00f3rio Anual de Atividades Ano Letivo 2025.2026Aceder Ano Letivo 2021.2022 Aceder Ano Letivo 2024.2025Aceder Ano Letivo 2020.2021Aceder Ano Letivo 2023.2024Aceder Ano Letivo 2019.2020 Aceder Ano Letivo 2022.2023Aceder Ano Letivo 2018.2019 Aceder\" \/>\n\t\t<meta property=\"og:url\" content=\"https:\/\/iai.pt\/web\/relatorio-anual-de-actividades\" \/>\n\t\t<meta property=\"og:image\" content=\"https:\/\/iai.pt\/web\/wp-content\/uploads\/2023\/05\/seo-logo.png\" \/>\n\t\t<meta property=\"og:image:secure_url\" content=\"https:\/\/iai.pt\/web\/wp-content\/uploads\/2023\/05\/seo-logo.png\" \/>\n\t\t<meta property=\"og:image:width\" content=\"105\" \/>\n\t\t<meta property=\"og:image:height\" content=\"112\" \/>\n\t\t<meta property=\"article:published_time\" content=\"2022-01-06T10:40:38+00:00\" \/>\n\t\t<meta property=\"article:modified_time\" content=\"2026-08-26T11:51:27+00:00\" \/>\n\t\t<meta property=\"article:publisher\" content=\"https:\/\/www.facebook.com\/instituto.das.artes.imagem\" \/>\n\t\t<meta name=\"twitter:card\" content=\"summary_large_image\" \/>\n\t\t<meta name=\"twitter:title\" content=\"Relat\u00f3rio Anual de Atividades - IAI\" \/>\n\t\t<meta name=\"twitter:description\" content=\"Relat\u00f3rio Anual de Atividades Ano Letivo 2025.2026Aceder Ano Letivo 2021.2022 Aceder Ano Letivo 2024.2025Aceder Ano Letivo 2020.2021Aceder Ano Letivo 2023.2024Aceder Ano Letivo 2019.2020 Aceder Ano Letivo 2022.2023Aceder Ano Letivo 2018.2019 Aceder\" \/>\n\t\t<meta name=\"twitter:image\" content=\"https:\/\/iai.pt\/web\/wp-content\/uploads\/2023\/05\/seo-logo.png\" \/>\n\t\t<script type=\"application\/ld+json\" class=\"aioseo-schema\">\n\t\t\t{\"@context\":\"https:\\\/\\\/schema.org\",\"@graph\":[{\"@type\":\"BreadcrumbList\",\"@id\":\"https:\\\/\\\/iai.pt\\\/web\\\/relatorio-anual-de-actividades#breadcrumblist\",\"itemListElement\":[{\"@type\":\"ListItem\",\"@id\":\"https:\\\/\\\/iai.pt\\\/web#listItem\",\"position\":1,\"name\":\"In\\u00edcio\",\"item\":\"https:\\\/\\\/iai.pt\\\/web\",\"nextItem\":{\"@type\":\"ListItem\",\"@id\":\"https:\\\/\\\/iai.pt\\\/web\\\/relatorio-anual-de-actividades#listItem\",\"name\":\"Relat\\u00f3rio Anual de Atividades\"}},{\"@type\":\"ListItem\",\"@id\":\"https:\\\/\\\/iai.pt\\\/web\\\/relatorio-anual-de-actividades#listItem\",\"position\":2,\"name\":\"Relat\\u00f3rio Anual de Atividades\",\"previousItem\":{\"@type\":\"ListItem\",\"@id\":\"https:\\\/\\\/iai.pt\\\/web#listItem\",\"name\":\"In\\u00edcio\"}}]},{\"@type\":\"Organization\",\"@id\":\"https:\\\/\\\/iai.pt\\\/web\\\/#organization\",\"name\":\"Instituto das Artes e da Imagem\",\"description\":\"Escola Art\\u00edstica\",\"url\":\"https:\\\/\\\/iai.pt\\\/web\\\/\",\"telephone\":\"+351222000757\",\"logo\":{\"@type\":\"ImageObject\",\"url\":\"https:\\\/\\\/iai.pt\\\/web\\\/wp-content\\\/uploads\\\/2023\\\/05\\\/seo-logo.png\",\"@id\":\"https:\\\/\\\/iai.pt\\\/web\\\/relatorio-anual-de-actividades\\\/#organizationLogo\",\"width\":105,\"height\":112},\"image\":{\"@id\":\"https:\\\/\\\/iai.pt\\\/web\\\/relatorio-anual-de-actividades\\\/#organizationLogo\"},\"sameAs\":[\"https:\\\/\\\/www.facebook.com\\\/instituto.das.artes.imagem\",\"https:\\\/\\\/www.instagram.com\\\/iai_escola_de_artes\\\/\",\"https:\\\/\\\/www.youtube.com\\\/iaiwebmaster\"]},{\"@type\":\"WebPage\",\"@id\":\"https:\\\/\\\/iai.pt\\\/web\\\/relatorio-anual-de-actividades#webpage\",\"url\":\"https:\\\/\\\/iai.pt\\\/web\\\/relatorio-anual-de-actividades\",\"name\":\"Relat\\u00f3rio Anual de Atividades - IAI\",\"description\":\"Relat\\u00f3rio Anual de Atividades Ano Letivo 2025.2026Aceder Ano Letivo 2021.2022 Aceder Ano Letivo 2024.2025Aceder Ano Letivo 2020.2021Aceder Ano Letivo 2023.2024Aceder Ano Letivo 2019.2020 Aceder Ano Letivo 2022.2023Aceder Ano Letivo 2018.2019 Aceder\",\"inLanguage\":\"pt-PT\",\"isPartOf\":{\"@id\":\"https:\\\/\\\/iai.pt\\\/web\\\/#website\"},\"breadcrumb\":{\"@id\":\"https:\\\/\\\/iai.pt\\\/web\\\/relatorio-anual-de-actividades#breadcrumblist\"},\"datePublished\":\"2022-01-06T10:40:38+00:00\",\"dateModified\":\"2026-08-26T12:51:27+01:00\"},{\"@type\":\"WebSite\",\"@id\":\"https:\\\/\\\/iai.pt\\\/web\\\/#website\",\"url\":\"https:\\\/\\\/iai.pt\\\/web\\\/\",\"name\":\"IAI\",\"alternateName\":\"iai\",\"description\":\"Escola Art\\u00edstica\",\"inLanguage\":\"pt-PT\",\"publisher\":{\"@id\":\"https:\\\/\\\/iai.pt\\\/web\\\/#organization\"}}]}\n\t\t<\/script>\n\t\t<!-- All in One SEO -->\n\n","aioseo_head_json":{"title":"Relat\u00f3rio Anual de Atividades - IAI","description":"Relat\u00f3rio Anual de Atividades Ano Letivo 2025.2026Aceder Ano Letivo 2021.2022 Aceder Ano Letivo 2024.2025Aceder Ano Letivo 2020.2021Aceder Ano Letivo 2023.2024Aceder Ano Letivo 2019.2020 Aceder Ano Letivo 2022.2023Aceder Ano Letivo 2018.2019 Aceder","canonical_url":"https:\/\/iai.pt\/web\/relatorio-anual-de-actividades","robots":"max-image-preview:large","keywords":"","webmasterTools":{"miscellaneous":""},"schema":{"@context":"https:\/\/schema.org","@graph":[{"@type":"BreadcrumbList","@id":"https:\/\/iai.pt\/web\/relatorio-anual-de-actividades#breadcrumblist","itemListElement":[{"@type":"ListItem","@id":"https:\/\/iai.pt\/web#listItem","position":1,"name":"In\u00edcio","item":"https:\/\/iai.pt\/web","nextItem":{"@type":"ListItem","@id":"https:\/\/iai.pt\/web\/relatorio-anual-de-actividades#listItem","name":"Relat\u00f3rio Anual de Atividades"}},{"@type":"ListItem","@id":"https:\/\/iai.pt\/web\/relatorio-anual-de-actividades#listItem","position":2,"name":"Relat\u00f3rio Anual de Atividades","previousItem":{"@type":"ListItem","@id":"https:\/\/iai.pt\/web#listItem","name":"In\u00edcio"}}]},{"@type":"Organization","@id":"https:\/\/iai.pt\/web\/#organization","name":"Instituto das Artes e da Imagem","description":"Escola Art\u00edstica","url":"https:\/\/iai.pt\/web\/","telephone":"+351222000757","logo":{"@type":"ImageObject","url":"https:\/\/iai.pt\/web\/wp-content\/uploads\/2023\/05\/seo-logo.png","@id":"https:\/\/iai.pt\/web\/relatorio-anual-de-actividades\/#organizationLogo","width":105,"height":112},"image":{"@id":"https:\/\/iai.pt\/web\/relatorio-anual-de-actividades\/#organizationLogo"},"sameAs":["https:\/\/www.facebook.com\/instituto.das.artes.imagem","https:\/\/www.instagram.com\/iai_escola_de_artes\/","https:\/\/www.youtube.com\/iaiwebmaster"]},{"@type":"WebPage","@id":"https:\/\/iai.pt\/web\/relatorio-anual-de-actividades#webpage","url":"https:\/\/iai.pt\/web\/relatorio-anual-de-actividades","name":"Relat\u00f3rio Anual de Atividades - IAI","description":"Relat\u00f3rio Anual de Atividades Ano Letivo 2025.2026Aceder Ano Letivo 2021.2022 Aceder Ano Letivo 2024.2025Aceder Ano Letivo 2020.2021Aceder Ano Letivo 2023.2024Aceder Ano Letivo 2019.2020 Aceder Ano Letivo 2022.2023Aceder Ano Letivo 2018.2019 Aceder","inLanguage":"pt-PT","isPartOf":{"@id":"https:\/\/iai.pt\/web\/#website"},"breadcrumb":{"@id":"https:\/\/iai.pt\/web\/relatorio-anual-de-actividades#breadcrumblist"},"datePublished":"2022-01-06T10:40:38+00:00","dateModified":"2026-08-26T12:51:27+01:00"},{"@type":"WebSite","@id":"https:\/\/iai.pt\/web\/#website","url":"https:\/\/iai.pt\/web\/","name":"IAI","alternateName":"iai","description":"Escola Art\u00edstica","inLanguage":"pt-PT","publisher":{"@id":"https:\/\/iai.pt\/web\/#organization"}}]},"og:locale":"pt_PT","og:site_name":"IAI - Escola Art\u00edstica","og:type":"article","og:title":"Relat\u00f3rio Anual de Atividades - IAI","og:description":"Relat\u00f3rio Anual de Atividades Ano Letivo 2025.2026Aceder Ano Letivo 2021.2022 Aceder Ano Letivo 2024.2025Aceder Ano Letivo 2020.2021Aceder Ano Letivo 2023.2024Aceder Ano Letivo 2019.2020 Aceder Ano Letivo 2022.2023Aceder Ano Letivo 2018.2019 Aceder","og:url":"https:\/\/iai.pt\/web\/relatorio-anual-de-actividades","og:image":"https:\/\/iai.pt\/web\/wp-content\/uploads\/2023\/05\/seo-logo.png","og:image:secure_url":"https:\/\/iai.pt\/web\/wp-content\/uploads\/2023\/05\/seo-logo.png","og:image:width":105,"og:image:height":112,"article:published_time":"2022-01-06T10:40:38+00:00","article:modified_time":"2026-08-26T11:51:27+00:00","article:publisher":"https:\/\/www.facebook.com\/instituto.das.artes.imagem","twitter:card":"summary_large_image","twitter:title":"Relat\u00f3rio Anual de Atividades - IAI","twitter:description":"Relat\u00f3rio Anual de Atividades Ano Letivo 2025.2026Aceder Ano Letivo 2021.2022 Aceder Ano Letivo 2024.2025Aceder Ano Letivo 2020.2021Aceder Ano Letivo 2023.2024Aceder Ano Letivo 2019.2020 Aceder Ano Letivo 2022.2023Aceder Ano Letivo 2018.2019 Aceder","twitter:image":"https:\/\/iai.pt\/web\/wp-content\/uploads\/2023\/05\/seo-logo.png"},"aioseo_meta_data":{"post_id":"13517","title":null,"description":null,"keywords":null,"keyphrases":{"focus":{"keyphrase":"","score":0,"analysis":{"keyphraseInTitle":{"score":0,"maxScore":9,"error":1}}},"additional":[]},"primary_term":null,"canonical_url":null,"og_title":null,"og_description":null,"og_object_type":"default","og_image_type":"default","og_image_url":null,"og_image_width":null,"og_image_height":null,"og_image_custom_url":null,"og_image_custom_fields":null,"og_video":"","og_custom_url":null,"og_article_section":null,"og_article_tags":null,"twitter_use_og":false,"twitter_card":"default","twitter_image_type":"default","twitter_image_url":null,"twitter_image_custom_url":null,"twitter_image_custom_fields":null,"twitter_title":null,"twitter_description":null,"schema":{"blockGraphs":[],"customGraphs":[],"default":{"data":{"Article":[],"Course":[],"Dataset":[],"FAQPage":[],"Movie":[],"Person":[],"Product":[],"ProductReview":[],"Car":[],"Recipe":[],"Service":[],"SoftwareApplication":[],"WebPage":[]},"graphName":"WebPage","isEnabled":true},"graphs":[]},"schema_type":"default","schema_type_options":null,"pillar_content":false,"robots_default":true,"robots_noindex":false,"robots_noarchive":false,"robots_nosnippet":false,"robots_nofollow":false,"robots_noimageindex":false,"robots_noodp":false,"robots_notranslate":false,"robots_max_snippet":"-1","robots_max_videopreview":"-1","robots_max_imagepreview":"large","priority":null,"frequency":"default","local_seo":null,"breadcrumb_settings":null,"limit_modified_date":false,"ai":{"faqs":[],"keyPoints":[],"schemas":[],"titles":[],"descriptions":[],"socialPosts":{"email":[],"linkedin":[],"twitter":[],"facebook":[],"instagram":[]}},"created":"2023-05-29 09:53:24","updated":"2026-08-26 11:52:38","seo_analyzer_scan_date":null},"aioseo_breadcrumb":"<div class=\"aioseo-breadcrumbs\"><span class=\"aioseo-breadcrumb\">\n\t\t\t<a href=\"https:\/\/iai.pt\/web\" title=\"In\u00edcio\">In\u00edcio<\/a>\n\t\t<\/span><span class=\"aioseo-breadcrumb-separator\">\u00bb<\/span><span class=\"aioseo-breadcrumb\">\n\t\t\tRelat\u00f3rio Anual de Atividades\n\t\t<\/span><\/div>","aioseo_breadcrumb_json":[{"label":"In\u00edcio","link":"https:\/\/iai.pt\/web"},{"label":"Relat\u00f3rio Anual de Atividades","link":"https:\/\/iai.pt\/web\/relatorio-anual-de-actividades"}],"_links":{"self":[{"href":"https:\/\/iai.pt\/web\/wp-json\/wp\/v2\/pages\/13517","targetHints":{"allow":["GET"]}}],"collection":[{"href":"https:\/\/iai.pt\/web\/wp-json\/wp\/v2\/pages"}],"about":[{"href":"https:\/\/iai.pt\/web\/wp-json\/wp\/v2\/types\/page"}],"author":[{"embeddable":true,"href":"https:\/\/iai.pt\/web\/wp-json\/wp\/v2\/users\/1"}],"replies":[{"embeddable":true,"href":"https:\/\/iai.pt\/web\/wp-json\/wp\/v2\/comments?post=13517"}],"version-history":[{"count":7,"href":"https:\/\/iai.pt\/web\/wp-json\/wp\/v2\/pages\/13517\/revisions"}],"predecessor-version":[{"id":18780,"href":"https:\/\/iai.pt\/web\/wp-json\/wp\/v2\/pages\/13517\/revisions\/18780"}],"wp:attachment":[{"href":"https:\/\/iai.pt\/web\/wp-json\/wp\/v2\/media?parent=13517"}],"curies":[{"name":"wp","href":"https:\/\/api.w.org\/{rel}","templated":true}]}}