{"id":15355,"date":"2024-04-09T10:54:18","date_gmt":"2024-04-09T09:54:18","guid":{"rendered":"https:\/\/iai.pt\/web\/?page_id=15355"},"modified":"2024-04-09T11:05:05","modified_gmt":"2024-04-09T10:05:05","slug":"erasmus-2023","status":"publish","type":"page","link":"https:\/\/iai.pt\/web\/erasmus-2023","title":{"rendered":"Erasmus+ 2023"},"content":{"rendered":"<p>[et_pb_section fb_built=&#8221;1&#8243; admin_label=&#8221;section&#8221; _builder_version=&#8221;4.16&#8243; custom_padding=&#8221;65px|50px|0px|0px||&#8221; global_colors_info=&#8221;{}&#8221;][et_pb_row column_structure=&#8221;3_5,2_5&#8243; admin_label=&#8221;row&#8221; _builder_version=&#8221;4.16&#8243; background_size=&#8221;initial&#8221; background_position=&#8221;top_left&#8221; background_repeat=&#8221;repeat&#8221; custom_margin=&#8221;|auto||60px||&#8221; global_colors_info=&#8221;{}&#8221;][et_pb_column type=&#8221;3_5&#8243; _builder_version=&#8221;4.16&#8243; custom_padding=&#8221;|||&#8221; global_colors_info=&#8221;{}&#8221; custom_padding__hover=&#8221;|||&#8221;][et_pb_text admin_label=&#8221;Texto&#8221; _builder_version=&#8221;4.16&#8243; background_size=&#8221;initial&#8221; background_position=&#8221;top_left&#8221; background_repeat=&#8221;repeat&#8221; custom_padding=&#8221;|51px||0px||&#8221; use_border_color=&#8221;off&#8221; border_color=&#8221;#ffffff&#8221; border_style=&#8221;solid&#8221; global_colors_info=&#8221;{}&#8221;]<\/p>\n<h2>ERASMUS+ 2023<\/h2>\n<p><span style=\"font-size: 14px;\">O Programa Erasmus+ destina-se a apoiar atividades de educa\u00e7\u00e3o, forma\u00e7\u00e3o, juventude e desporto em todos os setores da aprendizagem ao longo da vida, com o objetivo de potenciar o desenvolvimento pessoal e profissional de todos os cidad\u00e3os, para o refor\u00e7o da identidade europeia, do crescimento sustent\u00e1vel, da coes\u00e3o social e da empregabilidade das pessoas.<\/span><\/p>\n<p><strong>A\u00e7\u00e3o 1: A mobilidade individual para fins de aprendizagem<\/strong><br \/><span style=\"font-size: 14px;\"><\/span><\/p>\n<p><span style=\"font-weight: 400;\">A mobilidade individual para fins de aprendizagem permite aos participantes viajar para outro pa\u00eds da Uni\u00e3o Europeia a fim de estudar, trabalhar, ensinar, fazer forma\u00e7\u00e3o e desenvolver compet\u00eancias profissionais. Para al\u00e9m de melhorarem a sua empregabilidade, os participantes poder\u00e3o tamb\u00e9m adquirir uma nova consci\u00eancia cultural.<\/span><\/p>\n<p><span style=\"font-size: 14px;\"><\/span><\/p>\n<p>[\/et_pb_text][\/et_pb_column][et_pb_column type=&#8221;2_5&#8243; _builder_version=&#8221;4.16&#8243; custom_padding=&#8221;|||&#8221; global_colors_info=&#8221;{}&#8221; custom_padding__hover=&#8221;|||&#8221;][et_pb_image src=&#8221;https:\/\/iai.pt\/web\/wp-content\/uploads\/2023\/05\/logo_erasmus-completo.png&#8221; title_text=&#8221;logo_erasmus-completo&#8221; align=&#8221;center&#8221; _builder_version=&#8221;4.16&#8243; _module_preset=&#8221;default&#8221; module_alignment=&#8221;center&#8221; custom_padding=&#8221;||0px|||&#8221; global_colors_info=&#8221;{}&#8221;][\/et_pb_image][et_pb_button button_url=&#8221;https:\/\/www.erasmusmais.pt\/&#8221; button_text=&#8221;Erasmus+ Site Oficial&#8221; button_alignment=&#8221;center&#8221; _builder_version=&#8221;4.23.4&#8243; _module_preset=&#8221;default&#8221; custom_margin=&#8221;|||0px||&#8221; custom_padding=&#8221;||0px|||&#8221; hover_enabled=&#8221;0&#8243; global_colors_info=&#8221;{}&#8221; sticky_enabled=&#8221;0&#8243;][\/et_pb_button][et_pb_image src=&#8221;https:\/\/iai.pt\/web\/wp-content\/uploads\/2024\/01\/Plano-de-Desenvolvimento-Eramus-scaled.jpg&#8221; title_text=&#8221;Plano-de-Desenvolvimento-Eramus&#8221; url=&#8221;https:\/\/iai.pt\/web\/wp-content\/uploads\/2024\/01\/Plano-de-Desenvolvimento-Eramus_merged-compressed.pdf&#8221; align=&#8221;center&#8221; _builder_version=&#8221;4.23.4&#8243; _module_preset=&#8221;default&#8221; max_width=&#8221;68%&#8221; global_colors_info=&#8221;{}&#8221;][\/et_pb_image][\/et_pb_column][\/et_pb_row][\/et_pb_section][et_pb_section fb_built=&#8221;1&#8243; theme_builder_area=&#8221;post_content&#8221; _builder_version=&#8221;4.23.4&#8243; _module_preset=&#8221;default&#8221;][et_pb_row _builder_version=&#8221;4.23.4&#8243; _module_preset=&#8221;default&#8221; theme_builder_area=&#8221;post_content&#8221;][et_pb_column _builder_version=&#8221;4.23.4&#8243; _module_preset=&#8221;default&#8221; type=&#8221;4_4&#8243; theme_builder_area=&#8221;post_content&#8221;][et_pb_button button_text=&#8221;Voltar&#8221; _builder_version=&#8221;4.23.4&#8243; _module_preset=&#8221;default&#8221; theme_builder_area=&#8221;post_content&#8221; button_url=&#8221;https:\/\/iai.pt\/web\/erasmus-iai&#8221; hover_enabled=&#8221;0&#8243; sticky_enabled=&#8221;0&#8243;][\/et_pb_button][\/et_pb_column][\/et_pb_row][\/et_pb_section][et_pb_section fb_built=&#8221;1&#8243; admin_label=&#8221;section&#8221; _builder_version=&#8221;4.16&#8243; min_height=&#8221;3494px&#8221; custom_padding=&#8221;3px|||||&#8221; global_colors_info=&#8221;{}&#8221;][et_pb_row admin_label=&#8221;row&#8221; _builder_version=&#8221;4.16&#8243; background_size=&#8221;initial&#8221; background_position=&#8221;top_left&#8221; background_repeat=&#8221;repeat&#8221; global_colors_info=&#8221;{}&#8221;][et_pb_column type=&#8221;4_4&#8243; _builder_version=&#8221;4.16&#8243; custom_padding=&#8221;|||&#8221; global_colors_info=&#8221;{}&#8221; custom_padding__hover=&#8221;|||&#8221;][et_pb_text admin_label=&#8221;Texto&#8221; _builder_version=&#8221;4.16&#8243; background_size=&#8221;initial&#8221; background_position=&#8221;top_left&#8221; background_repeat=&#8221;repeat&#8221; min_height=&#8221;701px&#8221; custom_margin=&#8221;0px|2px||||&#8221; custom_padding=&#8221;7px|0px||||&#8221; use_border_color=&#8221;off&#8221; border_color=&#8221;#ffffff&#8221; border_style=&#8221;solid&#8221; global_colors_info=&#8221;{}&#8221;]<\/p>\n<h2><b>Apresenta\u00e7\u00e3o de Projetos, Inscri\u00e7\u00f5es e Sele\u00e7\u00e3o<\/b><\/h2>\n<p><strong>2022\/2023<\/strong><span style=\"font-weight: 400;\"><\/span><\/p>\n<p><span style=\"font-weight: 400;\">O Projeto <\/span><span style=\"font-weight: 400;\">European Skills 2 &#8211; <\/span><span style=\"font-weight: 400;\">2020-1-PT01-KA102-078239 insere-se nas a\u00e7\u00f5es <\/span><span style=\"font-weight: 400;\">KA1 &#8211; Mobilidade Individual para fins de Aprendizagem e tem como finalidade\u00a0 permitir aos <\/span><span style=\"font-weight: 400;\">participantes viajar para It\u00e1lia ou Malta, a fim de realizar um est\u00e1gio, com a dura\u00e7\u00e3o de dois meses, em empresas afins \u00e0 \u00e1rea de forma\u00e7\u00e3o do curso que frequentam no IAI e, dessa forma possam:<\/span><\/p>\n<ul>\n<li style=\"font-weight: 400;\" aria-level=\"1\"><span style=\"font-weight: 400;\">Contactar com o mercado de trabalho e melhorar as oportunidades de empregabilidade;<\/span><\/li>\n<li style=\"font-weight: 400;\" aria-level=\"1\"><span style=\"font-weight: 400;\">Melhorar as compet\u00eancias t\u00e9cnicas e pr\u00e1ticas das \u00e1reas afins do curso frequentado no IAI;\u00a0<\/span><\/li>\n<li style=\"font-weight: 400;\" aria-level=\"1\"><span style=\"font-weight: 400;\">Tornar compreens\u00edvel a import\u00e2ncia e a din\u00e2mica do conceito de &#8216;saber-fazer&#8217; e dos sistemas de inova\u00e7\u00e3o digital;<\/span><\/li>\n<li style=\"font-weight: 400;\" aria-level=\"1\"><span style=\"font-weight: 400;\">Refor\u00e7ar a forma\u00e7\u00e3o pr\u00e1tica dos perfis profissionais;<\/span><\/li>\n<li style=\"font-weight: 400;\" aria-level=\"1\"><span style=\"font-weight: 400;\">Potenciar o conhecimento do mercado de trabalho, designadamente no contexto europeu.<\/span><\/li>\n<\/ul>\n<p><span style=\"font-weight: 400;\">Paralelamente ao est\u00e1gio pretende-se que os alunos participantes tenham a possibilidade de:<\/span><\/p>\n<ul>\n<li style=\"font-weight: 400;\" aria-level=\"1\"><span style=\"font-weight: 400;\">Conhecer a realidade cultural, art\u00edstica e hist\u00f3ria dos pa\u00edses de destino, alargando assim os seus horizontes e conhecimentos;\u00a0<\/span><\/li>\n<li style=\"font-weight: 400;\" aria-level=\"1\"><span style=\"font-weight: 400;\">Aprimorar a forma\u00e7\u00e3o transversal ao n\u00edvel dos valores, da cidadania e da intera\u00e7\u00e3o e coopera\u00e7\u00e3o humana e social;<\/span><\/li>\n<li style=\"font-weight: 400;\" aria-level=\"1\"><span style=\"font-weight: 400;\">Refor\u00e7ar as compet\u00eancias lingu\u00edsticas e comunicacionais;<\/span><\/li>\n<li style=\"font-weight: 400;\" aria-level=\"1\"><span style=\"font-weight: 400;\">Aprender a gerir situa\u00e7\u00f5es quotidianas e, por essa via, se tornem mais aut\u00f3nomos, respons\u00e1veis e cooperativos.<\/span><\/li>\n<\/ul>\n<p><b>PARTICIPANTES<\/b><\/p>\n<p><span style=\"font-weight: 400;\">Euro.Skills 2 dirige-se a 20 participantes do ensino secund\u00e1rio.<\/span><\/p>\n<p><b>SELE\u00c7\u00c3O<\/b><\/p>\n<ul>\n<li style=\"font-weight: 400;\" aria-level=\"1\"><span style=\"font-weight: 400;\">Os alunos preenchem o question\u00e1rio disponibilizado online, manifestando o seu interesse. <\/span><b>Clique aqui: <\/b><span style=\"font-weight: 400;\"><a href=\"https:\/\/forms.gle\/GNGqnAVVZLaHvmYL9\">https:\/\/forms.gle\/GNGqnAVVZLaHvmYL9<\/a>\u00a0;<\/span><\/li>\n<li style=\"font-weight: 400;\" aria-level=\"1\"><span style=\"font-weight: 400;\">Os alunos e respectivos encarregados de educa\u00e7\u00e3o participam nas sess\u00f5es informativas;<\/span><\/li>\n<li style=\"font-weight: 400;\" aria-level=\"1\"><span style=\"font-weight: 400;\">Analisadas as manifesta\u00e7\u00f5es de interesse\u00a0 e inscri\u00e7\u00f5es \u00e9 efetuada a an\u00e1lise, tendo por base os crit\u00e9rios de sele\u00e7\u00e3o, de cada um dos candidatos a fim de publicar a lista de selecionados.\u00a0<\/span><\/li>\n<\/ul>\n<p><i><span style=\"font-weight: 400;\">Para informa\u00e7\u00f5es complementares consultar o Regulamento de Projetos Erasmus.<\/span><\/i><\/p>\n<ul><\/ul>\n<p>[\/et_pb_text][et_pb_button button_url=&#8221;https:\/\/iai.pt\/web\/wp-content\/uploads\/2023\/05\/listagem-alunos-selecionados_erasmus2022.2023.pdf&#8221; button_text=&#8221;Alunos Selecionados &#8211; Projeto European Skills 2 &#8211; 2020-1-PT01-KA102-078239&#8243; _builder_version=&#8221;4.16&#8243; _module_preset=&#8221;default&#8221; global_colors_info=&#8221;{}&#8221;][\/et_pb_button][\/et_pb_column][\/et_pb_row][et_pb_row _builder_version=&#8221;4.16&#8243; _module_preset=&#8221;default&#8221; custom_padding=&#8221;24px|||||&#8221; global_colors_info=&#8221;{}&#8221;][et_pb_column type=&#8221;4_4&#8243; _builder_version=&#8221;4.16&#8243; _module_preset=&#8221;default&#8221; global_colors_info=&#8221;{}&#8221;][et_pb_text admin_label=&#8221;Texto&#8221; _builder_version=&#8221;4.16&#8243; background_size=&#8221;initial&#8221; background_position=&#8221;top_left&#8221; background_repeat=&#8221;repeat&#8221; custom_padding=&#8221;|0px||||&#8221; use_border_color=&#8221;off&#8221; border_color=&#8221;#ffffff&#8221; border_style=&#8221;solid&#8221; global_colors_info=&#8221;{}&#8221;]<\/p>\n<h2>Documentos de Apoio<\/h2>\n<ul><\/ul>\n<p>[\/et_pb_text][\/et_pb_column][\/et_pb_row][et_pb_row column_structure=&#8221;1_3,1_3,1_3&#8243; _builder_version=&#8221;4.16&#8243; _module_preset=&#8221;default&#8221; global_colors_info=&#8221;{}&#8221;][et_pb_column type=&#8221;1_3&#8243; _builder_version=&#8221;4.16&#8243; _module_preset=&#8221;default&#8221; global_colors_info=&#8221;{}&#8221;][et_pb_button button_url=&#8221;https:\/\/iai.pt\/web\/wp-content\/uploads\/2023\/05\/regulamento_erasmus2022.2023.pdf&#8221; url_new_window=&#8221;on&#8221; button_text=&#8221;Regulamento Erasmus+ (2023)&#8221; _builder_version=&#8221;4.16&#8243; _module_preset=&#8221;default&#8221; custom_padding=&#8221;|26px||5px||&#8221; global_colors_info=&#8221;{}&#8221;][\/et_pb_button][\/et_pb_column][et_pb_column type=&#8221;1_3&#8243; _builder_version=&#8221;4.16&#8243; _module_preset=&#8221;default&#8221; global_colors_info=&#8221;{}&#8221;][et_pb_button button_url=&#8221;https:\/\/iai.pt\/web\/wp-content\/uploads\/2023\/05\/guia-do-estudante_erasmus2022.2023.pdf&#8221; url_new_window=&#8221;on&#8221; button_text=&#8221;Guia do Estudante&#8221; _builder_version=&#8221;4.16&#8243; _module_preset=&#8221;default&#8221; custom_padding=&#8221;|71px||71px||true&#8221; global_colors_info=&#8221;{}&#8221;][\/et_pb_button][\/et_pb_column][et_pb_column type=&#8221;1_3&#8243; _builder_version=&#8221;4.16&#8243; _module_preset=&#8221;default&#8221; global_colors_info=&#8221;{}&#8221;][et_pb_button button_url=&#8221;https:\/\/iai.pt\/web\/wp-content\/uploads\/2023\/05\/apresentacao-destinos_erasmus2022.2023.pdf&#8221; url_new_window=&#8221;on&#8221; button_text=&#8221;Apresenta\u00e7\u00e3o das Cidades de Mobilidade&#8221; _builder_version=&#8221;4.16&#8243; _module_preset=&#8221;default&#8221; global_colors_info=&#8221;{}&#8221;][\/et_pb_button][\/et_pb_column][\/et_pb_row][et_pb_row admin_label=&#8221;row&#8221; _builder_version=&#8221;4.16&#8243; background_size=&#8221;initial&#8221; background_position=&#8221;top_left&#8221; background_repeat=&#8221;repeat&#8221; custom_padding=&#8221;34px|||||&#8221; global_colors_info=&#8221;{}&#8221;][et_pb_column type=&#8221;4_4&#8243; _builder_version=&#8221;4.16&#8243; custom_padding=&#8221;|||&#8221; global_colors_info=&#8221;{}&#8221; custom_padding__hover=&#8221;|||&#8221;][et_pb_text admin_label=&#8221;Texto&#8221; _builder_version=&#8221;4.16&#8243; background_size=&#8221;initial&#8221; background_position=&#8221;top_left&#8221; background_repeat=&#8221;repeat&#8221; custom_padding=&#8221;|0px||||&#8221; use_border_color=&#8221;off&#8221; border_color=&#8221;#ffffff&#8221; border_style=&#8221;solid&#8221; global_colors_info=&#8221;{}&#8221;]<\/p>\n<h2><b>Avalia\u00e7\u00e3o de Resultados<\/b><\/h2>\n<p><span style=\"font-weight: 400;\">A implementa\u00e7\u00e3o de um Projeto Erasmus+ imp\u00f5e a ado\u00e7\u00e3o de pr\u00e1ticas, estrat\u00e9gias e instrumentos de avalia\u00e7\u00e3o sistem\u00e1ticos e sistematizados, que permitam regular o processo em diferentes fases de desenvolvimento e, concomitantemente, permitam recolher dados que potenciam a resolu\u00e7\u00e3o de situa\u00e7\u00f5es, a gest\u00e3o de constrangimentos, a identifica\u00e7\u00e3o de boas pr\u00e1ticas e\/ou a melhoria de procedimentos. Atuamos, portanto, neste dom\u00ednio, no pressuposto da\u00a0 <\/span><i><span style=\"font-weight: 400;\">avalia\u00e7\u00e3o &#8211; a\u00e7\u00e3o.<\/span><\/i><\/p>\n<p><span style=\"font-weight: 400;\">Importa por isso, enquadrar que o desenvolvimento destas pr\u00e1ticas de avalia\u00e7\u00e3o inserem-se nos pressupostos <\/span><span style=\"font-weight: 400;\">EQAVET (integrados no projeto educativo do IAI) em que se procura salientar o papel de uma cultura da melhoria da qualidade e da responsabilidade.\u00a0<\/span><\/p>\n<p><span style=\"font-weight: 400;\">Em seguimento na tipologia de instrumentos de avalia\u00e7\u00e3o s\u00e3o implementados e\/ou realizados: question\u00e1rios, relat\u00f3rios de acompanhamento, reuni\u00f5es, relat\u00f3rios de est\u00e1gio, que assumem um cariz mais formal; e, os que assumem especial enfoque, na promo\u00e7\u00e3o de reflex\u00f5es qualitativas e, na partilha experi\u00eancias. Nesse dom\u00ednio, destacamos o <\/span><b>Di\u00e1rio de Viagem<\/b><span style=\"font-weight: 400;\"> e a compila\u00e7\u00e3o, selecionada, de fotografias dos alunos.\u00a0<\/span><\/p>\n<ul><\/ul>\n<p>[\/et_pb_text][et_pb_accordion _builder_version=&#8221;4.16&#8243; _module_preset=&#8221;default&#8221; global_colors_info=&#8221;{}&#8221;][et_pb_accordion_item title=&#8221;Documentos &#8211; Avalia\u00e7\u00e3o de Resultados&#8221; open=&#8221;on&#8221; _builder_version=&#8221;4.16&#8243; _module_preset=&#8221;default&#8221; global_colors_info=&#8221;{}&#8221;]<\/p>\n<ul>\n<li><a href=\"https:\/\/iai.pt\/web\/fase-de-planeamento_erasmus2022-23-docx\" target=\"_blank\" rel=\"noopener noreferrer\">Fase de Planeamento (PDF)<\/a><\/li>\n<li><a href=\"https:\/\/iai.pt\/web\/avaliacao-follow-up_mobilidades-italia_erasmus2022-23-docx\" target=\"_blank\" rel=\"noopener noreferrer\">Avalia\u00e7\u00e3o de Seguimento &#8211; Mobilidades It\u00e1lia &#8211; 2\u00aa Fase\u00a0(PDF)<\/a><\/li>\n<li><a href=\"https:\/\/iai.pt\/web\/avaliacao-follow-up_mobilidades-malta_erasmus2022-23-docx\" target=\"_blank\" rel=\"noopener noreferrer\">Avalia\u00e7\u00e3o de Seguimento &#8211; Mobilidades Malta &#8211; 2\u00aa Fase\u00a0(PDF)<\/a><\/li>\n<li><a href=\"https:\/\/iai.pt\/web\/avaliacao-final_mobilidades-italia_erasmus2022-23-docx-docx\" target=\"_blank\" rel=\"noopener noreferrer\">Avalia\u00e7\u00e3o Final &#8211; Mobilidades It\u00e1lia\u00a0(PDF)<\/a><\/li>\n<li><a href=\"https:\/\/iai.pt\/web\/avaliacao-final_mobilidades-malta_erasmus2022-23-docx\" target=\"_blank\" rel=\"noopener noreferrer\">Avalia\u00e7\u00e3o Final &#8211; Mobilidades Malta\u00a0(PDF)<\/a><\/li>\n<li>Avalia\u00e7\u00e3o das Entidades de Est\u00e1gio &#8211;\u00a0Mobilidades It\u00e1lia (PDF momentaneamente indisponivel)<\/li>\n<li>Avalia\u00e7\u00e3o das Entidades de Est\u00e1gio &#8211;\u00a0Mobilidades Malta (PDF momentaneamente indisponivel)<\/li>\n<\/ul>\n<p>[\/et_pb_accordion_item][\/et_pb_accordion][\/et_pb_column][\/et_pb_row][et_pb_row admin_label=&#8221;row&#8221; _builder_version=&#8221;4.16&#8243; background_size=&#8221;initial&#8221; background_position=&#8221;top_left&#8221; background_repeat=&#8221;repeat&#8221; global_colors_info=&#8221;{}&#8221;][et_pb_column type=&#8221;4_4&#8243; _builder_version=&#8221;4.16&#8243; custom_padding=&#8221;|||&#8221; global_colors_info=&#8221;{}&#8221; custom_padding__hover=&#8221;|||&#8221;][et_pb_text admin_label=&#8221;Texto&#8221; _builder_version=&#8221;4.16&#8243; background_size=&#8221;initial&#8221; background_position=&#8221;top_left&#8221; background_repeat=&#8221;repeat&#8221; custom_margin=&#8221;||-3px|||&#8221; custom_padding=&#8221;|0px||||&#8221; use_border_color=&#8221;off&#8221; border_color=&#8221;#ffffff&#8221; border_style=&#8221;solid&#8221; global_colors_info=&#8221;{}&#8221;]<\/p>\n<h2>Partilhas Erasmus+ 2023<\/h2>\n<ul><\/ul>\n<p>[\/et_pb_text][et_pb_accordion _builder_version=&#8221;4.16&#8243; _module_preset=&#8221;default&#8221; global_colors_info=&#8221;{}&#8221;][et_pb_accordion_item title=&#8221;Di\u00e1rio de Viagem (em atualiza\u00e7\u00e3o)&#8221; open=&#8221;on&#8221; _builder_version=&#8221;4.16&#8243; _module_preset=&#8221;default&#8221; global_colors_info=&#8221;{}&#8221;][\/et_pb_accordion_item][et_pb_accordion_item title=&#8221;Registos Fotogr\u00e1ficos (em atualiza\u00e7\u00e3o)&#8221; _builder_version=&#8221;4.16&#8243; _module_preset=&#8221;default&#8221; global_colors_info=&#8221;{}&#8221; open=&#8221;off&#8221;][\/et_pb_accordion_item][et_pb_accordion_item title=&#8221;Registos Videogr\u00e1ficos (em atualiza\u00e7\u00e3o)&#8221; _builder_version=&#8221;4.16&#8243; _module_preset=&#8221;default&#8221; global_colors_info=&#8221;{}&#8221; open=&#8221;off&#8221;][\/et_pb_accordion_item][\/et_pb_accordion][\/et_pb_column][\/et_pb_row][et_pb_row admin_label=&#8221;row&#8221; _builder_version=&#8221;4.16&#8243; background_size=&#8221;initial&#8221; background_position=&#8221;top_left&#8221; background_repeat=&#8221;repeat&#8221; global_colors_info=&#8221;{}&#8221;][et_pb_column type=&#8221;4_4&#8243; _builder_version=&#8221;4.16&#8243; custom_padding=&#8221;|||&#8221; global_colors_info=&#8221;{}&#8221; custom_padding__hover=&#8221;|||&#8221;][et_pb_text admin_label=&#8221;Texto&#8221; _builder_version=&#8221;4.16&#8243; background_size=&#8221;initial&#8221; background_position=&#8221;top_left&#8221; background_repeat=&#8221;repeat&#8221; custom_margin=&#8221;||12px|||&#8221; custom_padding=&#8221;|0px|0px|||&#8221; use_border_color=&#8221;off&#8221; border_color=&#8221;#ffffff&#8221; border_style=&#8221;solid&#8221; global_colors_info=&#8221;{}&#8221;]<\/p>\n<h2>Not\u00edcias Erasmus+ 2023<\/h2>\n<p>[\/et_pb_text][et_pb_accordion _builder_version=&#8221;4.23.4&#8243; _module_preset=&#8221;default&#8221; min_height=&#8221;262px&#8221; global_colors_info=&#8221;{}&#8221;][et_pb_accordion_item title=&#8221;Sess\u00e3o de Partilha com Ex-alunos de Erasmus&#8221; open=&#8221;on&#8221; _builder_version=&#8221;4.23.4&#8243; _module_preset=&#8221;default&#8221; global_colors_info=&#8221;{}&#8221;]<\/p>\n<p><span style=\"font-weight: 400;\">No \u00e2mbito da implementa\u00e7\u00e3o do <\/span><span style=\"font-weight: 400;\">\u00a0Projeto de Mobilidade Erasmus+ <\/span><span style=\"font-weight: 400;\">European Skills 2<\/span><span style=\"font-weight: 400;\">, realizou-se no dia 16.11.22, uma sess\u00e3o\u00a0 de partilha com ex-alunos<\/span><span style=\"font-weight: 400;\"> que, durante o seu percurso no IAI, tiveram a oportunidade de participar numa experi\u00eancia de mobilidade Erasmus +. Tratou-se de uma iniciativa muito enriquecedora,\u00a0 sobretudo pelo teor descritivo\u00a0 e emotivo das comunica\u00e7\u00f5es que cada aluno realizou, assim como pela recupera\u00e7\u00e3o de mem\u00f3rias, que fizeram quest\u00e3o de partilhar.<\/span><\/p>\n<p><span style=\"font-weight: 400;\"> <\/span><img loading=\"lazy\" decoding=\"async\" src=\"https:\/\/iai.pt\/web\/wp-content\/uploads\/2023\/06\/sessao-ex-alunos-erasmus_noticia4.jpg\" width=\"202\" height=\"286\" alt=\"\" class=\"wp-image-14211 alignnone size-full\" srcset=\"https:\/\/iai.pt\/web\/wp-content\/uploads\/2023\/06\/sessao-ex-alunos-erasmus_noticia4.jpg 362w, https:\/\/iai.pt\/web\/wp-content\/uploads\/2023\/06\/sessao-ex-alunos-erasmus_noticia4-106x150.jpg 106w, https:\/\/iai.pt\/web\/wp-content\/uploads\/2023\/06\/sessao-ex-alunos-erasmus_noticia4-212x300.jpg 212w\" sizes=\"(max-width: 202px) 100vw, 202px\" \/> <img loading=\"lazy\" decoding=\"async\" src=\"https:\/\/iai.pt\/web\/wp-content\/uploads\/2023\/06\/sessao-ex-alunos-erasmus_noticia3.png\" width=\"512\" height=\"288\" alt=\"\" class=\"wp-image-14210 alignnone size-full\" srcset=\"https:\/\/iai.pt\/web\/wp-content\/uploads\/2023\/06\/sessao-ex-alunos-erasmus_noticia3.png 512w, https:\/\/iai.pt\/web\/wp-content\/uploads\/2023\/06\/sessao-ex-alunos-erasmus_noticia3-480x270.png 480w\" sizes=\"(min-width: 0px) and (max-width: 480px) 480px, (min-width: 481px) 512px, 100vw\" \/> <img loading=\"lazy\" decoding=\"async\" src=\"https:\/\/iai.pt\/web\/wp-content\/uploads\/2023\/06\/sessao-ex-alunos-erasmus_noticia2.png\" width=\"512\" height=\"288\" alt=\"\" class=\"wp-image-14209 alignnone size-full\" srcset=\"https:\/\/iai.pt\/web\/wp-content\/uploads\/2023\/06\/sessao-ex-alunos-erasmus_noticia2.png 512w, https:\/\/iai.pt\/web\/wp-content\/uploads\/2023\/06\/sessao-ex-alunos-erasmus_noticia2-480x270.png 480w\" sizes=\"(min-width: 0px) and (max-width: 480px) 480px, (min-width: 481px) 512px, 100vw\" \/> <img loading=\"lazy\" decoding=\"async\" src=\"https:\/\/iai.pt\/web\/wp-content\/uploads\/2023\/06\/sessao-ex-alunos-erasmus_noticia1.png\" width=\"512\" height=\"288\" alt=\"\" class=\"wp-image-14208 alignnone size-full\" srcset=\"https:\/\/iai.pt\/web\/wp-content\/uploads\/2023\/06\/sessao-ex-alunos-erasmus_noticia1.png 512w, https:\/\/iai.pt\/web\/wp-content\/uploads\/2023\/06\/sessao-ex-alunos-erasmus_noticia1-480x270.png 480w\" sizes=\"(min-width: 0px) and (max-width: 480px) 480px, (min-width: 481px) 512px, 100vw\" \/><\/p>\n<p>[\/et_pb_accordion_item][et_pb_accordion_item title=&#8221;Sess\u00e3o de Apresenta\u00e7\u00e3o do Erasmus+ 2023&#8243; _builder_version=&#8221;4.16&#8243; _module_preset=&#8221;default&#8221; global_colors_info=&#8221;{}&#8221; open=&#8221;off&#8221;]<\/p>\n<p><span style=\"font-weight: 400;\">No dia 05.12.22 realizou-se uma sess\u00e3o de informa\u00e7\u00e3o sobre o Programa Erasmus +, dirigida aos alunos que manifestaram interesse em participar na experi\u00eancia e, respetivos encarregados de educa\u00e7\u00e3o. Perspetiva-se que, no seguimento desta sess\u00e3o os alunos e respetivos encarregados de educa\u00e7\u00e3o obtenham\u00a0 as informa\u00e7\u00f5es necess\u00e1rias, compreendam as exig\u00eancias do Programa, mas tamb\u00e9m as suas m\u00faltiplas virtualidades.<\/span><\/p>\n<p>[\/et_pb_accordion_item][et_pb_accordion_item title=&#8221;Reuni\u00f5es de Trabalho sobre o Programa de Mobilidade Erasmus+&#8221; _builder_version=&#8221;4.16&#8243; _module_preset=&#8221;default&#8221; global_colors_info=&#8221;{}&#8221; open=&#8221;off&#8221;]<\/p>\n<p><span style=\"font-weight: 400;\">Nos dias 10.02.23 e 16.02.23, foram realizadas duas importantes reuni\u00f5es de trabalho\u00a0 sobre o Programa de Mobilidade Erasmus+, dirigida aos alunos selecionados para integrarem o projeto.\u00a0<\/span><\/p>\n<p><span style=\"font-weight: 400;\">A particular relev\u00e2ncia deveu-se ao facto de se ter iniciado de uma forma mais dirigida o enquadramento dos alunos nas entidades de est\u00e1gio.\u00a0<\/span><\/p>\n<p><span style=\"font-weight: 400;\">No seguimento dos trabalhos os alunos tiveram de criar um pequeno v\u00eddeo de apresenta\u00e7\u00e3o que ser\u00e1 enviado \u00e0s entidades de est\u00e1gio.<\/span><\/p>\n<p>&nbsp;<\/p>\n<p><span style=\"font-weight: 400;\"><img loading=\"lazy\" decoding=\"async\" src=\"https:\/\/iai.pt\/web\/wp-content\/uploads\/2023\/07\/C\u00f3pia-de-4.jpg\" width=\"2048\" height=\"921\" alt=\"\" class=\"wp-image-14469 alignnone size-full\" srcset=\"https:\/\/iai.pt\/web\/wp-content\/uploads\/2023\/07\/C\u00f3pia-de-4.jpg 2048w, https:\/\/iai.pt\/web\/wp-content\/uploads\/2023\/07\/C\u00f3pia-de-4-150x67.jpg 150w, https:\/\/iai.pt\/web\/wp-content\/uploads\/2023\/07\/C\u00f3pia-de-4-300x135.jpg 300w, https:\/\/iai.pt\/web\/wp-content\/uploads\/2023\/07\/C\u00f3pia-de-4-768x345.jpg 768w, https:\/\/iai.pt\/web\/wp-content\/uploads\/2023\/07\/C\u00f3pia-de-4-1024x461.jpg 1024w, https:\/\/iai.pt\/web\/wp-content\/uploads\/2023\/07\/C\u00f3pia-de-4-610x274.jpg 610w, https:\/\/iai.pt\/web\/wp-content\/uploads\/2023\/07\/C\u00f3pia-de-4-1080x486.jpg 1080w, https:\/\/iai.pt\/web\/wp-content\/uploads\/2023\/07\/C\u00f3pia-de-4-1280x576.jpg 1280w, https:\/\/iai.pt\/web\/wp-content\/uploads\/2023\/07\/C\u00f3pia-de-4-980x441.jpg 980w, https:\/\/iai.pt\/web\/wp-content\/uploads\/2023\/07\/C\u00f3pia-de-4-480x216.jpg 480w\" sizes=\"(max-width: 2048px) 100vw, 2048px\" \/> <img loading=\"lazy\" decoding=\"async\" src=\"https:\/\/iai.pt\/web\/wp-content\/uploads\/2023\/07\/C\u00f3pia-de-7.jpg\" width=\"2048\" height=\"921\" alt=\"\" class=\"wp-image-14470 alignnone size-full\" srcset=\"https:\/\/iai.pt\/web\/wp-content\/uploads\/2023\/07\/C\u00f3pia-de-7.jpg 2048w, https:\/\/iai.pt\/web\/wp-content\/uploads\/2023\/07\/C\u00f3pia-de-7-150x67.jpg 150w, https:\/\/iai.pt\/web\/wp-content\/uploads\/2023\/07\/C\u00f3pia-de-7-300x135.jpg 300w, https:\/\/iai.pt\/web\/wp-content\/uploads\/2023\/07\/C\u00f3pia-de-7-768x345.jpg 768w, https:\/\/iai.pt\/web\/wp-content\/uploads\/2023\/07\/C\u00f3pia-de-7-1024x461.jpg 1024w, https:\/\/iai.pt\/web\/wp-content\/uploads\/2023\/07\/C\u00f3pia-de-7-610x274.jpg 610w, https:\/\/iai.pt\/web\/wp-content\/uploads\/2023\/07\/C\u00f3pia-de-7-1080x486.jpg 1080w, https:\/\/iai.pt\/web\/wp-content\/uploads\/2023\/07\/C\u00f3pia-de-7-1280x576.jpg 1280w, https:\/\/iai.pt\/web\/wp-content\/uploads\/2023\/07\/C\u00f3pia-de-7-980x441.jpg 980w, https:\/\/iai.pt\/web\/wp-content\/uploads\/2023\/07\/C\u00f3pia-de-7-480x216.jpg 480w\" sizes=\"(max-width: 2048px) 100vw, 2048px\" \/><\/span><\/p>\n<p>[\/et_pb_accordion_item][et_pb_accordion_item title=&#8221;Festa da Primavera com os Alunos de Erasmus+&#8221; _builder_version=&#8221;4.16&#8243; _module_preset=&#8221;default&#8221; global_colors_info=&#8221;{}&#8221; open=&#8221;off&#8221;]<\/p>\n<p><span style=\"font-weight: 400;\">No dia 31.03 os alunos que participaram no Programa de Mobilidade Erasmus+ em It\u00e1lia e Malta participaram online na imperd\u00edvel Festa da Primavera do IAI 2023. Esta participa\u00e7\u00e3o simb\u00f3lica e inesperada serviu tamb\u00e9m o prop\u00f3sito de\u00a0 permitir que os alunos partilhassem a sua experi\u00eancia junto dos demais alunos do IAI, assim como dos familiares presentes na festa.<\/span><\/p>\n<p>[\/et_pb_accordion_item][\/et_pb_accordion][\/et_pb_column][\/et_pb_row][\/et_pb_section]<\/p>\n","protected":false},"excerpt":{"rendered":"<p>ERASMUS+ 2023 O Programa Erasmus+ destina-se a apoiar atividades de educa\u00e7\u00e3o, forma\u00e7\u00e3o, juventude e desporto em todos os setores da aprendizagem ao longo da vida, com o objetivo de potenciar o desenvolvimento pessoal e profissional de todos os cidad\u00e3os, para o refor\u00e7o da identidade europeia, do crescimento sustent\u00e1vel, da coes\u00e3o social e da empregabilidade das [&hellip;]<\/p>\n","protected":false},"author":1,"featured_media":0,"parent":0,"menu_order":0,"comment_status":"closed","ping_status":"closed","template":"","meta":{"_et_pb_use_builder":"on","_et_pb_old_content":"","_et_gb_content_width":"","footnotes":""},"class_list":["post-15355","page","type-page","status-publish","hentry"],"aioseo_notices":[],"_links":{"self":[{"href":"https:\/\/iai.pt\/web\/wp-json\/wp\/v2\/pages\/15355","targetHints":{"allow":["GET"]}}],"collection":[{"href":"https:\/\/iai.pt\/web\/wp-json\/wp\/v2\/pages"}],"about":[{"href":"https:\/\/iai.pt\/web\/wp-json\/wp\/v2\/types\/page"}],"author":[{"embeddable":true,"href":"https:\/\/iai.pt\/web\/wp-json\/wp\/v2\/users\/1"}],"replies":[{"embeddable":true,"href":"https:\/\/iai.pt\/web\/wp-json\/wp\/v2\/comments?post=15355"}],"version-history":[{"count":2,"href":"https:\/\/iai.pt\/web\/wp-json\/wp\/v2\/pages\/15355\/revisions"}],"predecessor-version":[{"id":15357,"href":"https:\/\/iai.pt\/web\/wp-json\/wp\/v2\/pages\/15355\/revisions\/15357"}],"wp:attachment":[{"href":"https:\/\/iai.pt\/web\/wp-json\/wp\/v2\/media?parent=15355"}],"curies":[{"name":"wp","href":"https:\/\/api.w.org\/{rel}","templated":true}]}}