{"id":16097,"date":"2025-01-22T10:43:16","date_gmt":"2025-01-22T10:43:16","guid":{"rendered":"https:\/\/iai.pt\/web\/?page_id=16097"},"modified":"2026-07-20T13:10:03","modified_gmt":"2026-07-20T12:10:03","slug":"avaliacao-de-resultados-erasmus","status":"publish","type":"page","link":"https:\/\/iai.pt\/web\/avaliacao-de-resultados-erasmus","title":{"rendered":"Avalia\u00e7\u00e3o de Resultados \u2014 Erasmus+"},"content":{"rendered":"<p>[et_pb_section fb_built=&#8221;1&#8243; admin_label=&#8221;section&#8221; _builder_version=&#8221;4.16&#8243; custom_padding=&#8221;65px|50px|0px|0px||&#8221; global_colors_info=&#8221;{}&#8221;][et_pb_row column_structure=&#8221;3_5,2_5&#8243; admin_label=&#8221;row&#8221; _builder_version=&#8221;4.16&#8243; background_size=&#8221;initial&#8221; background_position=&#8221;top_left&#8221; background_repeat=&#8221;repeat&#8221; custom_margin=&#8221;|auto||60px||&#8221; global_colors_info=&#8221;{}&#8221;][et_pb_column type=&#8221;3_5&#8243; _builder_version=&#8221;4.16&#8243; custom_padding=&#8221;|||&#8221; global_colors_info=&#8221;{}&#8221; custom_padding__hover=&#8221;|||&#8221;][et_pb_text admin_label=&#8221;Texto&#8221; _builder_version=&#8221;4.16&#8243; background_size=&#8221;initial&#8221; background_position=&#8221;top_left&#8221; background_repeat=&#8221;repeat&#8221; custom_padding=&#8221;|51px||0px||&#8221; use_border_color=&#8221;off&#8221; border_color=&#8221;#ffffff&#8221; border_style=&#8221;solid&#8221; global_colors_info=&#8221;{}&#8221;]<\/p>\n<h2>Avalia\u00e7\u00e3o de Resultados \u2014 ERASMUS+\u00a0<\/h2>\n<p><span style=\"font-size: 14px;\"><\/span><\/p>\n<p>[\/et_pb_text][\/et_pb_column][et_pb_column type=&#8221;2_5&#8243; _builder_version=&#8221;4.16&#8243; custom_padding=&#8221;|||&#8221; global_colors_info=&#8221;{}&#8221; custom_padding__hover=&#8221;|||&#8221;][et_pb_image src=&#8221;https:\/\/iai.pt\/web\/wp-content\/uploads\/2023\/05\/logo_erasmus-completo.png&#8221; title_text=&#8221;logo_erasmus-completo&#8221; align=&#8221;center&#8221; _builder_version=&#8221;4.16&#8243; _module_preset=&#8221;default&#8221; module_alignment=&#8221;center&#8221; custom_padding=&#8221;||0px|||&#8221; global_colors_info=&#8221;{}&#8221;][\/et_pb_image][\/et_pb_column][\/et_pb_row][\/et_pb_section][et_pb_section fb_built=&#8221;1&#8243; admin_label=&#8221;section&#8221; _builder_version=&#8221;4.16&#8243; min_height=&#8221;519px&#8221; custom_margin=&#8221;||-61px|||&#8221; custom_padding=&#8221;3px|||||&#8221; global_colors_info=&#8221;{}&#8221;][et_pb_row admin_label=&#8221;row&#8221; _builder_version=&#8221;4.16&#8243; background_size=&#8221;initial&#8221; background_position=&#8221;top_left&#8221; background_repeat=&#8221;repeat&#8221; global_colors_info=&#8221;{}&#8221;][et_pb_column type=&#8221;4_4&#8243; _builder_version=&#8221;4.16&#8243; custom_padding=&#8221;|||&#8221; global_colors_info=&#8221;{}&#8221; custom_padding__hover=&#8221;|||&#8221;][et_pb_accordion _builder_version=&#8221;4.27.4&#8243; _module_preset=&#8221;default&#8221; min_height=&#8221;262px&#8221; hover_enabled=&#8221;0&#8243; global_colors_info=&#8221;{}&#8221; sticky_enabled=&#8221;0&#8243;][et_pb_accordion_item title=&#8221;2025\/2026&#8243; open=&#8221;on&#8221; _builder_version=&#8221;4.27.4&#8243; _module_preset=&#8221;default&#8221; hover_enabled=&#8221;0&#8243; global_colors_info=&#8221;{}&#8221; sticky_enabled=&#8221;0&#8243;]<\/p>\n<ul>\n<li><a href=\"http:\/\/iai.pt\/web\/wp-content\/uploads\/2026\/07\/aval_followup-I_erasmus_2025.2026.pdf\" target=\"_blank\" rel=\"noopener\">Fase de Planeamento \u2014 Rovigo, It\u00e1lia (PDF)<\/a><\/li>\n<li><a href=\"http:\/\/iai.pt\/web\/wp-content\/uploads\/2026\/07\/aval_followup-II-erasmus_2025.2026.pdf\" target=\"_blank\" rel=\"noopener\">Avalia\u00e7\u00e3o de Seguimento \u2013 Rovigo, It\u00e1lia \u2013 2\u00aa Fase (PDF)<\/a><\/li>\n<li><a href=\"http:\/\/iai.pt\/web\/wp-content\/uploads\/2026\/07\/aval_final-erasmus_2025.2026.pdf\" target=\"_blank\" rel=\"noopener\">Avalia\u00e7\u00e3o Final \u2013 Rovigo, It\u00e1lia (PDF)<\/a><\/li>\n<li><a href=\"http:\/\/iai.pt\/web\/wp-content\/uploads\/2026\/07\/aval_FCT_ERASMUS_25-26.pdf\" target=\"_blank\" rel=\"noopener\">Avalia\u00e7\u00e3o das Entidades de Est\u00e1gio \u2013 Rovigo, It\u00e1lia (PDF)<\/a><\/li>\n<li><a href=\"http:\/\/iai.pt\/web\/wp-content\/uploads\/2026\/07\/Relatorio_Avaliacao_Questionario_Satisfacao_Erasmus_Valencia.pdf\" target=\"_blank\" rel=\"noopener\">Avalia\u00e7\u00e3o Final \u2014 Val\u00eancia, Espanha (PDF)<\/a><\/li>\n<li><a href=\"http:\/\/iai.pt\/web\/wp-content\/uploads\/2026\/07\/relatorio-residencia-artistica_erasmus.pdf\" target=\"_blank\" rel=\"noopener\">Avalia\u00e7\u00e3o da Resid\u00eancia Art\u00edstica \u2014 Vide\u00f3grafo Nelson Coelho (PDF)<\/a><\/li>\n<li><a href=\"http:\/\/iai.pt\/web\/wp-content\/uploads\/2026\/07\/relatorio_cerimonia_03062026.pdf\" target=\"_blank\" rel=\"noopener\">Cerim\u00f3nia Entrega de Diplomas (PDF)<\/a><\/li>\n<\/ul>\n<p>[\/et_pb_accordion_item][et_pb_accordion_item title=&#8221;2024\/2025&#8243; open=&#8221;on&#8221; _builder_version=&#8221;4.27.4&#8243; _module_preset=&#8221;default&#8221; global_colors_info=&#8221;{}&#8221;]<\/p>\n<ul>\n<li><a href=\"https:\/\/iai.pt\/web\/wp-content\/uploads\/2025\/05\/aval_followup_erasmus_2024.2025_compressed.pdf\" target=\"_blank\" rel=\"noopener\">Fase de Planeamento (PDF)<\/a><\/li>\n<li><a href=\"https:\/\/iai.pt\/web\/wp-content\/uploads\/2025\/06\/aval_followup-II-erasmus_2024.2025.pdf\" target=\"_blank\" rel=\"noopener\">Avalia\u00e7\u00e3o de Seguimento &#8211; Mobilidades It\u00e1lia &#8211; 2\u00aa Fase (PDF)<\/a><\/li>\n<li><a href=\"https:\/\/iai.pt\/web\/wp-content\/uploads\/2025\/06\/aval_followup-III-erasmus_2024.2025_compressed.pdf\" target=\"_blank\" rel=\"noopener\">Avalia\u00e7\u00e3o Final &#8211; Mobilidades It\u00e1lia (PDF)<\/a><\/li>\n<li><a href=\"https:\/\/iai.pt\/web\/wp-content\/uploads\/2025\/06\/avaliacao-entidades-estagio-erasmus2025.pdf\" target=\"_blank\" rel=\"noopener\">Avalia\u00e7\u00e3o das Entidades de Est\u00e1gio &#8211; Mobilidades It\u00e1lia (PDF)<\/a><\/li>\n<\/ul>\n<p>[\/et_pb_accordion_item][et_pb_accordion_item title=&#8221;2022\/2023&#8243; _builder_version=&#8221;4.23.4&#8243; _module_preset=&#8221;default&#8221; global_colors_info=&#8221;{}&#8221; open=&#8221;off&#8221;]<\/p>\n<ul>\n<li><a href=\"https:\/\/iai.pt\/web\/fase-de-planeamento_erasmus2022-23-docx\" target=\"_blank\" rel=\"noopener noreferrer\">Fase de Planeamento (PDF)<\/a><\/li>\n<li><a href=\"https:\/\/iai.pt\/web\/avaliacao-follow-up_mobilidades-italia_erasmus2022-23-docx\" target=\"_blank\" rel=\"noopener noreferrer\">Avalia\u00e7\u00e3o de Seguimento &#8211; Mobilidades It\u00e1lia &#8211; 2\u00aa Fase\u00a0(PDF)<\/a><\/li>\n<li><a href=\"https:\/\/iai.pt\/web\/avaliacao-follow-up_mobilidades-malta_erasmus2022-23-docx\" target=\"_blank\" rel=\"noopener noreferrer\">Avalia\u00e7\u00e3o de Seguimento &#8211; Mobilidades Malta &#8211; 2\u00aa Fase\u00a0(PDF)<\/a><\/li>\n<li><a href=\"https:\/\/iai.pt\/web\/avaliacao-final_mobilidades-italia_erasmus2022-23-docx-docx\" target=\"_blank\" rel=\"noopener noreferrer\">Avalia\u00e7\u00e3o Final &#8211; Mobilidades It\u00e1lia\u00a0(PDF)<\/a><\/li>\n<li><a href=\"https:\/\/iai.pt\/web\/avaliacao-final_mobilidades-malta_erasmus2022-23-docx\" target=\"_blank\" rel=\"noopener noreferrer\">Avalia\u00e7\u00e3o Final &#8211; Mobilidades Malta\u00a0(PDF)<\/a><\/li>\n<li><a href=\"https:\/\/iai.pt\/web\/wp-content\/uploads\/2025\/02\/avaliacao-entidades-estagio-erasmus2022.2023.pdf\" target=\"_blank\" rel=\"noopener\">Avalia\u00e7\u00e3o das Entidades de Est\u00e1gio (PDF)<\/a><\/li>\n<\/ul>\n<p>[\/et_pb_accordion_item][\/et_pb_accordion][\/et_pb_column][\/et_pb_row][et_pb_row _builder_version=&#8221;4.16&#8243; _module_preset=&#8221;default&#8221; custom_padding=&#8221;24px|||||&#8221; global_colors_info=&#8221;{}&#8221;][et_pb_column type=&#8221;4_4&#8243; _builder_version=&#8221;4.16&#8243; _module_preset=&#8221;default&#8221; global_colors_info=&#8221;{}&#8221;][et_pb_text admin_label=&#8221;Texto&#8221; _builder_version=&#8221;4.16&#8243; background_size=&#8221;initial&#8221; background_position=&#8221;top_left&#8221; background_repeat=&#8221;repeat&#8221; custom_padding=&#8221;|0px||||&#8221; use_border_color=&#8221;off&#8221; border_color=&#8221;#ffffff&#8221; border_style=&#8221;solid&#8221; global_colors_info=&#8221;{}&#8221;]<\/p>\n<h2>Informa\u00e7\u00f5es de Anos Letivos Anteriores<\/h2>\n<ul><\/ul>\n<p>[\/et_pb_text][\/et_pb_column][\/et_pb_row][et_pb_row column_structure=&#8221;1_3,1_3,1_3&#8243; _builder_version=&#8221;4.16&#8243; _module_preset=&#8221;default&#8221; global_colors_info=&#8221;{}&#8221;][et_pb_column type=&#8221;1_3&#8243; _builder_version=&#8221;4.16&#8243; _module_preset=&#8221;default&#8221; global_colors_info=&#8221;{}&#8221;][et_pb_button button_url=&#8221;https:\/\/iai.pt\/web\/avaliacao-de-resultados-erasmus&#8221; button_text=&#8221;Avalia\u00e7\u00e3o de Resultados&#8221; button_alignment=&#8221;center&#8221; _builder_version=&#8221;4.23.4&#8243; _module_preset=&#8221;default&#8221; global_colors_info=&#8221;{}&#8221;][\/et_pb_button][\/et_pb_column][et_pb_column type=&#8221;1_3&#8243; _builder_version=&#8221;4.16&#8243; _module_preset=&#8221;default&#8221; global_colors_info=&#8221;{}&#8221;][et_pb_button button_url=&#8221;https:\/\/iai.pt\/web\/partilhas-erasmus&#8221; button_text=&#8221;Partilhas Erasmus+&#8221; button_alignment=&#8221;center&#8221; _builder_version=&#8221;4.23.4&#8243; _module_preset=&#8221;default&#8221; global_colors_info=&#8221;{}&#8221;][\/et_pb_button][et_pb_button button_url=&#8221;https:\/\/iai.pt\/web\/erasmus-2025&#8243; button_text=&#8221;Voltar \u00e0 P\u00e1gina Erasmus+&#8221; button_alignment=&#8221;center&#8221; _builder_version=&#8221;4.23.4&#8243; _module_preset=&#8221;default&#8221; global_colors_info=&#8221;{}&#8221;][\/et_pb_button][\/et_pb_column][et_pb_column type=&#8221;1_3&#8243; _builder_version=&#8221;4.16&#8243; _module_preset=&#8221;default&#8221; global_colors_info=&#8221;{}&#8221;][et_pb_button button_url=&#8221;https:\/\/iai.pt\/web\/noticias-erasmus&#8221; button_text=&#8221;Not\u00edcias Erasmus+&#8221; button_alignment=&#8221;center&#8221; _builder_version=&#8221;4.23.4&#8243; _module_preset=&#8221;default&#8221; global_colors_info=&#8221;{}&#8221;][\/et_pb_button][\/et_pb_column][\/et_pb_row][\/et_pb_section]<\/p>\n","protected":false},"excerpt":{"rendered":"<p>Avalia\u00e7\u00e3o de Resultados \u2014 ERASMUS+\u00a0 Fase de Planeamento \u2014 Rovigo, It\u00e1lia (PDF) Avalia\u00e7\u00e3o de Seguimento \u2013 Rovigo, It\u00e1lia \u2013 2\u00aa Fase (PDF) Avalia\u00e7\u00e3o Final \u2013 Rovigo, It\u00e1lia (PDF) Avalia\u00e7\u00e3o das Entidades de Est\u00e1gio \u2013 Rovigo, It\u00e1lia (PDF) Avalia\u00e7\u00e3o Final \u2014 Val\u00eancia, Espanha (PDF) Avalia\u00e7\u00e3o da Resid\u00eancia Art\u00edstica \u2014 Vide\u00f3grafo Nelson Coelho (PDF) Cerim\u00f3nia Entrega de [&hellip;]<\/p>\n","protected":false},"author":1,"featured_media":0,"parent":0,"menu_order":0,"comment_status":"closed","ping_status":"closed","template":"","meta":{"_et_pb_use_builder":"on","_et_pb_old_content":"","_et_gb_content_width":"","footnotes":"","_members_access_role":[],"_members_access_error":""},"class_list":["post-16097","page","type-page","status-publish","hentry"],"aioseo_notices":[],"aioseo_head":"\n\t\t<!-- All in One SEO 4.9.10 - aioseo.com -->\n\t<meta name=\"description\" content=\"Avalia\u00e7\u00e3o de Resultados \u2014 ERASMUS+ 2025\/2026 Fase de Planeamento \u2014 Rovigo, It\u00e1lia (PDF) Avalia\u00e7\u00e3o de Seguimento \u2013 Rovigo, It\u00e1lia \u2013 2\u00aa Fase (PDF) Avalia\u00e7\u00e3o Final \u2013 Rovigo, It\u00e1lia (PDF) Avalia\u00e7\u00e3o das Entidades de Est\u00e1gio \u2013 Rovigo, It\u00e1lia (PDF) Avalia\u00e7\u00e3o Final \u2014 Val\u00eancia, Espanha (PDF) Avalia\u00e7\u00e3o da Resid\u00eancia Art\u00edstica \u2014 Vide\u00f3grafo Nelson Coelho (PDF) Cerim\u00f3nia Entrega\" \/>\n\t<meta name=\"robots\" content=\"max-image-preview:large\" \/>\n\t<link rel=\"canonical\" href=\"https:\/\/iai.pt\/web\/avaliacao-de-resultados-erasmus\" \/>\n\t<meta name=\"generator\" content=\"All in One SEO (AIOSEO) 4.9.10\" \/>\n\t\t<meta property=\"og:locale\" content=\"pt_PT\" \/>\n\t\t<meta property=\"og:site_name\" content=\"IAI - Escola Art\u00edstica\" \/>\n\t\t<meta property=\"og:type\" content=\"article\" \/>\n\t\t<meta property=\"og:title\" content=\"Avalia\u00e7\u00e3o de Resultados \u2014 Erasmus+ - IAI\" \/>\n\t\t<meta property=\"og:description\" content=\"Avalia\u00e7\u00e3o de Resultados \u2014 ERASMUS+ 2025\/2026 Fase de Planeamento \u2014 Rovigo, It\u00e1lia (PDF) Avalia\u00e7\u00e3o de Seguimento \u2013 Rovigo, It\u00e1lia \u2013 2\u00aa Fase (PDF) Avalia\u00e7\u00e3o Final \u2013 Rovigo, It\u00e1lia (PDF) Avalia\u00e7\u00e3o das Entidades de Est\u00e1gio \u2013 Rovigo, It\u00e1lia (PDF) Avalia\u00e7\u00e3o Final \u2014 Val\u00eancia, Espanha (PDF) Avalia\u00e7\u00e3o da Resid\u00eancia Art\u00edstica \u2014 Vide\u00f3grafo Nelson Coelho (PDF) Cerim\u00f3nia Entrega\" \/>\n\t\t<meta property=\"og:url\" content=\"https:\/\/iai.pt\/web\/avaliacao-de-resultados-erasmus\" \/>\n\t\t<meta property=\"og:image\" content=\"https:\/\/iai.pt\/web\/wp-content\/uploads\/2023\/05\/seo-logo.png\" \/>\n\t\t<meta property=\"og:image:secure_url\" content=\"https:\/\/iai.pt\/web\/wp-content\/uploads\/2023\/05\/seo-logo.png\" \/>\n\t\t<meta property=\"og:image:width\" content=\"105\" \/>\n\t\t<meta property=\"og:image:height\" content=\"112\" \/>\n\t\t<meta property=\"article:published_time\" content=\"2025-01-22T10:43:16+00:00\" \/>\n\t\t<meta property=\"article:modified_time\" content=\"2026-07-20T12:10:03+00:00\" \/>\n\t\t<meta property=\"article:publisher\" content=\"https:\/\/www.facebook.com\/instituto.das.artes.imagem\" \/>\n\t\t<meta name=\"twitter:card\" content=\"summary_large_image\" \/>\n\t\t<meta name=\"twitter:title\" content=\"Avalia\u00e7\u00e3o de Resultados \u2014 Erasmus+ - IAI\" \/>\n\t\t<meta name=\"twitter:description\" content=\"Avalia\u00e7\u00e3o de Resultados \u2014 ERASMUS+ 2025\/2026 Fase de Planeamento \u2014 Rovigo, It\u00e1lia (PDF) Avalia\u00e7\u00e3o de Seguimento \u2013 Rovigo, It\u00e1lia \u2013 2\u00aa Fase (PDF) Avalia\u00e7\u00e3o Final \u2013 Rovigo, It\u00e1lia (PDF) Avalia\u00e7\u00e3o das Entidades de Est\u00e1gio \u2013 Rovigo, It\u00e1lia (PDF) Avalia\u00e7\u00e3o Final \u2014 Val\u00eancia, Espanha (PDF) Avalia\u00e7\u00e3o da Resid\u00eancia Art\u00edstica \u2014 Vide\u00f3grafo Nelson Coelho (PDF) Cerim\u00f3nia Entrega\" \/>\n\t\t<meta name=\"twitter:image\" content=\"https:\/\/iai.pt\/web\/wp-content\/uploads\/2023\/05\/seo-logo.png\" \/>\n\t\t<script type=\"application\/ld+json\" class=\"aioseo-schema\">\n\t\t\t{\"@context\":\"https:\\\/\\\/schema.org\",\"@graph\":[{\"@type\":\"BreadcrumbList\",\"@id\":\"https:\\\/\\\/iai.pt\\\/web\\\/avaliacao-de-resultados-erasmus#breadcrumblist\",\"itemListElement\":[{\"@type\":\"ListItem\",\"@id\":\"https:\\\/\\\/iai.pt\\\/web#listItem\",\"position\":1,\"name\":\"In\\u00edcio\",\"item\":\"https:\\\/\\\/iai.pt\\\/web\",\"nextItem\":{\"@type\":\"ListItem\",\"@id\":\"https:\\\/\\\/iai.pt\\\/web\\\/avaliacao-de-resultados-erasmus#listItem\",\"name\":\"Avalia\\u00e7\\u00e3o de Resultados \\u2014 Erasmus+\"}},{\"@type\":\"ListItem\",\"@id\":\"https:\\\/\\\/iai.pt\\\/web\\\/avaliacao-de-resultados-erasmus#listItem\",\"position\":2,\"name\":\"Avalia\\u00e7\\u00e3o de Resultados \\u2014 Erasmus+\",\"previousItem\":{\"@type\":\"ListItem\",\"@id\":\"https:\\\/\\\/iai.pt\\\/web#listItem\",\"name\":\"In\\u00edcio\"}}]},{\"@type\":\"Organization\",\"@id\":\"https:\\\/\\\/iai.pt\\\/web\\\/#organization\",\"name\":\"Instituto das Artes e da Imagem\",\"description\":\"Escola Art\\u00edstica\",\"url\":\"https:\\\/\\\/iai.pt\\\/web\\\/\",\"telephone\":\"+351222000757\",\"logo\":{\"@type\":\"ImageObject\",\"url\":\"https:\\\/\\\/iai.pt\\\/web\\\/wp-content\\\/uploads\\\/2023\\\/05\\\/seo-logo.png\",\"@id\":\"https:\\\/\\\/iai.pt\\\/web\\\/avaliacao-de-resultados-erasmus\\\/#organizationLogo\",\"width\":105,\"height\":112},\"image\":{\"@id\":\"https:\\\/\\\/iai.pt\\\/web\\\/avaliacao-de-resultados-erasmus\\\/#organizationLogo\"},\"sameAs\":[\"https:\\\/\\\/www.facebook.com\\\/instituto.das.artes.imagem\",\"https:\\\/\\\/www.instagram.com\\\/iai_escola_de_artes\\\/\",\"https:\\\/\\\/www.youtube.com\\\/iaiwebmaster\"]},{\"@type\":\"WebPage\",\"@id\":\"https:\\\/\\\/iai.pt\\\/web\\\/avaliacao-de-resultados-erasmus#webpage\",\"url\":\"https:\\\/\\\/iai.pt\\\/web\\\/avaliacao-de-resultados-erasmus\",\"name\":\"Avalia\\u00e7\\u00e3o de Resultados \\u2014 Erasmus+ - IAI\",\"description\":\"Avalia\\u00e7\\u00e3o de Resultados \\u2014 ERASMUS+ 2025\\\/2026 Fase de Planeamento \\u2014 Rovigo, It\\u00e1lia (PDF) Avalia\\u00e7\\u00e3o de Seguimento \\u2013 Rovigo, It\\u00e1lia \\u2013 2\\u00aa Fase (PDF) Avalia\\u00e7\\u00e3o Final \\u2013 Rovigo, It\\u00e1lia (PDF) Avalia\\u00e7\\u00e3o das Entidades de Est\\u00e1gio \\u2013 Rovigo, It\\u00e1lia (PDF) Avalia\\u00e7\\u00e3o Final \\u2014 Val\\u00eancia, Espanha (PDF) Avalia\\u00e7\\u00e3o da Resid\\u00eancia Art\\u00edstica \\u2014 Vide\\u00f3grafo Nelson Coelho (PDF) Cerim\\u00f3nia Entrega\",\"inLanguage\":\"pt-PT\",\"isPartOf\":{\"@id\":\"https:\\\/\\\/iai.pt\\\/web\\\/#website\"},\"breadcrumb\":{\"@id\":\"https:\\\/\\\/iai.pt\\\/web\\\/avaliacao-de-resultados-erasmus#breadcrumblist\"},\"datePublished\":\"2025-01-22T10:43:16+00:00\",\"dateModified\":\"2026-07-20T13:10:03+01:00\"},{\"@type\":\"WebSite\",\"@id\":\"https:\\\/\\\/iai.pt\\\/web\\\/#website\",\"url\":\"https:\\\/\\\/iai.pt\\\/web\\\/\",\"name\":\"IAI\",\"alternateName\":\"iai\",\"description\":\"Escola Art\\u00edstica\",\"inLanguage\":\"pt-PT\",\"publisher\":{\"@id\":\"https:\\\/\\\/iai.pt\\\/web\\\/#organization\"}}]}\n\t\t<\/script>\n\t\t<!-- All in One SEO -->\n\n","aioseo_head_json":{"title":"Avalia\u00e7\u00e3o de Resultados \u2014 Erasmus+ - IAI","description":"Avalia\u00e7\u00e3o de Resultados \u2014 ERASMUS+ 2025\/2026 Fase de Planeamento \u2014 Rovigo, It\u00e1lia (PDF) Avalia\u00e7\u00e3o de Seguimento \u2013 Rovigo, It\u00e1lia \u2013 2\u00aa Fase (PDF) Avalia\u00e7\u00e3o Final \u2013 Rovigo, It\u00e1lia (PDF) Avalia\u00e7\u00e3o das Entidades de Est\u00e1gio \u2013 Rovigo, It\u00e1lia (PDF) Avalia\u00e7\u00e3o Final \u2014 Val\u00eancia, Espanha (PDF) Avalia\u00e7\u00e3o da Resid\u00eancia Art\u00edstica \u2014 Vide\u00f3grafo Nelson Coelho (PDF) Cerim\u00f3nia Entrega","canonical_url":"https:\/\/iai.pt\/web\/avaliacao-de-resultados-erasmus","robots":"max-image-preview:large","keywords":"","webmasterTools":{"miscellaneous":""},"schema":{"@context":"https:\/\/schema.org","@graph":[{"@type":"BreadcrumbList","@id":"https:\/\/iai.pt\/web\/avaliacao-de-resultados-erasmus#breadcrumblist","itemListElement":[{"@type":"ListItem","@id":"https:\/\/iai.pt\/web#listItem","position":1,"name":"In\u00edcio","item":"https:\/\/iai.pt\/web","nextItem":{"@type":"ListItem","@id":"https:\/\/iai.pt\/web\/avaliacao-de-resultados-erasmus#listItem","name":"Avalia\u00e7\u00e3o de Resultados \u2014 Erasmus+"}},{"@type":"ListItem","@id":"https:\/\/iai.pt\/web\/avaliacao-de-resultados-erasmus#listItem","position":2,"name":"Avalia\u00e7\u00e3o de Resultados \u2014 Erasmus+","previousItem":{"@type":"ListItem","@id":"https:\/\/iai.pt\/web#listItem","name":"In\u00edcio"}}]},{"@type":"Organization","@id":"https:\/\/iai.pt\/web\/#organization","name":"Instituto das Artes e da Imagem","description":"Escola Art\u00edstica","url":"https:\/\/iai.pt\/web\/","telephone":"+351222000757","logo":{"@type":"ImageObject","url":"https:\/\/iai.pt\/web\/wp-content\/uploads\/2023\/05\/seo-logo.png","@id":"https:\/\/iai.pt\/web\/avaliacao-de-resultados-erasmus\/#organizationLogo","width":105,"height":112},"image":{"@id":"https:\/\/iai.pt\/web\/avaliacao-de-resultados-erasmus\/#organizationLogo"},"sameAs":["https:\/\/www.facebook.com\/instituto.das.artes.imagem","https:\/\/www.instagram.com\/iai_escola_de_artes\/","https:\/\/www.youtube.com\/iaiwebmaster"]},{"@type":"WebPage","@id":"https:\/\/iai.pt\/web\/avaliacao-de-resultados-erasmus#webpage","url":"https:\/\/iai.pt\/web\/avaliacao-de-resultados-erasmus","name":"Avalia\u00e7\u00e3o de Resultados \u2014 Erasmus+ - IAI","description":"Avalia\u00e7\u00e3o de Resultados \u2014 ERASMUS+ 2025\/2026 Fase de Planeamento \u2014 Rovigo, It\u00e1lia (PDF) Avalia\u00e7\u00e3o de Seguimento \u2013 Rovigo, It\u00e1lia \u2013 2\u00aa Fase (PDF) Avalia\u00e7\u00e3o Final \u2013 Rovigo, It\u00e1lia (PDF) Avalia\u00e7\u00e3o das Entidades de Est\u00e1gio \u2013 Rovigo, It\u00e1lia (PDF) Avalia\u00e7\u00e3o Final \u2014 Val\u00eancia, Espanha (PDF) Avalia\u00e7\u00e3o da Resid\u00eancia Art\u00edstica \u2014 Vide\u00f3grafo Nelson Coelho (PDF) Cerim\u00f3nia Entrega","inLanguage":"pt-PT","isPartOf":{"@id":"https:\/\/iai.pt\/web\/#website"},"breadcrumb":{"@id":"https:\/\/iai.pt\/web\/avaliacao-de-resultados-erasmus#breadcrumblist"},"datePublished":"2025-01-22T10:43:16+00:00","dateModified":"2026-07-20T13:10:03+01:00"},{"@type":"WebSite","@id":"https:\/\/iai.pt\/web\/#website","url":"https:\/\/iai.pt\/web\/","name":"IAI","alternateName":"iai","description":"Escola Art\u00edstica","inLanguage":"pt-PT","publisher":{"@id":"https:\/\/iai.pt\/web\/#organization"}}]},"og:locale":"pt_PT","og:site_name":"IAI - Escola Art\u00edstica","og:type":"article","og:title":"Avalia\u00e7\u00e3o de Resultados \u2014 Erasmus+ - IAI","og:description":"Avalia\u00e7\u00e3o de Resultados \u2014 ERASMUS+ 2025\/2026 Fase de Planeamento \u2014 Rovigo, It\u00e1lia (PDF) Avalia\u00e7\u00e3o de Seguimento \u2013 Rovigo, It\u00e1lia \u2013 2\u00aa Fase (PDF) Avalia\u00e7\u00e3o Final \u2013 Rovigo, It\u00e1lia (PDF) Avalia\u00e7\u00e3o das Entidades de Est\u00e1gio \u2013 Rovigo, It\u00e1lia (PDF) Avalia\u00e7\u00e3o Final \u2014 Val\u00eancia, Espanha (PDF) Avalia\u00e7\u00e3o da Resid\u00eancia Art\u00edstica \u2014 Vide\u00f3grafo Nelson Coelho (PDF) Cerim\u00f3nia Entrega","og:url":"https:\/\/iai.pt\/web\/avaliacao-de-resultados-erasmus","og:image":"https:\/\/iai.pt\/web\/wp-content\/uploads\/2023\/05\/seo-logo.png","og:image:secure_url":"https:\/\/iai.pt\/web\/wp-content\/uploads\/2023\/05\/seo-logo.png","og:image:width":105,"og:image:height":112,"article:published_time":"2025-01-22T10:43:16+00:00","article:modified_time":"2026-07-20T12:10:03+00:00","article:publisher":"https:\/\/www.facebook.com\/instituto.das.artes.imagem","twitter:card":"summary_large_image","twitter:title":"Avalia\u00e7\u00e3o de Resultados \u2014 Erasmus+ - IAI","twitter:description":"Avalia\u00e7\u00e3o de Resultados \u2014 ERASMUS+ 2025\/2026 Fase de Planeamento \u2014 Rovigo, It\u00e1lia (PDF) Avalia\u00e7\u00e3o de Seguimento \u2013 Rovigo, It\u00e1lia \u2013 2\u00aa Fase (PDF) Avalia\u00e7\u00e3o Final \u2013 Rovigo, It\u00e1lia (PDF) Avalia\u00e7\u00e3o das Entidades de Est\u00e1gio \u2013 Rovigo, It\u00e1lia (PDF) Avalia\u00e7\u00e3o Final \u2014 Val\u00eancia, Espanha (PDF) Avalia\u00e7\u00e3o da Resid\u00eancia Art\u00edstica \u2014 Vide\u00f3grafo Nelson Coelho (PDF) Cerim\u00f3nia Entrega","twitter:image":"https:\/\/iai.pt\/web\/wp-content\/uploads\/2023\/05\/seo-logo.png"},"aioseo_meta_data":{"post_id":"16097","title":null,"description":null,"keywords":null,"keyphrases":{"focus":{"keyphrase":"","score":0,"analysis":{"keyphraseInTitle":{"score":0,"maxScore":9,"error":1}}},"additional":[]},"primary_term":null,"canonical_url":null,"og_title":null,"og_description":null,"og_object_type":"default","og_image_type":"default","og_image_url":null,"og_image_width":null,"og_image_height":null,"og_image_custom_url":null,"og_image_custom_fields":null,"og_video":"","og_custom_url":null,"og_article_section":null,"og_article_tags":null,"twitter_use_og":false,"twitter_card":"default","twitter_image_type":"default","twitter_image_url":null,"twitter_image_custom_url":null,"twitter_image_custom_fields":null,"twitter_title":null,"twitter_description":null,"schema":{"blockGraphs":[],"customGraphs":[],"default":{"data":{"Article":[],"Course":[],"Dataset":[],"FAQPage":[],"Movie":[],"Person":[],"Product":[],"ProductReview":[],"Car":[],"Recipe":[],"Service":[],"SoftwareApplication":[],"WebPage":[]},"graphName":"WebPage","isEnabled":true},"graphs":[]},"schema_type":"default","schema_type_options":null,"pillar_content":false,"robots_default":true,"robots_noindex":false,"robots_noarchive":false,"robots_nosnippet":false,"robots_nofollow":false,"robots_noimageindex":false,"robots_noodp":false,"robots_notranslate":false,"robots_max_snippet":"-1","robots_max_videopreview":"-1","robots_max_imagepreview":"large","priority":null,"frequency":"default","local_seo":null,"breadcrumb_settings":null,"limit_modified_date":false,"ai":{"faqs":[],"keyPoints":[],"titles":[],"descriptions":[],"socialPosts":{"email":[],"linkedin":[],"twitter":[],"facebook":[],"instagram":[]}},"created":"2025-01-22 10:34:36","updated":"2026-07-20 12:24:42","seo_analyzer_scan_date":null},"aioseo_breadcrumb":"<div class=\"aioseo-breadcrumbs\"><span class=\"aioseo-breadcrumb\">\n\t\t\t<a href=\"https:\/\/iai.pt\/web\" title=\"In\u00edcio\">In\u00edcio<\/a>\n\t\t<\/span><span class=\"aioseo-breadcrumb-separator\">\u00bb<\/span><span class=\"aioseo-breadcrumb\">\n\t\t\tAvalia\u00e7\u00e3o de Resultados \u2014 Erasmus+\n\t\t<\/span><\/div>","aioseo_breadcrumb_json":[{"label":"In\u00edcio","link":"https:\/\/iai.pt\/web"},{"label":"Avalia\u00e7\u00e3o de Resultados \u2014 Erasmus+","link":"https:\/\/iai.pt\/web\/avaliacao-de-resultados-erasmus"}],"_links":{"self":[{"href":"https:\/\/iai.pt\/web\/wp-json\/wp\/v2\/pages\/16097","targetHints":{"allow":["GET"]}}],"collection":[{"href":"https:\/\/iai.pt\/web\/wp-json\/wp\/v2\/pages"}],"about":[{"href":"https:\/\/iai.pt\/web\/wp-json\/wp\/v2\/types\/page"}],"author":[{"embeddable":true,"href":"https:\/\/iai.pt\/web\/wp-json\/wp\/v2\/users\/1"}],"replies":[{"embeddable":true,"href":"https:\/\/iai.pt\/web\/wp-json\/wp\/v2\/comments?post=16097"}],"version-history":[{"count":3,"href":"https:\/\/iai.pt\/web\/wp-json\/wp\/v2\/pages\/16097\/revisions"}],"predecessor-version":[{"id":18576,"href":"https:\/\/iai.pt\/web\/wp-json\/wp\/v2\/pages\/16097\/revisions\/18576"}],"wp:attachment":[{"href":"https:\/\/iai.pt\/web\/wp-json\/wp\/v2\/media?parent=16097"}],"curies":[{"name":"wp","href":"https:\/\/api.w.org\/{rel}","templated":true}]}}