{"id":16100,"date":"2025-01-22T10:55:26","date_gmt":"2025-01-22T10:55:26","guid":{"rendered":"https:\/\/iai.pt\/web\/?page_id=16100"},"modified":"2026-07-20T13:12:44","modified_gmt":"2026-07-20T12:12:44","slug":"partilhas-erasmus","status":"publish","type":"page","link":"https:\/\/iai.pt\/web\/partilhas-erasmus","title":{"rendered":"Partilhas \u2014 Erasmus+"},"content":{"rendered":"<p>[et_pb_section fb_built=&#8221;1&#8243; admin_label=&#8221;section&#8221; _builder_version=&#8221;4.16&#8243; custom_padding=&#8221;65px|50px|0px|0px||&#8221; global_colors_info=&#8221;{}&#8221;][et_pb_row column_structure=&#8221;3_5,2_5&#8243; admin_label=&#8221;row&#8221; _builder_version=&#8221;4.16&#8243; background_size=&#8221;initial&#8221; background_position=&#8221;top_left&#8221; background_repeat=&#8221;repeat&#8221; custom_margin=&#8221;|auto||60px||&#8221; global_colors_info=&#8221;{}&#8221;][et_pb_column type=&#8221;3_5&#8243; _builder_version=&#8221;4.16&#8243; custom_padding=&#8221;|||&#8221; global_colors_info=&#8221;{}&#8221; custom_padding__hover=&#8221;|||&#8221;][et_pb_text admin_label=&#8221;Texto&#8221; _builder_version=&#8221;4.16&#8243; background_size=&#8221;initial&#8221; background_position=&#8221;top_left&#8221; background_repeat=&#8221;repeat&#8221; custom_padding=&#8221;|51px||0px||&#8221; use_border_color=&#8221;off&#8221; border_color=&#8221;#ffffff&#8221; border_style=&#8221;solid&#8221; global_colors_info=&#8221;{}&#8221;]<\/p>\n<h2>Partilhas \u2014 ERASMUS+<span style=\"font-weight: 400;\"><\/span><\/h2>\n<p><span style=\"font-size: 14px;\"><\/span><\/p>\n<p>[\/et_pb_text][\/et_pb_column][et_pb_column type=&#8221;2_5&#8243; _builder_version=&#8221;4.16&#8243; custom_padding=&#8221;|||&#8221; global_colors_info=&#8221;{}&#8221; custom_padding__hover=&#8221;|||&#8221;][et_pb_image src=&#8221;https:\/\/iai.pt\/web\/wp-content\/uploads\/2023\/05\/logo_erasmus-completo.png&#8221; title_text=&#8221;logo_erasmus-completo&#8221; align=&#8221;center&#8221; _builder_version=&#8221;4.16&#8243; _module_preset=&#8221;default&#8221; module_alignment=&#8221;center&#8221; custom_padding=&#8221;||0px|||&#8221; global_colors_info=&#8221;{}&#8221;][\/et_pb_image][\/et_pb_column][\/et_pb_row][\/et_pb_section][et_pb_section fb_built=&#8221;1&#8243; admin_label=&#8221;section&#8221; _builder_version=&#8221;4.16&#8243; min_height=&#8221;739px&#8221; custom_padding=&#8221;3px|||||&#8221; global_colors_info=&#8221;{}&#8221;][et_pb_row admin_label=&#8221;row&#8221; _builder_version=&#8221;4.16&#8243; background_size=&#8221;initial&#8221; background_position=&#8221;top_left&#8221; background_repeat=&#8221;repeat&#8221; global_colors_info=&#8221;{}&#8221;][et_pb_column type=&#8221;4_4&#8243; _builder_version=&#8221;4.16&#8243; custom_padding=&#8221;|||&#8221; global_colors_info=&#8221;{}&#8221; custom_padding__hover=&#8221;|||&#8221;][et_pb_text admin_label=&#8221;Texto&#8221; _builder_version=&#8221;4.16&#8243; background_size=&#8221;initial&#8221; background_position=&#8221;top_left&#8221; background_repeat=&#8221;repeat&#8221; custom_margin=&#8221;||-3px|||&#8221; custom_padding=&#8221;|0px||||&#8221; use_border_color=&#8221;off&#8221; border_color=&#8221;#ffffff&#8221; border_style=&#8221;solid&#8221; global_colors_info=&#8221;{}&#8221;]<\/p>\n<h2>Di\u00e1rios de Viagem<\/h2>\n<ul>A constru\u00e7\u00e3o de &#8216;Di\u00e1rio de Viagem Erasmus+&#8217; integra o hist\u00f3rico de experi\u00eancias Erasmus+ a partir da produ\u00e7\u00e3o de textos individuais e reflexivos que cada um dos participantes em tr\u00eas fases distintas da mobilidade (antes, durante e ap\u00f3s). A finalidade \u00e9 recolher testemunhos, sentimentos, sensa\u00e7\u00f5es que cada aluno experiencia e que podem ser partilhados com a comunidade educativa e\/ou com novos e futuros participantes. \u00c9 por isso constru\u00eddo um volume por cada projeto de mobilidades, exibindo-se nesta sec\u00e7\u00e3o alguns exemplares.<\/ul>\n<p>[\/et_pb_text][et_pb_accordion _builder_version=&#8221;4.27.4&#8243; _module_preset=&#8221;default&#8221; hover_enabled=&#8221;0&#8243; global_colors_info=&#8221;{}&#8221; sticky_enabled=&#8221;0&#8243;][et_pb_accordion_item title=&#8221;2025\/2026&#8243; _builder_version=&#8221;4.27.4&#8243; _module_preset=&#8221;default&#8221; hover_enabled=&#8221;0&#8243; global_colors_info=&#8221;{}&#8221; open=&#8221;on&#8221; sticky_enabled=&#8221;0&#8243;]<\/p>\n<p>Di\u00e1rio de Viagem 2025\/2026 (em atualiza\u00e7\u00e3o)<\/p>\n<p><a href=\"https:\/\/youtu.be\/cUegrXnV3lQ?si=Oo7XKD500Hp2Z4r_\" target=\"_blank\" rel=\"noopener\">Testemunhos da Experi\u00eancia<\/a><\/p>\n<p>[\/et_pb_accordion_item][et_pb_accordion_item title=&#8221;2024\/2025&#8243; _builder_version=&#8221;4.27.4&#8243; _module_preset=&#8221;default&#8221; global_colors_info=&#8221;{}&#8221; open=&#8221;on&#8221;]<\/p>\n<p><a href=\"https:\/\/heyzine.com\/flip-book\/4990e843bf.html\" target=\"_blank\" rel=\"noopener\">Di\u00e1rio de Viagem 2024\/2025<\/a><\/p>\n<p><a href=\"https:\/\/www.instagram.com\/reel\/DLpG8RAogo8\/?utm_source=ig_web_copy_link&amp;igsh=MzRlODBiNWFlZA%3D%3D\" target=\"_blank\" rel=\"noopener\">Testemunhos da Experi\u00eancia<\/a><\/p>\n<p>[\/et_pb_accordion_item][et_pb_accordion_item title=&#8221;2022\/2023&#8243; open=&#8221;off&#8221; _builder_version=&#8221;4.23.4&#8243; _module_preset=&#8221;default&#8221; global_colors_info=&#8221;{}&#8221;]<\/p>\n<p><a href=\"https:\/\/iai.pt\/web\/wp-content\/uploads\/2025\/01\/diarios_viagem_compilacao_compressed.pdf\" target=\"_blank\" rel=\"noopener\">Volume I \u2014 Di\u00e1rio de Viagem Erasmus+ &#8220;Mar\u00e7o a Maio 2023 \u2014 It\u00e1lia, Rovigo, Malta, Sliema&#8221;<\/a><\/p>\n<p>[\/et_pb_accordion_item][\/et_pb_accordion][\/et_pb_column][\/et_pb_row][et_pb_row _builder_version=&#8221;4.16&#8243; _module_preset=&#8221;default&#8221; custom_padding=&#8221;24px|||||&#8221; global_colors_info=&#8221;{}&#8221;][et_pb_column type=&#8221;4_4&#8243; _builder_version=&#8221;4.16&#8243; _module_preset=&#8221;default&#8221; global_colors_info=&#8221;{}&#8221;][et_pb_text admin_label=&#8221;Texto&#8221; _builder_version=&#8221;4.16&#8243; background_size=&#8221;initial&#8221; background_position=&#8221;top_left&#8221; background_repeat=&#8221;repeat&#8221; custom_padding=&#8221;|0px||||&#8221; use_border_color=&#8221;off&#8221; border_color=&#8221;#ffffff&#8221; border_style=&#8221;solid&#8221; global_colors_info=&#8221;{}&#8221;]<\/p>\n<h2>Informa\u00e7\u00f5es de Anos Letivos Anteriores<\/h2>\n<ul><\/ul>\n<p>[\/et_pb_text][\/et_pb_column][\/et_pb_row][et_pb_row column_structure=&#8221;1_3,1_3,1_3&#8243; _builder_version=&#8221;4.16&#8243; _module_preset=&#8221;default&#8221; global_colors_info=&#8221;{}&#8221;][et_pb_column type=&#8221;1_3&#8243; _builder_version=&#8221;4.16&#8243; _module_preset=&#8221;default&#8221; global_colors_info=&#8221;{}&#8221;][et_pb_button button_url=&#8221;https:\/\/iai.pt\/web\/avaliacao-de-resultados-erasmus&#8221; button_text=&#8221;Avalia\u00e7\u00e3o de Resultados&#8221; button_alignment=&#8221;center&#8221; _builder_version=&#8221;4.23.4&#8243; _module_preset=&#8221;default&#8221; global_colors_info=&#8221;{}&#8221;][\/et_pb_button][\/et_pb_column][et_pb_column type=&#8221;1_3&#8243; _builder_version=&#8221;4.16&#8243; _module_preset=&#8221;default&#8221; global_colors_info=&#8221;{}&#8221;][et_pb_button button_url=&#8221;https:\/\/iai.pt\/web\/partilhas-erasmus&#8221; button_text=&#8221;Partilhas Erasmus+&#8221; button_alignment=&#8221;center&#8221; _builder_version=&#8221;4.23.4&#8243; _module_preset=&#8221;default&#8221; global_colors_info=&#8221;{}&#8221;][\/et_pb_button][et_pb_button button_url=&#8221;https:\/\/iai.pt\/web\/erasmus-2025&#8243; button_text=&#8221;Voltar \u00e0 P\u00e1gina Erasmus+&#8221; button_alignment=&#8221;center&#8221; _builder_version=&#8221;4.23.4&#8243; _module_preset=&#8221;default&#8221; global_colors_info=&#8221;{}&#8221;][\/et_pb_button][\/et_pb_column][et_pb_column type=&#8221;1_3&#8243; _builder_version=&#8221;4.16&#8243; _module_preset=&#8221;default&#8221; global_colors_info=&#8221;{}&#8221;][et_pb_button button_url=&#8221;https:\/\/iai.pt\/web\/noticias-erasmus&#8221; button_text=&#8221;Not\u00edcias Erasmus+&#8221; button_alignment=&#8221;center&#8221; _builder_version=&#8221;4.23.4&#8243; _module_preset=&#8221;default&#8221; global_colors_info=&#8221;{}&#8221;][\/et_pb_button][\/et_pb_column][\/et_pb_row][\/et_pb_section]<\/p>\n","protected":false},"excerpt":{"rendered":"<p>Partilhas \u2014 ERASMUS+ Di\u00e1rios de Viagem A constru\u00e7\u00e3o de &#8216;Di\u00e1rio de Viagem Erasmus+&#8217; integra o hist\u00f3rico de experi\u00eancias Erasmus+ a partir da produ\u00e7\u00e3o de textos individuais e reflexivos que cada um dos participantes em tr\u00eas fases distintas da mobilidade (antes, durante e ap\u00f3s). A finalidade \u00e9 recolher testemunhos, sentimentos, sensa\u00e7\u00f5es que cada aluno experiencia e [&hellip;]<\/p>\n","protected":false},"author":1,"featured_media":0,"parent":0,"menu_order":0,"comment_status":"closed","ping_status":"closed","template":"","meta":{"_et_pb_use_builder":"on","_et_pb_old_content":"","_et_gb_content_width":"","footnotes":"","_members_access_role":[],"_members_access_error":""},"class_list":["post-16100","page","type-page","status-publish","hentry"],"aioseo_notices":[],"aioseo_head":"\n\t\t<!-- All in One SEO 4.9.10 - aioseo.com -->\n\t<meta name=\"description\" content=\"Partilhas \u2014 ERASMUS+ Di\u00e1rios de Viagem A constru\u00e7\u00e3o de \u2018Di\u00e1rio de Viagem Erasmus+\u2019 integra o hist\u00f3rico de experi\u00eancias Erasmus+ a partir da produ\u00e7\u00e3o de textos individuais e reflexivos que cada um dos participantes em tr\u00eas fases distintas da mobilidade (antes, durante e ap\u00f3s). A finalidade \u00e9 recolher testemunhos, sentimentos, sensa\u00e7\u00f5es que cada aluno experiencia e\" \/>\n\t<meta name=\"robots\" content=\"max-image-preview:large\" \/>\n\t<link rel=\"canonical\" href=\"https:\/\/iai.pt\/web\/partilhas-erasmus\" \/>\n\t<meta name=\"generator\" content=\"All in One SEO (AIOSEO) 4.9.10\" \/>\n\t\t<meta property=\"og:locale\" content=\"pt_PT\" \/>\n\t\t<meta property=\"og:site_name\" content=\"IAI - Escola Art\u00edstica\" \/>\n\t\t<meta property=\"og:type\" content=\"article\" \/>\n\t\t<meta property=\"og:title\" content=\"Partilhas \u2014 Erasmus+ - IAI\" \/>\n\t\t<meta property=\"og:description\" content=\"Partilhas \u2014 ERASMUS+ Di\u00e1rios de Viagem A constru\u00e7\u00e3o de \u2018Di\u00e1rio de Viagem Erasmus+\u2019 integra o hist\u00f3rico de experi\u00eancias Erasmus+ a partir da produ\u00e7\u00e3o de textos individuais e reflexivos que cada um dos participantes em tr\u00eas fases distintas da mobilidade (antes, durante e ap\u00f3s). A finalidade \u00e9 recolher testemunhos, sentimentos, sensa\u00e7\u00f5es que cada aluno experiencia e\" \/>\n\t\t<meta property=\"og:url\" content=\"https:\/\/iai.pt\/web\/partilhas-erasmus\" \/>\n\t\t<meta property=\"og:image\" content=\"https:\/\/iai.pt\/web\/wp-content\/uploads\/2023\/05\/seo-logo.png\" \/>\n\t\t<meta property=\"og:image:secure_url\" content=\"https:\/\/iai.pt\/web\/wp-content\/uploads\/2023\/05\/seo-logo.png\" \/>\n\t\t<meta property=\"og:image:width\" content=\"105\" \/>\n\t\t<meta property=\"og:image:height\" content=\"112\" \/>\n\t\t<meta property=\"article:published_time\" content=\"2025-01-22T10:55:26+00:00\" \/>\n\t\t<meta property=\"article:modified_time\" content=\"2026-07-20T12:12:44+00:00\" \/>\n\t\t<meta property=\"article:publisher\" content=\"https:\/\/www.facebook.com\/instituto.das.artes.imagem\" \/>\n\t\t<meta name=\"twitter:card\" content=\"summary_large_image\" \/>\n\t\t<meta name=\"twitter:title\" content=\"Partilhas \u2014 Erasmus+ - IAI\" \/>\n\t\t<meta name=\"twitter:description\" content=\"Partilhas \u2014 ERASMUS+ Di\u00e1rios de Viagem A constru\u00e7\u00e3o de \u2018Di\u00e1rio de Viagem Erasmus+\u2019 integra o hist\u00f3rico de experi\u00eancias Erasmus+ a partir da produ\u00e7\u00e3o de textos individuais e reflexivos que cada um dos participantes em tr\u00eas fases distintas da mobilidade (antes, durante e ap\u00f3s). A finalidade \u00e9 recolher testemunhos, sentimentos, sensa\u00e7\u00f5es que cada aluno experiencia e\" \/>\n\t\t<meta name=\"twitter:image\" content=\"https:\/\/iai.pt\/web\/wp-content\/uploads\/2023\/05\/seo-logo.png\" \/>\n\t\t<script type=\"application\/ld+json\" class=\"aioseo-schema\">\n\t\t\t{\"@context\":\"https:\\\/\\\/schema.org\",\"@graph\":[{\"@type\":\"BreadcrumbList\",\"@id\":\"https:\\\/\\\/iai.pt\\\/web\\\/partilhas-erasmus#breadcrumblist\",\"itemListElement\":[{\"@type\":\"ListItem\",\"@id\":\"https:\\\/\\\/iai.pt\\\/web#listItem\",\"position\":1,\"name\":\"In\\u00edcio\",\"item\":\"https:\\\/\\\/iai.pt\\\/web\",\"nextItem\":{\"@type\":\"ListItem\",\"@id\":\"https:\\\/\\\/iai.pt\\\/web\\\/partilhas-erasmus#listItem\",\"name\":\"Partilhas \\u2014 Erasmus+\"}},{\"@type\":\"ListItem\",\"@id\":\"https:\\\/\\\/iai.pt\\\/web\\\/partilhas-erasmus#listItem\",\"position\":2,\"name\":\"Partilhas \\u2014 Erasmus+\",\"previousItem\":{\"@type\":\"ListItem\",\"@id\":\"https:\\\/\\\/iai.pt\\\/web#listItem\",\"name\":\"In\\u00edcio\"}}]},{\"@type\":\"Organization\",\"@id\":\"https:\\\/\\\/iai.pt\\\/web\\\/#organization\",\"name\":\"Instituto das Artes e da Imagem\",\"description\":\"Escola Art\\u00edstica\",\"url\":\"https:\\\/\\\/iai.pt\\\/web\\\/\",\"telephone\":\"+351222000757\",\"logo\":{\"@type\":\"ImageObject\",\"url\":\"https:\\\/\\\/iai.pt\\\/web\\\/wp-content\\\/uploads\\\/2023\\\/05\\\/seo-logo.png\",\"@id\":\"https:\\\/\\\/iai.pt\\\/web\\\/partilhas-erasmus\\\/#organizationLogo\",\"width\":105,\"height\":112},\"image\":{\"@id\":\"https:\\\/\\\/iai.pt\\\/web\\\/partilhas-erasmus\\\/#organizationLogo\"},\"sameAs\":[\"https:\\\/\\\/www.facebook.com\\\/instituto.das.artes.imagem\",\"https:\\\/\\\/www.instagram.com\\\/iai_escola_de_artes\\\/\",\"https:\\\/\\\/www.youtube.com\\\/iaiwebmaster\"]},{\"@type\":\"WebPage\",\"@id\":\"https:\\\/\\\/iai.pt\\\/web\\\/partilhas-erasmus#webpage\",\"url\":\"https:\\\/\\\/iai.pt\\\/web\\\/partilhas-erasmus\",\"name\":\"Partilhas \\u2014 Erasmus+ - IAI\",\"description\":\"Partilhas \\u2014 ERASMUS+ Di\\u00e1rios de Viagem A constru\\u00e7\\u00e3o de \\u2018Di\\u00e1rio de Viagem Erasmus+\\u2019 integra o hist\\u00f3rico de experi\\u00eancias Erasmus+ a partir da produ\\u00e7\\u00e3o de textos individuais e reflexivos que cada um dos participantes em tr\\u00eas fases distintas da mobilidade (antes, durante e ap\\u00f3s). A finalidade \\u00e9 recolher testemunhos, sentimentos, sensa\\u00e7\\u00f5es que cada aluno experiencia e\",\"inLanguage\":\"pt-PT\",\"isPartOf\":{\"@id\":\"https:\\\/\\\/iai.pt\\\/web\\\/#website\"},\"breadcrumb\":{\"@id\":\"https:\\\/\\\/iai.pt\\\/web\\\/partilhas-erasmus#breadcrumblist\"},\"datePublished\":\"2025-01-22T10:55:26+00:00\",\"dateModified\":\"2026-07-20T13:12:44+01:00\"},{\"@type\":\"WebSite\",\"@id\":\"https:\\\/\\\/iai.pt\\\/web\\\/#website\",\"url\":\"https:\\\/\\\/iai.pt\\\/web\\\/\",\"name\":\"IAI\",\"alternateName\":\"iai\",\"description\":\"Escola Art\\u00edstica\",\"inLanguage\":\"pt-PT\",\"publisher\":{\"@id\":\"https:\\\/\\\/iai.pt\\\/web\\\/#organization\"}}]}\n\t\t<\/script>\n\t\t<!-- All in One SEO -->\n\n","aioseo_head_json":{"title":"Partilhas \u2014 Erasmus+ - IAI","description":"Partilhas \u2014 ERASMUS+ Di\u00e1rios de Viagem A constru\u00e7\u00e3o de \u2018Di\u00e1rio de Viagem Erasmus+\u2019 integra o hist\u00f3rico de experi\u00eancias Erasmus+ a partir da produ\u00e7\u00e3o de textos individuais e reflexivos que cada um dos participantes em tr\u00eas fases distintas da mobilidade (antes, durante e ap\u00f3s). A finalidade \u00e9 recolher testemunhos, sentimentos, sensa\u00e7\u00f5es que cada aluno experiencia e","canonical_url":"https:\/\/iai.pt\/web\/partilhas-erasmus","robots":"max-image-preview:large","keywords":"","webmasterTools":{"miscellaneous":""},"schema":{"@context":"https:\/\/schema.org","@graph":[{"@type":"BreadcrumbList","@id":"https:\/\/iai.pt\/web\/partilhas-erasmus#breadcrumblist","itemListElement":[{"@type":"ListItem","@id":"https:\/\/iai.pt\/web#listItem","position":1,"name":"In\u00edcio","item":"https:\/\/iai.pt\/web","nextItem":{"@type":"ListItem","@id":"https:\/\/iai.pt\/web\/partilhas-erasmus#listItem","name":"Partilhas \u2014 Erasmus+"}},{"@type":"ListItem","@id":"https:\/\/iai.pt\/web\/partilhas-erasmus#listItem","position":2,"name":"Partilhas \u2014 Erasmus+","previousItem":{"@type":"ListItem","@id":"https:\/\/iai.pt\/web#listItem","name":"In\u00edcio"}}]},{"@type":"Organization","@id":"https:\/\/iai.pt\/web\/#organization","name":"Instituto das Artes e da Imagem","description":"Escola Art\u00edstica","url":"https:\/\/iai.pt\/web\/","telephone":"+351222000757","logo":{"@type":"ImageObject","url":"https:\/\/iai.pt\/web\/wp-content\/uploads\/2023\/05\/seo-logo.png","@id":"https:\/\/iai.pt\/web\/partilhas-erasmus\/#organizationLogo","width":105,"height":112},"image":{"@id":"https:\/\/iai.pt\/web\/partilhas-erasmus\/#organizationLogo"},"sameAs":["https:\/\/www.facebook.com\/instituto.das.artes.imagem","https:\/\/www.instagram.com\/iai_escola_de_artes\/","https:\/\/www.youtube.com\/iaiwebmaster"]},{"@type":"WebPage","@id":"https:\/\/iai.pt\/web\/partilhas-erasmus#webpage","url":"https:\/\/iai.pt\/web\/partilhas-erasmus","name":"Partilhas \u2014 Erasmus+ - IAI","description":"Partilhas \u2014 ERASMUS+ Di\u00e1rios de Viagem A constru\u00e7\u00e3o de \u2018Di\u00e1rio de Viagem Erasmus+\u2019 integra o hist\u00f3rico de experi\u00eancias Erasmus+ a partir da produ\u00e7\u00e3o de textos individuais e reflexivos que cada um dos participantes em tr\u00eas fases distintas da mobilidade (antes, durante e ap\u00f3s). A finalidade \u00e9 recolher testemunhos, sentimentos, sensa\u00e7\u00f5es que cada aluno experiencia e","inLanguage":"pt-PT","isPartOf":{"@id":"https:\/\/iai.pt\/web\/#website"},"breadcrumb":{"@id":"https:\/\/iai.pt\/web\/partilhas-erasmus#breadcrumblist"},"datePublished":"2025-01-22T10:55:26+00:00","dateModified":"2026-07-20T13:12:44+01:00"},{"@type":"WebSite","@id":"https:\/\/iai.pt\/web\/#website","url":"https:\/\/iai.pt\/web\/","name":"IAI","alternateName":"iai","description":"Escola Art\u00edstica","inLanguage":"pt-PT","publisher":{"@id":"https:\/\/iai.pt\/web\/#organization"}}]},"og:locale":"pt_PT","og:site_name":"IAI - Escola Art\u00edstica","og:type":"article","og:title":"Partilhas \u2014 Erasmus+ - IAI","og:description":"Partilhas \u2014 ERASMUS+ Di\u00e1rios de Viagem A constru\u00e7\u00e3o de \u2018Di\u00e1rio de Viagem Erasmus+\u2019 integra o hist\u00f3rico de experi\u00eancias Erasmus+ a partir da produ\u00e7\u00e3o de textos individuais e reflexivos que cada um dos participantes em tr\u00eas fases distintas da mobilidade (antes, durante e ap\u00f3s). A finalidade \u00e9 recolher testemunhos, sentimentos, sensa\u00e7\u00f5es que cada aluno experiencia e","og:url":"https:\/\/iai.pt\/web\/partilhas-erasmus","og:image":"https:\/\/iai.pt\/web\/wp-content\/uploads\/2023\/05\/seo-logo.png","og:image:secure_url":"https:\/\/iai.pt\/web\/wp-content\/uploads\/2023\/05\/seo-logo.png","og:image:width":105,"og:image:height":112,"article:published_time":"2025-01-22T10:55:26+00:00","article:modified_time":"2026-07-20T12:12:44+00:00","article:publisher":"https:\/\/www.facebook.com\/instituto.das.artes.imagem","twitter:card":"summary_large_image","twitter:title":"Partilhas \u2014 Erasmus+ - IAI","twitter:description":"Partilhas \u2014 ERASMUS+ Di\u00e1rios de Viagem A constru\u00e7\u00e3o de \u2018Di\u00e1rio de Viagem Erasmus+\u2019 integra o hist\u00f3rico de experi\u00eancias Erasmus+ a partir da produ\u00e7\u00e3o de textos individuais e reflexivos que cada um dos participantes em tr\u00eas fases distintas da mobilidade (antes, durante e ap\u00f3s). A finalidade \u00e9 recolher testemunhos, sentimentos, sensa\u00e7\u00f5es que cada aluno experiencia e","twitter:image":"https:\/\/iai.pt\/web\/wp-content\/uploads\/2023\/05\/seo-logo.png"},"aioseo_meta_data":{"post_id":"16100","title":null,"description":null,"keywords":null,"keyphrases":{"focus":{"keyphrase":"","score":0,"analysis":{"keyphraseInTitle":{"score":0,"maxScore":9,"error":1}}},"additional":[]},"primary_term":null,"canonical_url":null,"og_title":null,"og_description":null,"og_object_type":"default","og_image_type":"default","og_image_url":null,"og_image_width":null,"og_image_height":null,"og_image_custom_url":null,"og_image_custom_fields":null,"og_video":"","og_custom_url":null,"og_article_section":null,"og_article_tags":null,"twitter_use_og":false,"twitter_card":"default","twitter_image_type":"default","twitter_image_url":null,"twitter_image_custom_url":null,"twitter_image_custom_fields":null,"twitter_title":null,"twitter_description":null,"schema":{"blockGraphs":[],"customGraphs":[],"default":{"data":{"Article":[],"Course":[],"Dataset":[],"FAQPage":[],"Movie":[],"Person":[],"Product":[],"ProductReview":[],"Car":[],"Recipe":[],"Service":[],"SoftwareApplication":[],"WebPage":[]},"graphName":"WebPage","isEnabled":true},"graphs":[]},"schema_type":"default","schema_type_options":null,"pillar_content":false,"robots_default":true,"robots_noindex":false,"robots_noarchive":false,"robots_nosnippet":false,"robots_nofollow":false,"robots_noimageindex":false,"robots_noodp":false,"robots_notranslate":false,"robots_max_snippet":"-1","robots_max_videopreview":"-1","robots_max_imagepreview":"large","priority":null,"frequency":"default","local_seo":null,"breadcrumb_settings":null,"limit_modified_date":false,"ai":{"faqs":[],"keyPoints":[],"titles":[],"descriptions":[],"socialPosts":{"email":[],"linkedin":[],"twitter":[],"facebook":[],"instagram":[]}},"created":"2025-01-22 11:01:05","updated":"2026-07-20 12:24:42","seo_analyzer_scan_date":null},"aioseo_breadcrumb":"<div class=\"aioseo-breadcrumbs\"><span class=\"aioseo-breadcrumb\">\n\t\t\t<a href=\"https:\/\/iai.pt\/web\" title=\"In\u00edcio\">In\u00edcio<\/a>\n\t\t<\/span><span class=\"aioseo-breadcrumb-separator\">\u00bb<\/span><span class=\"aioseo-breadcrumb\">\n\t\t\tPartilhas \u2014 Erasmus+\n\t\t<\/span><\/div>","aioseo_breadcrumb_json":[{"label":"In\u00edcio","link":"https:\/\/iai.pt\/web"},{"label":"Partilhas \u2014 Erasmus+","link":"https:\/\/iai.pt\/web\/partilhas-erasmus"}],"_links":{"self":[{"href":"https:\/\/iai.pt\/web\/wp-json\/wp\/v2\/pages\/16100","targetHints":{"allow":["GET"]}}],"collection":[{"href":"https:\/\/iai.pt\/web\/wp-json\/wp\/v2\/pages"}],"about":[{"href":"https:\/\/iai.pt\/web\/wp-json\/wp\/v2\/types\/page"}],"author":[{"embeddable":true,"href":"https:\/\/iai.pt\/web\/wp-json\/wp\/v2\/users\/1"}],"replies":[{"embeddable":true,"href":"https:\/\/iai.pt\/web\/wp-json\/wp\/v2\/comments?post=16100"}],"version-history":[{"count":11,"href":"https:\/\/iai.pt\/web\/wp-json\/wp\/v2\/pages\/16100\/revisions"}],"predecessor-version":[{"id":18578,"href":"https:\/\/iai.pt\/web\/wp-json\/wp\/v2\/pages\/16100\/revisions\/18578"}],"wp:attachment":[{"href":"https:\/\/iai.pt\/web\/wp-json\/wp\/v2\/media?parent=16100"}],"curies":[{"name":"wp","href":"https:\/\/api.w.org\/{rel}","templated":true}]}}