{"id":16105,"date":"2025-01-22T11:01:11","date_gmt":"2025-01-22T11:01:11","guid":{"rendered":"https:\/\/iai.pt\/web\/?page_id=16105"},"modified":"2025-09-25T16:34:04","modified_gmt":"2025-09-25T15:34:04","slug":"noticias-erasmus","status":"publish","type":"page","link":"https:\/\/iai.pt\/web\/noticias-erasmus","title":{"rendered":"Not\u00edcias \u2014 Erasmus+"},"content":{"rendered":"<p>[et_pb_section fb_built=&#8221;1&#8243; admin_label=&#8221;section&#8221; _builder_version=&#8221;4.16&#8243; custom_padding=&#8221;65px|50px|0px|0px||&#8221; global_colors_info=&#8221;{}&#8221;][et_pb_row column_structure=&#8221;3_5,2_5&#8243; admin_label=&#8221;row&#8221; _builder_version=&#8221;4.16&#8243; background_size=&#8221;initial&#8221; background_position=&#8221;top_left&#8221; background_repeat=&#8221;repeat&#8221; custom_margin=&#8221;|auto||60px||&#8221; global_colors_info=&#8221;{}&#8221;][et_pb_column type=&#8221;3_5&#8243; _builder_version=&#8221;4.16&#8243; custom_padding=&#8221;|||&#8221; global_colors_info=&#8221;{}&#8221; custom_padding__hover=&#8221;|||&#8221;][et_pb_text admin_label=&#8221;Texto&#8221; _builder_version=&#8221;4.23.4&#8243; background_size=&#8221;initial&#8221; background_position=&#8221;top_left&#8221; background_repeat=&#8221;repeat&#8221; custom_padding=&#8221;|51px||0px||&#8221; use_border_color=&#8221;off&#8221; border_color=&#8221;#ffffff&#8221; border_style=&#8221;solid&#8221; global_colors_info=&#8221;{}&#8221;]<\/p>\n<h2>Not\u00edcias \u2014 ERASMUS+<span style=\"font-weight: 400;\"><\/span><\/h2>\n<p><span style=\"font-size: 14px;\"><\/span><\/p>\n<p>[\/et_pb_text][\/et_pb_column][et_pb_column type=&#8221;2_5&#8243; _builder_version=&#8221;4.16&#8243; custom_padding=&#8221;|||&#8221; global_colors_info=&#8221;{}&#8221; custom_padding__hover=&#8221;|||&#8221;][et_pb_image src=&#8221;https:\/\/iai.pt\/web\/wp-content\/uploads\/2023\/05\/logo_erasmus-completo.png&#8221; title_text=&#8221;logo_erasmus-completo&#8221; align=&#8221;center&#8221; _builder_version=&#8221;4.16&#8243; _module_preset=&#8221;default&#8221; module_alignment=&#8221;center&#8221; custom_padding=&#8221;||0px|||&#8221; global_colors_info=&#8221;{}&#8221;][\/et_pb_image][\/et_pb_column][\/et_pb_row][\/et_pb_section][et_pb_section fb_built=&#8221;1&#8243; admin_label=&#8221;section&#8221; _builder_version=&#8221;4.16&#8243; min_height=&#8221;420px&#8221; custom_padding=&#8221;3px|||||&#8221; global_colors_info=&#8221;{}&#8221;][et_pb_row admin_label=&#8221;row&#8221; _builder_version=&#8221;4.16&#8243; background_size=&#8221;initial&#8221; background_position=&#8221;top_left&#8221; background_repeat=&#8221;repeat&#8221; global_colors_info=&#8221;{}&#8221;][et_pb_column type=&#8221;4_4&#8243; _builder_version=&#8221;4.16&#8243; custom_padding=&#8221;|||&#8221; global_colors_info=&#8221;{}&#8221; custom_padding__hover=&#8221;|||&#8221;][et_pb_accordion _builder_version=&#8221;4.27.4&#8243; _module_preset=&#8221;default&#8221; min_height=&#8221;262px&#8221; global_colors_info=&#8221;{}&#8221;][et_pb_accordion_item title=&#8221;2022\/2023&#8243; _builder_version=&#8221;4.23.4&#8243; _module_preset=&#8221;default&#8221; global_colors_info=&#8221;{}&#8221; open=&#8221;off&#8221;]<\/p>\n<h5><strong>\u00a0Sess\u00e3o de Partilha com Ex-alunos de Erasmus<\/strong><\/h5>\n<p><span style=\"font-weight: 400;\">No \u00e2mbito da implementa\u00e7\u00e3o do <\/span><span style=\"font-weight: 400;\">\u00a0Projeto de Mobilidade Erasmus+ <\/span><span style=\"font-weight: 400;\">European Skills 2<\/span><span style=\"font-weight: 400;\">, realizou-se no dia 16.11.22, uma sess\u00e3o\u00a0 de partilha com ex-alunos<\/span><span style=\"font-weight: 400;\"> que, durante o seu percurso no IAI, tiveram a oportunidade de participar numa experi\u00eancia de mobilidade Erasmus +. Tratou-se de uma iniciativa muito enriquecedora,\u00a0 sobretudo pelo teor descritivo\u00a0 e emotivo das comunica\u00e7\u00f5es que cada aluno realizou, assim como pela recupera\u00e7\u00e3o de mem\u00f3rias, que fizeram quest\u00e3o de partilhar.<\/span><\/p>\n<p><span style=\"font-weight: 400;\"> <\/span><img loading=\"lazy\" decoding=\"async\" src=\"https:\/\/iai.pt\/web\/wp-content\/uploads\/2023\/06\/sessao-ex-alunos-erasmus_noticia4.jpg\" width=\"202\" height=\"286\" alt=\"\" class=\"wp-image-14211 alignnone size-full\" srcset=\"https:\/\/iai.pt\/web\/wp-content\/uploads\/2023\/06\/sessao-ex-alunos-erasmus_noticia4.jpg 362w, https:\/\/iai.pt\/web\/wp-content\/uploads\/2023\/06\/sessao-ex-alunos-erasmus_noticia4-106x150.jpg 106w, https:\/\/iai.pt\/web\/wp-content\/uploads\/2023\/06\/sessao-ex-alunos-erasmus_noticia4-212x300.jpg 212w\" sizes=\"(max-width: 202px) 100vw, 202px\" \/> <img loading=\"lazy\" decoding=\"async\" src=\"https:\/\/iai.pt\/web\/wp-content\/uploads\/2023\/06\/sessao-ex-alunos-erasmus_noticia3.png\" width=\"512\" height=\"288\" alt=\"\" class=\"wp-image-14210 alignnone size-full\" srcset=\"https:\/\/iai.pt\/web\/wp-content\/uploads\/2023\/06\/sessao-ex-alunos-erasmus_noticia3.png 512w, https:\/\/iai.pt\/web\/wp-content\/uploads\/2023\/06\/sessao-ex-alunos-erasmus_noticia3-480x270.png 480w\" sizes=\"(min-width: 0px) and (max-width: 480px) 480px, (min-width: 481px) 512px, 100vw\" \/> <img loading=\"lazy\" decoding=\"async\" src=\"https:\/\/iai.pt\/web\/wp-content\/uploads\/2023\/06\/sessao-ex-alunos-erasmus_noticia2.png\" width=\"512\" height=\"288\" alt=\"\" class=\"wp-image-14209 alignnone size-full\" srcset=\"https:\/\/iai.pt\/web\/wp-content\/uploads\/2023\/06\/sessao-ex-alunos-erasmus_noticia2.png 512w, https:\/\/iai.pt\/web\/wp-content\/uploads\/2023\/06\/sessao-ex-alunos-erasmus_noticia2-480x270.png 480w\" sizes=\"(min-width: 0px) and (max-width: 480px) 480px, (min-width: 481px) 512px, 100vw\" \/> <img loading=\"lazy\" decoding=\"async\" src=\"https:\/\/iai.pt\/web\/wp-content\/uploads\/2023\/06\/sessao-ex-alunos-erasmus_noticia1.png\" width=\"512\" height=\"288\" alt=\"\" class=\"wp-image-14208 alignnone size-full\" srcset=\"https:\/\/iai.pt\/web\/wp-content\/uploads\/2023\/06\/sessao-ex-alunos-erasmus_noticia1.png 512w, https:\/\/iai.pt\/web\/wp-content\/uploads\/2023\/06\/sessao-ex-alunos-erasmus_noticia1-480x270.png 480w\" sizes=\"(min-width: 0px) and (max-width: 480px) 480px, (min-width: 481px) 512px, 100vw\" \/><\/p>\n<h5><strong><\/strong><\/h5>\n<h5><strong>Sess\u00e3o de Apresenta\u00e7\u00e3o do Erasmus+ 2023<\/strong><\/h5>\n<p><span style=\"font-weight: 400;\">No dia 05.12.22 realizou-se uma sess\u00e3o de informa\u00e7\u00e3o sobre o Programa Erasmus +, dirigida aos alunos que manifestaram interesse em participar na experi\u00eancia e, respetivos encarregados de educa\u00e7\u00e3o. Perspetiva-se que, no seguimento desta sess\u00e3o os alunos e respetivos encarregados de educa\u00e7\u00e3o obtenham\u00a0 as informa\u00e7\u00f5es necess\u00e1rias, compreendam as exig\u00eancias do Programa, mas tamb\u00e9m as suas m\u00faltiplas virtualidades.<\/span><span style=\"font-weight: 400;\"><\/span><\/p>\n<p><span style=\"font-weight: 400;\"><\/span><\/p>\n<h5><strong>Reuni\u00f5es de Trabalho sobre o Programa de Mobilidade Erasmus+<\/strong><\/h5>\n<p><span style=\"font-weight: 400;\">Nos dias 10.02.23 e 16.02.23, foram realizadas duas importantes reuni\u00f5es de trabalho\u00a0 sobre o Programa de Mobilidade Erasmus+, dirigida aos alunos selecionados para integrarem o projeto.\u00a0<\/span><\/p>\n<p><span style=\"font-weight: 400;\">A particular relev\u00e2ncia deveu-se ao facto de se ter iniciado de uma forma mais dirigida o enquadramento dos alunos nas entidades de est\u00e1gio.\u00a0<\/span><\/p>\n<p><span style=\"font-weight: 400;\">No seguimento dos trabalhos os alunos tiveram de criar um pequeno v\u00eddeo de apresenta\u00e7\u00e3o que ser\u00e1 enviado \u00e0s entidades de est\u00e1gio.<\/span><\/p>\n<p><span style=\"font-weight: 400;\"><img loading=\"lazy\" decoding=\"async\" src=\"https:\/\/iai.pt\/web\/wp-content\/uploads\/2023\/07\/C\u00f3pia-de-4.jpg\" width=\"2048\" height=\"921\" alt=\"\" class=\"wp-image-14469 alignnone size-full\" srcset=\"https:\/\/iai.pt\/web\/wp-content\/uploads\/2023\/07\/C\u00f3pia-de-4.jpg 2048w, https:\/\/iai.pt\/web\/wp-content\/uploads\/2023\/07\/C\u00f3pia-de-4-150x67.jpg 150w, https:\/\/iai.pt\/web\/wp-content\/uploads\/2023\/07\/C\u00f3pia-de-4-300x135.jpg 300w, https:\/\/iai.pt\/web\/wp-content\/uploads\/2023\/07\/C\u00f3pia-de-4-768x345.jpg 768w, https:\/\/iai.pt\/web\/wp-content\/uploads\/2023\/07\/C\u00f3pia-de-4-1024x461.jpg 1024w, https:\/\/iai.pt\/web\/wp-content\/uploads\/2023\/07\/C\u00f3pia-de-4-610x274.jpg 610w, https:\/\/iai.pt\/web\/wp-content\/uploads\/2023\/07\/C\u00f3pia-de-4-1080x486.jpg 1080w, https:\/\/iai.pt\/web\/wp-content\/uploads\/2023\/07\/C\u00f3pia-de-4-1280x576.jpg 1280w, https:\/\/iai.pt\/web\/wp-content\/uploads\/2023\/07\/C\u00f3pia-de-4-980x441.jpg 980w, https:\/\/iai.pt\/web\/wp-content\/uploads\/2023\/07\/C\u00f3pia-de-4-480x216.jpg 480w\" sizes=\"(max-width: 2048px) 100vw, 2048px\" \/> <img loading=\"lazy\" decoding=\"async\" src=\"https:\/\/iai.pt\/web\/wp-content\/uploads\/2023\/07\/C\u00f3pia-de-7.jpg\" width=\"2048\" height=\"921\" alt=\"\" class=\"wp-image-14470 alignnone size-full\" srcset=\"https:\/\/iai.pt\/web\/wp-content\/uploads\/2023\/07\/C\u00f3pia-de-7.jpg 2048w, https:\/\/iai.pt\/web\/wp-content\/uploads\/2023\/07\/C\u00f3pia-de-7-150x67.jpg 150w, https:\/\/iai.pt\/web\/wp-content\/uploads\/2023\/07\/C\u00f3pia-de-7-300x135.jpg 300w, https:\/\/iai.pt\/web\/wp-content\/uploads\/2023\/07\/C\u00f3pia-de-7-768x345.jpg 768w, https:\/\/iai.pt\/web\/wp-content\/uploads\/2023\/07\/C\u00f3pia-de-7-1024x461.jpg 1024w, https:\/\/iai.pt\/web\/wp-content\/uploads\/2023\/07\/C\u00f3pia-de-7-610x274.jpg 610w, https:\/\/iai.pt\/web\/wp-content\/uploads\/2023\/07\/C\u00f3pia-de-7-1080x486.jpg 1080w, https:\/\/iai.pt\/web\/wp-content\/uploads\/2023\/07\/C\u00f3pia-de-7-1280x576.jpg 1280w, https:\/\/iai.pt\/web\/wp-content\/uploads\/2023\/07\/C\u00f3pia-de-7-980x441.jpg 980w, https:\/\/iai.pt\/web\/wp-content\/uploads\/2023\/07\/C\u00f3pia-de-7-480x216.jpg 480w\" sizes=\"(max-width: 2048px) 100vw, 2048px\" \/><\/span><\/p>\n<p><span style=\"font-weight: 400;\"><\/span><\/p>\n<h5><strong>Festa da Primavera com os Alunos de Erasmus+<\/strong><\/h5>\n<p><span style=\"font-weight: 400;\">No dia 31.03 os alunos que participaram no Programa de Mobilidade Erasmus+ em It\u00e1lia e Malta participaram online na imperd\u00edvel Festa da Primavera do IAI 2023. Esta participa\u00e7\u00e3o simb\u00f3lica e inesperada serviu tamb\u00e9m o prop\u00f3sito de\u00a0 permitir que os alunos partilhassem a sua experi\u00eancia junto dos demais alunos do IAI, assim como dos familiares presentes na festa.<\/span><\/p>\n<p><strong><\/strong><\/p>\n<p><strong>Chegada dos Alunos Erasmus+ 2023<\/strong><\/p>\n<h5><span style=\"font-size: 14px; color: #666666; font-weight: 500;\">Os alunos do IAI acabaram de regressar (14 e 15 de maio), de\u00a0 um Programa de Mobilidade Erasmus +, em It\u00e1lia e Malta, respetivamente.<\/span><\/h5>\n<h5><span style=\"font-size: 14px; color: #666666; font-weight: 500;\">Foram 2 meses de in\u00fameras experi\u00eancias, muitas aprendizagens e, com certeza, muitas hist\u00f3rias para contar\u2026<\/span><\/h5>\n<h5><span style=\"font-size: 14px; color: #666666; font-weight: 500;\">Em breve vamos divulgar os melhores momentos e dar voz aos alunos participantes para que partilhem como foi esta experi\u00eancia.<\/span><\/h5>\n<p><span style=\"font-size: 14px; color: #666666; font-weight: 500;\"><\/span><\/p>\n<div class=\"et_pb_column et_pb_column_2_3 et_pb_column_0  et_pb_css_mix_blend_mode_passthrough\">\n<div class=\"et_pb_module et_pb_text et_pb_text_0  et_pb_text_align_left et_pb_bg_layout_light\">\n<div class=\"et_pb_text_inner\">\n<p><img loading=\"lazy\" decoding=\"async\" width=\"954\" height=\"954\" src=\"https:\/\/iai.pt\/web\/wp-content\/uploads\/2023\/07\/4.jpg\" alt=\"Halloween Gallery\" title=\"4\" srcset=\"https:\/\/iai.pt\/web\/wp-content\/uploads\/2023\/07\/4.jpg 1496w, https:\/\/iai.pt\/web\/wp-content\/uploads\/2023\/07\/4-1280x1280.jpg 1280w, https:\/\/iai.pt\/web\/wp-content\/uploads\/2023\/07\/4-980x980.jpg 980w, https:\/\/iai.pt\/web\/wp-content\/uploads\/2023\/07\/4-480x480.jpg 480w\" sizes=\"(min-width: 0px) and (max-width: 480px) 480px, (min-width: 481px) and (max-width: 980px) 980px, (min-width: 981px) and (max-width: 1280px) 1280px, (min-width: 1281px) 1496px, 100vw\" class=\"wp-image-14480\" style=\"font-size: 14px; text-align: center;\" \/><\/p>\n<p><strong style=\"color: #5e5e5e; font-size: 16px;\">Entrega de Certificados Erasmus+<\/strong><\/p>\n<p><span style=\"font-size: 14px;\">No dia 7 de junho de 2023, decorreu no IAI a Entrega dos Certificados Erasmus+ aos alunos <\/span><span style=\"font-size: 14px;\">participantes na presen\u00e7a da comunidade educativa como forma de difundir e partilhar a experi\u00eancia, bem como mobilizar outros alunos para a participa\u00e7\u00e3o no Programa Erasmus+.<\/span><\/p>\n<div class=\"et_pb_module et_pb_image et_pb_image_1 et-animated et_had_animation\"><img loading=\"lazy\" decoding=\"async\" src=\"https:\/\/iai.pt\/web\/wp-content\/uploads\/2025\/01\/DSC1957-min-scaled.jpg\" width=\"2560\" height=\"1438\" alt=\"\" class=\"wp-image-16124 alignnone size-full\" srcset=\"https:\/\/iai.pt\/web\/wp-content\/uploads\/2025\/01\/DSC1957-min-scaled.jpg 2560w, https:\/\/iai.pt\/web\/wp-content\/uploads\/2025\/01\/DSC1957-min-1280x719.jpg 1280w, https:\/\/iai.pt\/web\/wp-content\/uploads\/2025\/01\/DSC1957-min-980x550.jpg 980w, https:\/\/iai.pt\/web\/wp-content\/uploads\/2025\/01\/DSC1957-min-480x270.jpg 480w\" sizes=\"(min-width: 0px) and (max-width: 480px) 480px, (min-width: 481px) and (max-width: 980px) 980px, (min-width: 981px) and (max-width: 1280px) 1280px, (min-width: 1281px) 2560px, 100vw\" \/><\/div>\n<div class=\"et_pb_module et_pb_image et_pb_image_1 et-animated et_had_animation\"><img loading=\"lazy\" decoding=\"async\" src=\"https:\/\/iai.pt\/web\/wp-content\/uploads\/2025\/01\/DSC1885-min-scaled.jpg\" width=\"2560\" height=\"1438\" alt=\"\" class=\"wp-image-16119 alignnone size-full\" srcset=\"https:\/\/iai.pt\/web\/wp-content\/uploads\/2025\/01\/DSC1885-min-scaled.jpg 2560w, https:\/\/iai.pt\/web\/wp-content\/uploads\/2025\/01\/DSC1885-min-1280x719.jpg 1280w, https:\/\/iai.pt\/web\/wp-content\/uploads\/2025\/01\/DSC1885-min-980x550.jpg 980w, https:\/\/iai.pt\/web\/wp-content\/uploads\/2025\/01\/DSC1885-min-480x270.jpg 480w\" sizes=\"(min-width: 0px) and (max-width: 480px) 480px, (min-width: 481px) and (max-width: 980px) 980px, (min-width: 981px) and (max-width: 1280px) 1280px, (min-width: 1281px) 2560px, 100vw\" \/> <img loading=\"lazy\" decoding=\"async\" src=\"https:\/\/iai.pt\/web\/wp-content\/uploads\/2025\/01\/DSC1893-min-scaled.jpg\" width=\"2560\" height=\"1438\" alt=\"\" class=\"wp-image-16120 alignnone size-full\" srcset=\"https:\/\/iai.pt\/web\/wp-content\/uploads\/2025\/01\/DSC1893-min-scaled.jpg 2560w, https:\/\/iai.pt\/web\/wp-content\/uploads\/2025\/01\/DSC1893-min-1280x719.jpg 1280w, https:\/\/iai.pt\/web\/wp-content\/uploads\/2025\/01\/DSC1893-min-980x550.jpg 980w, https:\/\/iai.pt\/web\/wp-content\/uploads\/2025\/01\/DSC1893-min-480x270.jpg 480w\" sizes=\"(min-width: 0px) and (max-width: 480px) 480px, (min-width: 481px) and (max-width: 980px) 980px, (min-width: 981px) and (max-width: 1280px) 1280px, (min-width: 1281px) 2560px, 100vw\" \/><\/div>\n<\/div>\n<\/div>\n<\/div>\n<div class=\"et_pb_column et_pb_column_1_3 et_pb_column_1  et_pb_css_mix_blend_mode_passthrough et-last-child\">\n<h5 class=\"et_pb_module et_pb_image et_pb_image_1 et-animated et_had_animation\"><strong><\/strong><\/h5>\n<div class=\"et_pb_module et_pb_image et_pb_image_1 et-animated et_had_animation\"><\/div>\n<div class=\"et_pb_module et_pb_image et_pb_image_1 et-animated et_had_animation\"><\/div>\n<div class=\"et_pb_module et_pb_image et_pb_image_3\"><\/div>\n<\/div>\n<p>[\/et_pb_accordion_item][et_pb_accordion_item title=&#8221;2023\/2024&#8243; _builder_version=&#8221;4.23.4&#8243; _module_preset=&#8221;default&#8221; global_colors_info=&#8221;{}&#8221; open=&#8221;off&#8221;]<\/p>\n<h5><strong>Sess\u00e3o de Divulga\u00e7\u00e3o Eramus+ \u2014 Partilha de Ex-Alunos Participantes<\/strong><\/h5>\n<p><span>No dia 18 de mar\u00e7o de 2024, alunos e ex alunos que participaram no projeto de mobilidade Erasmus, no ano letivo transato, deram o seu testemunho. Atrav\u00e9s de uma apresenta\u00e7\u00e3o e de um podcast partilharam com toda a comunidade educativa as suas experi\u00eancias pessoais e profissionais, do per\u00edodo em que estiveram em It\u00e1lia e Malta.\u00a0 De uma forma geral, todos os alunos referiram que a experi\u00eancia foi bastante enriquecedora pois, para al\u00e9m de evolu\u00edrem profissionalmente,\u00a0 tiveram ainda oportunidade de conhecer a cultura do Pa\u00eds de destino.<\/span><\/p>\n<p><img loading=\"lazy\" decoding=\"async\" src=\"https:\/\/iai.pt\/web\/wp-content\/uploads\/2024\/04\/DSC0038-min-scaled.jpg\" width=\"431\" height=\"287\" alt=\"\" class=\"wp-image-15360 alignnone size-full\" \/><span>\u00a0<\/span><img loading=\"lazy\" decoding=\"async\" src=\"https:\/\/iai.pt\/web\/wp-content\/uploads\/2024\/04\/DSC0050-min-scaled.jpg\" width=\"430\" height=\"286\" alt=\"\" class=\"wp-image-15361 alignnone size-full\" \/><img loading=\"lazy\" decoding=\"async\" src=\"https:\/\/iai.pt\/web\/wp-content\/uploads\/2024\/04\/DSC0052-min-scaled.jpg\" width=\"429\" height=\"286\" alt=\"\" class=\"wp-image-15362 alignnone size-full\" \/>\u00a0<img loading=\"lazy\" decoding=\"async\" src=\"https:\/\/iai.pt\/web\/wp-content\/uploads\/2024\/04\/DSC0058-min-scaled.jpg\" width=\"428\" height=\"285\" alt=\"\" class=\"wp-image-15363 alignnone size-full\" \/><span>\u00a0<\/span><img loading=\"lazy\" decoding=\"async\" src=\"https:\/\/iai.pt\/web\/wp-content\/uploads\/2024\/04\/DSC0059-min-scaled.jpg\" width=\"428\" height=\"285\" alt=\"\" class=\"wp-image-15364 alignnone size-full\" \/><span>\u00a0<\/span><img loading=\"lazy\" decoding=\"async\" src=\"https:\/\/iai.pt\/web\/wp-content\/uploads\/2024\/04\/DSC0066-min-scaled.jpg\" width=\"428\" height=\"285\" alt=\"\" class=\"wp-image-15365 alignnone size-full\" \/><span>\u00a0<\/span><img loading=\"lazy\" decoding=\"async\" src=\"https:\/\/iai.pt\/web\/wp-content\/uploads\/2024\/04\/DSC0070-min-scaled.jpg\" width=\"595\" height=\"396\" alt=\"\" class=\"wp-image-15366 alignnone size-full\" \/><span>\u00a0<\/span><img loading=\"lazy\" decoding=\"async\" src=\"https:\/\/iai.pt\/web\/wp-content\/uploads\/2024\/04\/DSC0022-min-scaled.jpg\" width=\"263\" height=\"395\" alt=\"\" class=\"wp-image-15359 alignnone size-full\" \/><\/p>\n<p><span><\/span><\/p>\n<h5 class=\"entry-title\">Experi\u00eancia de Job Shadowing IES ALFONSO X EL SABIO<\/h5>\n<div class=\"et_pb_module et_pb_text et_pb_text_0  et_pb_text_align_left et_pb_bg_layout_light\">\n<div class=\"et_pb_text_inner\">\n<p><span>No \u00e2mbito do programa de internacionaliza\u00e7\u00e3o do IAI e integrado no Programa Erasmus+ foi estabelecida uma parceria de colabora\u00e7\u00e3o com a Escola IES Alfonso X El Sabio de Toledo, Espanha.<\/span><\/p>\n<p><span>Assim, numa experi\u00eancia enriquecedora recebemos de 16 a 19 de abril os professores Julia V\u00e1zquez, Ram\u00f3n Pav\u00ed e Jorge G\u00f3mez que puderam testemunhar,\u00a0<\/span><i><span>in loco<\/span><\/i><span>, o desenvolvimento de um conjunto de pr\u00e1ticas formativas e pedag\u00f3gicas no campo do ensino das artes.\u00a0<\/span><\/p>\n<p><span>Por feliz coincid\u00eancia, atendendo ao per\u00edodo em que decorreu esta experi\u00eancia, os trabalhos em curso (video, desenho, fotografia, artes pl\u00e1sticas\u2026) centraram-se na comemora\u00e7\u00e3o dos 50 anos do 25 de abril, o que tamb\u00e9m potenciou uma contextualiza\u00e7\u00e3o da nossa hist\u00f3ria e permitiu apresentar a nossa experi\u00eancia quanto ao trabalho multidisciplinar.<\/span><\/p>\n<p><span>A partilha de experi\u00eancias e pontos de vista sobre as realidades educativas do contexto portugu\u00eas e espanhol potenciou reflex\u00f5es interessantes e fez emergir possibilidades de intera\u00e7\u00e3o futura.\u00a0<\/span><\/p>\n<p><span>Os professores puderam ainda conhecer diversos espa\u00e7os e equipamentos e, tomar parte de viv\u00eancias t\u00e3o caracter\u00edsticas de Gaia e Porto, quer tendo em conta as refer\u00eancias tur\u00edsticas, quer por sugest\u00e3o da equipa de professores do IAI.<\/span><\/p>\n<\/div>\n<\/div>\n<div class=\"et_pb_module et_pb_image et_pb_image_0\"><span class=\"et_pb_image_wrap \"><img fetchpriority=\"high\" decoding=\"async\" width=\"2560\" height=\"2560\" src=\"https:\/\/iai.pt\/web\/wp-content\/uploads\/2024\/04\/20240418_110408-scaled.jpg\" alt=\"\" title=\"20240418_110408\" srcset=\"https:\/\/iai.pt\/web\/wp-content\/uploads\/2024\/04\/20240418_110408-scaled.jpg 2560w, https:\/\/iai.pt\/web\/wp-content\/uploads\/2024\/04\/20240418_110408-1280x1280.jpg 1280w, https:\/\/iai.pt\/web\/wp-content\/uploads\/2024\/04\/20240418_110408-980x980.jpg 980w, https:\/\/iai.pt\/web\/wp-content\/uploads\/2024\/04\/20240418_110408-480x480.jpg 480w\" sizes=\"(min-width: 0px) and (max-width: 480px) 480px, (min-width: 481px) and (max-width: 980px) 980px, (min-width: 981px) and (max-width: 1280px) 1280px, (min-width: 1281px) 2560px, 100vw\" class=\"wp-image-15431\" \/><\/span><\/div>\n<p>[\/et_pb_accordion_item][et_pb_accordion_item title=&#8221;2024\/2025&#8243; open=&#8221;on&#8221; _builder_version=&#8221;4.27.4&#8243; _module_preset=&#8221;default&#8221; global_colors_info=&#8221;{}&#8221;]<\/p>\n<div class=\"\">\n<div class=\"\"><strong>Entrega de Diplomas aos Participantes da Mobilidade Erasmus+ e Sess\u00e3o de Partilha de Experi\u00eancias<\/strong><\/div>\n<div class=\"\"><span>No dia 30 de maio, realizou-se uma sess\u00e3o de apresenta\u00e7\u00e3o dos resultados da mobilidade Erasmus+, decorrida entre 15 de abril e 27 de maio, em Rovigo (It\u00e1lia). A iniciativa contou com a presen\u00e7a dos alunos participantes, que partilharam testemunhos sobre os desafios e aprendizagens vividas ao longo da experi\u00eancia. A sess\u00e3o incluiu a leitura de testemunhos, a proje\u00e7\u00e3o de um v\u00eddeo com momentos da mobilidade e a entrega dos certificados de participa\u00e7\u00e3o. O aluno Leandro, em nome do grupo, agradeceu \u00e0 Escola pela oportunidade enriquecedora.<\/span><\/div>\n<div class=\"\"><\/div>\n<div class=\"\"><img loading=\"lazy\" decoding=\"async\" src=\"https:\/\/iai.pt\/web\/wp-content\/uploads\/2025\/05\/IMG_8200-min-scaled.jpg\" width=\"961\" height=\"721\" alt=\"\" class=\"wp-image-16600 alignnone size-full\" \/><\/div>\n<div class=\"\"><img loading=\"lazy\" decoding=\"async\" src=\"https:\/\/iai.pt\/web\/wp-content\/uploads\/2025\/05\/IMG_8180-min-scaled.jpg\" width=\"477\" height=\"358\" alt=\"\" class=\"wp-image-16599 alignnone size-full\" \/><span>\u00a0<\/span>\u00a0<img loading=\"lazy\" decoding=\"async\" src=\"https:\/\/iai.pt\/web\/wp-content\/uploads\/2025\/05\/IMG_8201-min-scaled.jpg\" width=\"477\" height=\"358\" alt=\"\" class=\"wp-image-16601 alignnone size-full\" \/><\/div>\n<\/div>\n<div class=\"\"><strong><\/strong><\/div>\n<div class=\"\"><strong>T\u00e9rmino da Experi\u00eancia Erasmu+<\/strong><\/div>\n<div class=\"\">E ontem chegou ao fim a experi\u00eancia\u00a0Erasmus+ para os nossos alunos. A viv\u00eancia em It\u00e1lia\u00a0ao longo deste mais de 40 dias abriu portas a\u00a0experi\u00eancias e oportunidades m\u00faltiplas, mas tamb\u00e9m\u00a0implicou ultrapassar desafios e, sobretudo, gerir as\u00a0emo\u00e7\u00f5es e saudades de casa.<\/div>\n<div class=\"\">Os alunos realizaram os seus est\u00e1gios, tiveram de\u00a0adaptar-se a comunicar numa l\u00edngua diferente da sua e\u00a0puderam viajar e conhecer muitas das refer\u00eancias\u00a0art\u00edsticas (cidades, museus e obras de arte) que s\u00f3\u00a0conheciam atrav\u00e9s dos livros.<\/div>\n<div class=\"\">De facto, depois de uma experi\u00eancia Erasmus j\u00e1\u00a0ningu\u00e9m \u00e9 igual, tudo se transforma porque o\u00a0\u201c<em>Erasmus+ enriquece vidas e alarga horizontes\u2026<\/em>\u201c.<\/div>\n<div class=\"\"><\/div>\n<div class=\"\"><img loading=\"lazy\" decoding=\"async\" src=\"https:\/\/iai.pt\/web\/wp-content\/uploads\/2025\/05\/Erasmus-_chegadaIV-min-scaled.jpg\" width=\"220\" height=\"294\" alt=\"\" class=\"wp-image-16589 alignnone size-full\" \/><span>\u00a0<\/span><img loading=\"lazy\" decoding=\"async\" src=\"https:\/\/iai.pt\/web\/wp-content\/uploads\/2025\/05\/Erasmus-_chegadaIII-min-scaled.jpg\" width=\"220\" height=\"294\" alt=\"\" class=\"wp-image-16588 alignnone size-full\" \/><span>\u00a0<\/span><img loading=\"lazy\" decoding=\"async\" src=\"https:\/\/iai.pt\/web\/wp-content\/uploads\/2025\/05\/Erasmus-_chegadaII-min-scaled.jpg\" width=\"220\" height=\"294\" alt=\"\" class=\"wp-image-16587 alignnone size-full\" \/><span>\u00a0<\/span><img loading=\"lazy\" decoding=\"async\" src=\"https:\/\/iai.pt\/web\/wp-content\/uploads\/2025\/05\/Erasmus-_chegadaV-min-1-scaled.jpg\" width=\"220\" height=\"294\" alt=\"\" class=\"wp-image-16591 alignnone size-full\" \/><\/div>\n<div class=\"\"><\/div>\n<p><strong>Visita de Acompanhamento dos Diretores<\/strong><strong><\/strong><\/p>\n<p>Os alunos do projeto de mobilidade Erasmus+ VET KA121 continuam a sua experi\u00eancia em It\u00e1lia e, esta semana, receberam a visita de acompanhamento dos Diretores, que puderam observar,<span>\u00a0<\/span><em>in loco<\/em>, a progress\u00e3o e integra\u00e7\u00e3o nas entidades de est\u00e1gio, assim como o bom acolhimento de que t\u00eam sido alvo. A riqueza de oportunidades que a experi\u00eancias Erasmus+ proporciona torna se inquestion\u00e1vel perante os sinais de autonomia , viv\u00eancias j\u00e1 conquistadas, reconhecimento recebido e oportunidades que souberam acolher mas, tamb\u00e9m, pelos desafios que tiveram de ultrapassar e gerir. O aprendizagem cont\u00ednua porque o Erasmus + enriquece vidas e abre horizontes\u2026<\/p>\n<p><img loading=\"lazy\" decoding=\"async\" src=\"https:\/\/iai.pt\/web\/wp-content\/uploads\/2025\/05\/WhatsApp-Image-2025-05-06-at-12.27.20.jpeg\" width=\"1005\" height=\"452\" alt=\"\" class=\"wp-image-16464 alignnone size-full\" srcset=\"https:\/\/iai.pt\/web\/wp-content\/uploads\/2025\/05\/WhatsApp-Image-2025-05-06-at-12.27.20-980x441.jpeg 980w, https:\/\/iai.pt\/web\/wp-content\/uploads\/2025\/05\/WhatsApp-Image-2025-05-06-at-12.27.20-480x216.jpeg 480w\" sizes=\"(min-width: 0px) and (max-width: 480px) 480px, (min-width: 481px) and (max-width: 980px) 980px, (min-width: 981px) 1005px, 100vw\" \/><\/p>\n<p><img loading=\"lazy\" decoding=\"async\" src=\"https:\/\/iai.pt\/web\/wp-content\/uploads\/2025\/05\/WhatsApp-Image-2025-05-06-at-12.27.22.jpeg\" width=\"818\" height=\"368\" alt=\"\" class=\"wp-image-16465 alignnone size-full\" \/>\u00a0 \u00a0 \u00a0<span>\u00a0<\/span><img loading=\"lazy\" decoding=\"async\" src=\"https:\/\/iai.pt\/web\/wp-content\/uploads\/2025\/05\/WhatsApp-Image-2025-05-06-at-13.39.45.jpeg\" width=\"165\" height=\"367\" alt=\"\" class=\"wp-image-16466 alignnone size-full\" \/><\/p>\n<p>&nbsp;<\/p>\n<p><strong>Intera\u00e7\u00e3o dos Alunos\/as em Rovigo<\/strong><\/p>\n<p><span>Um grupo de alunos do 12.\u00ba ano do Curso Art\u00edstico Especializado e Profissional participa recentemente numa enriquecedora experi\u00eancia internacional no \u00e2mbito do programa Erasmus+, tendo como destino a cidade de Rovigo, em It\u00e1lia. Esta mobilidade visa proporcionar aos alunos a realiza\u00e7\u00e3o de est\u00e1gios profissionais em empresas locais, integrando equipas de trabalho e colocando em pr\u00e1tica os conhecimentos t\u00e9cnicos e art\u00edsticos adquiridos ao longo dos tr\u00eas anos de forma\u00e7\u00e3o.<\/span><\/p>\n<p><span>Durante estes dias de integra\u00e7\u00e3o, este grupo teve a oportunidade de conhecer um pouco mais da riqueza cultural italiana. Os dias 16 e 17 de abril foram dedicados \u00e0 descoberta da regi\u00e3o de Veneto e de Em\u00edlia-Romanha, mais concretamente \u00e0s cidades hist\u00f3ricas de Veneza e Ravena. Em Veneza, os alunos, acompanhados pela Professora Susana Pinto, exploraram as ruelas e canais emblem\u00e1ticos, a Pra\u00e7a de S\u00e3o Marcos, com a visita \u00e0 Bas\u00edlica e \u00e0 Exposi\u00e7\u00e3o da Inquisi\u00e7\u00e3o no Pal\u00e1cio das Pris\u00f5es e o Grande Canal, no qual houve tempo para um passeio de lancha (t\u00e1xi). Em Ravena, ficaram deslumbrados com os impressionantes mosaicos bizantinos e a heran\u00e7a art\u00edstica que a cidade preserva, contemplando os interiores da Bas\u00edlica Santo Apolin\u00e1rio, da Igreja San Francesco, do Batist\u00e9rio Neoniano, do Mausol\u00e9u da Galla Placidia e, finalmente, da Catedral Saint Vital<\/span><\/p>\n<p><span>A experi\u00eancia revelou-se marcante para todos os participantes, n\u00e3o s\u00f3 pelo valor pedag\u00f3gico e profissional, mas tamb\u00e9m pelo contacto direto com outras culturas. Um desafio que continuar\u00e1 at\u00e9 ao final de maio.<\/span><\/p>\n<p><img loading=\"lazy\" decoding=\"async\" src=\"https:\/\/iai.pt\/web\/wp-content\/uploads\/2025\/04\/WhatsApp-Image-2025-04-22-at-15.06.30.jpeg\" width=\"1600\" height=\"1063\" alt=\"\" class=\"wp-image-16393 alignnone size-full\" srcset=\"https:\/\/iai.pt\/web\/wp-content\/uploads\/2025\/04\/WhatsApp-Image-2025-04-22-at-15.06.30.jpeg 1600w, https:\/\/iai.pt\/web\/wp-content\/uploads\/2025\/04\/WhatsApp-Image-2025-04-22-at-15.06.30-1280x850.jpeg 1280w, https:\/\/iai.pt\/web\/wp-content\/uploads\/2025\/04\/WhatsApp-Image-2025-04-22-at-15.06.30-980x651.jpeg 980w, https:\/\/iai.pt\/web\/wp-content\/uploads\/2025\/04\/WhatsApp-Image-2025-04-22-at-15.06.30-480x319.jpeg 480w\" sizes=\"(min-width: 0px) and (max-width: 480px) 480px, (min-width: 481px) and (max-width: 980px) 980px, (min-width: 981px) and (max-width: 1280px) 1280px, (min-width: 1281px) 1600px, 100vw\" \/><\/p>\n<p><img loading=\"lazy\" decoding=\"async\" src=\"https:\/\/iai.pt\/web\/wp-content\/uploads\/2025\/04\/WhatsApp-Image-2025-04-22-at-15.09.10.jpeg\" width=\"434\" height=\"326\" alt=\"\" class=\"wp-image-16395 alignnone size-full\" \/><span>\u00a0<\/span><img loading=\"lazy\" decoding=\"async\" src=\"https:\/\/iai.pt\/web\/wp-content\/uploads\/2025\/04\/WhatsApp-Image-2025-04-22-at-15.06.34-4.jpeg\" width=\"582\" height=\"328\" alt=\"\" class=\"wp-image-16394 alignnone size-full\" \/><\/p>\n<p><img loading=\"lazy\" decoding=\"async\" src=\"https:\/\/iai.pt\/web\/wp-content\/uploads\/2025\/04\/WhatsApp-Image-2025-04-22-at-15.09.12.jpeg\" width=\"1600\" height=\"719\" alt=\"\" class=\"wp-image-16396 alignnone size-full\" srcset=\"https:\/\/iai.pt\/web\/wp-content\/uploads\/2025\/04\/WhatsApp-Image-2025-04-22-at-15.09.12.jpeg 1600w, https:\/\/iai.pt\/web\/wp-content\/uploads\/2025\/04\/WhatsApp-Image-2025-04-22-at-15.09.12-1280x575.jpeg 1280w, https:\/\/iai.pt\/web\/wp-content\/uploads\/2025\/04\/WhatsApp-Image-2025-04-22-at-15.09.12-980x440.jpeg 980w, https:\/\/iai.pt\/web\/wp-content\/uploads\/2025\/04\/WhatsApp-Image-2025-04-22-at-15.09.12-480x216.jpeg 480w\" sizes=\"(min-width: 0px) and (max-width: 480px) 480px, (min-width: 481px) and (max-width: 980px) 980px, (min-width: 981px) and (max-width: 1280px) 1280px, (min-width: 1281px) 1600px, 100vw\" \/><\/p>\n<h5 class=\"et_pb_toggle_title\">In\u00edcio do Programa de Mobilidade K 121 Erasmus+ Rovigo, It\u00e1lia<\/h5>\n<p><span>Hoje, dia 15 de abril, os nossos alunos iniciaram a sua Experi\u00eancia Erasmus+. Partiram, pouco depois das 16:00 do Aeroporto Francisco S\u00e1 Carneiro, rumo ao Aeroporto de Treviso \u2013 Veneza onde foram acolhidos pelos nossos interlocutores de apoio.\u00a0<\/span><\/p>\n<p><span>Os alunos foram acompanhados pela professora Susana Pinto que ir\u00e1 auxiliar nos primeiros dias de integra\u00e7\u00e3o como forma de promover as primeiras intera\u00e7\u00f5es e dilig\u00eancias e, fomentar um sentimento de seguran\u00e7a aos alunos e respectivos encarregados de educa\u00e7\u00e3o.<\/span><\/p>\n<p><img loading=\"lazy\" decoding=\"async\" src=\"https:\/\/iai.pt\/web\/wp-content\/uploads\/2025\/05\/WhatsApp-Image-2025-04-29-at-14.48.04-1.jpeg\" width=\"1600\" height=\"1200\" alt=\"\" class=\"wp-image-16436 alignnone size-full\" srcset=\"https:\/\/iai.pt\/web\/wp-content\/uploads\/2025\/05\/WhatsApp-Image-2025-04-29-at-14.48.04-1.jpeg 1600w, https:\/\/iai.pt\/web\/wp-content\/uploads\/2025\/05\/WhatsApp-Image-2025-04-29-at-14.48.04-1-1280x960.jpeg 1280w, https:\/\/iai.pt\/web\/wp-content\/uploads\/2025\/05\/WhatsApp-Image-2025-04-29-at-14.48.04-1-980x735.jpeg 980w, https:\/\/iai.pt\/web\/wp-content\/uploads\/2025\/05\/WhatsApp-Image-2025-04-29-at-14.48.04-1-480x360.jpeg 480w\" sizes=\"(min-width: 0px) and (max-width: 480px) 480px, (min-width: 481px) and (max-width: 980px) 980px, (min-width: 981px) and (max-width: 1280px) 1280px, (min-width: 1281px) 1600px, 100vw\" \/><\/p>\n<p><strong><\/strong><\/p>\n<p><strong>Oficinas de Preepara\u00e7\u00e3o \u2014 Erasmus+<\/strong><\/p>\n<p><span>No \u00e2mbito das pr\u00e1ticas de prepara\u00e7\u00e3o da Mobilidade Erasmus+ e do envolvimento dos alunos na constru\u00e7\u00e3o do Europass apreciou-se que seria uma mais valia os alunos\u00a0 desenvolverem uma prepara\u00e7\u00e3o pr\u00e9via no IAI permitindo aos alunos, por um lado, criarem uma din\u00e2mica de grupo antes da mobilidade e, por outro, apoiarem no desenvolvimento de um conjunto de iniciativas (oficinas art\u00edsticas, feiras de divulga\u00e7\u00e3o, atividades de apoio log\u00edstico) designadamente oficinas preparat\u00f3rias como a Oficinas em Manuseamento de Drone, que os alunos puderam ter contacto com mais esta aprendizagem e compet\u00eancias que lhe podera ser \u00fatil em contexto real de est\u00e1gio.<\/span><\/p>\n<p><span><img loading=\"lazy\" decoding=\"async\" src=\"https:\/\/iai.pt\/web\/wp-content\/uploads\/2025\/05\/20250409_143858-scaled.jpg\" width=\"2560\" height=\"1152\" alt=\"\" class=\"wp-image-16433 alignnone size-full\" srcset=\"https:\/\/iai.pt\/web\/wp-content\/uploads\/2025\/05\/20250409_143858-scaled.jpg 2560w, https:\/\/iai.pt\/web\/wp-content\/uploads\/2025\/05\/20250409_143858-1280x576.jpg 1280w, https:\/\/iai.pt\/web\/wp-content\/uploads\/2025\/05\/20250409_143858-980x441.jpg 980w, https:\/\/iai.pt\/web\/wp-content\/uploads\/2025\/05\/20250409_143858-480x216.jpg 480w\" sizes=\"(min-width: 0px) and (max-width: 480px) 480px, (min-width: 481px) and (max-width: 980px) 980px, (min-width: 981px) and (max-width: 1280px) 1280px, (min-width: 1281px) 2560px, 100vw\" \/><\/span><\/p>\n<p><strong><\/strong><\/p>\n<p><strong>Reuni\u00e3o Online \u2014 Prepara\u00e7\u00e3o com as Entidades de Est\u00e1gio<\/strong><\/p>\n<p><span>No dia 08 de abril foi desenvolvida uma reuni\u00e3o em formato on-line para que os alunos pudessem apresentar-se de forma mais pessoal e direta, junto dos interlocutores do pa\u00eds de mobilidade, com a finalidade de apresentarem as suas compet\u00eancias, expectativas e motiva\u00e7\u00f5es, em particular para o est\u00e1gio. Nesta apresenta\u00e7\u00e3o os alunos tiveram por base o v\u00eddeo de apresenta\u00e7\u00e3o e o curr\u00edculo previamente elaborado e enviado, pelo que foram tamb\u00e9m alvo de perguntas dirigidas o que em muito favoreceu o desenvolvimento de compet\u00eancias de comunica\u00e7\u00e3o e argumenta\u00e7\u00e3o.<\/span><\/p>\n<p><span>Destaca-se que foi uma sess\u00e3o muito prof\u00edcua, sobretudo pela\u00a0 participa\u00e7\u00e3o e empenhamento dos alunos no processo de prepara\u00e7\u00e3o da experi\u00eancia de est\u00e1gio.<\/span><\/p>\n<p><span><img loading=\"lazy\" decoding=\"async\" src=\"https:\/\/iai.pt\/web\/wp-content\/uploads\/2025\/05\/20250408_162241-scaled.jpg\" width=\"2560\" height=\"1152\" alt=\"\" class=\"wp-image-16429 alignnone size-full\" srcset=\"https:\/\/iai.pt\/web\/wp-content\/uploads\/2025\/05\/20250408_162241-scaled.jpg 2560w, https:\/\/iai.pt\/web\/wp-content\/uploads\/2025\/05\/20250408_162241-1280x576.jpg 1280w, https:\/\/iai.pt\/web\/wp-content\/uploads\/2025\/05\/20250408_162241-980x441.jpg 980w, https:\/\/iai.pt\/web\/wp-content\/uploads\/2025\/05\/20250408_162241-480x216.jpg 480w\" sizes=\"(min-width: 0px) and (max-width: 480px) 480px, (min-width: 481px) and (max-width: 980px) 980px, (min-width: 981px) and (max-width: 1280px) 1280px, (min-width: 1281px) 2560px, 100vw\" \/><\/span><\/p>\n<p>&nbsp;<\/p>\n<p><strong>Sess\u00e3o de FollowUp do Projeto Erasmus+ com os Alunos Selecionados<\/strong><\/p>\n<p><span>\u00c9 j\u00e1 dia 15 de abril que tem in\u00edcio,\u00a0 para os 8 alunos do Instituto das Artes e da Imagem que conquistaram o seu lugar, a grande aventura que \u00e9 o Erasmus + e que, por isso, v\u00e3o participar num programa de mobilidade para est\u00e1gio, em It\u00e1lia, durante 43 dias.<\/span><\/p>\n<p><span>Agora \u00e9 o tempo de consolidar as etapas de prepara\u00e7\u00e3o para que a experi\u00eancia se consolide\u00a0 em aprendizagens, partilhas, oportunidades e crescimento, pelo que esta primeira sess\u00e3o de follow up visou envolver os alunos na prepara\u00e7\u00e3o dos est\u00e1gios, fornecer e refor\u00e7ar informa\u00e7\u00f5es gerais e apoiar no esclarecimento de d\u00favidas.<\/span><\/p>\n<p><span><img loading=\"lazy\" decoding=\"async\" src=\"https:\/\/iai.pt\/web\/wp-content\/uploads\/2025\/04\/1743569009993-min-scaled.jpg\" width=\"2560\" height=\"1152\" alt=\"\" class=\"wp-image-16347 alignnone size-full\" srcset=\"https:\/\/iai.pt\/web\/wp-content\/uploads\/2025\/04\/1743569009993-min-scaled.jpg 2560w, https:\/\/iai.pt\/web\/wp-content\/uploads\/2025\/04\/1743569009993-min-1280x576.jpg 1280w, https:\/\/iai.pt\/web\/wp-content\/uploads\/2025\/04\/1743569009993-min-980x441.jpg 980w, https:\/\/iai.pt\/web\/wp-content\/uploads\/2025\/04\/1743569009993-min-480x216.jpg 480w\" sizes=\"(min-width: 0px) and (max-width: 480px) 480px, (min-width: 481px) and (max-width: 980px) 980px, (min-width: 981px) and (max-width: 1280px) 1280px, (min-width: 1281px) 2560px, 100vw\" \/><\/span><\/p>\n<p><strong><\/strong><\/p>\n<p><strong>Resid\u00eancia Art\u00edstica: Jorge Alonso Molina<\/strong><\/p>\n<p><span>No \u00e2mbito do Programa de aprendizagem Erasmus + fornecido por um especialista convidado, KA1<\/span><span>\u00a0<\/span><span>desenvolvemos a nossa primeira Resid\u00eancia Art\u00edstica que contou com o Artista Pl\u00e1stico e Fot\u00f3grafo Jorge Alonso Molina (Ast\u00farias) intitulada por<\/span><i><span>\u00a0Prisioneiros de Beethoven: como ser criativo?<\/span><\/i><span>\u00a0 Ao longo desta jornada foram dinamizadas a\u00e7\u00f5es de forma\u00e7\u00e3o junto do corpo docente, desenvolvidas oficinas art\u00edsticas com os alunos, dinamizados momentos de reflex\u00e3o, partilha e an\u00e1lise, nomeadamente a partir de pain\u00e9is abertos e desenvolvidos trabalhos art\u00edsticos que deram origem a um livro\u00a0 e mural.\u00a0<\/span><\/p>\n<p><span>O tempo fluiu de forma harmoniosa e construtiva; as pr\u00e1ticas foram surgindo dos conhecimentos que se foram adquirindo e consolidando por meio de livros, m\u00fasica e materiais art\u00edsticos.\u00a0<\/span><\/p>\n<p><span>No caminho percorrido para respondermos \u00e0 pergunta de partida: Como ser criativo? Fomo-nos guiando pelas obras de Kandinsky a Beethoven e confrontamo-nos com o potencial do\u00a0<\/span><i><span>esp\u00edrito na arte\u00a0<\/span><\/i><span>e da mobiliza\u00e7\u00e3o de todos os sentidos.<\/span><\/p>\n<p><span>As reflex\u00f5es e partilhas art\u00edsticas foram sendo alicer\u00e7adas, tamb\u00e9m,\u00a0 com aprendizagens t\u00e9cnicas a partir da explora\u00e7\u00e3o da imagem, luz, cor e da fotografia.<\/span><\/p>\n<p><span>Foi uma importante experi\u00eancia que em muito contribuiu para alicer\u00e7ar a miss\u00e3o, filosofia e identidade do IAI.\u00a0<\/span><b>Estamos gratos Jorge Alonso Molina<\/b><span>.<\/span><\/p>\n<p><img loading=\"lazy\" decoding=\"async\" src=\"https:\/\/iai.pt\/web\/wp-content\/uploads\/2025\/03\/IMG_5134-min-scaled.jpg\" width=\"450\" height=\"337\" alt=\"\" class=\"wp-image-16310 alignnone size-full\" \/>\u00a0<img loading=\"lazy\" decoding=\"async\" src=\"https:\/\/iai.pt\/web\/wp-content\/uploads\/2025\/03\/IMG_5178-min-scaled.jpg\" width=\"450\" height=\"337\" alt=\"\" class=\"wp-image-16312 alignnone size-full\" \/><img loading=\"lazy\" decoding=\"async\" src=\"https:\/\/iai.pt\/web\/wp-content\/uploads\/2025\/03\/IMG_5138-min-scaled.jpg\" width=\"904\" height=\"678\" alt=\"\" class=\"wp-image-16311 alignnone size-full\" \/><\/p>\n<p><strong><\/strong><\/p>\n<p><strong>Divulga\u00e7\u00e3o dos Alunos Selecionados<\/strong><\/p>\n<p><span>N<\/span><span>o dia 31.01 foram publicados e divulgados junto da comunidade educativa, os resultados de sele\u00e7\u00e3o dos alunos que ir\u00e3o participar na Mobilidade Erasmus+ 2024.2025 \u2014 em It\u00e1lia.<\/span><\/p>\n<p><img loading=\"lazy\" decoding=\"async\" src=\"https:\/\/iai.pt\/web\/wp-content\/uploads\/2025\/02\/IMG_6082-min-scaled.jpg\" width=\"354\" height=\"472\" alt=\"\" class=\"wp-image-16188 alignnone size-full\" \/>\u00a0 \u00a0<span>\u00a0<\/span><img loading=\"lazy\" decoding=\"async\" src=\"https:\/\/iai.pt\/web\/wp-content\/uploads\/2025\/02\/IMG_6076-min-scaled.jpg\" width=\"628\" height=\"471\" alt=\"\" class=\"wp-image-16185 alignnone size-full\" \/><\/p>\n<p><img loading=\"lazy\" decoding=\"async\" src=\"https:\/\/iai.pt\/web\/wp-content\/uploads\/2025\/02\/IMG_6078-min-scaled.jpg\" width=\"468\" height=\"351\" alt=\"\" class=\"wp-image-16186 alignnone size-full\" \/>\u00a0 \u00a0<span>\u00a0<\/span><img loading=\"lazy\" decoding=\"async\" src=\"https:\/\/iai.pt\/web\/wp-content\/uploads\/2025\/02\/IMG_6081-min-scaled.jpg\" width=\"467\" height=\"350\" alt=\"\" class=\"wp-image-16187 alignnone size-full\" \/><\/p>\n<h5><strong>Sess\u00e3o de Esclarecimento e Divulga\u00e7\u00e3o Erasmus+ \u2014 Alunos e Encarregados de Educa\u00e7\u00e3o<\/strong><\/h5>\n<p><span style=\"font-weight: 400;\">O IAI deu in\u00edcio \u00e0 prepara\u00e7\u00e3o de mobilidades de Erasmus + tendo em vista a realiza\u00e7\u00e3o de est\u00e1gios em It\u00e1lia, que ter\u00e3o in\u00edcio no m\u00eas de abril de 2025.Nesse seguimento e, depois do per\u00edodo em que os alunos puderem efetuar a sua manifesta\u00e7\u00e3o de interesse foi agora tempo de prestar informa\u00e7\u00f5es e esclarecimentos adicionais, designadamente: refor\u00e7ar a contextualiza\u00e7\u00e3o do que \u00e9 o Programa Erasmus+, comunicar e explicar os crit\u00e9rios de sele\u00e7\u00e3o, informar sobre as condi\u00e7\u00f5es gerais de participa\u00e7\u00e3o, clarificar acerca do funcionamento dos est\u00e1gios, antecipar particularidades no processo de aprendizagem, entre outros. Nesta sess\u00e3o participaram os alunos que manifestaram\u00a0 interesse em participar nas modalidades, assim como os respectivos encarregados de educa\u00e7\u00e3o.\u00a0 A iniciativa mobilizou os participantes que procuraram, tamb\u00e9m, esclarecer d\u00favidas e colocar quest\u00f5es. Seguir-se-\u00e1 agora a fase que todos anseiam, a publicita\u00e7\u00e3o dos resultados de sele\u00e7\u00e3o.<\/span><\/p>\n<p><span style=\"font-weight: 400;\"><img loading=\"lazy\" decoding=\"async\" src=\"https:\/\/iai.pt\/web\/wp-content\/uploads\/2025\/01\/20250113_174252-min-scaled.jpg\" width=\"2560\" height=\"1152\" alt=\"\" class=\"wp-image-16075 alignnone size-full\" srcset=\"https:\/\/iai.pt\/web\/wp-content\/uploads\/2025\/01\/20250113_174252-min-scaled.jpg 2560w, https:\/\/iai.pt\/web\/wp-content\/uploads\/2025\/01\/20250113_174252-min-1280x576.jpg 1280w, https:\/\/iai.pt\/web\/wp-content\/uploads\/2025\/01\/20250113_174252-min-980x441.jpg 980w, https:\/\/iai.pt\/web\/wp-content\/uploads\/2025\/01\/20250113_174252-min-480x216.jpg 480w\" sizes=\"(min-width: 0px) and (max-width: 480px) 480px, (min-width: 481px) and (max-width: 980px) 980px, (min-width: 981px) and (max-width: 1280px) 1280px, (min-width: 1281px) 2560px, 100vw\" \/><\/span><\/p>\n<p><span style=\"font-weight: 400;\"><\/span><\/p>\n<h5 class=\"et_pb_toggle_title\">Sess\u00e3o de Divulga\u00e7\u00e3o Erasmus+ \u2014 Partilha de Ex-Alunos Participantes<\/h5>\n<p><span>No dia 23 de outubro, as turmas do ensino secund\u00e1rio participaram numa sess\u00e3o de divulga\u00e7\u00e3o sobre o programa Erasmus+. A a\u00e7\u00e3o teve in\u00edcio com a apresenta\u00e7\u00e3o da coordenadora pedag\u00f3gica, que fez o devido enquadramento do programa, destacando as suas principais val\u00eancias, benef\u00edcios e os procedimentos necess\u00e1rios para participar.<\/span><\/p>\n<p><span>De seguida, as ex-alunas Nicole, Maria Jo\u00e3o, Let\u00edcia e Sofia, que participaram no programa de mobilidade durante o ano letivo 2022\/2023, partilharam as suas experi\u00eancias pessoais e profissionais, proporcionando um testemunho aut\u00eantico e inspirador. As alunas relataram as aprendizagens, os desafios e as oportunidades proporcionadas pelo Erasmus+, incentivando os atuais estudantes a explorarem as possibilidades de mobilidade e enriquecimento cultural.<\/span><\/p>\n<p><span>O momento de partilha teve como principal objetivo sensibilizar os alunos para as oportunidades \u00fanicas de desenvolvimento acad\u00e9mico e pessoal que o programa Erasmus+ oferece, bem como encoraj\u00e1-los a abra\u00e7ar novos desafios e culturas no \u00e2mbito das mobilidades internacionais.<\/span><\/p>\n<p><span><img loading=\"lazy\" decoding=\"async\" src=\"https:\/\/iai.pt\/web\/wp-content\/uploads\/2025\/01\/1-1-min.jpg\" width=\"2000\" height=\"1500\" alt=\"\" class=\"wp-image-16122 alignnone size-full\" srcset=\"https:\/\/iai.pt\/web\/wp-content\/uploads\/2025\/01\/1-1-min.jpg 2000w, https:\/\/iai.pt\/web\/wp-content\/uploads\/2025\/01\/1-1-min-1280x960.jpg 1280w, https:\/\/iai.pt\/web\/wp-content\/uploads\/2025\/01\/1-1-min-980x735.jpg 980w, https:\/\/iai.pt\/web\/wp-content\/uploads\/2025\/01\/1-1-min-480x360.jpg 480w\" sizes=\"(min-width: 0px) and (max-width: 480px) 480px, (min-width: 481px) and (max-width: 980px) 980px, (min-width: 981px) and (max-width: 1280px) 1280px, (min-width: 1281px) 2000px, 100vw\" \/><\/span><\/p>\n<p>[\/et_pb_accordion_item][\/et_pb_accordion][\/et_pb_column][\/et_pb_row][et_pb_row _builder_version=&#8221;4.16&#8243; _module_preset=&#8221;default&#8221; custom_padding=&#8221;24px|||||&#8221; global_colors_info=&#8221;{}&#8221;][et_pb_column type=&#8221;4_4&#8243; _builder_version=&#8221;4.16&#8243; _module_preset=&#8221;default&#8221; global_colors_info=&#8221;{}&#8221;][et_pb_text admin_label=&#8221;Texto&#8221; _builder_version=&#8221;4.16&#8243; background_size=&#8221;initial&#8221; background_position=&#8221;top_left&#8221; background_repeat=&#8221;repeat&#8221; custom_padding=&#8221;|0px||||&#8221; use_border_color=&#8221;off&#8221; border_color=&#8221;#ffffff&#8221; border_style=&#8221;solid&#8221; global_colors_info=&#8221;{}&#8221;]<\/p>\n<h2>Informa\u00e7\u00f5es de Anos Letivos Anteriores<\/h2>\n<ul><\/ul>\n<p>[\/et_pb_text][\/et_pb_column][\/et_pb_row][et_pb_row column_structure=&#8221;1_3,1_3,1_3&#8243; _builder_version=&#8221;4.16&#8243; _module_preset=&#8221;default&#8221; global_colors_info=&#8221;{}&#8221;][et_pb_column type=&#8221;1_3&#8243; _builder_version=&#8221;4.16&#8243; _module_preset=&#8221;default&#8221; global_colors_info=&#8221;{}&#8221;][et_pb_button button_url=&#8221;https:\/\/iai.pt\/web\/avaliacao-de-resultados-erasmus&#8221; button_text=&#8221;Avalia\u00e7\u00e3o de Resultados&#8221; button_alignment=&#8221;center&#8221; _builder_version=&#8221;4.23.4&#8243; _module_preset=&#8221;default&#8221; global_colors_info=&#8221;{}&#8221;][\/et_pb_button][\/et_pb_column][et_pb_column type=&#8221;1_3&#8243; _builder_version=&#8221;4.16&#8243; _module_preset=&#8221;default&#8221; global_colors_info=&#8221;{}&#8221;][et_pb_button button_url=&#8221;https:\/\/iai.pt\/web\/partilhas-erasmus&#8221; button_text=&#8221;Partilhas Erasmus+&#8221; button_alignment=&#8221;center&#8221; _builder_version=&#8221;4.23.4&#8243; _module_preset=&#8221;default&#8221; global_colors_info=&#8221;{}&#8221;][\/et_pb_button][et_pb_button button_url=&#8221;https:\/\/iai.pt\/web\/erasmus-2025&#8243; button_text=&#8221;Voltar \u00e0 P\u00e1gina Erasmus+&#8221; button_alignment=&#8221;center&#8221; _builder_version=&#8221;4.23.4&#8243; _module_preset=&#8221;default&#8221; global_colors_info=&#8221;{}&#8221;][\/et_pb_button][\/et_pb_column][et_pb_column type=&#8221;1_3&#8243; _builder_version=&#8221;4.16&#8243; _module_preset=&#8221;default&#8221; global_colors_info=&#8221;{}&#8221;][et_pb_button button_url=&#8221;https:\/\/iai.pt\/web\/noticias-erasmus&#8221; button_text=&#8221;Not\u00edcias Erasmus+&#8221; button_alignment=&#8221;center&#8221; _builder_version=&#8221;4.23.4&#8243; _module_preset=&#8221;default&#8221; global_colors_info=&#8221;{}&#8221;][\/et_pb_button][\/et_pb_column][\/et_pb_row][\/et_pb_section]<\/p>\n","protected":false},"excerpt":{"rendered":"<p>Not\u00edcias \u2014 ERASMUS+ \u00a0Sess\u00e3o de Partilha com Ex-alunos de Erasmus No \u00e2mbito da implementa\u00e7\u00e3o do \u00a0Projeto de Mobilidade Erasmus+ European Skills 2, realizou-se no dia 16.11.22, uma sess\u00e3o\u00a0 de partilha com ex-alunos que, durante o seu percurso no IAI, tiveram a oportunidade de participar numa experi\u00eancia de mobilidade Erasmus +. Tratou-se de uma iniciativa muito [&hellip;]<\/p>\n","protected":false},"author":1,"featured_media":0,"parent":0,"menu_order":0,"comment_status":"closed","ping_status":"closed","template":"","meta":{"_et_pb_use_builder":"on","_et_pb_old_content":"","_et_gb_content_width":"","footnotes":""},"class_list":["post-16105","page","type-page","status-publish","hentry"],"aioseo_notices":[],"_links":{"self":[{"href":"https:\/\/iai.pt\/web\/wp-json\/wp\/v2\/pages\/16105","targetHints":{"allow":["GET"]}}],"collection":[{"href":"https:\/\/iai.pt\/web\/wp-json\/wp\/v2\/pages"}],"about":[{"href":"https:\/\/iai.pt\/web\/wp-json\/wp\/v2\/types\/page"}],"author":[{"embeddable":true,"href":"https:\/\/iai.pt\/web\/wp-json\/wp\/v2\/users\/1"}],"replies":[{"embeddable":true,"href":"https:\/\/iai.pt\/web\/wp-json\/wp\/v2\/comments?post=16105"}],"version-history":[{"count":4,"href":"https:\/\/iai.pt\/web\/wp-json\/wp\/v2\/pages\/16105\/revisions"}],"predecessor-version":[{"id":17553,"href":"https:\/\/iai.pt\/web\/wp-json\/wp\/v2\/pages\/16105\/revisions\/17553"}],"wp:attachment":[{"href":"https:\/\/iai.pt\/web\/wp-json\/wp\/v2\/media?parent=16105"}],"curies":[{"name":"wp","href":"https:\/\/api.w.org\/{rel}","templated":true}]}}