{"id":16711,"date":"2025-06-25T16:31:40","date_gmt":"2025-06-25T15:31:40","guid":{"rendered":"https:\/\/iai.pt\/web\/?page_id=16711"},"modified":"2025-06-26T12:31:06","modified_gmt":"2025-06-26T11:31:06","slug":"membership-unesco-iai","status":"publish","type":"page","link":"https:\/\/iai.pt\/web\/membership-unesco-iai","title":{"rendered":"Membership UNESCO \u2014\u00a0IAI"},"content":{"rendered":"<p>[et_pb_section fb_built=&#8221;1&#8243; admin_label=&#8221;section&#8221; _builder_version=&#8221;4.16&#8243; custom_padding=&#8221;65px|50px|0px|0px||&#8221; global_colors_info=&#8221;{}&#8221;][et_pb_row column_structure=&#8221;3_5,2_5&#8243; admin_label=&#8221;row&#8221; _builder_version=&#8221;4.16&#8243; background_size=&#8221;initial&#8221; background_position=&#8221;top_left&#8221; background_repeat=&#8221;repeat&#8221; custom_margin=&#8221;|auto||60px||&#8221; global_colors_info=&#8221;{}&#8221;][et_pb_column type=&#8221;3_5&#8243; _builder_version=&#8221;4.16&#8243; custom_padding=&#8221;|||&#8221; global_colors_info=&#8221;{}&#8221; custom_padding__hover=&#8221;|||&#8221;][et_pb_text admin_label=&#8221;Texto&#8221; _builder_version=&#8221;4.16&#8243; background_size=&#8221;initial&#8221; background_position=&#8221;top_left&#8221; background_repeat=&#8221;repeat&#8221; width=&#8221;100%&#8221; custom_padding=&#8221;|51px||0px||&#8221; use_border_color=&#8221;off&#8221; border_color=&#8221;#ffffff&#8221; border_style=&#8221;solid&#8221; global_colors_info=&#8221;{}&#8221;]<\/p>\n<h2>UNESCO Associated Schools Network<\/h2>\n<h2><strong><\/strong><\/h2>\n<h2><strong><\/strong><\/h2>\n<h2><strong>IAI<\/strong>\u00a0\u2013\u00a0<strong>Membro oficial da Rede de Escolas Associadas da UNESCO<\/strong><\/h2>\n<p>&nbsp;<\/p>\n<p>A Comiss\u00e3o Nacional UNESCO \u2013 Portugal aprovou em dezembro de 2024 a candidatura do IAI \u00e0 Rede de Escolas Associadas da UNESCO (Programa<span>\u00a0<\/span><strong><b>Associated Schools Project Network)<\/b><\/strong>, a qual integrou, recentemente, fazendo parte do conjunto de estabelecimentos de ensino, num total de 169 escolas do nosso pa\u00eds.<\/p>\n<p>A Rede de Escolas Associadas da UNESCO foi\u00a0criada em 1953 (a mais antiga Rede da UNESCO), com 11.500 estabelecimentos de ensino espalhados em 182 Estados, prossegue de forma ativa o ide\u00e1rio e os princ\u00edpios estabelecidos no Ato Constitutivo da UNESCO.<\/p>\n<p><span>Este reconhecimento ganha particular \u00eanfase na medida em que \u00e9 retomada a liga\u00e7\u00e3o com a UNESCO, que j\u00e1 acompanha desde a funda\u00e7\u00e3o do IAI; vinculando os princ\u00edpios human\u00edsticos que refor\u00e7am o nosso Projeto Educativo; encerrando a responsabilidade e compromisso de, na sua interven\u00e7\u00e3o, o IAI refor\u00e7ar os pilares de uma educa\u00e7\u00e3o hol\u00edstica e de qualidade, assente na paz, na toler\u00e2ncia, na dignidade humana, na justi\u00e7a, no di\u00e1logo intercultural e no desenvolvimento sustent\u00e1vel.<\/span><\/p>\n<p><span style=\"font-size: 14px;\"><\/span><\/p>\n<p>[\/et_pb_text][\/et_pb_column][et_pb_column type=&#8221;2_5&#8243; _builder_version=&#8221;4.16&#8243; custom_padding=&#8221;|||&#8221; global_colors_info=&#8221;{}&#8221; custom_padding__hover=&#8221;|||&#8221;][et_pb_image src=&#8221;https:\/\/iai.pt\/web\/wp-content\/uploads\/2025\/01\/unesco-selo.jpg&#8221; title_text=&#8221;unesco-selo&#8221; align=&#8221;center&#8221; _builder_version=&#8221;4.27.4&#8243; _module_preset=&#8221;default&#8221; width=&#8221;66%&#8221; module_alignment=&#8221;center&#8221; custom_margin=&#8221;|||8px||&#8221; custom_padding=&#8221;||0px|||&#8221; global_colors_info=&#8221;{}&#8221;][\/et_pb_image][et_pb_button button_url=&#8221;https:\/\/unescoportugal.mne.gov.pt\/pt\/redes-unesco\/escolas-associadas-da-unesco\/escolas-associadas&#8221; url_new_window=&#8221;on&#8221; button_text=&#8221;Escolas Associadas&#8221; button_alignment=&#8221;center&#8221; _builder_version=&#8221;4.27.4&#8243; _module_preset=&#8221;default&#8221; custom_margin=&#8221;|||0px||&#8221; custom_padding=&#8221;||0px|||&#8221; global_colors_info=&#8221;{}&#8221;][\/et_pb_button][et_pb_button button_url=&#8221;https:\/\/unric.org\/pt\/dias-internacionais\/&#8221; url_new_window=&#8221;on&#8221; button_text=&#8221;Dias Internacionais | UNESCO&#8221; button_alignment=&#8221;center&#8221; _builder_version=&#8221;4.27.4&#8243; _module_preset=&#8221;default&#8221; custom_margin=&#8221;|||0px||&#8221; custom_padding=&#8221;||0px|||&#8221; global_colors_info=&#8221;{}&#8221;][\/et_pb_button][\/et_pb_column][\/et_pb_row][et_pb_row admin_label=&#8221;row&#8221; _builder_version=&#8221;4.16&#8243; background_size=&#8221;initial&#8221; background_position=&#8221;top_left&#8221; background_repeat=&#8221;repeat&#8221; custom_margin=&#8221;|auto||60px||&#8221; global_colors_info=&#8221;{}&#8221;][et_pb_column type=&#8221;4_4&#8243; _builder_version=&#8221;4.16&#8243; custom_padding=&#8221;|||&#8221; global_colors_info=&#8221;{}&#8221; custom_padding__hover=&#8221;|||&#8221;][et_pb_text admin_label=&#8221;Texto&#8221; _builder_version=&#8221;4.16&#8243; background_size=&#8221;initial&#8221; background_position=&#8221;top_left&#8221; background_repeat=&#8221;repeat&#8221; width=&#8221;100%&#8221; custom_padding=&#8221;|51px||0px||&#8221; use_border_color=&#8221;off&#8221; border_color=&#8221;#ffffff&#8221; border_style=&#8221;solid&#8221; global_colors_info=&#8221;{}&#8221;]<\/p>\n<h3><strong>O trabalho de uma Escola Associada da UNESCO<\/strong><\/h3>\n<p>Uma Escola Associada da UNESCO pratica um ensino intercultural e deve ser democr\u00e1tica e participativa nas suas estruturas e m\u00e9todos. Dever\u00e1 igualmente adotar como crit\u00e9rios o trabalho de equipa, um elevado padr\u00e3o de qualidade, um ambiente criativo e empreendedor e num sentido \u00e9tico. Cabe a cada escola desenvolver o seu conceito de participa\u00e7\u00e3o na Rede, partindo das atividades promovidas ao longo de cada ano letivo e da participa\u00e7\u00e3o em projetos, concursos e campanhas propostos pela CNU.<\/p>\n<h3><strong>Os quatro (4) pilares do conhecimento:<\/strong><\/h3>\n<p>\u201cPara poder dar resposta ao conjunto das suas miss\u00f5es, a educa\u00e7\u00e3o deve organizar-se \u00e0 volta de quatro aprendizagens fundamentais que, ao longo de toda a vida, ser\u00e3o de algum modo para cada indiv\u00edduo, os pilares do conhecimento:<span>\u00a0<\/span><strong>aprender a conhecer<\/strong>, isto \u00e9 adquirir os instrumentos da compreens\u00e3o;<span>\u00a0<\/span><strong>aprender a fazer<\/strong>, para poder agir sobre o meio envolvente;<span>\u00a0<\/span><strong>aprender a viver juntos<\/strong>, a fim de participar e cooperar com os outros em todas as atividades humanas; finalmente<span>\u00a0<\/span><strong>aprender a ser<\/strong>, via essencial que integra as tr\u00eas precedentes.\u201d<\/p>\n<p>In Educa\u00e7\u00e3o \u2013 Um Tesouro a Descobrir, Relat\u00f3rio para a UNESCO da Comiss\u00e3o Internacional sobre Educa\u00e7\u00e3o para o S\u00e9culo XXI<\/p>\n<h3><strong>Dias Internacionais<\/strong><\/h3>\n<p>As Na\u00e7\u00f5es Unidas elegem dias espec\u00edficos para marcar acontecimentos ou assuntos relevantes com o objetivo de promover, atrav\u00e9s da consciencializa\u00e7\u00e3o e da a\u00e7\u00e3o, os objetivos da Organiza\u00e7\u00e3o. Geralmente, s\u00e3o um ou mais Estados membros que prop\u00f5em estas comemora\u00e7\u00f5es e a Assembleia Geral estabelece-as atrav\u00e9s de uma resolu\u00e7\u00e3o. Ocasionalmente, estas datas s\u00e3o declaradas pelas ag\u00eancias especializadas das Na\u00e7\u00f5es Unidas, quando se referem a quest\u00f5es que se enquadram no \u00e2mbito das suas compet\u00eancias. Algumas datas podem ser posteriormente adotadas pela Assembleia Geral.<\/p>\n<p><span style=\"font-size: 14px;\"><\/span><\/p>\n<p>[\/et_pb_text][et_pb_image src=&#8221;https:\/\/iai.pt\/web\/wp-content\/uploads\/2024\/12\/Captura-de-ecra-2024-12-27-as-00.17.29.png&#8221; title_text=&#8221;Captura de ecra\u0303 2024-12-27, a\u0300s 00.17.29&#8243; _builder_version=&#8221;4.27.4&#8243; _module_preset=&#8221;default&#8221; custom_padding=&#8221;|5px||||&#8221; global_colors_info=&#8221;{}&#8221;][\/et_pb_image][\/et_pb_column][\/et_pb_row][\/et_pb_section]<\/p>\n","protected":false},"excerpt":{"rendered":"<p>UNESCO Associated Schools Network IAI\u00a0\u2013\u00a0Membro oficial da Rede de Escolas Associadas da UNESCO &nbsp; A Comiss\u00e3o Nacional UNESCO \u2013 Portugal aprovou em dezembro de 2024 a candidatura do IAI \u00e0 Rede de Escolas Associadas da UNESCO (Programa\u00a0Associated Schools Project Network), a qual integrou, recentemente, fazendo parte do conjunto de estabelecimentos de ensino, num total de [&hellip;]<\/p>\n","protected":false},"author":1,"featured_media":0,"parent":0,"menu_order":0,"comment_status":"closed","ping_status":"closed","template":"","meta":{"_et_pb_use_builder":"on","_et_pb_old_content":"","_et_gb_content_width":"","footnotes":"","_members_access_role":[],"_members_access_error":""},"class_list":["post-16711","page","type-page","status-publish","hentry"],"aioseo_notices":[],"aioseo_head":"\n\t\t<!-- All in One SEO 4.9.10 - aioseo.com -->\n\t<meta name=\"description\" content=\"UNESCO Associated Schools Network IAI \u2013 Membro oficial da Rede de Escolas Associadas da UNESCO A Comiss\u00e3o Nacional UNESCO \u2013 Portugal aprovou em dezembro de 2024 a candidatura do IAI \u00e0 Rede de Escolas Associadas da UNESCO (Programa Associated Schools Project Network), a qual integrou, recentemente, fazendo parte do conjunto de estabelecimentos de ensino, num total de\" \/>\n\t<meta name=\"robots\" content=\"max-image-preview:large\" \/>\n\t<link rel=\"canonical\" href=\"https:\/\/iai.pt\/web\/membership-unesco-iai\" \/>\n\t<meta name=\"generator\" content=\"All in One SEO (AIOSEO) 4.9.10\" \/>\n\t\t<meta property=\"og:locale\" content=\"pt_PT\" \/>\n\t\t<meta property=\"og:site_name\" content=\"IAI - Escola Art\u00edstica\" \/>\n\t\t<meta property=\"og:type\" content=\"article\" \/>\n\t\t<meta property=\"og:title\" content=\"Membership UNESCO \u2014 IAI - IAI\" \/>\n\t\t<meta property=\"og:description\" content=\"UNESCO Associated Schools Network IAI \u2013 Membro oficial da Rede de Escolas Associadas da UNESCO A Comiss\u00e3o Nacional UNESCO \u2013 Portugal aprovou em dezembro de 2024 a candidatura do IAI \u00e0 Rede de Escolas Associadas da UNESCO (Programa Associated Schools Project Network), a qual integrou, recentemente, fazendo parte do conjunto de estabelecimentos de ensino, num total de\" \/>\n\t\t<meta property=\"og:url\" content=\"https:\/\/iai.pt\/web\/membership-unesco-iai\" \/>\n\t\t<meta property=\"og:image\" content=\"https:\/\/iai.pt\/web\/wp-content\/uploads\/2023\/05\/seo-logo.png\" \/>\n\t\t<meta property=\"og:image:secure_url\" content=\"https:\/\/iai.pt\/web\/wp-content\/uploads\/2023\/05\/seo-logo.png\" \/>\n\t\t<meta property=\"og:image:width\" content=\"105\" \/>\n\t\t<meta property=\"og:image:height\" content=\"112\" \/>\n\t\t<meta property=\"article:published_time\" content=\"2025-06-25T15:31:40+00:00\" \/>\n\t\t<meta property=\"article:modified_time\" content=\"2025-06-26T11:31:06+00:00\" \/>\n\t\t<meta property=\"article:publisher\" content=\"https:\/\/www.facebook.com\/instituto.das.artes.imagem\" \/>\n\t\t<meta name=\"twitter:card\" content=\"summary_large_image\" \/>\n\t\t<meta name=\"twitter:title\" content=\"Membership UNESCO \u2014 IAI - IAI\" \/>\n\t\t<meta name=\"twitter:description\" content=\"UNESCO Associated Schools Network IAI \u2013 Membro oficial da Rede de Escolas Associadas da UNESCO A Comiss\u00e3o Nacional UNESCO \u2013 Portugal aprovou em dezembro de 2024 a candidatura do IAI \u00e0 Rede de Escolas Associadas da UNESCO (Programa Associated Schools Project Network), a qual integrou, recentemente, fazendo parte do conjunto de estabelecimentos de ensino, num total de\" \/>\n\t\t<meta name=\"twitter:image\" content=\"https:\/\/iai.pt\/web\/wp-content\/uploads\/2023\/05\/seo-logo.png\" \/>\n\t\t<script type=\"application\/ld+json\" class=\"aioseo-schema\">\n\t\t\t{\"@context\":\"https:\\\/\\\/schema.org\",\"@graph\":[{\"@type\":\"BreadcrumbList\",\"@id\":\"https:\\\/\\\/iai.pt\\\/web\\\/membership-unesco-iai#breadcrumblist\",\"itemListElement\":[{\"@type\":\"ListItem\",\"@id\":\"https:\\\/\\\/iai.pt\\\/web#listItem\",\"position\":1,\"name\":\"In\\u00edcio\",\"item\":\"https:\\\/\\\/iai.pt\\\/web\",\"nextItem\":{\"@type\":\"ListItem\",\"@id\":\"https:\\\/\\\/iai.pt\\\/web\\\/membership-unesco-iai#listItem\",\"name\":\"Membership UNESCO \\u2014\\u00a0IAI\"}},{\"@type\":\"ListItem\",\"@id\":\"https:\\\/\\\/iai.pt\\\/web\\\/membership-unesco-iai#listItem\",\"position\":2,\"name\":\"Membership UNESCO \\u2014\\u00a0IAI\",\"previousItem\":{\"@type\":\"ListItem\",\"@id\":\"https:\\\/\\\/iai.pt\\\/web#listItem\",\"name\":\"In\\u00edcio\"}}]},{\"@type\":\"Organization\",\"@id\":\"https:\\\/\\\/iai.pt\\\/web\\\/#organization\",\"name\":\"Instituto das Artes e da Imagem\",\"description\":\"Escola Art\\u00edstica\",\"url\":\"https:\\\/\\\/iai.pt\\\/web\\\/\",\"telephone\":\"+351222000757\",\"logo\":{\"@type\":\"ImageObject\",\"url\":\"https:\\\/\\\/iai.pt\\\/web\\\/wp-content\\\/uploads\\\/2023\\\/05\\\/seo-logo.png\",\"@id\":\"https:\\\/\\\/iai.pt\\\/web\\\/membership-unesco-iai\\\/#organizationLogo\",\"width\":105,\"height\":112},\"image\":{\"@id\":\"https:\\\/\\\/iai.pt\\\/web\\\/membership-unesco-iai\\\/#organizationLogo\"},\"sameAs\":[\"https:\\\/\\\/www.facebook.com\\\/instituto.das.artes.imagem\",\"https:\\\/\\\/www.instagram.com\\\/iai_escola_de_artes\\\/\",\"https:\\\/\\\/www.youtube.com\\\/iaiwebmaster\"]},{\"@type\":\"WebPage\",\"@id\":\"https:\\\/\\\/iai.pt\\\/web\\\/membership-unesco-iai#webpage\",\"url\":\"https:\\\/\\\/iai.pt\\\/web\\\/membership-unesco-iai\",\"name\":\"Membership UNESCO \\u2014 IAI - IAI\",\"description\":\"UNESCO Associated Schools Network IAI \\u2013 Membro oficial da Rede de Escolas Associadas da UNESCO A Comiss\\u00e3o Nacional UNESCO \\u2013 Portugal aprovou em dezembro de 2024 a candidatura do IAI \\u00e0 Rede de Escolas Associadas da UNESCO (Programa Associated Schools Project Network), a qual integrou, recentemente, fazendo parte do conjunto de estabelecimentos de ensino, num total de\",\"inLanguage\":\"pt-PT\",\"isPartOf\":{\"@id\":\"https:\\\/\\\/iai.pt\\\/web\\\/#website\"},\"breadcrumb\":{\"@id\":\"https:\\\/\\\/iai.pt\\\/web\\\/membership-unesco-iai#breadcrumblist\"},\"datePublished\":\"2025-06-25T16:31:40+01:00\",\"dateModified\":\"2025-06-26T12:31:06+01:00\"},{\"@type\":\"WebSite\",\"@id\":\"https:\\\/\\\/iai.pt\\\/web\\\/#website\",\"url\":\"https:\\\/\\\/iai.pt\\\/web\\\/\",\"name\":\"IAI\",\"alternateName\":\"iai\",\"description\":\"Escola Art\\u00edstica\",\"inLanguage\":\"pt-PT\",\"publisher\":{\"@id\":\"https:\\\/\\\/iai.pt\\\/web\\\/#organization\"}}]}\n\t\t<\/script>\n\t\t<!-- All in One SEO -->\n\n","aioseo_head_json":{"title":"Membership UNESCO \u2014 IAI - IAI","description":"UNESCO Associated Schools Network IAI \u2013 Membro oficial da Rede de Escolas Associadas da UNESCO A Comiss\u00e3o Nacional UNESCO \u2013 Portugal aprovou em dezembro de 2024 a candidatura do IAI \u00e0 Rede de Escolas Associadas da UNESCO (Programa Associated Schools Project Network), a qual integrou, recentemente, fazendo parte do conjunto de estabelecimentos de ensino, num total de","canonical_url":"https:\/\/iai.pt\/web\/membership-unesco-iai","robots":"max-image-preview:large","keywords":"","webmasterTools":{"miscellaneous":""},"schema":{"@context":"https:\/\/schema.org","@graph":[{"@type":"BreadcrumbList","@id":"https:\/\/iai.pt\/web\/membership-unesco-iai#breadcrumblist","itemListElement":[{"@type":"ListItem","@id":"https:\/\/iai.pt\/web#listItem","position":1,"name":"In\u00edcio","item":"https:\/\/iai.pt\/web","nextItem":{"@type":"ListItem","@id":"https:\/\/iai.pt\/web\/membership-unesco-iai#listItem","name":"Membership UNESCO \u2014\u00a0IAI"}},{"@type":"ListItem","@id":"https:\/\/iai.pt\/web\/membership-unesco-iai#listItem","position":2,"name":"Membership UNESCO \u2014\u00a0IAI","previousItem":{"@type":"ListItem","@id":"https:\/\/iai.pt\/web#listItem","name":"In\u00edcio"}}]},{"@type":"Organization","@id":"https:\/\/iai.pt\/web\/#organization","name":"Instituto das Artes e da Imagem","description":"Escola Art\u00edstica","url":"https:\/\/iai.pt\/web\/","telephone":"+351222000757","logo":{"@type":"ImageObject","url":"https:\/\/iai.pt\/web\/wp-content\/uploads\/2023\/05\/seo-logo.png","@id":"https:\/\/iai.pt\/web\/membership-unesco-iai\/#organizationLogo","width":105,"height":112},"image":{"@id":"https:\/\/iai.pt\/web\/membership-unesco-iai\/#organizationLogo"},"sameAs":["https:\/\/www.facebook.com\/instituto.das.artes.imagem","https:\/\/www.instagram.com\/iai_escola_de_artes\/","https:\/\/www.youtube.com\/iaiwebmaster"]},{"@type":"WebPage","@id":"https:\/\/iai.pt\/web\/membership-unesco-iai#webpage","url":"https:\/\/iai.pt\/web\/membership-unesco-iai","name":"Membership UNESCO \u2014 IAI - IAI","description":"UNESCO Associated Schools Network IAI \u2013 Membro oficial da Rede de Escolas Associadas da UNESCO A Comiss\u00e3o Nacional UNESCO \u2013 Portugal aprovou em dezembro de 2024 a candidatura do IAI \u00e0 Rede de Escolas Associadas da UNESCO (Programa Associated Schools Project Network), a qual integrou, recentemente, fazendo parte do conjunto de estabelecimentos de ensino, num total de","inLanguage":"pt-PT","isPartOf":{"@id":"https:\/\/iai.pt\/web\/#website"},"breadcrumb":{"@id":"https:\/\/iai.pt\/web\/membership-unesco-iai#breadcrumblist"},"datePublished":"2025-06-25T16:31:40+01:00","dateModified":"2025-06-26T12:31:06+01:00"},{"@type":"WebSite","@id":"https:\/\/iai.pt\/web\/#website","url":"https:\/\/iai.pt\/web\/","name":"IAI","alternateName":"iai","description":"Escola Art\u00edstica","inLanguage":"pt-PT","publisher":{"@id":"https:\/\/iai.pt\/web\/#organization"}}]},"og:locale":"pt_PT","og:site_name":"IAI - Escola Art\u00edstica","og:type":"article","og:title":"Membership UNESCO \u2014 IAI - IAI","og:description":"UNESCO Associated Schools Network IAI \u2013 Membro oficial da Rede de Escolas Associadas da UNESCO A Comiss\u00e3o Nacional UNESCO \u2013 Portugal aprovou em dezembro de 2024 a candidatura do IAI \u00e0 Rede de Escolas Associadas da UNESCO (Programa Associated Schools Project Network), a qual integrou, recentemente, fazendo parte do conjunto de estabelecimentos de ensino, num total de","og:url":"https:\/\/iai.pt\/web\/membership-unesco-iai","og:image":"https:\/\/iai.pt\/web\/wp-content\/uploads\/2023\/05\/seo-logo.png","og:image:secure_url":"https:\/\/iai.pt\/web\/wp-content\/uploads\/2023\/05\/seo-logo.png","og:image:width":105,"og:image:height":112,"article:published_time":"2025-06-25T15:31:40+00:00","article:modified_time":"2025-06-26T11:31:06+00:00","article:publisher":"https:\/\/www.facebook.com\/instituto.das.artes.imagem","twitter:card":"summary_large_image","twitter:title":"Membership UNESCO \u2014 IAI - IAI","twitter:description":"UNESCO Associated Schools Network IAI \u2013 Membro oficial da Rede de Escolas Associadas da UNESCO A Comiss\u00e3o Nacional UNESCO \u2013 Portugal aprovou em dezembro de 2024 a candidatura do IAI \u00e0 Rede de Escolas Associadas da UNESCO (Programa Associated Schools Project Network), a qual integrou, recentemente, fazendo parte do conjunto de estabelecimentos de ensino, num total de","twitter:image":"https:\/\/iai.pt\/web\/wp-content\/uploads\/2023\/05\/seo-logo.png"},"aioseo_meta_data":{"post_id":"16711","title":null,"description":null,"keywords":null,"keyphrases":{"focus":{"keyphrase":"","score":0,"analysis":{"keyphraseInTitle":{"score":0,"maxScore":9,"error":1}}},"additional":[]},"primary_term":null,"canonical_url":null,"og_title":null,"og_description":null,"og_object_type":"default","og_image_type":"default","og_image_url":null,"og_image_width":null,"og_image_height":null,"og_image_custom_url":null,"og_image_custom_fields":null,"og_video":"","og_custom_url":null,"og_article_section":null,"og_article_tags":null,"twitter_use_og":false,"twitter_card":"default","twitter_image_type":"default","twitter_image_url":null,"twitter_image_custom_url":null,"twitter_image_custom_fields":null,"twitter_title":null,"twitter_description":null,"schema":{"blockGraphs":[],"customGraphs":[],"default":{"data":{"Article":[],"Course":[],"Dataset":[],"FAQPage":[],"Movie":[],"Person":[],"Product":[],"ProductReview":[],"Car":[],"Recipe":[],"Service":[],"SoftwareApplication":[],"WebPage":[]},"graphName":"WebPage","isEnabled":true},"graphs":[]},"schema_type":"default","schema_type_options":null,"pillar_content":false,"robots_default":true,"robots_noindex":false,"robots_noarchive":false,"robots_nosnippet":false,"robots_nofollow":false,"robots_noimageindex":false,"robots_noodp":false,"robots_notranslate":false,"robots_max_snippet":"-1","robots_max_videopreview":"-1","robots_max_imagepreview":"large","priority":null,"frequency":"default","local_seo":null,"breadcrumb_settings":null,"limit_modified_date":false,"ai":null,"created":"2025-06-25 15:20:02","updated":"2025-06-26 11:41:41","seo_analyzer_scan_date":null},"aioseo_breadcrumb":"<div class=\"aioseo-breadcrumbs\"><span class=\"aioseo-breadcrumb\">\n\t\t\t<a href=\"https:\/\/iai.pt\/web\" title=\"In\u00edcio\">In\u00edcio<\/a>\n\t\t<\/span><span class=\"aioseo-breadcrumb-separator\">\u00bb<\/span><span class=\"aioseo-breadcrumb\">\n\t\t\tMembership UNESCO \u2014 IAI\n\t\t<\/span><\/div>","aioseo_breadcrumb_json":[{"label":"In\u00edcio","link":"https:\/\/iai.pt\/web"},{"label":"Membership UNESCO \u2014\u00a0IAI","link":"https:\/\/iai.pt\/web\/membership-unesco-iai"}],"_links":{"self":[{"href":"https:\/\/iai.pt\/web\/wp-json\/wp\/v2\/pages\/16711","targetHints":{"allow":["GET"]}}],"collection":[{"href":"https:\/\/iai.pt\/web\/wp-json\/wp\/v2\/pages"}],"about":[{"href":"https:\/\/iai.pt\/web\/wp-json\/wp\/v2\/types\/page"}],"author":[{"embeddable":true,"href":"https:\/\/iai.pt\/web\/wp-json\/wp\/v2\/users\/1"}],"replies":[{"embeddable":true,"href":"https:\/\/iai.pt\/web\/wp-json\/wp\/v2\/comments?post=16711"}],"version-history":[{"count":3,"href":"https:\/\/iai.pt\/web\/wp-json\/wp\/v2\/pages\/16711\/revisions"}],"predecessor-version":[{"id":16718,"href":"https:\/\/iai.pt\/web\/wp-json\/wp\/v2\/pages\/16711\/revisions\/16718"}],"wp:attachment":[{"href":"https:\/\/iai.pt\/web\/wp-json\/wp\/v2\/media?parent=16711"}],"curies":[{"name":"wp","href":"https:\/\/api.w.org\/{rel}","templated":true}]}}