{"id":7113,"date":"2014-01-31T12:57:21","date_gmt":"2014-01-31T12:57:21","guid":{"rendered":"http:\/\/chimpgroup.com\/wp-demo\/statfort-dummy\/courses-2\/"},"modified":"2024-04-23T09:35:51","modified_gmt":"2024-04-23T08:35:51","slug":"eae","status":"publish","type":"page","link":"https:\/\/iai.pt\/web\/eae","title":{"rendered":"Ensino Art\u00edstico Especializado"},"content":{"rendered":"<p>[et_pb_section fb_built=&#8221;1&#8243; admin_label=&#8221;section&#8221; _builder_version=&#8221;4.16&#8243; global_colors_info=&#8221;{}&#8221;][et_pb_row admin_label=&#8221;row&#8221; _builder_version=&#8221;4.16&#8243; background_size=&#8221;initial&#8221; background_position=&#8221;top_left&#8221; background_repeat=&#8221;repeat&#8221; global_colors_info=&#8221;{}&#8221;][et_pb_column type=&#8221;4_4&#8243; _builder_version=&#8221;4.16&#8243; custom_padding=&#8221;|||&#8221; global_colors_info=&#8221;{}&#8221; custom_padding__hover=&#8221;|||&#8221;][et_pb_text admin_label=&#8221;Text&#8221; _builder_version=&#8221;4.16&#8243; background_size=&#8221;initial&#8221; background_position=&#8221;top_left&#8221; background_repeat=&#8221;repeat&#8221; global_colors_info=&#8221;{}&#8221;]<\/p>\n<h1>Cursos de Ensino Art\u00edstico Especializado<\/h1>\n<h3>Ensino Secund\u00e1rio &#8211; 10\u00ba, 11\u00ba e 12\u00ba<\/h3>\n<p>[\/et_pb_text][et_pb_image src=&#8221;https:\/\/iai.pt\/web\/wp-content\/uploads\/2014\/01\/cursosArtisticos-1.jpg&#8221; align_tablet=&#8221;center&#8221; align_phone=&#8221;center&#8221; align_last_edited=&#8221;on|desktop&#8221; admin_label=&#8221;Image&#8221; _builder_version=&#8221;4.16&#8243; animation_style=&#8221;fade&#8221; animation_duration=&#8221;500ms&#8221; border_style=&#8221;solid&#8221; animation=&#8221;fade_in&#8221; sticky=&#8221;off&#8221; global_colors_info=&#8221;{}&#8221;][\/et_pb_image][\/et_pb_column][\/et_pb_row][et_pb_row column_structure=&#8221;1_3,2_3&#8243; admin_label=&#8221;Linha&#8221; _builder_version=&#8221;4.16&#8243; background_size=&#8221;initial&#8221; background_position=&#8221;top_left&#8221; background_repeat=&#8221;repeat&#8221; global_colors_info=&#8221;{}&#8221;][et_pb_column type=&#8221;1_3&#8243; _builder_version=&#8221;4.16&#8243; custom_padding=&#8221;|||&#8221; global_colors_info=&#8221;{}&#8221; custom_padding__hover=&#8221;|||&#8221;][et_pb_image src=&#8221;http:\/\/iai.pt\/web\/wp-content\/uploads\/2024\/04\/RP_Edu_2024.png&#8221; title_text=&#8221;RP_Edu_2024&#8243; url=&#8221;http:\/\/www.portugal.gov.pt\/pt\/ministerios\/medu.aspx&#8221; url_new_window=&#8221;on&#8221; align_tablet=&#8221;center&#8221; align_phone=&#8221;center&#8221; align_last_edited=&#8221;on|desktop&#8221; admin_label=&#8221;Imagem&#8221; _builder_version=&#8221;4.23.4&#8243; animation_style=&#8221;slide&#8221; animation_direction=&#8221;left&#8221; animation_duration=&#8221;500ms&#8221; animation_intensity_slide=&#8221;10%&#8221; hover_enabled=&#8221;0&#8243; use_border_color=&#8221;off&#8221; border_color=&#8221;#ffffff&#8221; border_style=&#8221;solid&#8221; animation=&#8221;left&#8221; sticky=&#8221;off&#8221; global_colors_info=&#8221;{}&#8221; sticky_enabled=&#8221;0&#8243;][\/et_pb_image][\/et_pb_column][et_pb_column type=&#8221;2_3&#8243; _builder_version=&#8221;4.16&#8243; custom_padding=&#8221;|||&#8221; global_colors_info=&#8221;{}&#8221; custom_padding__hover=&#8221;|||&#8221;][et_pb_text admin_label=&#8221;Texto&#8221; _builder_version=&#8221;4.16&#8243; background_size=&#8221;initial&#8221; background_position=&#8221;top_left&#8221; background_repeat=&#8221;repeat&#8221; use_border_color=&#8221;off&#8221; border_color=&#8221;#ffffff&#8221; border_style=&#8221;solid&#8221; global_colors_info=&#8221;{}&#8221;]Estes cursos de EAE s\u00e3o financiados pelo Minist\u00e9rio da Educa\u00e7\u00e3o &#8211; <strong>CONTRATO DE PATROC\u00cdNIO<\/strong>[\/et_pb_text][\/et_pb_column][\/et_pb_row][et_pb_row column_structure=&#8221;3_4,1_4&#8243; admin_label=&#8221;row&#8221; _builder_version=&#8221;4.16&#8243; background_size=&#8221;initial&#8221; background_position=&#8221;top_left&#8221; background_repeat=&#8221;repeat&#8221; global_colors_info=&#8221;{}&#8221;][et_pb_column type=&#8221;3_4&#8243; _builder_version=&#8221;4.16&#8243; custom_padding=&#8221;|||&#8221; global_colors_info=&#8221;{}&#8221; custom_padding__hover=&#8221;|||&#8221;][et_pb_text admin_label=&#8221;Text&#8221; _builder_version=&#8221;4.16&#8243; background_size=&#8221;initial&#8221; background_position=&#8221;top_left&#8221; background_repeat=&#8221;repeat&#8221; use_border_color=&#8221;off&#8221; border_color=&#8221;#ffffff&#8221; border_style=&#8221;solid&#8221; global_colors_info=&#8221;{}&#8221;]<\/p>\n<h3>O Cursos Art\u00edsticos Especializados s\u00e3o um percurso de n\u00edvel secund\u00e1rio, com a dura\u00e7\u00e3o de tr\u00eas anos letivos.<\/h3>\n<h4>Para quem<\/h4>\n<p>Estes cursos podem ser o percurso mais indicado para ti se:<br \/>\n&#8211; conclu\u00edste o 3\u00ba ciclo do ensino b\u00e1sico ou forma\u00e7\u00e3o equivalente;<br \/>\n&#8211; procuras um ensino onde possas desenvolver as tuas aptid\u00f5es ou talentos art\u00edsticos;<br \/>\n&#8211; pretendes uma forma\u00e7\u00e3o de excel\u00eancia que te permita vir a exercer uma profiss\u00e3o num ramo art\u00edstico;<br \/>\n&#8211; ambicionas uma forma\u00e7\u00e3o de n\u00edvel superior nos dom\u00ednios das Artes Visuais ou Audiovisuais.<\/p>\n<h4>Qual o objetivo<\/h4>\n<p>Os Cursos Art\u00edsticos Especializados nos dom\u00ednios das Artes Visuais e Audiovisuais visam:<br \/>\n&#8211; proporcionar-te uma cultura visual e est\u00e9tica que te permita desenvolver capacidades de express\u00e3o e comunica\u00e7\u00e3o, dotando-te de compet\u00eancias t\u00e9cnico-art\u00edsticas inerentes \u00e0 \u00e1rea de cada curso;<br \/>\n&#8211; dotar-te de compet\u00eancias para o exerc\u00edcio de uma profiss\u00e3o nestes dom\u00ednios;<br \/>\n&#8211; preparar-te para acederes a forma\u00e7\u00f5es de n\u00edvel superior, se for esse o teu desejo.<\/p>\n<h4>O que s\u00e3o<\/h4>\n<p>Os cursos de ensino art\u00edstico especializado, no Instituto das Artes e da Imagem s\u00e3o:<br \/>\n&#8211; Curso de Conserva\u00e7\u00e3o e Restauro do Patrim\u00f3nio;<br \/>\n&#8211; Curso de Desenho de Arquitectura;<br \/>\n&#8211; Curso de Imagem Interativa.<\/p>\n<p>Os planos de estudos destes cursos estruturam-se em tr\u00eas componentes de forma\u00e7\u00e3o &#8211; geral, cient\u00edfica e t\u00e9cnica-art\u00edstica -, integrando ainda Forma\u00e7\u00e3o em Contexto de Trabalho (FCT) no 12.\u00ba ano.<\/p>\n<h4>Qual a certifica\u00e7\u00e3o<\/h4>\n<p>A conclus\u00e3o de um curso do ensino art\u00edstico especializado no dom\u00ednio das Artes Visuais e dos Audiovisuais confere-te:<br \/>\n&#8211; um diploma de conclus\u00e3o do n\u00edvel secund\u00e1rio de educa\u00e7\u00e3o;<br \/>\n&#8211; um certificado de qualifica\u00e7\u00e3o de n\u00edvel 4.<\/p>\n<p>A conclus\u00e3o de um curso de ensino art\u00edstico especializado, nos dom\u00ednios das Artes Visuais e dos Audiovisuais, implica que obtenhas aprova\u00e7\u00e3o em todas as disciplinas do plano de estudos do respetivo curso, e ainda aprova\u00e7\u00e3o na FCT e na PAA.<\/p>\n<p>Para a certifica\u00e7\u00e3o da conclus\u00e3o de um curso secund\u00e1rio de Artes Visuais e Audiovisuais, n\u00e3o \u00e9 considerada a realiza\u00e7\u00e3o de exames finais nacionais.<\/p>\n<h4>Prosseguimento de estudos<\/h4>\n<p>A certifica\u00e7\u00e3o obtida com a conclus\u00e3o de um destes cursos permite-te o acesso ao ensino superior (universit\u00e1rio ou polit\u00e9cnico), desde que cumpras os requisitos relativos \u00e0 avalia\u00e7\u00e3o sumativa externa, nos termos da Portaria n.\u00ba 243-A\/2012, de 13 de agosto, com as altera\u00e7\u00f5es introduzidas pela Portaria n.\u00ba 59-A\/2014, de 7 de mar\u00e7o, e demais requisitos legais de acesso.<br \/>\n[\/et_pb_text][et_pb_tabs admin_label=&#8221;Tabs&#8221; _builder_version=&#8221;4.16&#8243; background_size=&#8221;initial&#8221; background_position=&#8221;top_left&#8221; background_repeat=&#8221;repeat&#8221; global_colors_info=&#8221;{}&#8221;][et_pb_tab title=&#8221;Forma\u00e7\u00e3o em Contexto de Trabalho&#8221; _builder_version=&#8221;4.16&#8243; background_size=&#8221;initial&#8221; background_position=&#8221;top_left&#8221; background_repeat=&#8221;repeat&#8221; global_colors_info=&#8221;{}&#8221;]A Forma\u00e7\u00e3o em Contexto de Trabalho (FCT) realiza-se preferencialmente em posto de trabalho, ateliers, empresas ou noutras organiza\u00e7\u00f5es, sob a forma de experi\u00eancias, de trabalhos pontuais ou sob a forma de est\u00e1gio. A FCT pode ainda assumir a forma de simula\u00e7\u00e3o de um conjunto de atividades profissionais relevantes para o perfil de sa\u00edda do curso, a desenvolver em condi\u00e7\u00f5es similares \u00e0s do contexto real de trabalho, integrada na disciplina de Projecto e Tecnologias.[\/et_pb_tab][et_pb_tab title=&#8221;Prova de Aptid\u00e3o Art\u00edstica&#8221; _builder_version=&#8221;4.16&#8243; background_size=&#8221;initial&#8221; background_position=&#8221;top_left&#8221; background_repeat=&#8221;repeat&#8221; global_colors_info=&#8221;{}&#8221;]No 12\u00ba ano, \u00e9s obrigado a realizar uma prova de aptid\u00e3o art\u00edstica. Esta prova consiste na defesa, perante um j\u00fari, de um projeto, sob a forma de um produto que demonstra os saberes e as compet\u00eancias t\u00e9cnico-art\u00edsticas que foste adquirindo ao longo da tua forma\u00e7\u00e3o. Este produto ser\u00e1 acompanhado por um relat\u00f3rio final que dever\u00e1 conter, entre outros aspetos, uma an\u00e1lise critica da execu\u00e7\u00e3o do projeto (principais dificuldades e obst\u00e1culos encontrados e formas de os superar).[\/et_pb_tab][\/et_pb_tabs][\/et_pb_column][et_pb_column type=&#8221;1_4&#8243; _builder_version=&#8221;4.16&#8243; custom_padding=&#8221;|||&#8221; global_colors_info=&#8221;{}&#8221; custom_padding__hover=&#8221;|||&#8221;][et_pb_text admin_label=&#8221;Text&#8221; _builder_version=&#8221;4.16&#8243; background_size=&#8221;initial&#8221; background_position=&#8221;top_left&#8221; background_repeat=&#8221;repeat&#8221; global_colors_info=&#8221;{}&#8221;]<\/p>\n<h4>Dom\u00ednios<\/h4>\n<p><strong>Multim\u00e9dia, Imagem, Arquitetura, Restauro, CAD, 3D<\/strong><br \/>\n[\/et_pb_text][\/et_pb_column][\/et_pb_row][\/et_pb_section][et_pb_section fb_built=&#8221;1&#8243; admin_label=&#8221;section&#8221; _builder_version=&#8221;4.16&#8243; background_color=&#8221;#f7f7f7&#8243; global_colors_info=&#8221;{}&#8221;][et_pb_row column_structure=&#8221;1_2,1_2&#8243; admin_label=&#8221;row&#8221; _builder_version=&#8221;4.16&#8243; background_size=&#8221;initial&#8221; background_position=&#8221;top_left&#8221; background_repeat=&#8221;repeat&#8221; global_colors_info=&#8221;{}&#8221;][et_pb_column type=&#8221;1_2&#8243; _builder_version=&#8221;4.16&#8243; custom_padding=&#8221;|||&#8221; global_colors_info=&#8221;{}&#8221; custom_padding__hover=&#8221;|||&#8221;][et_pb_image src=&#8221;https:\/\/iai.pt\/web\/wp-content\/uploads\/2014\/01\/imagemInterativab.jpg&#8221; align_tablet=&#8221;center&#8221; align_phone=&#8221;center&#8221; align_last_edited=&#8221;on|desktop&#8221; admin_label=&#8221;Image&#8221; _builder_version=&#8221;4.16&#8243; animation_style=&#8221;slide&#8221; animation_direction=&#8221;left&#8221; animation_duration=&#8221;500ms&#8221; animation_intensity_slide=&#8221;10%&#8221; use_border_color=&#8221;off&#8221; border_color=&#8221;#ffffff&#8221; border_style=&#8221;solid&#8221; animation=&#8221;left&#8221; sticky=&#8221;off&#8221; global_colors_info=&#8221;{}&#8221;][\/et_pb_image][\/et_pb_column][et_pb_column type=&#8221;1_2&#8243; _builder_version=&#8221;4.16&#8243; custom_padding=&#8221;|||&#8221; global_colors_info=&#8221;{}&#8221; custom_padding__hover=&#8221;|||&#8221;][et_pb_cta title=&#8221;Imagem Interativa&#8221; button_url=&#8221;https:\/\/iai.pt\/web\/eae-imageminterativa&#8221; button_text=&#8221;Plano de Estudos&#8221; admin_label=&#8221;Chamada \u00e0 A\u00e7\u00e3o&#8221; _builder_version=&#8221;4.16&#8243; background_color=&#8221;#245ed0&#8243; background_size=&#8221;initial&#8221; background_position=&#8221;top_left&#8221; background_repeat=&#8221;repeat&#8221; text_orientation=&#8221;left&#8221; use_border_color=&#8221;off&#8221; border_color=&#8221;#ffffff&#8221; border_style=&#8221;solid&#8221; button_letter_spacing_hover=&#8221;0&#8243; global_colors_info=&#8221;{}&#8221; button_text_size__hover_enabled=&#8221;off&#8221; button_one_text_size__hover_enabled=&#8221;off&#8221; button_two_text_size__hover_enabled=&#8221;off&#8221; button_text_color__hover_enabled=&#8221;off&#8221; button_one_text_color__hover_enabled=&#8221;off&#8221; button_two_text_color__hover_enabled=&#8221;off&#8221; button_border_width__hover_enabled=&#8221;off&#8221; button_one_border_width__hover_enabled=&#8221;off&#8221; button_two_border_width__hover_enabled=&#8221;off&#8221; button_border_color__hover_enabled=&#8221;off&#8221; button_one_border_color__hover_enabled=&#8221;off&#8221; button_two_border_color__hover_enabled=&#8221;off&#8221; button_border_radius__hover_enabled=&#8221;off&#8221; button_one_border_radius__hover_enabled=&#8221;off&#8221; button_two_border_radius__hover_enabled=&#8221;off&#8221; button_letter_spacing__hover_enabled=&#8221;on&#8221; button_letter_spacing__hover=&#8221;0&#8243; button_one_letter_spacing__hover_enabled=&#8221;off&#8221; button_two_letter_spacing__hover_enabled=&#8221;off&#8221; button_bg_color__hover_enabled=&#8221;off&#8221; button_one_bg_color__hover_enabled=&#8221;off&#8221; button_two_bg_color__hover_enabled=&#8221;off&#8221;]Formar profissionais que, integrados numa equipa, desenvolvam solu\u00e7\u00f5es de informa\u00e7\u00e3o e de comunica\u00e7\u00e3o, recorrendo \u00e0s tecnologias inform\u00e1ticas, nomeadamente \u00e0 utiliza\u00e7\u00e3o de ferramentas de autor multim\u00e9dia e intervindo especificamente na produ\u00e7\u00e3o de conte\u00fados interativos (curtas-metragens, cinema de anima\u00e7\u00e3o, apresenta\u00e7\u00f5es interativas, p\u00e1ginas web e quiosques interativos).<br \/>\n[\/et_pb_cta][\/et_pb_column][\/et_pb_row][\/et_pb_section][et_pb_section fb_built=&#8221;1&#8243; admin_label=&#8221;section&#8221; _builder_version=&#8221;4.16&#8243; background_color=&#8221;#ffffff&#8221; global_colors_info=&#8221;{}&#8221;][et_pb_row column_structure=&#8221;1_2,1_2&#8243; admin_label=&#8221;row&#8221; _builder_version=&#8221;4.16&#8243; background_size=&#8221;initial&#8221; background_position=&#8221;top_left&#8221; background_repeat=&#8221;repeat&#8221; global_colors_info=&#8221;{}&#8221;][et_pb_column type=&#8221;1_2&#8243; _builder_version=&#8221;4.16&#8243; custom_padding=&#8221;|||&#8221; global_colors_info=&#8221;{}&#8221; custom_padding__hover=&#8221;|||&#8221;][et_pb_cta title=&#8221;Desenho de Arquitetura&#8221; button_url=&#8221;https:\/\/iai.pt\/web\/eae-desenhoarquitetura&#8221; button_text=&#8221;Plano de Estudos&#8221; admin_label=&#8221;Chamada \u00e0 A\u00e7\u00e3o&#8221; _builder_version=&#8221;4.16&#8243; background_color=&#8221;#2980b9&#8243; background_size=&#8221;initial&#8221; background_position=&#8221;top_left&#8221; background_repeat=&#8221;repeat&#8221; text_orientation=&#8221;left&#8221; use_border_color=&#8221;off&#8221; border_color=&#8221;#ffffff&#8221; border_style=&#8221;solid&#8221; button_letter_spacing_hover=&#8221;0&#8243; global_colors_info=&#8221;{}&#8221; button_text_size__hover_enabled=&#8221;off&#8221; button_one_text_size__hover_enabled=&#8221;off&#8221; button_two_text_size__hover_enabled=&#8221;off&#8221; button_text_color__hover_enabled=&#8221;off&#8221; button_one_text_color__hover_enabled=&#8221;off&#8221; button_two_text_color__hover_enabled=&#8221;off&#8221; button_border_width__hover_enabled=&#8221;off&#8221; button_one_border_width__hover_enabled=&#8221;off&#8221; button_two_border_width__hover_enabled=&#8221;off&#8221; button_border_color__hover_enabled=&#8221;off&#8221; button_one_border_color__hover_enabled=&#8221;off&#8221; button_two_border_color__hover_enabled=&#8221;off&#8221; button_border_radius__hover_enabled=&#8221;off&#8221; button_one_border_radius__hover_enabled=&#8221;off&#8221; button_two_border_radius__hover_enabled=&#8221;off&#8221; button_letter_spacing__hover_enabled=&#8221;on&#8221; button_letter_spacing__hover=&#8221;0&#8243; button_one_letter_spacing__hover_enabled=&#8221;off&#8221; button_two_letter_spacing__hover_enabled=&#8221;off&#8221; button_bg_color__hover_enabled=&#8221;off&#8221; button_one_bg_color__hover_enabled=&#8221;off&#8221; button_two_bg_color__hover_enabled=&#8221;off&#8221;]Formar profissionais que, integrados numa equipa, executem graficamente a representa\u00e7\u00e3o de projetos, utilizando as ferramentas inform\u00e1ticas do desenho assitido por computador em 2D e 3D, imagem digital e apresenta\u00e7\u00e3o interativa de projectos.<br \/>\n[\/et_pb_cta][\/et_pb_column][et_pb_column type=&#8221;1_2&#8243; _builder_version=&#8221;4.16&#8243; custom_padding=&#8221;|||&#8221; global_colors_info=&#8221;{}&#8221; custom_padding__hover=&#8221;|||&#8221;][et_pb_image src=&#8221;https:\/\/iai.pt\/web\/wp-content\/uploads\/2014\/01\/desenhoArquitetura_700b.jpg&#8221; align_tablet=&#8221;center&#8221; align_phone=&#8221;center&#8221; align_last_edited=&#8221;on|desktop&#8221; admin_label=&#8221;Image&#8221; _builder_version=&#8221;4.16&#8243; animation_style=&#8221;slide&#8221; animation_direction=&#8221;right&#8221; animation_duration=&#8221;500ms&#8221; animation_intensity_slide=&#8221;10%&#8221; use_border_color=&#8221;off&#8221; border_color=&#8221;#ffffff&#8221; border_style=&#8221;solid&#8221; animation=&#8221;right&#8221; sticky=&#8221;off&#8221; global_colors_info=&#8221;{}&#8221;][\/et_pb_image][\/et_pb_column][\/et_pb_row][\/et_pb_section][et_pb_section fb_built=&#8221;1&#8243; admin_label=&#8221;section&#8221; _builder_version=&#8221;4.16&#8243; background_color=&#8221;#f7f7f7&#8243; global_colors_info=&#8221;{}&#8221;][et_pb_row column_structure=&#8221;1_2,1_2&#8243; admin_label=&#8221;row&#8221; _builder_version=&#8221;4.16&#8243; background_size=&#8221;initial&#8221; background_position=&#8221;top_left&#8221; background_repeat=&#8221;repeat&#8221; global_colors_info=&#8221;{}&#8221;][et_pb_column type=&#8221;1_2&#8243; _builder_version=&#8221;4.16&#8243; custom_padding=&#8221;|||&#8221; global_colors_info=&#8221;{}&#8221; custom_padding__hover=&#8221;|||&#8221;][et_pb_image src=&#8221;https:\/\/iai.pt\/web\/wp-content\/uploads\/2014\/01\/conservacaoRestaurob.jpg&#8221; align_tablet=&#8221;center&#8221; align_phone=&#8221;center&#8221; align_last_edited=&#8221;on|desktop&#8221; admin_label=&#8221;Image&#8221; _builder_version=&#8221;4.16&#8243; animation_style=&#8221;slide&#8221; animation_direction=&#8221;left&#8221; animation_duration=&#8221;500ms&#8221; animation_intensity_slide=&#8221;10%&#8221; use_border_color=&#8221;off&#8221; border_color=&#8221;#ffffff&#8221; border_style=&#8221;solid&#8221; animation=&#8221;left&#8221; sticky=&#8221;off&#8221; global_colors_info=&#8221;{}&#8221;][\/et_pb_image][\/et_pb_column][et_pb_column type=&#8221;1_2&#8243; _builder_version=&#8221;4.16&#8243; custom_padding=&#8221;|||&#8221; global_colors_info=&#8221;{}&#8221; custom_padding__hover=&#8221;|||&#8221;][et_pb_cta title=&#8221;Conserva\u00e7\u00e3o e Restauro&#8221; button_url=&#8221;https:\/\/iai.pt\/web\/eae-conservacaorestauro&#8221; button_text=&#8221;Plano de Estudos&#8221; admin_label=&#8221;Chamada \u00e0 A\u00e7\u00e3o&#8221; _builder_version=&#8221;4.16&#8243; background_color=&#8221;#24b9d0&#8243; background_size=&#8221;initial&#8221; background_position=&#8221;top_left&#8221; background_repeat=&#8221;repeat&#8221; text_orientation=&#8221;left&#8221; use_border_color=&#8221;off&#8221; border_color=&#8221;#ffffff&#8221; border_style=&#8221;solid&#8221; button_letter_spacing_hover=&#8221;0&#8243; global_colors_info=&#8221;{}&#8221; button_text_size__hover_enabled=&#8221;off&#8221; button_one_text_size__hover_enabled=&#8221;off&#8221; button_two_text_size__hover_enabled=&#8221;off&#8221; button_text_color__hover_enabled=&#8221;off&#8221; button_one_text_color__hover_enabled=&#8221;off&#8221; button_two_text_color__hover_enabled=&#8221;off&#8221; button_border_width__hover_enabled=&#8221;off&#8221; button_one_border_width__hover_enabled=&#8221;off&#8221; button_two_border_width__hover_enabled=&#8221;off&#8221; button_border_color__hover_enabled=&#8221;off&#8221; button_one_border_color__hover_enabled=&#8221;off&#8221; button_two_border_color__hover_enabled=&#8221;off&#8221; button_border_radius__hover_enabled=&#8221;off&#8221; button_one_border_radius__hover_enabled=&#8221;off&#8221; button_two_border_radius__hover_enabled=&#8221;off&#8221; button_letter_spacing__hover_enabled=&#8221;on&#8221; button_letter_spacing__hover=&#8221;0&#8243; button_one_letter_spacing__hover_enabled=&#8221;off&#8221; button_two_letter_spacing__hover_enabled=&#8221;off&#8221; button_bg_color__hover_enabled=&#8221;off&#8221; button_one_bg_color__hover_enabled=&#8221;off&#8221; button_two_bg_color__hover_enabled=&#8221;off&#8221;]Formar profissionais que, integrados numa equipa, executem trabalhos de conserva\u00e7\u00e3o e restauro nas \u00e1reas de madeira, materiais p\u00e9treos, metais, cer\u00e2mica, t\u00eaxteis e pintura, assegurando o uso adequado de metodologias e processos de conserva\u00e7\u00e3o e restauro.<br \/>\n[\/et_pb_cta][\/et_pb_column][\/et_pb_row][\/et_pb_section][et_pb_section fb_built=&#8221;1&#8243; admin_label=&#8221;section&#8221; _builder_version=&#8221;4.16&#8243; background_color=&#8221;#ffffff&#8221; background_image=&#8221;https:\/\/iai.pt\/web\/wp-content\/uploads\/2014\/01\/back_1920.jpg&#8221; parallax=&#8221;on&#8221; parallax_method=&#8221;css&#8221; global_colors_info=&#8221;{}&#8221;][et_pb_row admin_label=&#8221;row&#8221; _builder_version=&#8221;4.16&#8243; background_size=&#8221;initial&#8221; background_position=&#8221;top_left&#8221; background_repeat=&#8221;repeat&#8221; global_colors_info=&#8221;{}&#8221;][et_pb_column type=&#8221;4_4&#8243; _builder_version=&#8221;4.16&#8243; custom_padding=&#8221;|||&#8221; global_colors_info=&#8221;{}&#8221; custom_padding__hover=&#8221;|||&#8221;][et_pb_cta title=&#8221;Est\u00e1s interessado?&#8221; button_url=&#8221;https:\/\/iai.pt\/web\/candidatura&#8221; button_text=&#8221;Candidatura&#8221; admin_label=&#8221;Call To Action&#8221; _builder_version=&#8221;4.16&#8243; use_background_color=&#8221;off&#8221; background_size=&#8221;initial&#8221; background_position=&#8221;top_left&#8221; background_repeat=&#8221;repeat&#8221; use_border_color=&#8221;off&#8221; border_color=&#8221;#ffffff&#8221; border_style=&#8221;solid&#8221; button_letter_spacing_hover=&#8221;0&#8243; global_colors_info=&#8221;{}&#8221; button_text_size__hover_enabled=&#8221;off&#8221; button_one_text_size__hover_enabled=&#8221;off&#8221; button_two_text_size__hover_enabled=&#8221;off&#8221; button_text_color__hover_enabled=&#8221;off&#8221; button_one_text_color__hover_enabled=&#8221;off&#8221; button_two_text_color__hover_enabled=&#8221;off&#8221; button_border_width__hover_enabled=&#8221;off&#8221; button_one_border_width__hover_enabled=&#8221;off&#8221; button_two_border_width__hover_enabled=&#8221;off&#8221; button_border_color__hover_enabled=&#8221;off&#8221; button_one_border_color__hover_enabled=&#8221;off&#8221; button_two_border_color__hover_enabled=&#8221;off&#8221; button_border_radius__hover_enabled=&#8221;off&#8221; button_one_border_radius__hover_enabled=&#8221;off&#8221; button_two_border_radius__hover_enabled=&#8221;off&#8221; button_letter_spacing__hover_enabled=&#8221;on&#8221; button_letter_spacing__hover=&#8221;0&#8243; button_one_letter_spacing__hover_enabled=&#8221;off&#8221; button_two_letter_spacing__hover_enabled=&#8221;off&#8221; button_bg_color__hover_enabled=&#8221;off&#8221; button_one_bg_color__hover_enabled=&#8221;off&#8221; button_two_bg_color__hover_enabled=&#8221;off&#8221;][\/et_pb_cta][\/et_pb_column][\/et_pb_row][\/et_pb_section]<\/p>\n","protected":false},"excerpt":{"rendered":"<p>Cursos de Ensino Art\u00edstico Especializado Ensino Secund\u00e1rio &#8211; 10\u00ba, 11\u00ba e 12\u00ba Estes cursos de EAE s\u00e3o financiados pelo Minist\u00e9rio da Educa\u00e7\u00e3o &#8211; CONTRATO DE PATROC\u00cdNIOO Cursos Art\u00edsticos Especializados s\u00e3o um percurso de n\u00edvel secund\u00e1rio, com a dura\u00e7\u00e3o de tr\u00eas anos letivos. Para quem Estes cursos podem ser o percurso mais indicado para ti se: [&hellip;]<\/p>\n","protected":false},"author":1,"featured_media":0,"parent":0,"menu_order":0,"comment_status":"closed","ping_status":"closed","template":"","meta":{"_et_pb_use_builder":"on","_et_pb_old_content":"","_et_gb_content_width":"","footnotes":""},"class_list":["post-7113","page","type-page","status-publish","hentry"],"aioseo_notices":[],"_links":{"self":[{"href":"https:\/\/iai.pt\/web\/wp-json\/wp\/v2\/pages\/7113","targetHints":{"allow":["GET"]}}],"collection":[{"href":"https:\/\/iai.pt\/web\/wp-json\/wp\/v2\/pages"}],"about":[{"href":"https:\/\/iai.pt\/web\/wp-json\/wp\/v2\/types\/page"}],"author":[{"embeddable":true,"href":"https:\/\/iai.pt\/web\/wp-json\/wp\/v2\/users\/1"}],"replies":[{"embeddable":true,"href":"https:\/\/iai.pt\/web\/wp-json\/wp\/v2\/comments?post=7113"}],"version-history":[{"count":18,"href":"https:\/\/iai.pt\/web\/wp-json\/wp\/v2\/pages\/7113\/revisions"}],"predecessor-version":[{"id":8090,"href":"https:\/\/iai.pt\/web\/wp-json\/wp\/v2\/pages\/7113\/revisions\/8090"}],"wp:attachment":[{"href":"https:\/\/iai.pt\/web\/wp-json\/wp\/v2\/media?parent=7113"}],"curies":[{"name":"wp","href":"https:\/\/api.w.org\/{rel}","templated":true}]}}