{"id":8299,"date":"2016-09-21T17:27:47","date_gmt":"2016-09-21T16:27:47","guid":{"rendered":"http:\/\/iai.pt\/web\/?page_id=8299"},"modified":"2026-02-06T17:06:38","modified_gmt":"2026-02-06T17:06:38","slug":"taxa-de-sucesso","status":"publish","type":"page","link":"https:\/\/iai.pt\/web\/taxa-de-sucesso","title":{"rendered":"Taxa de Sucesso"},"content":{"rendered":"<p>[et_pb_section fb_built=&#8221;1&#8243; inner_shadow=&#8221;on&#8221; fullwidth=&#8221;on&#8221; custom_padding_last_edited=&#8221;on|desktop&#8221; admin_label=&#8221;section&#8221; _builder_version=&#8221;4.16&#8243; background_color=&#8221;#0c71c3&#8243; custom_padding_tablet=&#8221;50px|0|50px|0&#8243; custom_padding_phone=&#8221;&#8221; transparent_background=&#8221;off&#8221; padding_mobile=&#8221;off&#8221; global_colors_info=&#8221;{}&#8221;][et_pb_fullwidth_header title=&#8221;Indicadores de Sucesso&#8221; admin_label=&#8221;Cabe\u00e7alho de Largura Completa&#8221; _builder_version=&#8221;4.16&#8243; background_color=&#8221;rgba(255, 255, 255, 0)&#8221; max_width_tablet=&#8221;50px&#8221; global_colors_info=&#8221;{}&#8221; button_one_text_size__hover_enabled=&#8221;off&#8221; button_two_text_size__hover_enabled=&#8221;off&#8221; button_one_text_color__hover_enabled=&#8221;off&#8221; button_two_text_color__hover_enabled=&#8221;off&#8221; button_one_border_width__hover_enabled=&#8221;off&#8221; button_two_border_width__hover_enabled=&#8221;off&#8221; button_one_border_color__hover_enabled=&#8221;off&#8221; button_two_border_color__hover_enabled=&#8221;off&#8221; button_one_border_radius__hover_enabled=&#8221;off&#8221; button_two_border_radius__hover_enabled=&#8221;off&#8221; button_one_letter_spacing__hover_enabled=&#8221;off&#8221; button_two_letter_spacing__hover_enabled=&#8221;off&#8221; button_one_bg_color__hover_enabled=&#8221;off&#8221; button_two_bg_color__hover_enabled=&#8221;off&#8221;][\/et_pb_fullwidth_header][\/et_pb_section][et_pb_section fb_built=&#8221;1&#8243; _builder_version=&#8221;4.16&#8243; global_colors_info=&#8221;{}&#8221;][et_pb_row _builder_version=&#8221;4.16&#8243; global_colors_info=&#8221;{}&#8221;][et_pb_column type=&#8221;4_4&#8243; _builder_version=&#8221;4.16&#8243; global_colors_info=&#8221;{}&#8221;][et_pb_text _builder_version=&#8221;4.27.4&#8243; _module_preset=&#8221;default&#8221; global_colors_info=&#8221;{}&#8221;]<\/p>\n<h1>Monitoriza\u00e7\u00e3o de Dados<\/h1>\n<p>[\/et_pb_text][et_pb_text _builder_version=&#8221;4.23.4&#8243; _module_preset=&#8221;default&#8221; global_colors_info=&#8221;{}&#8221;]<\/p>\n<h3>An\u00e1lise Comparativa<\/h3>\n<h3><span style=\"font-size: 14px; color: #666666; font-weight: 500;\">O Instituto das Artes e da Imagem, de tr\u00eas em tr\u00eas anos letivos, procede ao levantamento de dados, dando resposta aos v\u00e1rios parametros que se encontram de acordo com a avalia\u00e7\u00e3o externa EQAVET.<\/span><\/h3>\n<p>[\/et_pb_text][et_pb_toggle title=&#8221;Anual&#8221; _builder_version=&#8221;4.27.4&#8243; _module_preset=&#8221;default&#8221; hover_enabled=&#8221;0&#8243; global_colors_info=&#8221;{}&#8221; sticky_enabled=&#8221;0&#8243;]<\/p>\n<table width=\"1115\" height=\"235\" style=\"width: 1029px;\">\n<tbody>\n<tr>\n<td rowspan=\"2\" style=\"width: 270.539px;\"><strong>Indicadores<\/strong><\/td>\n<td rowspan=\"2\" style=\"width: 96.1953px;\"><strong>2024\/2025<\/strong><\/td>\n<td rowspan=\"2\" style=\"width: 96.1953px;\"><strong>2023\/2024<\/strong><\/td>\n<td rowspan=\"2\" style=\"width: 95.1953px;\"><strong>2022\/2023<\/strong><\/td>\n<td rowspan=\"2\" style=\"width: 137.273px;\"><strong>2021\/2022<\/strong><\/td>\n<td rowspan=\"2\" style=\"width: 129.258px;\"><strong>2020-2021<\/strong><\/td>\n<td rowspan=\"2\" style=\"width: 158.344px;\"><strong>2019-2020<\/strong><\/td>\n<\/tr>\n<tr><\/tr>\n<tr>\n<td style=\"width: 270.539px;\">Taxa de Conclus\u00e3o dos Cursos<\/td>\n<td style=\"width: 96.1953px;\">81%<\/td>\n<td style=\"width: 96.1953px;\">81%<\/td>\n<td style=\"width: 95.1953px;\">85%<\/td>\n<td style=\"width: 137.273px;\">59%<\/td>\n<td style=\"width: 129.258px;\">64%<\/td>\n<td style=\"width: 158.344px;\">72%<\/td>\n<\/tr>\n<tr>\n<td style=\"width: 270.539px;\">Taxa de Ingresso no Ensino Superior<\/td>\n<td style=\"width: 96.1953px;\">34%<\/td>\n<td style=\"width: 96.1953px;\">35%<\/td>\n<td style=\"width: 95.1953px;\">15%<\/td>\n<td style=\"width: 137.273px;\">20%<\/td>\n<td style=\"width: 129.258px;\">10%<\/td>\n<td style=\"width: 158.344px;\">40%<\/td>\n<\/tr>\n<tr>\n<td style=\"width: 270.539px;\">Taxa de Ingresso no P\u00f3s-Secund\u00e1rio<\/td>\n<td style=\"width: 96.1953px;\">40%<\/td>\n<td style=\"width: 96.1953px;\">9%<\/td>\n<td style=\"width: 95.1953px;\">5%<\/td>\n<td style=\"width: 137.273px;\">6%<\/td>\n<td style=\"width: 129.258px;\">0%<\/td>\n<td style=\"width: 158.344px;\">0%<\/td>\n<\/tr>\n<tr>\n<td style=\"width: 270.539px;\">Taxa de Ingresso no Mercado de Trabalho (6 meses ap\u00f3s conclus\u00e3o)<\/td>\n<td style=\"width: 96.1953px;\"><\/td>\n<td style=\"width: 96.1953px;\">14%<\/td>\n<td style=\"width: 95.1953px;\">15%<\/td>\n<td style=\"width: 137.273px;\">53%<\/td>\n<td style=\"width: 129.258px;\">50%<\/td>\n<td style=\"width: 158.344px;\">46%<\/td>\n<\/tr>\n<tr>\n<td style=\"width: 270.539px;\">Taxa de Realiza\u00e7\u00e3o de Exames Nacionais<\/td>\n<td style=\"width: 96.1953px;\">48%<\/td>\n<td style=\"width: 96.1953px;\">59%<\/td>\n<td style=\"width: 95.1953px;\">50%<\/td>\n<td style=\"width: 137.273px;\">60%<\/td>\n<td style=\"width: 129.258px;\">40%<\/td>\n<td style=\"width: 158.344px;\">51%<\/td>\n<\/tr>\n<\/tbody>\n<\/table>\n<p>[\/et_pb_toggle][et_pb_toggle title=&#8221;Tri\u00e9nio&#8221; _builder_version=&#8221;4.27.4&#8243; _module_preset=&#8221;default&#8221; global_colors_info=&#8221;{}&#8221;]<\/p>\n<table width=\"815\" style=\"height: 788px; width: 1029px;\">\n<tbody>\n<tr style=\"height: 24px; border-bottom: 1px solid #000;\">\n<td rowspan=\"2\" style=\"height: 48px; width: 388.68px;\"><strong>Indicadores<\/strong><\/td>\n<td rowspan=\"2\" style=\"width: 120.234px; height: 48px;\"><strong>2018\/2021<\/strong><\/td>\n<td rowspan=\"2\" style=\"width: 122.25px; height: 48px;\"><strong>2017\/2020<\/strong><\/td>\n<td rowspan=\"2\" style=\"width: 120.094px; height: 48px;\"><strong>2016\/2019<\/strong><\/td>\n<td rowspan=\"2\" style=\"width: 119.625px; height: 48px;\"><strong>2015\/2018<\/strong><\/td>\n<td rowspan=\"2\" style=\"width: 118.117px; height: 48px;\"><strong>2014\/2017<\/strong><\/td>\n<\/tr>\n<tr style=\"height: 48px;\"><\/tr>\n<tr style=\"height: 24px;\">\n<td style=\"height: 24px; width: 388.68px;\">Taxa de Conclus\u00e3o dos Cursos<\/td>\n<td style=\"width: 120.234px; height: 24px;\">67%<\/td>\n<td style=\"width: 122.25px; height: 24px;\">71%<\/td>\n<td style=\"width: 120.094px; height: 24px;\">63%<\/td>\n<td style=\"width: 119.625px; height: 24px;\">87%<\/td>\n<td style=\"width: 118.117px; height: 24px;\">87%<\/td>\n<\/tr>\n<tr style=\"height: 24px;\">\n<td style=\"padding-left: 80px; height: 24px; width: 309.68px;\">a) No tempo previsto<\/td>\n<td style=\"width: 120.234px; height: 24px;\">65%<\/td>\n<td style=\"width: 122.25px; height: 24px;\">69%<\/td>\n<td style=\"width: 120.094px; height: 24px;\">63%<\/td>\n<td style=\"width: 119.625px; height: 24px;\">83%<\/td>\n<td style=\"width: 118.117px; height: 24px;\">85%<\/td>\n<\/tr>\n<tr style=\"height: 24px;\">\n<td style=\"padding-left: 80px; height: 24px; width: 309.68px;\">b) Ap\u00f3s o tempo previsto<\/td>\n<td style=\"width: 120.234px; height: 24px;\">2%<\/td>\n<td style=\"width: 122.25px; height: 24px;\">2%<\/td>\n<td style=\"width: 120.094px; height: 24px;\">0%<\/td>\n<td style=\"width: 119.625px; height: 24px;\">3%<\/td>\n<td style=\"width: 118.117px; height: 24px;\">2%<\/td>\n<\/tr>\n<tr style=\"height: 24px;\">\n<td style=\"height: 24px; width: 388.68px;\">Taxa de Coloca\u00e7\u00e3o no Mercado de Trabalho<\/td>\n<td style=\"width: 120.234px; height: 24px;\">31%<\/td>\n<td style=\"width: 122.25px; height: 24px;\">14%<\/td>\n<td style=\"width: 120.094px; height: 24px;\">58%<\/td>\n<td style=\"width: 119.625px; height: 24px;\">19%<\/td>\n<td style=\"width: 118.117px; height: 24px;\">57%<\/td>\n<\/tr>\n<tr style=\"height: 24px;\">\n<td style=\"padding-left: 80px; height: 24px; width: 309.68px;\">a) Empregados por conta de outrem<\/td>\n<td style=\"width: 120.234px; height: 24px;\">31%<\/td>\n<td style=\"width: 122.25px; height: 24px;\">11%<\/td>\n<td style=\"width: 120.094px; height: 24px;\">16%<\/td>\n<td style=\"width: 119.625px; height: 24px;\">15%<\/td>\n<td style=\"width: 118.117px; height: 24px;\">46%<\/td>\n<\/tr>\n<tr style=\"height: 24px;\">\n<td style=\"padding-left: 80px; height: 24px; width: 309.68px;\">b) Empregados por conta pr\u00f3pria<\/td>\n<td style=\"width: 120.234px; height: 24px;\">3%<\/td>\n<td style=\"width: 122.25px; height: 24px;\">0%<\/td>\n<td style=\"width: 120.094px; height: 24px;\">0%<\/td>\n<td style=\"width: 119.625px; height: 24px;\">0%<\/td>\n<td style=\"width: 118.117px; height: 24px;\">2%<\/td>\n<\/tr>\n<tr style=\"height: 24px;\">\n<td style=\"padding-left: 80px; height: 24px; width: 309.68px;\">c) A frequentar est\u00e1gios profissionais<\/td>\n<td style=\"width: 120.234px; height: 24px;\">4%<\/td>\n<td style=\"width: 122.25px; height: 24px;\">0%<\/td>\n<td style=\"width: 120.094px; height: 24px;\">0%<\/td>\n<td style=\"width: 119.625px; height: 24px;\">0%<\/td>\n<td style=\"width: 118.117px; height: 24px;\">2%<\/td>\n<\/tr>\n<tr style=\"height: 24px;\">\n<td style=\"padding-left: 80px; height: 24px; width: 309.68px;\">d) \u00c0 procura de emprego<\/td>\n<td style=\"width: 120.234px; height: 24px;\">11%<\/td>\n<td style=\"width: 122.25px; height: 24px;\">5%<\/td>\n<td style=\"width: 120.094px; height: 24px;\">42%<\/td>\n<td style=\"width: 119.625px; height: 24px;\">4%<\/td>\n<td style=\"width: 118.117px; height: 24px;\">7%<\/td>\n<\/tr>\n<tr style=\"height: 24px;\">\n<td style=\"height: 24px; width: 388.68px;\">Taxa de Prosseguimento de Estudos<\/td>\n<td style=\"width: 120.234px; height: 24px;\">31%<\/td>\n<td style=\"width: 122.25px; height: 24px;\">41%<\/td>\n<td style=\"width: 120.094px; height: 24px;\">37%<\/td>\n<td style=\"width: 119.625px; height: 24px;\">81%<\/td>\n<td style=\"width: 118.117px; height: 24px;\">35%<\/td>\n<\/tr>\n<tr style=\"height: 24px;\">\n<td style=\"padding-left: 80px; height: 24px; width: 309.68px;\">a) A frequentar Ensino Superior<\/td>\n<td style=\"width: 120.234px; height: 24px;\">4%<\/td>\n<td style=\"width: 122.25px; height: 24px;\">5%<\/td>\n<td style=\"width: 120.094px; height: 24px;\">32%<\/td>\n<td style=\"width: 119.625px; height: 24px;\">77%<\/td>\n<td style=\"width: 118.117px; height: 24px;\">26%<\/td>\n<\/tr>\n<tr style=\"height: 48px;\">\n<td style=\"padding-left: 80px; height: 48px; width: 309.68px;\">b) A frequentar forma\u00e7\u00e3o p\u00f3s-secund\u00e1rio<\/td>\n<td style=\"width: 120.234px; height: 48px;\">0%<\/td>\n<td style=\"width: 122.25px; height: 48px;\">0%<\/td>\n<td style=\"width: 120.094px; height: 48px;\">5%<\/td>\n<td style=\"width: 119.625px; height: 48px;\">4%<\/td>\n<td style=\"width: 118.117px; height: 48px;\">9%<\/td>\n<\/tr>\n<tr style=\"height: 24px;\">\n<td style=\"height: 24px; width: 388.68px;\">Taxa de Dimplomados em Outras Situa\u00e7\u00f5es<\/td>\n<td style=\"width: 120.234px; height: 24px;\">0%<\/td>\n<td style=\"width: 122.25px; height: 24px;\">0%<\/td>\n<td style=\"width: 120.094px; height: 24px;\">0%<\/td>\n<td style=\"width: 119.625px; height: 24px;\">0%<\/td>\n<td style=\"width: 118.117px; height: 24px;\">0%<\/td>\n<\/tr>\n<tr style=\"height: 24px;\">\n<td style=\"height: 24px; width: 388.68px;\">Taxa de Dimplomados em Sita\u00e7\u00e3o Desconhecida<\/td>\n<td style=\"width: 120.234px; height: 24px;\">31%<\/td>\n<td style=\"width: 122.25px; height: 24px;\">0%<\/td>\n<td style=\"width: 120.094px; height: 24px;\">5%<\/td>\n<td style=\"width: 119.625px; height: 24px;\">0%<\/td>\n<td style=\"width: 118.117px; height: 24px;\">9%<\/td>\n<\/tr>\n<tr style=\"height: 48px;\">\n<td style=\"height: 48px; width: 388.68px;\">Taxa de diplomados por rela\u00e7\u00e3o profissional com o curso<\/td>\n<td style=\"width: 120.234px; height: 48px;\">44%<\/td>\n<td style=\"width: 122.25px; height: 48px;\">7%<\/td>\n<td style=\"width: 120.094px; height: 48px;\">16%<\/td>\n<td style=\"width: 119.625px; height: 48px;\">15%<\/td>\n<td style=\"width: 118.117px; height: 48px;\">48%<\/td>\n<\/tr>\n<tr style=\"height: 24px;\">\n<td style=\"padding-left: 80px; height: 24px; width: 309.68px;\">a) Profissi\u00e3o relacioinada com o curso<\/td>\n<td style=\"width: 120.234px; height: 24px;\">0%<\/td>\n<td style=\"width: 122.25px; height: 24px;\">0%<\/td>\n<td style=\"width: 120.094px; height: 24px;\">0%<\/td>\n<td style=\"width: 119.625px; height: 24px;\">4%<\/td>\n<td style=\"width: 118.117px; height: 24px;\">7%<\/td>\n<\/tr>\n<tr style=\"height: 48px;\">\n<td style=\"padding-left: 80px; height: 48px; width: 309.68px;\">b) Profissis\u00e3o n\u00e3o relacionada com o curso<\/td>\n<td style=\"width: 120.234px; height: 48px;\">44%<\/td>\n<td style=\"width: 122.25px; height: 48px;\">7%<\/td>\n<td style=\"width: 120.094px; height: 48px;\">16%<\/td>\n<td style=\"width: 119.625px; height: 48px;\">12%<\/td>\n<td style=\"width: 118.117px; height: 48px;\">41%<\/td>\n<\/tr>\n<tr style=\"height: 48px;\">\n<td style=\"height: 48px; width: 388.68px;\">Taxa de Diplomados avaliados pelos Empregadores<\/td>\n<td style=\"width: 120.234px; height: 48px;\">0%<\/td>\n<td style=\"width: 122.25px; height: 48px;\">0%<\/td>\n<td style=\"width: 120.094px; height: 48px;\">100%<\/td>\n<td style=\"width: 119.625px; height: 48px;\">100%<\/td>\n<td style=\"width: 118.117px; height: 48px;\">57%<\/td>\n<\/tr>\n<tr style=\"height: 24px;\">\n<td style=\"height: 24px; width: 388.68px;\">Taxa de Satisfa\u00e7\u00e3o dos Empregadores<\/td>\n<td style=\"width: 120.234px; height: 24px;\">N\/A<\/td>\n<td style=\"width: 122.25px; height: 24px;\">N\/A<\/td>\n<td style=\"width: 120.094px; height: 24px;\">100%<\/td>\n<td style=\"width: 119.625px; height: 24px;\">100%<\/td>\n<td style=\"width: 118.117px; height: 24px;\">100%<\/td>\n<\/tr>\n<tr style=\"height: 24px;\">\n<td style=\"height: 24px; width: 309.68px; padding-left: 80px;\">a) M\u00e9dia de Satisfa\u00e7\u00e3o (1 a 5)<\/td>\n<td style=\"width: 120.234px; height: 24px;\">N\/A<\/td>\n<td style=\"width: 122.25px; height: 24px;\">N\/A<\/td>\n<td style=\"width: 120.094px; height: 24px;\">3.7<\/td>\n<td style=\"width: 119.625px; height: 24px;\">3.4<\/td>\n<td style=\"width: 118.117px; height: 24px;\">3.4<\/td>\n<\/tr>\n<\/tbody>\n<\/table>\n<p>[\/et_pb_toggle][\/et_pb_column][\/et_pb_row][et_pb_row column_structure=&#8221;1_3,1_3,1_3&#8243; _builder_version=&#8221;4.16&#8243; global_colors_info=&#8221;{}&#8221;][et_pb_column type=&#8221;1_3&#8243; _builder_version=&#8221;4.16&#8243; global_colors_info=&#8221;{}&#8221;][et_pb_cta title=&#8221;Ano Letivo 2024\/2025&#8243; button_url=&#8221;https:\/\/iai.pt\/web\/taxa-de-sucesso-2024-2025&#8243; button_text=&#8221;ver&#8221; _builder_version=&#8221;4.27.4&#8243; global_colors_info=&#8221;{}&#8221;][\/et_pb_cta][et_pb_cta title=&#8221;Ano Letivo 2021\/2022&#8243; button_url=&#8221;https:\/\/iai.pt\/web\/taxas-de-sucesso-2021-2022&#8243; button_text=&#8221;ver&#8221; _builder_version=&#8221;4.16&#8243; global_colors_info=&#8221;{}&#8221;][\/et_pb_cta][\/et_pb_column][et_pb_column type=&#8221;1_3&#8243; _builder_version=&#8221;4.16&#8243; global_colors_info=&#8221;{}&#8221;][et_pb_cta title=&#8221;Ano Letivo 2023\/2024&#8243; button_url=&#8221;https:\/\/iai.pt\/web\/taxa-de-sucesso-2023-2024&#8243; button_text=&#8221;ver&#8221; _builder_version=&#8221;4.23.4&#8243; global_colors_info=&#8221;{}&#8221;][\/et_pb_cta][et_pb_cta title=&#8221;Ano Letivo 2020\/2021&#8243; button_url=&#8221;https:\/\/iai.pt\/web\/taxasucesso-2020-2021&#8243; button_text=&#8221;ver&#8221; _builder_version=&#8221;4.23.4&#8243; global_colors_info=&#8221;{}&#8221;][\/et_pb_cta][\/et_pb_column][et_pb_column type=&#8221;1_3&#8243; _builder_version=&#8221;4.16&#8243; global_colors_info=&#8221;{}&#8221;][et_pb_cta title=&#8221;Ano Letivo 2022\/2023&#8243; button_url=&#8221;https:\/\/iai.pt\/web\/taxa-de-sucesso-2022-2023&#8243; button_text=&#8221;ver&#8221; _builder_version=&#8221;4.23.4&#8243; global_colors_info=&#8221;{}&#8221;][\/et_pb_cta][et_pb_cta title=&#8221;Ano Letivo 2019\/2020&#8243; button_url=&#8221;https:\/\/iai.pt\/web\/taxasucesso-2019-2020&#8243; button_text=&#8221;ver&#8221; _builder_version=&#8221;4.16&#8243; global_colors_info=&#8221;{}&#8221;][\/et_pb_cta][\/et_pb_column][\/et_pb_row][et_pb_row _builder_version=&#8221;4.23.4&#8243; _module_preset=&#8221;default&#8221; global_colors_info=&#8221;{}&#8221;][et_pb_column type=&#8221;4_4&#8243; _builder_version=&#8221;4.23.4&#8243; _module_preset=&#8221;default&#8221; global_colors_info=&#8221;{}&#8221;][et_pb_divider _builder_version=&#8221;4.23.4&#8243; _module_preset=&#8221;default&#8221; custom_margin=&#8221;||24px|||&#8221; global_colors_info=&#8221;{}&#8221;][\/et_pb_divider][et_pb_tabs _builder_version=&#8221;4.23.4&#8243; _module_preset=&#8221;default&#8221; global_colors_info=&#8221;{}&#8221;][et_pb_tab title=&#8221;2014-2017&#8243; _builder_version=&#8221;4.23.4&#8243; _module_preset=&#8221;default&#8221; global_colors_info=&#8221;{}&#8221;]<\/p>\n<p>&nbsp;<\/p>\n<table style=\"height: 1890px;\">\n<tbody>\n<tr style=\"height: 248px;\">\n<td colspan=\"4\" style=\"width: 318.242px; height: 248px;\">\n<p style=\"text-align: center;\"><strong>Tri\u00e9nio 2014\/2017<br \/><\/strong><strong><\/strong><\/p>\n<p style=\"text-align: center;\">Curso em avalia\u00e7\u00e3o<\/p>\n<p style=\"text-align: center;\">12\u00ba ano do Curso de Ensino Art\u00edstico Especializado de Imagem Interativa<\/p>\n<p style=\"text-align: center;\">12\u00ba ano do Curso Vocacional Secund\u00e1rio de T\u00e9cnico de Multim\u00e9dia<\/p>\n<\/td>\n<\/tr>\n<tr style=\"height: 120px;\">\n<td rowspan=\"2\" style=\"width: 113.352px; height: 264px;\">4 a) Taxa de conclus\u00e3o dos cursos<\/td>\n<td rowspan=\"2\" style=\"width: 45.5234px; height: 264px;\">86,8%<\/td>\n<td style=\"width: 90.4688px; height: 120px;\">Taxa de conclus\u00e3o dos cursos no tempo previsto<\/td>\n<td style=\"width: 50.8984px; height: 120px;\"><strong>84,9%<\/strong><\/td>\n<\/tr>\n<tr style=\"height: 144px;\">\n<td style=\"width: 90.4688px; height: 144px;\">Taxa de conclus\u00e3o dos cursos ap\u00f3s o tempo previsto<\/td>\n<td style=\"width: 50.8984px; height: 144px;\"><strong>1,9%<\/strong><\/td>\n<\/tr>\n<tr style=\"height: 120px;\">\n<td rowspan=\"4\" style=\"width: 113.352px; height: 456px;\">5 a) Taxa de Coloca\u00e7\u00e3o no mercado de trabalho<\/td>\n<td style=\"width: 45.5234px; height: 456px;\" rowspan=\"4\">56,5%<\/td>\n<td style=\"width: 90.4688px; height: 120px;\">Taxa de diplomas empregados por conta de outrem<\/td>\n<td style=\"width: 50.8984px; height: 120px;\"><strong>45,7%<\/strong><\/td>\n<\/tr>\n<tr style=\"height: 120px;\">\n<td style=\"width: 90.4688px; height: 120px;\">Taxa de diplomas empregados por conta de pr\u00f3pria<\/td>\n<td style=\"width: 50.8984px; height: 120px;\"><strong>2,2%<\/strong><\/td>\n<\/tr>\n<tr style=\"height: 120px;\">\n<td style=\"width: 90.4688px; height: 120px;\">Taxa de diplomas a frequentar est\u00e1gios profissionais<\/td>\n<td style=\"width: 50.8984px; height: 120px;\"><strong>2,2%<\/strong><\/td>\n<\/tr>\n<tr style=\"height: 96px;\">\n<td style=\"width: 90.4688px; height: 96px;\">Taxa de diplomas \u00e0 procura de emprego<\/td>\n<td style=\"width: 50.8984px; height: 96px;\"><strong>6,5%<\/strong><\/td>\n<\/tr>\n<tr style=\"height: 120px;\">\n<td rowspan=\"2\" style=\"width: 113.352px; height: 264px;\">5 a) Taxa de prosseguimento de estudos<\/td>\n<td style=\"width: 45.5234px; height: 264px;\" rowspan=\"2\">34,8%<\/td>\n<td style=\"width: 90.4688px; height: 120px;\">Taxa de diplomados a frequentar o ensino superior<\/td>\n<td style=\"width: 50.8984px; height: 120px;\"><strong>26,1%<\/strong><\/td>\n<\/tr>\n<tr style=\"height: 144px;\">\n<td style=\"width: 90.4688px; height: 144px;\">Taxa de diplomados a frequentar forma\u00e7\u00e3o de n\u00edvel p\u00f3s-secund\u00e1rio<\/td>\n<td style=\"width: 50.8984px; height: 144px;\"><strong>8.7%<\/strong><\/td>\n<\/tr>\n<tr style=\"height: 48px;\">\n<td colspan=\"3\" style=\"width: 261.344px; height: 48px;\">5 a) Taxa de diplomados noutras situa\u00e7\u00f5es<\/td>\n<td style=\"width: 50.8984px; height: 48px;\"><strong>0%<\/strong><\/td>\n<\/tr>\n<tr style=\"height: 48px;\">\n<td colspan=\"3\" style=\"width: 261.344px; height: 48px;\">5 a) Taxa de diplomados em situa\u00e7\u00e3o desconhecida<\/td>\n<td style=\"width: 50.8984px; height: 48px;\"><strong>8,7%<\/strong><\/td>\n<\/tr>\n<tr style=\"height: 192px;\">\n<td rowspan=\"2\" style=\"width: 113.352px; height: 384px;\">6 a) Taxa de diplomados a exercer profiss\u00f5es relacionadas e n\u00e3o relacionados com o curso\/ AEP<\/td>\n<td style=\"width: 45.5234px; height: 384px;\" rowspan=\"2\">47,8%<\/td>\n<td style=\"width: 90.4688px; height: 192px;\">Taxa de Taxa de diplomados a exercer profiss\u00f5es relacionadas com o curso\/ AEP<\/td>\n<td style=\"width: 50.8984px; height: 192px;\"><strong>6,5%<\/strong><\/td>\n<\/tr>\n<tr style=\"height: 192px;\">\n<td style=\"width: 90.4688px; height: 192px;\">Taxa de diplomados a exercer profiss\u00f5es n\u00e3o relacionados com o curso\/ AEP<\/td>\n<td style=\"width: 50.8984px; height: 192px;\"><strong>41,3%<\/strong><\/td>\n<\/tr>\n<tr style=\"height: 10px;\">\n<td colspan=\"3\" style=\"height: 10px;\">6 b) 3. Taxa de Diplomados Empregados avaliados pelos empregadores<\/td>\n<td style=\"width: 50.8984px; height: 10px;\"><strong>57,1%<\/strong><strong><\/strong><\/td>\n<\/tr>\n<tr>\n<td style=\"width: 261.344px;\" colspan=\"3\">6) Taxa de satisfa\u00e7\u00e3o dos empregadores<\/td>\n<td style=\"width: 50.8984px;\"><strong>100%<\/strong><\/td>\n<\/tr>\n<tr style=\"height: 168px;\">\n<td style=\"width: 113.352px; height: 168px;\">M\u00e9dia de satisfa\u00e7\u00e3o dos Empregados face aos diplomados pelos empregadores<\/td>\n<td style=\"width: 141.992px; height: 168px;\" colspan=\"2\">(escala de 1 a 4, sendo 1 insatisfeito e 4 muito satisfeito)<\/td>\n<td style=\"width: 50.8984px; height: 168px;\"><strong>3.4<\/strong><\/td>\n<\/tr>\n<\/tbody>\n<\/table>\n<p>[\/et_pb_tab][et_pb_tab title=&#8221;2015-2018&#8243; _builder_version=&#8221;4.23.4&#8243; _module_preset=&#8221;default&#8221; global_colors_info=&#8221;{}&#8221;]<\/p>\n<p>&nbsp;<\/p>\n<table>\n<tbody>\n<tr>\n<td colspan=\"4\">\n<p style=\"text-align: center;\"><strong>Tri\u00e9nio 2015\/2018<br \/><\/strong><\/p>\n<p style=\"text-align: center;\">Curso em avalia\u00e7\u00e3o<br \/>12\u00ba ano do Curso de Ensino Art\u00edstico Especializado de Imagem Interativa<\/p>\n<\/td>\n<\/tr>\n<tr>\n<td rowspan=\"2\" style=\"width: 416px;\">4 a) Taxa de conclus\u00e3o dos cursos<\/td>\n<td rowspan=\"2\" style=\"width: 47px;\">86,7%<\/td>\n<td style=\"width: 573px;\">Taxa de conclus\u00e3o dos cursos no tempo previsto<\/td>\n<td style=\"width: 128px;\"><strong>83,3%<\/strong><\/td>\n<\/tr>\n<tr>\n<td style=\"width: 573px;\">Taxa de conclus\u00e3o dos cursos ap\u00f3s o tempo previsto<\/td>\n<td style=\"width: 128px;\"><strong>3,3%<\/strong><\/td>\n<\/tr>\n<tr>\n<td rowspan=\"4\" style=\"width: 416px;\">5 a) Taxa de Coloca\u00e7\u00e3o no mercado de trabalho<\/td>\n<td style=\"width: 47px;\" rowspan=\"4\">19,2%<\/td>\n<td style=\"width: 573px;\">Taxa de diplomas empregados por conta de outrem<\/td>\n<td style=\"width: 128px;\"><strong>15,4%<\/strong><\/td>\n<\/tr>\n<tr>\n<td style=\"width: 573px;\">Taxa de diplomas empregados por conta de pr\u00f3pria<\/td>\n<td style=\"width: 128px;\"><strong>0%<\/strong><\/td>\n<\/tr>\n<tr>\n<td style=\"width: 573px;\">Taxa de diplomas a frequentar est\u00e1gios profissionais<\/td>\n<td style=\"width: 128px;\"><strong>0%<\/strong><\/td>\n<\/tr>\n<tr>\n<td style=\"width: 573px;\">Taxa de diplomas \u00e0 procura de emprego<\/td>\n<td style=\"width: 128px;\"><strong>3,8%<\/strong><\/td>\n<\/tr>\n<tr>\n<td rowspan=\"2\" style=\"width: 416px;\">5 a) Taxa de prosseguimento de estudos<\/td>\n<td style=\"width: 47px;\" rowspan=\"2\">80,8%<\/td>\n<td style=\"width: 573px;\">Taxa de diplomados a frequentar o ensino superior<\/td>\n<td style=\"width: 128px;\"><strong>76,9%<\/strong><\/td>\n<\/tr>\n<tr>\n<td style=\"width: 573px;\">Taxa de diplomados a frequentar forma\u00e7\u00e3o de n\u00edvel p\u00f3s-secund\u00e1rio<\/td>\n<td style=\"width: 128px;\"><strong>3,8%<\/strong><\/td>\n<\/tr>\n<tr>\n<td colspan=\"3\" style=\"width: 1036px;\">5 a) Taxa de diplomados noutras situa\u00e7\u00f5es<\/td>\n<td style=\"width: 128px;\"><strong>0%<\/strong><\/td>\n<\/tr>\n<tr>\n<td colspan=\"3\" style=\"width: 1036px;\">5 a) Taxa de diplomados em situa\u00e7\u00e3o desconhecida<\/td>\n<td style=\"width: 128px;\"><strong>0%<\/strong><\/td>\n<\/tr>\n<tr>\n<td rowspan=\"2\" style=\"width: 416px;\">6 a) Taxa de diplomados a exercer profiss\u00f5es relacionadas e n\u00e3o relacionados com o curso\/ AEP<\/td>\n<td style=\"width: 47px;\" rowspan=\"2\">15,4%<\/td>\n<td style=\"width: 573px;\">Taxa de Taxa de diplomados a exercer profiss\u00f5es relacionadas com o curso\/ AEP<\/td>\n<td style=\"width: 128px;\"><strong>3,8%<\/strong><\/td>\n<\/tr>\n<tr>\n<td style=\"width: 573px;\">Taxa de diplomados a exercer profiss\u00f5es n\u00e3o relacionados com o curso\/ AEP<\/td>\n<td style=\"width: 128px;\"><strong>11,5%<\/strong><\/td>\n<\/tr>\n<tr>\n<td colspan=\"3\">6 b) 3. Taxa de Diplomados Empregados avaliados pelos empregadores<\/td>\n<td style=\"width: 128px;\"><strong>100%<\/strong><\/td>\n<\/tr>\n<tr>\n<td style=\"width: 1036px;\" colspan=\"3\">6) Taxa de satisfa\u00e7\u00e3o dos empregadores<\/td>\n<td style=\"width: 128px;\"><strong>100%<\/strong><\/td>\n<\/tr>\n<tr>\n<td style=\"width: 416px;\">M\u00e9dia de satisfa\u00e7\u00e3o dos Empregados face aos diplomados pelos empregadores<\/td>\n<td style=\"width: 620px;\" colspan=\"2\">(escala de 1 a 4, sendo 1 insatisfeito e 4 muito satisfeito)<\/td>\n<td style=\"width: 128px;\"><strong>3.4<\/strong><\/td>\n<\/tr>\n<\/tbody>\n<\/table>\n<p>[\/et_pb_tab][et_pb_tab title=&#8221;2016-2019&#8243; _builder_version=&#8221;4.23.4&#8243; _module_preset=&#8221;default&#8221; global_colors_info=&#8221;{}&#8221;]<\/p>\n<p>&nbsp;<\/p>\n<table>\n<tbody>\n<tr>\n<td colspan=\"4\">\n<p style=\"text-align: center;\"><strong>Tri\u00e9nio 2016\/2019<\/strong><\/p>\n<p style=\"text-align: center;\">Curso em avalia\u00e7\u00e3o<br \/>12\u00ba ano do Curso de Ensino Art\u00edstico Especializado de Imagem Interativa<\/p>\n<\/td>\n<\/tr>\n<tr>\n<td rowspan=\"2\" style=\"width: 416px;\">4 a) Taxa de conclus\u00e3o dos cursos<\/td>\n<td rowspan=\"2\" style=\"width: 47px;\">63,3%<\/td>\n<td style=\"width: 573px;\">Taxa de conclus\u00e3o dos cursos no tempo previsto<\/td>\n<td style=\"width: 128px;\"><strong>63,3%<\/strong><\/td>\n<\/tr>\n<tr>\n<td style=\"width: 573px;\">Taxa de conclus\u00e3o dos cursos ap\u00f3s o tempo previsto<\/td>\n<td style=\"width: 128px;\"><strong>0%<\/strong><\/td>\n<\/tr>\n<tr>\n<td rowspan=\"4\" style=\"width: 416px;\">5 a) Taxa de Coloca\u00e7\u00e3o no mercado de trabalho<\/td>\n<td style=\"width: 47px;\" rowspan=\"4\">57,9%<\/td>\n<td style=\"width: 573px;\">Taxa de diplomas empregados por conta de outrem<\/td>\n<td style=\"width: 128px;\"><strong>15,8%<\/strong><\/td>\n<\/tr>\n<tr>\n<td style=\"width: 573px;\">Taxa de diplomas empregados por conta de pr\u00f3pria<\/td>\n<td style=\"width: 128px;\"><strong>0%<\/strong><\/td>\n<\/tr>\n<tr>\n<td style=\"width: 573px;\">Taxa de diplomas a frequentar est\u00e1gios profissionais<\/td>\n<td style=\"width: 128px;\"><strong>0%<\/strong><\/td>\n<\/tr>\n<tr>\n<td style=\"width: 573px;\">Taxa de diplomas \u00e0 procura de emprego<\/td>\n<td style=\"width: 128px;\"><strong>42,1%<\/strong><\/td>\n<\/tr>\n<tr>\n<td rowspan=\"2\" style=\"width: 416px;\">5 a) Taxa de prosseguimento de estudos<\/td>\n<td style=\"width: 47px;\" rowspan=\"2\">36,8%<\/td>\n<td style=\"width: 573px;\">Taxa de diplomados a frequentar o ensino superior<\/td>\n<td style=\"width: 128px;\"><strong>31,6%<\/strong><\/td>\n<\/tr>\n<tr>\n<td style=\"width: 573px;\">Taxa de diplomados a frequentar forma\u00e7\u00e3o de n\u00edvel p\u00f3s-secund\u00e1rio<\/td>\n<td style=\"width: 128px;\"><strong>5,3%<\/strong><\/td>\n<\/tr>\n<tr>\n<td colspan=\"3\" style=\"width: 1036px;\">5 a) Taxa de diplomados noutras situa\u00e7\u00f5es<\/td>\n<td style=\"width: 128px;\"><strong>0%<\/strong><\/td>\n<\/tr>\n<tr>\n<td colspan=\"3\" style=\"width: 1036px;\">5 a) Taxa de diplomados em situa\u00e7\u00e3o desconhecida<\/td>\n<td style=\"width: 128px;\"><strong>5,3%<\/strong><\/td>\n<\/tr>\n<tr>\n<td rowspan=\"2\" style=\"width: 416px;\">6 a) Taxa de diplomados a exercer profiss\u00f5es relacionadas e n\u00e3o relacionados com o curso\/ AEP<\/td>\n<td style=\"width: 47px;\" rowspan=\"2\">15,8%<\/td>\n<td style=\"width: 573px;\">Taxa de Taxa de diplomados a exercer profiss\u00f5es relacionadas com o curso\/ AEP<\/td>\n<td style=\"width: 128px;\"><strong>0%<\/strong><\/td>\n<\/tr>\n<tr>\n<td style=\"width: 573px;\">Taxa de diplomados a exercer profiss\u00f5es n\u00e3o relacionados com o curso\/ AEP<\/td>\n<td style=\"width: 128px;\"><strong>15,8%<\/strong><\/td>\n<\/tr>\n<tr>\n<td colspan=\"3\">6 b) 3. Taxa de Diplomados Empregados avaliados pelos empregadores<\/td>\n<td style=\"width: 128px;\"><strong>100%<\/strong><\/td>\n<\/tr>\n<tr>\n<td style=\"width: 1036px;\" colspan=\"3\">6) Taxa de satisfa\u00e7\u00e3o dos empregadores<\/td>\n<td style=\"width: 128px;\"><strong>100%<\/strong><\/td>\n<\/tr>\n<tr>\n<td style=\"width: 416px;\">M\u00e9dia de satisfa\u00e7\u00e3o dos Empregados face aos diplomados pelos empregadores<\/td>\n<td style=\"width: 620px;\" colspan=\"2\">(escala de 1 a 4, sendo 1 insatisfeito e 4 muito satisfeito)<\/td>\n<td style=\"width: 128px;\"><b>3,7<\/b><\/td>\n<\/tr>\n<\/tbody>\n<\/table>\n<p>[\/et_pb_tab][et_pb_tab title=&#8221;2017-2020&#8243; _builder_version=&#8221;4.23.4&#8243; _module_preset=&#8221;default&#8221; global_colors_info=&#8221;{}&#8221;]<\/p>\n<table>\n<tbody>\n<tr>\n<td colspan=\"4\" style=\"width: 298.836px;\">\n<p style=\"text-align: center;\"><strong>Tri\u00e9nio 2017\/2020<br \/><\/strong><\/p>\n<p style=\"text-align: center;\">Curso em avalia\u00e7\u00e3o<br \/>12\u00ba ano do Curso de Ensino Art\u00edstico Especializado de Imagem Interativa<br \/>12\u00ba ano do Curso de Ensino Art\u00edstico Desenho de Arquitetura<br \/>12\u00ba ano de Curso de Ensino Profissional T\u00e9cnica de Anima\u00e7\u00e3o em Turismo<\/p>\n<\/td>\n<\/tr>\n<tr>\n<td rowspan=\"2\" style=\"width: 113.352px;\"><span style=\"font-weight: 400;\">4 a) Taxa de conclus\u00e3o dos cursos<\/span><\/td>\n<td rowspan=\"2\" style=\"width: 32.2969px;\"><span style=\"font-weight: 400;\">70,6%<\/span><\/td>\n<td style=\"width: 98.1875px;\"><span style=\"font-weight: 400;\">Taxa de conclus\u00e3o dos cursos no tempo previsto\u00a0<\/span><\/td>\n<td style=\"width: 37px;\"><b>69%<\/b><\/td>\n<\/tr>\n<tr>\n<td style=\"width: 98.1875px;\"><span style=\"font-weight: 400;\">Taxa de conclus\u00e3o dos cursos ap\u00f3s o tempo previsto<\/span><\/td>\n<td style=\"width: 37px;\"><b>1,6%<\/b><\/td>\n<\/tr>\n<tr>\n<td rowspan=\"4\" style=\"width: 113.352px;\"><span style=\"font-weight: 400;\">5 a) Taxa de Coloca\u00e7\u00e3o no mercado de trabalho\u00a0<\/span><\/td>\n<td rowspan=\"4\" style=\"width: 32.2969px;\">\n<p>&nbsp;<\/p>\n<p>14%<\/p>\n<\/td>\n<td style=\"width: 98.1875px;\"><span style=\"font-weight: 400;\">Taxa de diplomas empregados por conta de outrem\u00a0<\/span><\/td>\n<td style=\"width: 37px;\"><b>11%<\/b><\/td>\n<\/tr>\n<tr>\n<td style=\"width: 98.1875px;\"><span style=\"font-weight: 400;\">Taxa de diplomas empregados por conta de pr\u00f3pria<\/span><\/td>\n<td style=\"width: 37px;\"><b>0%<\/b><\/td>\n<\/tr>\n<tr>\n<td style=\"width: 98.1875px;\"><span style=\"font-weight: 400;\">Taxa de diplomas a frequentar est\u00e1gios profissionais\u00a0\u00a0<\/span><\/td>\n<td style=\"width: 37px;\"><b>0%<\/b><\/td>\n<\/tr>\n<tr>\n<td style=\"width: 98.1875px;\"><span style=\"font-weight: 400;\">Taxa de diplomas \u00e0 procura de emprego<\/span><\/td>\n<td style=\"width: 37px;\"><b>5%<\/b><\/td>\n<\/tr>\n<tr>\n<td rowspan=\"2\" style=\"width: 113.352px;\"><span style=\"font-weight: 400;\">5 a) Taxa de prosseguimento de estudos\u00a0<\/span><\/td>\n<td rowspan=\"2\" style=\"width: 32.2969px;\">\n<p>&nbsp;<\/p>\n<p>46%<\/p>\n<p>&nbsp;<\/p>\n<\/td>\n<td style=\"width: 98.1875px;\"><span style=\"font-weight: 400;\">Taxa de diplomados a frequentar o ensino superior<\/span><\/td>\n<td style=\"width: 37px;\"><b>41%<\/b><\/td>\n<\/tr>\n<tr>\n<td style=\"width: 98.1875px;\"><span style=\"font-weight: 400;\">Taxa de diplomados a frequentar forma\u00e7\u00e3o de n\u00edvel p\u00f3s-secund\u00e1rio\u00a0<\/span><\/td>\n<td style=\"width: 37px;\"><b>5%<\/b><\/td>\n<\/tr>\n<tr>\n<td colspan=\"3\" style=\"width: 255.836px;\"><span style=\"font-weight: 400;\">5 a) Taxa de diplomados noutras situa\u00e7\u00f5es<\/span><\/td>\n<td style=\"width: 37px;\"><b>0%<\/b><\/td>\n<\/tr>\n<tr>\n<td colspan=\"3\" style=\"width: 255.836px;\"><span style=\"font-weight: 400;\">5 a) Taxa de diplomados em situa\u00e7\u00e3o desconhecida\u00a0<\/span><\/td>\n<td style=\"width: 37px;\"><strong>0%<\/strong><\/td>\n<\/tr>\n<tr>\n<td rowspan=\"2\" style=\"width: 113.352px;\"><span style=\"font-weight: 400;\">6 a) Taxa de diplomados a exercer profiss\u00f5es relacionadas e n\u00e3o relacionados com o curso\/ AEP<\/span><\/td>\n<td rowspan=\"2\" style=\"width: 32.2969px;\"><span style=\"font-weight: 400;\">7%<\/span><\/td>\n<td style=\"width: 98.1875px;\"><span style=\"font-weight: 400;\">Taxa de Taxa de diplomados a exercer profiss\u00f5es relacionadas com o curso\/ AEP<\/span><\/td>\n<td style=\"width: 37px;\"><b>0%<\/b><\/td>\n<\/tr>\n<tr>\n<td style=\"width: 98.1875px;\"><span style=\"font-weight: 400;\">Taxa de diplomados a exercer profiss\u00f5es n\u00e3o relacionados com o curso\/ AEP<\/span><\/td>\n<td style=\"width: 37px;\"><b>7%<\/b><\/td>\n<\/tr>\n<tr>\n<td colspan=\"3\" style=\"width: 255.836px;\"><span style=\"font-weight: 400;\">6 b) 3. Taxa de Diplomados Empregados avaliados pelos empregadores\u00a0<\/span><\/td>\n<td style=\"width: 37px;\"><b>0%<\/b><\/td>\n<\/tr>\n<tr>\n<td style=\"width: 113.352px;\"><span style=\"font-weight: 400;\">M\u00e9dia de satisfa\u00e7\u00e3o dos Empregados face aos diplomados pelos empregadores<\/span><\/td>\n<td colspan=\"3\" style=\"width: 179.484px;\">\n<p><b>N\/A<\/b><\/p>\n<p><span style=\"font-weight: 400;\">\u00a0(escala de 1 a 4, sendo 1 insatisfeito e 4 muito satisfeito)<\/span><\/p>\n<\/td>\n<\/tr>\n<\/tbody>\n<\/table>\n<p>[\/et_pb_tab][et_pb_tab title=&#8221;2018-2021&#8243; _builder_version=&#8221;4.23.4&#8243; _module_preset=&#8221;default&#8221; global_colors_info=&#8221;{}&#8221;]<\/p>\n<table>\n<tbody>\n<tr>\n<td colspan=\"4\">\n<p style=\"text-align: center;\"><strong>Tri\u00e9nio 2018\/2021<br \/><\/strong><strong><\/strong><\/p>\n<p style=\"text-align: center;\"><span style=\"font-weight: 400;\">Curso em avalia\u00e7\u00e3o\u00a0<\/span><\/p>\n<p style=\"text-align: center;\"><span style=\"font-weight: 400;\">12\u00ba ano do Curso de Ensino Art\u00edstico Especializado de Imagem Interativa<br \/><\/span><span style=\"font-weight: 400;\">12\u00ba ano do Curso de Ensino Profissional T\u00e9cnico de Anima\u00e7\u00e3o em Turismo<br \/><\/span><span style=\"font-weight: 400;\">12\u00ba ano do Curso de Ensino Profissional T\u00e9cnico de Design &#8211; variante Design de Equipamento\u00a0\u00a0\u00a0<\/span><\/p>\n<\/td>\n<\/tr>\n<tr>\n<td rowspan=\"2\"><span style=\"font-weight: 400;\">4 a) Taxa de conclus\u00e3o dos cursos<\/span><\/td>\n<td rowspan=\"2\">67%<\/td>\n<td><span style=\"font-weight: 400;\">Taxa de conclus\u00e3o dos cursos no tempo previsto\u00a0<\/span><\/td>\n<td><b>65%<\/b><\/td>\n<\/tr>\n<tr>\n<td><span style=\"font-weight: 400;\">Taxa de conclus\u00e3o dos cursos ap\u00f3s o tempo previsto<\/span><\/td>\n<td><b>2%<\/b><\/td>\n<\/tr>\n<tr>\n<td rowspan=\"4\"><span style=\"font-weight: 400;\">5 a) Taxa de Coloca\u00e7\u00e3o no mercado de trabalho\u00a0<\/span><\/td>\n<td rowspan=\"4\">30,6%<\/td>\n<td><span style=\"font-weight: 400;\">Taxa de diplomas empregados por conta de outrem\u00a0<\/span><\/td>\n<td><b>30,6%<\/b><\/td>\n<\/tr>\n<tr>\n<td><span style=\"font-weight: 400;\">Taxa de diplomas empregados por conta de pr\u00f3pria<\/span><\/td>\n<td><b>2,6%<\/b><\/td>\n<\/tr>\n<tr>\n<td><span style=\"font-weight: 400;\">Taxa de diplomas a frequentar est\u00e1gios profissionais\u00a0\u00a0<\/span><\/td>\n<td><b>4,3%<\/b><\/td>\n<\/tr>\n<tr>\n<td><span style=\"font-weight: 400;\">Taxa de diplomas \u00e0 procura de emprego<\/span><\/td>\n<td><b>11,3%<\/b><\/td>\n<\/tr>\n<tr>\n<td rowspan=\"2\"><span style=\"font-weight: 400;\">5 a) Taxa de prosseguimento de estudos\u00a0<\/span><\/td>\n<td rowspan=\"2\">35%<\/td>\n<td><span style=\"font-weight: 400;\">Taxa de diplomados a frequentar o ensino superior<\/span><\/td>\n<td><b>31%<\/b><\/td>\n<\/tr>\n<tr>\n<td><span style=\"font-weight: 400;\">Taxa de diplomados a frequentar forma\u00e7\u00e3o de n\u00edvel p\u00f3s-secund\u00e1rio\u00a0<\/span><\/td>\n<td><b>4%<\/b><\/td>\n<\/tr>\n<tr>\n<td colspan=\"3\"><span style=\"font-weight: 400;\">5 a) Taxa de diplomados noutras situa\u00e7\u00f5es<\/span><\/td>\n<td><b>0%<\/b><\/td>\n<\/tr>\n<tr>\n<td colspan=\"3\"><span style=\"font-weight: 400;\">5 a) Taxa de diplomados em situa\u00e7\u00e3o desconhecida\u00a0<\/span><\/td>\n<td><b>31,3%<\/b><\/td>\n<\/tr>\n<tr>\n<td rowspan=\"2\"><span style=\"font-weight: 400;\">6 a) Taxa de diplomados a exercer profiss\u00f5es relacionadas e n\u00e3o relacionados com o curso\/ AEP<\/span><\/td>\n<td rowspan=\"2\">43,8%<\/td>\n<td><span style=\"font-weight: 400;\">Taxa de Taxa de diplomados a exercer profiss\u00f5es relacionadas com o curso\/ AEP<\/span><\/td>\n<td><b>0%<\/b><\/td>\n<\/tr>\n<tr>\n<td><span style=\"font-weight: 400;\">Taxa de diplomados a exercer profiss\u00f5es n\u00e3o relacionados com o curso\/ AEP<\/span><\/td>\n<td><b>43,8%<\/b><\/td>\n<\/tr>\n<tr>\n<td colspan=\"3\"><span style=\"font-weight: 400;\">6 b) 3. Taxa de Diplomados Empregados avaliados pelos empregadores\u00a0<\/span><\/td>\n<td><b>0%<\/b><\/td>\n<\/tr>\n<tr>\n<td><span style=\"font-weight: 400;\">M\u00e9dia de satisfa\u00e7\u00e3o dos Empregados face aos diplomados pelos empregadores<\/span><\/td>\n<td colspan=\"3\">\n<p><b>N\/A<\/b><\/p>\n<p><span style=\"font-weight: 400;\">\u00a0(escala de 1 a 4, sendo 1 insatisfeito e 4 muito satisfeito)<\/span><\/p>\n<\/td>\n<\/tr>\n<\/tbody>\n<\/table>\n<p>&nbsp;<\/p>\n<p>&nbsp;<\/p>\n<p>[\/et_pb_tab][\/et_pb_tabs][\/et_pb_column][\/et_pb_row][\/et_pb_section]<\/p>\n","protected":false},"excerpt":{"rendered":"<p>Monitoriza\u00e7\u00e3o de DadosAn\u00e1lise Comparativa O Instituto das Artes e da Imagem, de tr\u00eas em tr\u00eas anos letivos, procede ao levantamento de dados, dando resposta aos v\u00e1rios parametros que se encontram de acordo com a avalia\u00e7\u00e3o externa EQAVET. Indicadores 2024\/2025 2023\/2024 2022\/2023 2021\/2022 2020-2021 2019-2020 Taxa de Conclus\u00e3o dos Cursos 81% 81% 85% 59% 64% 72% [&hellip;]<\/p>\n","protected":false},"author":1,"featured_media":0,"parent":0,"menu_order":0,"comment_status":"closed","ping_status":"closed","template":"","meta":{"_et_pb_use_builder":"on","_et_pb_old_content":"","_et_gb_content_width":"","footnotes":""},"class_list":["post-8299","page","type-page","status-publish","hentry"],"aioseo_notices":[],"_links":{"self":[{"href":"https:\/\/iai.pt\/web\/wp-json\/wp\/v2\/pages\/8299","targetHints":{"allow":["GET"]}}],"collection":[{"href":"https:\/\/iai.pt\/web\/wp-json\/wp\/v2\/pages"}],"about":[{"href":"https:\/\/iai.pt\/web\/wp-json\/wp\/v2\/types\/page"}],"author":[{"embeddable":true,"href":"https:\/\/iai.pt\/web\/wp-json\/wp\/v2\/users\/1"}],"replies":[{"embeddable":true,"href":"https:\/\/iai.pt\/web\/wp-json\/wp\/v2\/comments?post=8299"}],"version-history":[{"count":6,"href":"https:\/\/iai.pt\/web\/wp-json\/wp\/v2\/pages\/8299\/revisions"}],"predecessor-version":[{"id":18011,"href":"https:\/\/iai.pt\/web\/wp-json\/wp\/v2\/pages\/8299\/revisions\/18011"}],"wp:attachment":[{"href":"https:\/\/iai.pt\/web\/wp-json\/wp\/v2\/media?parent=8299"}],"curies":[{"name":"wp","href":"https:\/\/api.w.org\/{rel}","templated":true}]}}